{"id":29658,"date":"2026-07-16T12:23:05","date_gmt":"2026-07-16T12:23:05","guid":{"rendered":"https:\/\/w3-fair.com\/?page_id=29658"},"modified":"2026-08-13T10:43:25","modified_gmt":"2026-08-13T10:43:25","slug":"lectures","status":"publish","type":"page","link":"https:\/\/w3-fair.com\/en\/jena\/lectures\/","title":{"rendered":"Lectures"},"content":{"rendered":"\t\t<div data-elementor-type=\"wp-page\" data-elementor-id=\"29658\" class=\"elementor elementor-29658 elementor-29547\" data-elementor-post-type=\"page\">\n\t\t\t\t<div class=\"elementor-element elementor-element-311e1e2 e-con-full e-ecs-flex e-flex e-con e-parent\" data-id=\"311e1e2\" data-element_type=\"container\" data-e-type=\"container\" data-settings=\"{&quot;background_background&quot;:&quot;classic&quot;,&quot;ecs_container_type&quot;:&quot;flex&quot;}\">\n\t\t<div class=\"elementor-element elementor-element-ad0963d e-con-full e-ecs-flex e-flex e-con e-child\" data-id=\"ad0963d\" data-element_type=\"container\" data-e-type=\"container\" data-settings=\"{&quot;ecs_container_type&quot;:&quot;flex&quot;}\">\n\t\t\t\t<div class=\"elementor-element elementor-element-af4be90 elementor-widget elementor-widget-template\" data-id=\"af4be90\" data-element_type=\"widget\" data-e-type=\"widget\" data-widget_type=\"template.default\">\n\t\t\t\t<div class=\"elementor-widget-container\">\n\t\t\t\t\t\t\t<div class=\"elementor-template\">\n\t\t\t\t\t<div data-elementor-type=\"container\" data-elementor-id=\"52699\" class=\"elementor elementor-52699 elementor-52609 elementor-52609\" data-elementor-post-type=\"elementor_library\">\n\t\t\t\t<div class=\"elementor-element elementor-element-4117fb2 submenu e-ecs-flex e-flex e-con-boxed e-con e-parent\" data-id=\"4117fb2\" data-element_type=\"container\" data-e-type=\"container\" data-settings=\"{&quot;background_background&quot;:&quot;classic&quot;,&quot;sticky&quot;:&quot;top&quot;,&quot;sticky_offset&quot;:120,&quot;animation&quot;:&quot;none&quot;,&quot;ecs_container_type&quot;:&quot;flex&quot;,&quot;sticky_on&quot;:[&quot;desktop&quot;,&quot;tablet&quot;,&quot;mobile&quot;],&quot;sticky_effects_offset&quot;:0,&quot;sticky_anchor_link_offset&quot;:0}\">\n\t\t\t\t\t<div class=\"e-con-inner\">\n\t\t<div class=\"elementor-element elementor-element-d884c9f e-con-full e-ecs-flex e-flex e-con e-child\" data-id=\"d884c9f\" data-element_type=\"container\" data-e-type=\"container\" data-settings=\"{&quot;ecs_container_type&quot;:&quot;flex&quot;}\">\n\t\t\t\t<div class=\"elementor-element elementor-element-f36834d e--pointer-none elementor-nav-menu--dropdown-none ecs-nav-layout-horizontal elementor-nav-menu--toggle elementor-nav-menu--burger ecs-toggle-align-center elementor-widget elementor-widget-nav-menu\" data-id=\"f36834d\" data-element_type=\"widget\" data-e-type=\"widget\" data-settings=\"{&quot;layout&quot;:&quot;horizontal&quot;,&quot;submenu_icon&quot;:{&quot;value&quot;:&quot;&lt;i class=\\&quot;fas fa-caret-down\\&quot; aria-hidden=\\&quot;true\\&quot;&gt;&lt;\\\/i&gt;&quot;,&quot;library&quot;:&quot;fa-solid&quot;},&quot;toggle&quot;:&quot;burger&quot;}\" data-widget_type=\"nav-menu.default\">\n\t\t\t\t<div class=\"elementor-widget-container\">\n\t\t\t\t\t\t\t\t<nav aria-label=\"Men\u00fc\" class=\"elementor-nav-menu--main elementor-nav-menu__container elementor-nav-menu--layout-horizontal e--pointer-none\">\n\t\t\t\t<ul id=\"menu-1-f36834d\" class=\"elementor-nav-menu\"><li class=\"menu-item menu-item-type-post_type menu-item-object-page menu-item-29519\"><a href=\"https:\/\/w3-fair.com\/en\/jena\/\" class=\"elementor-item\">Jena<\/a><\/li>\n<li class=\"menu-item menu-item-type-post_type menu-item-object-page menu-item-29774\"><a href=\"https:\/\/w3-fair.com\/en\/jena\/exhibitors-a-z\/\" class=\"elementor-item\">Exhibitors<\/a><\/li>\n<li class=\"menu-item menu-item-type-post_type menu-item-object-page menu-item-33758\"><a href=\"https:\/\/w3-fair.com\/en\/jena\/lectures\/\" class=\"elementor-item\">Lectures<\/a><\/li>\n<li class=\"menu-item menu-item-type-post_type menu-item-object-page menu-item-35345\"><a href=\"https:\/\/w3-fair.com\/en\/jena\/special-events\/\" class=\"elementor-item\">Side Events<\/a><\/li>\n<li class=\"menu-item menu-item-type-post_type menu-item-object-page menu-item-54623\"><a href=\"https:\/\/w3-fair.com\/en\/jena\/hall-plan\/\" class=\"elementor-item\">Hall plan<\/a><\/li>\n<li class=\"menu-item menu-item-type-post_type menu-item-object-page menu-item-33089\"><a href=\"https:\/\/w3-fair.com\/en\/jena\/partners-sponsors\/\" class=\"elementor-item\">Partners &#038; Sponsors<\/a><\/li>\n<li class=\"menu-item menu-item-type-post_type menu-item-object-page menu-item-45792\"><a href=\"https:\/\/w3-fair.com\/en\/jena\/registration\/\" class=\"elementor-item\">Registration<\/a><\/li>\n<li class=\"menu-item menu-item-type-post_type menu-item-object-page menu-item-45793\"><a href=\"https:\/\/w3-fair.com\/en\/jena\/visit\/\" class=\"elementor-item\">Visit<\/a><\/li>\n<\/ul>\t\t\t<\/nav>\n\t\t\t\t\t<div class=\"elementor-menu-toggle\" role=\"button\" tabindex=\"0\" aria-label=\"Menu Toggle\" aria-expanded=\"false\">\n\t\t\t<i aria-hidden=\"true\" role=\"presentation\" class=\"elementor-menu-toggle__icon--open eicon-menu-bar\"><\/i><i aria-hidden=\"true\" role=\"presentation\" class=\"elementor-menu-toggle__icon--close eicon-close\"><\/i>\t\t<\/div>\n\t\t\t\t\t<nav class=\"elementor-nav-menu--dropdown elementor-nav-menu__container\" aria-hidden=\"true\">\n\t\t\t\t<ul id=\"menu-2-f36834d\" class=\"elementor-nav-menu\"><li class=\"menu-item menu-item-type-post_type menu-item-object-page menu-item-29519\"><a href=\"https:\/\/w3-fair.com\/en\/jena\/\" class=\"elementor-item\" tabindex=\"-1\">Jena<\/a><\/li>\n<li class=\"menu-item menu-item-type-post_type menu-item-object-page menu-item-29774\"><a href=\"https:\/\/w3-fair.com\/en\/jena\/exhibitors-a-z\/\" class=\"elementor-item\" tabindex=\"-1\">Exhibitors<\/a><\/li>\n<li class=\"menu-item menu-item-type-post_type menu-item-object-page menu-item-33758\"><a href=\"https:\/\/w3-fair.com\/en\/jena\/lectures\/\" class=\"elementor-item\" tabindex=\"-1\">Lectures<\/a><\/li>\n<li class=\"menu-item menu-item-type-post_type menu-item-object-page menu-item-35345\"><a href=\"https:\/\/w3-fair.com\/en\/jena\/special-events\/\" class=\"elementor-item\" tabindex=\"-1\">Side Events<\/a><\/li>\n<li class=\"menu-item menu-item-type-post_type menu-item-object-page menu-item-54623\"><a href=\"https:\/\/w3-fair.com\/en\/jena\/hall-plan\/\" class=\"elementor-item\" tabindex=\"-1\">Hall plan<\/a><\/li>\n<li class=\"menu-item menu-item-type-post_type menu-item-object-page menu-item-33089\"><a href=\"https:\/\/w3-fair.com\/en\/jena\/partners-sponsors\/\" class=\"elementor-item\" tabindex=\"-1\">Partners &#038; Sponsors<\/a><\/li>\n<li class=\"menu-item menu-item-type-post_type menu-item-object-page menu-item-45792\"><a href=\"https:\/\/w3-fair.com\/en\/jena\/registration\/\" class=\"elementor-item\" tabindex=\"-1\">Registration<\/a><\/li>\n<li class=\"menu-item menu-item-type-post_type menu-item-object-page menu-item-45793\"><a href=\"https:\/\/w3-fair.com\/en\/jena\/visit\/\" class=\"elementor-item\" tabindex=\"-1\">Visit<\/a><\/li>\n<\/ul>\t\t\t<\/nav>\n\t\t\t\t\t\t<\/div>\n\t\t\t\t<\/div>\n\t\t\t\t<\/div>\n\t\t\t\t\t<\/div>\n\t\t\t\t<\/div>\n\t\t\t\t<\/div>\n\t\t\t\t<\/div>\n\t\t\t\t\t\t<\/div>\n\t\t\t\t<\/div>\n\t\t\t\t<\/div>\n\t\t\t\t<\/div>\n\t\t<div class=\"elementor-element elementor-element-c1c77ff subpage-top e-ecs-flex e-flex e-con-boxed e-con e-parent\" data-id=\"c1c77ff\" data-element_type=\"container\" data-e-type=\"container\" data-settings=\"{&quot;background_background&quot;:&quot;classic&quot;,&quot;ecs_container_type&quot;:&quot;flex&quot;}\">\n\t\t\t\t\t<div class=\"e-con-inner\">\n\t\t<div class=\"elementor-element elementor-element-ba8ed90 e-con-full e-ecs-flex e-flex e-con e-child\" data-id=\"ba8ed90\" data-element_type=\"container\" data-e-type=\"container\" data-settings=\"{&quot;ecs_container_type&quot;:&quot;flex&quot;}\">\n\t\t\t\t<div class=\"elementor-element elementor-element-c2caecf elementor-widget__width-auto elementor-widget elementor-widget-heading\" data-id=\"c2caecf\" data-element_type=\"widget\" data-e-type=\"widget\" data-widget_type=\"heading.default\">\n\t\t\t\t<div class=\"elementor-widget-container\">\n\t\t\t\t\t<h1 class=\"elementor-heading-title elementor-size-default\">Stage programme at the W3+ Fair in Jena 2026<\/h1>\t\t\t\t<\/div>\n\t\t\t\t<\/div>\n\t\t\t\t<\/div>\n\t\t\t\t\t<\/div>\n\t\t\t\t<\/div>\n\t\t<div class=\"elementor-element elementor-element-4bc62d2 e-con e-atomic-element e-flexbox-base e-76eee12 \" data-id=\"4bc62d2\" data-element_type=\"e-flexbox\" data-e-type=\"e-flexbox\" data-interaction-id=\"4bc62d2\" data-e-type=\"e-flexbox\" data-id=\"4bc62d2\">\n    <div class=\"elementor-element elementor-element-edfcff0 elementor-hidden-desktop elementor-hidden-tablet elementor-hidden-mobile e-ecs-flex e-flex e-con-boxed e-con e-parent\" data-id=\"edfcff0\" data-element_type=\"container\" data-e-type=\"container\" data-settings=\"{&quot;ecs_container_type&quot;:&quot;flex&quot;}\">\n\t\t\t\t\t<div class=\"e-con-inner\">\n\t\t\t\t<div class=\"elementor-element elementor-element-ad66ea8 elementor-widget elementor-widget-heading\" data-id=\"ad66ea8\" data-element_type=\"widget\" data-e-type=\"widget\" data-widget_type=\"heading.default\">\n\t\t\t\t<div class=\"elementor-widget-container\">\n\t\t\t\t\t<h2 class=\"elementor-heading-title elementor-size-default\">Current Topics on the en-tech.stage<\/h2>\t\t\t\t<\/div>\n\t\t\t\t<\/div>\n\t\t\t\t<div class=\"elementor-element elementor-element-281a74a elementor-widget elementor-widget-text-editor\" data-id=\"281a74a\" data-element_type=\"widget\" data-e-type=\"widget\" data-widget_type=\"text-editor.default\">\n\t\t\t\t<div class=\"elementor-widget-container\">\n\t\t\t\t\t\t\t\t\t<p>The <strong>en-tech.talks<\/strong> are the official conference programme of <strong>W3+ Fair Jena 2026<\/strong>.<\/p>\n<p>On <strong>23 and 24 September<\/strong>, experts from industry and research \u2013 including representatives from <strong>OptoNet<\/strong>, <strong>Fraunhofer IOF<\/strong> and <strong>EPIC<\/strong> \u2013 will present the latest developments in <strong>photonics, sensor technology, MedTech, and Defence &amp; Dual Use<\/strong>.<\/p>\n<p>The programme is continuously updated.<\/p>\n\t\t\t\t\t\t\t\t<\/div>\n\t\t\t\t<\/div>\n\t\t\t\t\t<\/div>\n\t\t\t\t<\/div>\n\t\t\n<\/div>\n<div class=\"elementor-element elementor-element-710a199 e-ecs-flex e-flex e-con-boxed e-con e-parent\" data-id=\"710a199\" data-element_type=\"container\" data-e-type=\"container\" data-settings=\"{&quot;background_background&quot;:&quot;classic&quot;,&quot;ecs_container_type&quot;:&quot;flex&quot;}\">\n\t\t\t\t\t<div class=\"e-con-inner\">\n\t\t\t\t<div class=\"elementor-element elementor-element-1b4008f elementor-align-right elementor-hidden-tablet elementor-hidden-mobile elementor-hidden-desktop elementor-widget elementor-widget-button\" data-id=\"1b4008f\" data-element_type=\"widget\" data-e-type=\"widget\" data-widget_type=\"button.default\">\n\t\t\t\t<div class=\"elementor-widget-container\">\n\t\t\t\t\t\t\t\t\t<div class=\"elementor-button-wrapper\">\n\t\t\t\t\t<a class=\"elementor-button elementor-button-link elementor-size-sm\" href=\"#vortraege\">\n\t\t\t\t\t\t<span class=\"elementor-button-content-wrapper\">\n\t\t\t\t\t\t<span class=\"elementor-button-icon\">\n\t\t\t\t<i aria-hidden=\"true\" class=\"fas fa-caret-down\"><\/i>\t\t\t<\/span>\n\t\t\t\t\t\t\t\t\t<span class=\"elementor-button-text\">Directly to the lectures<\/span>\n\t\t\t\t\t<\/span>\n\t\t\t\t\t<\/a>\n\t\t\t\t<\/div>\n\t\t\t\t\t\t\t\t<\/div>\n\t\t\t\t<\/div>\n\t\t\t\t<div class=\"elementor-element elementor-element-619d387 elementor-align-right elementor-widget elementor-widget-button\" data-id=\"619d387\" data-element_type=\"widget\" data-e-type=\"widget\" data-widget_type=\"button.default\">\n\t\t\t\t<div class=\"elementor-widget-container\">\n\t\t\t\t\t\t\t\t\t<div class=\"elementor-button-wrapper\">\n\t\t\t\t\t<a class=\"elementor-button elementor-button-link elementor-size-sm\" href=\"?format=pdf\" target=\"_blank\">\n\t\t\t\t\t\t<span class=\"elementor-button-content-wrapper\">\n\t\t\t\t\t\t\t\t\t<span class=\"elementor-button-text\">Programm download <\/span>\n\t\t\t\t\t<\/span>\n\t\t\t\t\t<\/a>\n\t\t\t\t<\/div>\n\t\t\t\t\t\t\t\t<\/div>\n\t\t\t\t<\/div>\n\t\t\t\t\t<\/div>\n\t\t\t\t<\/div>\n\t\t<div class=\"elementor-element elementor-element-05abbb2 elementor-hidden-tablet elementor-hidden-mobile elementor-hidden-desktop e-ecs-flex e-flex e-con-boxed e-con e-parent\" data-id=\"05abbb2\" data-element_type=\"container\" data-e-type=\"container\" data-settings=\"{&quot;background_background&quot;:&quot;classic&quot;,&quot;ecs_container_type&quot;:&quot;flex&quot;}\">\n\t\t\t\t\t<div class=\"e-con-inner\">\n\t\t<div class=\"elementor-element elementor-element-25a2e81 e-con e-atomic-element e-flexbox-base e-132e7bf \" data-id=\"25a2e81\" data-element_type=\"e-flexbox\" data-e-type=\"e-flexbox\" data-interaction-id=\"25a2e81\" data-e-type=\"e-flexbox\" data-id=\"25a2e81\">\n    \t\t<div class=\"elementor-element elementor-element-b95b2f2 elementor-widget elementor-widget-heading\" data-id=\"b95b2f2\" data-element_type=\"widget\" data-e-type=\"widget\" data-widget_type=\"heading.default\">\n\t\t\t\t<div class=\"elementor-widget-container\">\n\t\t\t\t\t<h3 class=\"elementor-heading-title elementor-size-default\">Wednesday, 23 September 2026<\/h3>\t\t\t\t<\/div>\n\t\t\t\t<\/div>\n\t\t\n<\/div>\n\t\t\t<\/div>\n\t\t\t\t<\/div>\n\t\t<div class=\"elementor-element elementor-element-c5b5f18 elementor-hidden-tablet elementor-hidden-mobile elementor-hidden-desktop e-ecs-flex e-flex e-con-boxed e-con e-parent\" data-id=\"c5b5f18\" data-element_type=\"container\" data-e-type=\"container\" data-settings=\"{&quot;background_background&quot;:&quot;classic&quot;,&quot;ecs_container_type&quot;:&quot;flex&quot;}\">\n\t\t\t\t\t<div class=\"e-con-inner\">\n\t\t<div class=\"elementor-element elementor-element-d00593f e-con-full e-ecs-flex e-flex e-con e-child\" data-id=\"d00593f\" data-element_type=\"container\" data-e-type=\"container\" data-settings=\"{&quot;ecs_container_type&quot;:&quot;flex&quot;}\">\n\t\t<div class=\"elementor-element elementor-element-bbb0255 e-con-full e-ecs-flex e-flex e-con e-child\" data-id=\"bbb0255\" data-element_type=\"container\" data-e-type=\"container\" data-settings=\"{&quot;background_background&quot;:&quot;classic&quot;,&quot;ecs_container_type&quot;:&quot;flex&quot;}\">\n\t\t\t\t<div class=\"elementor-element elementor-element-2c4c508 elementor-cta--skin-classic elementor-animated-content elementor-bg-transform elementor-bg-transform-zoom-in elementor-widget elementor-widget-call-to-action\" data-id=\"2c4c508\" data-element_type=\"widget\" data-e-type=\"widget\" data-widget_type=\"call-to-action.default\">\n\t\t\t\t<div class=\"elementor-widget-container\">\n\t\t\t\t\t\t\t<div class=\"elementor-cta\">\n\t\t\t\t\t<div class=\"elementor-cta__bg-wrapper\">\n\t\t\t\t<div class=\"elementor-cta__bg elementor-bg\" style=\"background-image: url(https:\/\/w3-fair.com\/wp-content\/uploads\/2025\/08\/2023_W3_Jena_4-scaled-1-1024x683.jpg);\" role=\"img\" aria-label=\"2023_W3_Jena_4-scaled.jpg\"><\/div>\n\t\t\t\t<div class=\"elementor-cta__bg-overlay\"><\/div>\n\t\t\t<\/div>\n\t\t\t\t\t\t\t<div class=\"elementor-cta__content\">\n\t\t\t\t\n\t\t\t\t\t\t\t\t\t<h2 class=\"elementor-cta__title elementor-cta__content-item elementor-content-item\">\n\t\t\t\t\t\tOfficial <br> opening\t\t\t\t\t<\/h2>\n\t\t\t\t\n\t\t\t\t\t\t\t\t\t<div class=\"elementor-cta__description elementor-cta__content-item elementor-content-item\">\n\t\t\t\t\t\t<p><strong>W3+ Fair Jena 2026<\/strong><\/p>\n<p><strong>9:45\u201310:30 a.m.<\/strong><\/p>\n\t\t\t\t\t<\/div>\n\t\t\t\t\n\t\t\t\t\t\t\t<\/div>\n\t\t\t\t\t\t<\/div>\n\t\t\t\t\t\t<\/div>\n\t\t\t\t<\/div>\n\t\t\t\t<\/div>\n\t\t\t\t<\/div>\n\t\t<div class=\"elementor-element elementor-element-5c6b639 e-con-full e-ecs-flex e-flex e-con e-child\" data-id=\"5c6b639\" data-element_type=\"container\" data-e-type=\"container\" data-settings=\"{&quot;ecs_container_type&quot;:&quot;flex&quot;}\">\n\t\t<div class=\"elementor-element elementor-element-7ac36e1 e-con-full e-ecs-flex e-flex e-con e-child\" data-id=\"7ac36e1\" data-element_type=\"container\" data-e-type=\"container\" data-settings=\"{&quot;background_background&quot;:&quot;classic&quot;,&quot;ecs_container_type&quot;:&quot;flex&quot;}\">\n\t\t\t\t<div class=\"elementor-element elementor-element-f4cc39a elementor-cta--skin-classic elementor-animated-content elementor-bg-transform elementor-bg-transform-zoom-in elementor-widget elementor-widget-call-to-action\" data-id=\"f4cc39a\" data-element_type=\"widget\" data-e-type=\"widget\" data-widget_type=\"call-to-action.default\">\n\t\t\t\t<div class=\"elementor-widget-container\">\n\t\t\t\t\t\t\t<div class=\"elementor-cta\">\n\t\t\t\t\t<div class=\"elementor-cta__bg-wrapper\">\n\t\t\t\t<div class=\"elementor-cta__bg elementor-bg\" style=\"background-image: url(https:\/\/w3-fair.com\/wp-content\/uploads\/2025\/08\/jena.png);\" role=\"img\" aria-label=\"jena.png\"><\/div>\n\t\t\t\t<div class=\"elementor-cta__bg-overlay\"><\/div>\n\t\t\t<\/div>\n\t\t\t\t\t\t\t<div class=\"elementor-cta__content\">\n\t\t\t\t\n\t\t\t\t\t\t\t\t\t<h2 class=\"elementor-cta__title elementor-cta__content-item elementor-content-item\">\n\t\t\t\t\t\tDeep Tech in Europe\t\t\t\t\t<\/h2>\n\t\t\t\t\n\t\t\t\t\t\t\t\t\t<div class=\"elementor-cta__description elementor-cta__content-item elementor-content-item\">\n\t\t\t\t\t\t<p>Key Technologies as a Driver of Growth<br \/>by OptoNet<\/p>\n<p><strong>11:00 AM \u2013 12:15 PM<\/strong><\/p>\n\t\t\t\t\t<\/div>\n\t\t\t\t\n\t\t\t\t\t\t\t<\/div>\n\t\t\t\t\t\t<\/div>\n\t\t\t\t\t\t<\/div>\n\t\t\t\t<\/div>\n\t\t\t\t<\/div>\n\t\t\t\t<\/div>\n\t\t<div class=\"elementor-element elementor-element-146a373 e-con-full e-ecs-flex e-flex e-con e-child\" data-id=\"146a373\" data-element_type=\"container\" data-e-type=\"container\" data-settings=\"{&quot;ecs_container_type&quot;:&quot;flex&quot;}\">\n\t\t<div class=\"elementor-element elementor-element-5df4c97 e-con-full e-ecs-flex e-flex e-con e-child\" data-id=\"5df4c97\" data-element_type=\"container\" data-e-type=\"container\" data-settings=\"{&quot;background_background&quot;:&quot;classic&quot;,&quot;ecs_container_type&quot;:&quot;flex&quot;}\">\n\t\t\t\t<div class=\"elementor-element elementor-element-5b19b62 elementor-cta--skin-classic elementor-animated-content elementor-bg-transform elementor-bg-transform-zoom-in elementor-widget elementor-widget-call-to-action\" data-id=\"5b19b62\" data-element_type=\"widget\" data-e-type=\"widget\" data-widget_type=\"call-to-action.default\">\n\t\t\t\t<div class=\"elementor-widget-container\">\n\t\t\t\t\t\t\t<div class=\"elementor-cta\">\n\t\t\t\t\t<div class=\"elementor-cta__bg-wrapper\">\n\t\t\t\t<div class=\"elementor-cta__bg elementor-bg\" style=\"background-image: url(https:\/\/w3-fair.com\/wp-content\/uploads\/2024\/12\/2023_W3_Jena_21-scaled-1-1024x683.jpg);\" role=\"img\" aria-label=\"2023_W3_Jena_21-scaled.jpg\"><\/div>\n\t\t\t\t<div class=\"elementor-cta__bg-overlay\"><\/div>\n\t\t\t<\/div>\n\t\t\t\t\t\t\t<div class=\"elementor-cta__content\">\n\t\t\t\t\n\t\t\t\t\t\t\t\t\t<h2 class=\"elementor-cta__title elementor-cta__content-item elementor-content-item\">\n\t\t\t\t\t\tDigitzation &amp; Photonics\t\t\t\t\t<\/h2>\n\t\t\t\t\n\t\t\t\t\t\t\t\t\t<div class=\"elementor-cta__description elementor-cta__content-item elementor-content-item\">\n\t\t\t\t\t\t<p>by Jena digital<\/p>\n<p>12:45 PM \u2013 2:00 PM<\/p>\n\t\t\t\t\t<\/div>\n\t\t\t\t\n\t\t\t\t\t\t\t<\/div>\n\t\t\t\t\t\t<\/div>\n\t\t\t\t\t\t<\/div>\n\t\t\t\t<\/div>\n\t\t\t\t<\/div>\n\t\t\t\t<\/div>\n\t\t<div class=\"elementor-element elementor-element-06d55e0 e-con-full e-ecs-flex e-flex e-con e-child\" data-id=\"06d55e0\" data-element_type=\"container\" data-e-type=\"container\" data-settings=\"{&quot;ecs_container_type&quot;:&quot;flex&quot;}\">\n\t\t<div class=\"elementor-element elementor-element-cfe3d32 e-con-full e-ecs-flex e-flex e-con e-child\" data-id=\"cfe3d32\" data-element_type=\"container\" data-e-type=\"container\" data-settings=\"{&quot;background_background&quot;:&quot;classic&quot;,&quot;ecs_container_type&quot;:&quot;flex&quot;}\">\n\t\t\t\t<div class=\"elementor-element elementor-element-45c3071 elementor-cta--skin-classic elementor-animated-content elementor-bg-transform elementor-bg-transform-zoom-in elementor-widget elementor-widget-call-to-action\" data-id=\"45c3071\" data-element_type=\"widget\" data-e-type=\"widget\" data-widget_type=\"call-to-action.default\">\n\t\t\t\t<div class=\"elementor-widget-container\">\n\t\t\t\t\t\t\t<div class=\"elementor-cta\">\n\t\t\t\t\t<div class=\"elementor-cta__bg-wrapper\">\n\t\t\t\t<div class=\"elementor-cta__bg elementor-bg\" style=\"background-image: url(https:\/\/w3-fair.com\/wp-content\/uploads\/2025\/08\/2024_W3_Jena-3500-scaled-2-1024x683.jpg);\" role=\"img\" aria-label=\"2024_W3_Jena-3500-scaled.jpg\"><\/div>\n\t\t\t\t<div class=\"elementor-cta__bg-overlay\"><\/div>\n\t\t\t<\/div>\n\t\t\t\t\t\t\t<div class=\"elementor-cta__content\">\n\t\t\t\t\n\t\t\t\t\t\t\t\t\t<h2 class=\"elementor-cta__title elementor-cta__content-item elementor-content-item\">\n\t\t\t\t\t\tOptics, Imaging &amp; Photonics\t\t\t\t\t<\/h2>\n\t\t\t\t\n\t\t\t\t\t\t\t\t\t<div class=\"elementor-cta__description elementor-cta__content-item elementor-content-item\">\n\t\t\t\t\t\t<p>Exhibitor Pitches<\/p>\n<p>2:00 \u2013 2:30 PM<\/p>\n\t\t\t\t\t<\/div>\n\t\t\t\t\n\t\t\t\t\t\t\t<\/div>\n\t\t\t\t\t\t<\/div>\n\t\t\t\t\t\t<\/div>\n\t\t\t\t<\/div>\n\t\t\t\t<\/div>\n\t\t\t\t<\/div>\n\t\t\t\t\t<\/div>\n\t\t\t\t<\/div>\n\t\t<div class=\"elementor-element elementor-element-87aeb51 elementor-hidden-tablet elementor-hidden-mobile elementor-hidden-desktop e-ecs-flex e-flex e-con-boxed e-con e-parent\" data-id=\"87aeb51\" data-element_type=\"container\" data-e-type=\"container\" data-settings=\"{&quot;background_background&quot;:&quot;classic&quot;,&quot;ecs_container_type&quot;:&quot;flex&quot;}\">\n\t\t\t\t\t<div class=\"e-con-inner\">\n\t\t<div class=\"elementor-element elementor-element-9a6f56f e-con-full e-ecs-flex e-flex e-con e-child\" data-id=\"9a6f56f\" data-element_type=\"container\" data-e-type=\"container\" data-settings=\"{&quot;ecs_container_type&quot;:&quot;flex&quot;}\">\n\t\t<div class=\"elementor-element elementor-element-6524313 e-con-full e-ecs-flex e-flex e-con e-child\" data-id=\"6524313\" data-element_type=\"container\" data-e-type=\"container\" data-settings=\"{&quot;background_background&quot;:&quot;classic&quot;,&quot;ecs_container_type&quot;:&quot;flex&quot;}\">\n\t\t\t\t<div class=\"elementor-element elementor-element-93e78ad elementor-cta--skin-classic elementor-animated-content elementor-bg-transform elementor-bg-transform-zoom-in elementor-widget elementor-widget-call-to-action\" data-id=\"93e78ad\" data-element_type=\"widget\" data-e-type=\"widget\" data-widget_type=\"call-to-action.default\">\n\t\t\t\t<div class=\"elementor-widget-container\">\n\t\t\t\t\t\t\t<div class=\"elementor-cta\">\n\t\t\t\t\t<div class=\"elementor-cta__bg-wrapper\">\n\t\t\t\t<div class=\"elementor-cta__bg elementor-bg\" style=\"background-image: url(https:\/\/w3-fair.com\/wp-content\/uploads\/2025\/10\/2025_W3_Jena__01557-1-1024x683.jpg);\" role=\"img\" aria-label=\"Erleben Sie hautnah und direkt vor Ort Photonik, Optik, Elektronik und Mechanik auf der W3+ Fair Jena\"><\/div>\n\t\t\t\t<div class=\"elementor-cta__bg-overlay\"><\/div>\n\t\t\t<\/div>\n\t\t\t\t\t\t\t<div class=\"elementor-cta__content\">\n\t\t\t\t\n\t\t\t\t\t\t\t\t\t<h2 class=\"elementor-cta__title elementor-cta__content-item elementor-content-item\">\n\t\t\t\t\t\tInnovative Medical Technologies\t\t\t\t\t<\/h2>\n\t\t\t\t\n\t\t\t\t\t\t\t\t\t<div class=\"elementor-cta__description elementor-cta__content-item elementor-content-item\">\n\t\t\t\t\t\t<p>From idea to application<br \/>by InfectoGnostics<br \/>2:30 \u2013 3:30 PM<\/p>\n\t\t\t\t\t<\/div>\n\t\t\t\t\n\t\t\t\t\t\t\t<\/div>\n\t\t\t\t\t\t<\/div>\n\t\t\t\t\t\t<\/div>\n\t\t\t\t<\/div>\n\t\t\t\t<\/div>\n\t\t\t\t<\/div>\n\t\t<div class=\"elementor-element elementor-element-5482574 e-con-full e-ecs-flex e-flex e-con e-child\" data-id=\"5482574\" data-element_type=\"container\" data-e-type=\"container\" data-settings=\"{&quot;ecs_container_type&quot;:&quot;flex&quot;}\">\n\t\t<div class=\"elementor-element elementor-element-4a82ff1 e-con-full e-ecs-flex e-flex e-con e-child\" data-id=\"4a82ff1\" data-element_type=\"container\" data-e-type=\"container\" data-settings=\"{&quot;background_background&quot;:&quot;classic&quot;,&quot;ecs_container_type&quot;:&quot;flex&quot;}\">\n\t\t\t\t<div class=\"elementor-element elementor-element-9e097d0 elementor-cta--skin-classic elementor-animated-content elementor-bg-transform elementor-bg-transform-zoom-in elementor-widget elementor-widget-call-to-action\" data-id=\"9e097d0\" data-element_type=\"widget\" data-e-type=\"widget\" data-widget_type=\"call-to-action.default\">\n\t\t\t\t<div class=\"elementor-widget-container\">\n\t\t\t\t\t\t\t<div class=\"elementor-cta\">\n\t\t\t\t\t<div class=\"elementor-cta__bg-wrapper\">\n\t\t\t\t<div class=\"elementor-cta__bg elementor-bg\" style=\"background-image: url(https:\/\/w3-fair.com\/wp-content\/uploads\/2026\/06\/2026_W3_Wetzlar_01030-1024x683.jpg);\" role=\"img\" aria-label=\"2026_W3_Wetzlar_01030\"><\/div>\n\t\t\t\t<div class=\"elementor-cta__bg-overlay\"><\/div>\n\t\t\t<\/div>\n\t\t\t\t\t\t\t<div class=\"elementor-cta__content\">\n\t\t\t\t\n\t\t\t\t\t\t\t\t\t<h2 class=\"elementor-cta__title elementor-cta__content-item elementor-content-item\">\n\t\t\t\t\t\tDefence &amp; &gt;br&gt;Dual Use\t\t\t\t\t<\/h2>\n\t\t\t\t\n\t\t\t\t\t\t\t\t\t<div class=\"elementor-cta__description elementor-cta__content-item elementor-content-item\">\n\t\t\t\t\t\t<p>by MISI Mitteldeutsches Institut f\u00fcr Sicherheitsindustrie e.V.<br \/>3:30 - 4:30 PM<\/p>\n\t\t\t\t\t<\/div>\n\t\t\t\t\n\t\t\t\t\t\t\t<\/div>\n\t\t\t\t\t\t<\/div>\n\t\t\t\t\t\t<\/div>\n\t\t\t\t<\/div>\n\t\t\t\t<\/div>\n\t\t\t\t<\/div>\n\t\t<div class=\"elementor-element elementor-element-bb16c2d e-con-full e-ecs-flex e-flex e-con e-child\" data-id=\"bb16c2d\" data-element_type=\"container\" data-e-type=\"container\" data-settings=\"{&quot;ecs_container_type&quot;:&quot;flex&quot;}\">\n\t\t<div class=\"elementor-element elementor-element-05329a4 e-con-full e-ecs-flex e-flex e-con e-child\" data-id=\"05329a4\" data-element_type=\"container\" data-e-type=\"container\" data-settings=\"{&quot;background_background&quot;:&quot;classic&quot;,&quot;ecs_container_type&quot;:&quot;flex&quot;}\">\n\t\t\t\t<div class=\"elementor-element elementor-element-95a5aa5 elementor-cta--skin-classic elementor-animated-content elementor-bg-transform elementor-bg-transform-zoom-in elementor-widget elementor-widget-call-to-action\" data-id=\"95a5aa5\" data-element_type=\"widget\" data-e-type=\"widget\" data-widget_type=\"call-to-action.default\">\n\t\t\t\t<div class=\"elementor-widget-container\">\n\t\t\t\t\t\t\t<div class=\"elementor-cta\">\n\t\t\t\t\t<div class=\"elementor-cta__bg-wrapper\">\n\t\t\t\t<div class=\"elementor-cta__bg elementor-bg\" style=\"background-image: url(https:\/\/w3-fair.com\/wp-content\/uploads\/2025\/08\/2024_W3_Jena-3500-1-scaled-1-1024x683.jpg);\" role=\"img\" aria-label=\"2024_W3_Jena-3500-1-scaled.jpg\"><\/div>\n\t\t\t\t<div class=\"elementor-cta__bg-overlay\"><\/div>\n\t\t\t<\/div>\n\t\t\t\t\t\t\t<div class=\"elementor-cta__content\">\n\t\t\t\t\n\t\t\t\t\t\t\t\t\t<h2 class=\"elementor-cta__title elementor-cta__content-item elementor-content-item\">\n\t\t\t\t\t\tAI-Keynote &amp; Networking\t\t\t\t\t<\/h2>\n\t\t\t\t\n\t\t\t\t\t\t\t\t\t<div class=\"elementor-cta__description elementor-cta__content-item elementor-content-item\">\n\t\t\t\t\t\t<p><strong>4:30 p.m. \u2013 5:00 p.m.<\/strong><\/p>\n\t\t\t\t\t<\/div>\n\t\t\t\t\n\t\t\t\t\t\t\t<\/div>\n\t\t\t\t\t\t<\/div>\n\t\t\t\t\t\t<\/div>\n\t\t\t\t<\/div>\n\t\t<div class=\"elementor-element elementor-element-4a0b49b e-con e-atomic-element e-flexbox-base e-4a0b49b-9b93519 \" data-id=\"4a0b49b\" data-element_type=\"e-flexbox\" data-e-type=\"e-flexbox\" data-interaction-id=\"4a0b49b\" data-e-type=\"e-flexbox\" data-id=\"4a0b49b\">\n    \n<\/div>\n\t\t<\/div>\n\t\t\t\t<\/div>\n\t\t\t\t\t<\/div>\n\t\t\t\t<\/div>\n\t\t<div class=\"elementor-element elementor-element-aa5ad1c elementor-hidden-tablet elementor-hidden-mobile elementor-hidden-desktop e-ecs-flex e-flex e-con-boxed e-con e-parent\" data-id=\"aa5ad1c\" data-element_type=\"container\" data-e-type=\"container\" data-settings=\"{&quot;background_background&quot;:&quot;classic&quot;,&quot;ecs_container_type&quot;:&quot;flex&quot;}\">\n\t\t\t\t\t<div class=\"e-con-inner\">\n\t\t\t\t<div class=\"elementor-element elementor-element-a14e018 elementor-widget elementor-widget-heading\" data-id=\"a14e018\" data-element_type=\"widget\" data-e-type=\"widget\" data-widget_type=\"heading.default\">\n\t\t\t\t<div class=\"elementor-widget-container\">\n\t\t\t\t\t<h3 class=\"elementor-heading-title elementor-size-default\">Thursday, 24 September 2026<\/h3>\t\t\t\t<\/div>\n\t\t\t\t<\/div>\n\t\t\t\t\t<\/div>\n\t\t\t\t<\/div>\n\t\t<div class=\"elementor-element elementor-element-11e4419 elementor-hidden-tablet elementor-hidden-mobile elementor-hidden-desktop e-ecs-flex e-flex e-con-boxed e-con e-parent\" data-id=\"11e4419\" data-element_type=\"container\" data-e-type=\"container\" data-settings=\"{&quot;background_background&quot;:&quot;classic&quot;,&quot;ecs_container_type&quot;:&quot;flex&quot;}\">\n\t\t\t\t\t<div class=\"e-con-inner\">\n\t\t<div class=\"elementor-element elementor-element-a331f0f e-con-full e-ecs-flex e-flex e-con e-child\" data-id=\"a331f0f\" data-element_type=\"container\" data-e-type=\"container\" data-settings=\"{&quot;ecs_container_type&quot;:&quot;flex&quot;}\">\n\t\t<div class=\"elementor-element elementor-element-a6c6c09 e-con-full e-ecs-flex e-flex e-con e-child\" data-id=\"a6c6c09\" data-element_type=\"container\" data-e-type=\"container\" data-settings=\"{&quot;background_background&quot;:&quot;classic&quot;,&quot;ecs_container_type&quot;:&quot;flex&quot;}\">\n\t\t\t\t<div class=\"elementor-element elementor-element-17f4362 elementor-cta--skin-classic elementor-animated-content elementor-bg-transform elementor-bg-transform-zoom-in elementor-widget elementor-widget-call-to-action\" data-id=\"17f4362\" data-element_type=\"widget\" data-e-type=\"widget\" data-widget_type=\"call-to-action.default\">\n\t\t\t\t<div class=\"elementor-widget-container\">\n\t\t\t\t\t\t\t<div class=\"elementor-cta\">\n\t\t\t\t\t<div class=\"elementor-cta__bg-wrapper\">\n\t\t\t\t<div class=\"elementor-cta__bg elementor-bg\" style=\"background-image: url(https:\/\/w3-fair.com\/wp-content\/uploads\/2026\/06\/2025_W3_Jena__01435-1024x683.jpg);\" role=\"img\" aria-label=\"2025_W3_Jena__01435\"><\/div>\n\t\t\t\t<div class=\"elementor-cta__bg-overlay\"><\/div>\n\t\t\t<\/div>\n\t\t\t\t\t\t\t<div class=\"elementor-cta__content\">\n\t\t\t\t\n\t\t\t\t\t\t\t\t\t<h2 class=\"elementor-cta__title elementor-cta__content-item elementor-content-item\">\n\t\t\t\t\t\tPrecision Optics Manufacturing\t\t\t\t\t<\/h2>\n\t\t\t\t\n\t\t\t\t\t\t\t\t\t<div class=\"elementor-cta__description elementor-cta__content-item elementor-content-item\">\n\t\t\t\t\t\t<p><strong>Why Europe's Industrial Base Matters<\/strong><br \/><em>by EPIC<\/em><\/p>\n<p><strong>10:00 a.m. \u2013 11:00 a.m.<\/strong><\/p>\n\t\t\t\t\t<\/div>\n\t\t\t\t\n\t\t\t\t\t\t\t<\/div>\n\t\t\t\t\t\t<\/div>\n\t\t\t\t\t\t<\/div>\n\t\t\t\t<\/div>\n\t\t\t\t<\/div>\n\t\t\t\t<\/div>\n\t\t<div class=\"elementor-element elementor-element-80cc77f e-con-full e-ecs-flex e-flex e-con e-child\" data-id=\"80cc77f\" data-element_type=\"container\" data-e-type=\"container\" data-settings=\"{&quot;ecs_container_type&quot;:&quot;flex&quot;}\">\n\t\t<div class=\"elementor-element elementor-element-2d9175e e-con-full e-ecs-flex e-flex e-con e-child\" data-id=\"2d9175e\" data-element_type=\"container\" data-e-type=\"container\" data-settings=\"{&quot;background_background&quot;:&quot;classic&quot;,&quot;ecs_container_type&quot;:&quot;flex&quot;}\">\n\t\t\t\t<div class=\"elementor-element elementor-element-544df9f elementor-cta--skin-classic elementor-animated-content elementor-bg-transform elementor-bg-transform-zoom-in elementor-widget elementor-widget-call-to-action\" data-id=\"544df9f\" data-element_type=\"widget\" data-e-type=\"widget\" data-widget_type=\"call-to-action.default\">\n\t\t\t\t<div class=\"elementor-widget-container\">\n\t\t\t\t\t\t\t<div class=\"elementor-cta\">\n\t\t\t\t\t<div class=\"elementor-cta__bg-wrapper\">\n\t\t\t\t<div class=\"elementor-cta__bg elementor-bg\" style=\"background-image: url(https:\/\/w3-fair.com\/wp-content\/uploads\/2025\/09\/2025_W3_Jena__01994-1024x683.jpg);\" role=\"img\" aria-label=\"Die Begleitkonferenz en-tech.talks mit To-Speakern auf der W3+ Fair Jena - im Ticket-Preis enthalten\"><\/div>\n\t\t\t\t<div class=\"elementor-cta__bg-overlay\"><\/div>\n\t\t\t<\/div>\n\t\t\t\t\t\t\t<div class=\"elementor-cta__content\">\n\t\t\t\t\n\t\t\t\t\t\t\t\t\t<h2 class=\"elementor-cta__title elementor-cta__content-item elementor-content-item\">\n\t\t\t\t\t\tCoatings for precision optical systems\t\t\t\t\t<\/h2>\n\t\t\t\t\n\t\t\t\t\t\t\t\t\t<div class=\"elementor-cta__description elementor-cta__content-item elementor-content-item\">\n\t\t\t\t\t\t<p><em>by Fraunhofer IOF<\/em><\/p>\n<p><strong>11:00 a.m. \u2013 12:15 p.m.<\/strong><\/p>\n\t\t\t\t\t<\/div>\n\t\t\t\t\n\t\t\t\t\t\t\t<\/div>\n\t\t\t\t\t\t<\/div>\n\t\t\t\t\t\t<\/div>\n\t\t\t\t<\/div>\n\t\t\t\t<\/div>\n\t\t\t\t<\/div>\n\t\t<div class=\"elementor-element elementor-element-182a44b e-con-full e-ecs-flex e-flex e-con e-child\" data-id=\"182a44b\" data-element_type=\"container\" data-e-type=\"container\" data-settings=\"{&quot;ecs_container_type&quot;:&quot;flex&quot;}\">\n\t\t<div class=\"elementor-element elementor-element-876ac48 e-con-full e-ecs-flex e-flex e-con e-child\" data-id=\"876ac48\" data-element_type=\"container\" data-e-type=\"container\" data-settings=\"{&quot;background_background&quot;:&quot;classic&quot;,&quot;ecs_container_type&quot;:&quot;flex&quot;}\">\n\t\t\t\t<div class=\"elementor-element elementor-element-df950a8 elementor-cta--skin-classic elementor-animated-content elementor-bg-transform elementor-bg-transform-zoom-in elementor-widget elementor-widget-call-to-action\" data-id=\"df950a8\" data-element_type=\"widget\" data-e-type=\"widget\" data-widget_type=\"call-to-action.default\">\n\t\t\t\t<div class=\"elementor-widget-container\">\n\t\t\t\t\t\t\t<div class=\"elementor-cta\">\n\t\t\t\t\t<div class=\"elementor-cta__bg-wrapper\">\n\t\t\t\t<div class=\"elementor-cta__bg elementor-bg\" style=\"background-image: url(https:\/\/w3-fair.com\/wp-content\/uploads\/2026\/06\/2026_W3_Wetzlar_01960-1024x683.jpg);\" role=\"img\" aria-label=\"2026_W3_Wetzlar_01960\"><\/div>\n\t\t\t\t<div class=\"elementor-cta__bg-overlay\"><\/div>\n\t\t\t<\/div>\n\t\t\t\t\t\t\t<div class=\"elementor-cta__content\">\n\t\t\t\t\n\t\t\t\t\t\t\t\t\t<h2 class=\"elementor-cta__title elementor-cta__content-item elementor-content-item\">\n\t\t\t\t\t\tOptics &amp; Photonics in Microtechnology\t\t\t\t\t<\/h2>\n\t\t\t\t\n\t\t\t\t\t\t\t\t\t<div class=\"elementor-cta__description elementor-cta__content-item elementor-content-item\">\n\t\t\t\t\t\t<p><em>by IVAM<\/em><\/p>\n<p><strong>1:00 p.m. \u2013 2:00 p.m.<\/strong><\/p>\n\t\t\t\t\t<\/div>\n\t\t\t\t\n\t\t\t\t\t\t\t<\/div>\n\t\t\t\t\t\t<\/div>\n\t\t\t\t\t\t<\/div>\n\t\t\t\t<\/div>\n\t\t\t\t<\/div>\n\t\t\t\t<\/div>\n\t\t<div class=\"elementor-element elementor-element-a49941b e-con-full e-ecs-flex e-flex e-con e-child\" data-id=\"a49941b\" data-element_type=\"container\" data-e-type=\"container\" data-settings=\"{&quot;ecs_container_type&quot;:&quot;flex&quot;}\">\n\t\t<div class=\"elementor-element elementor-element-9e1cb6d e-con-full e-ecs-flex e-flex e-con e-child\" data-id=\"9e1cb6d\" data-element_type=\"container\" data-e-type=\"container\" data-settings=\"{&quot;background_background&quot;:&quot;classic&quot;,&quot;ecs_container_type&quot;:&quot;flex&quot;}\">\n\t\t\t\t<div class=\"elementor-element elementor-element-df95bbc elementor-cta--skin-classic elementor-animated-content elementor-bg-transform elementor-bg-transform-zoom-in elementor-widget elementor-widget-call-to-action\" data-id=\"df95bbc\" data-element_type=\"widget\" data-e-type=\"widget\" data-widget_type=\"call-to-action.default\">\n\t\t\t\t<div class=\"elementor-widget-container\">\n\t\t\t\t\t\t\t<div class=\"elementor-cta\">\n\t\t\t\t\t<div class=\"elementor-cta__bg-wrapper\">\n\t\t\t\t<div class=\"elementor-cta__bg elementor-bg\" style=\"background-image: url(https:\/\/w3-fair.com\/wp-content\/uploads\/2026\/07\/2025_W3_Jena__00222-1024x683.jpg);\" role=\"img\" aria-label=\"Er\u00f6ffnung der W3+ Fair Jena\"><\/div>\n\t\t\t\t<div class=\"elementor-cta__bg-overlay\"><\/div>\n\t\t\t<\/div>\n\t\t\t\t\t\t\t<div class=\"elementor-cta__content\">\n\t\t\t\t\n\t\t\t\t\t\t\t\t\t<h2 class=\"elementor-cta__title elementor-cta__content-item elementor-content-item\">\n\t\t\t\t\t\tMaterials, Coatings &amp; Cleanroom Technology\t\t\t\t\t<\/h2>\n\t\t\t\t\n\t\t\t\t\t\t\t\t\t<div class=\"elementor-cta__description elementor-cta__content-item elementor-content-item\">\n\t\t\t\t\t\t<p>Exhibitor Pitches<br \/>2:00 \u2013 2:30 PM<\/p>\n\t\t\t\t\t<\/div>\n\t\t\t\t\n\t\t\t\t\t\t\t<\/div>\n\t\t\t\t\t\t<\/div>\n\t\t\t\t\t\t<\/div>\n\t\t\t\t<\/div>\n\t\t\t\t<\/div>\n\t\t\t\t<\/div>\n\t\t\t\t\t<\/div>\n\t\t\t\t<\/div>\n\t\t<div class=\"elementor-element elementor-element-e893dd5 elementor-hidden-tablet elementor-hidden-mobile elementor-hidden-desktop e-ecs-flex e-flex e-con-boxed e-con e-parent\" data-id=\"e893dd5\" data-element_type=\"container\" data-e-type=\"container\" data-settings=\"{&quot;background_background&quot;:&quot;classic&quot;,&quot;ecs_container_type&quot;:&quot;flex&quot;}\">\n\t\t\t\t\t<div class=\"e-con-inner\">\n\t\t<div class=\"elementor-element elementor-element-5cbfe5b e-con-full e-ecs-flex e-flex e-con e-child\" data-id=\"5cbfe5b\" data-element_type=\"container\" data-e-type=\"container\" data-settings=\"{&quot;ecs_container_type&quot;:&quot;flex&quot;}\">\n\t\t<div class=\"elementor-element elementor-element-523f9e5 e-con-full e-ecs-flex e-flex e-con e-child\" data-id=\"523f9e5\" data-element_type=\"container\" data-e-type=\"container\" data-settings=\"{&quot;background_background&quot;:&quot;classic&quot;,&quot;ecs_container_type&quot;:&quot;flex&quot;}\">\n\t\t\t\t<div class=\"elementor-element elementor-element-71f81cf elementor-cta--skin-classic elementor-animated-content elementor-bg-transform elementor-bg-transform-zoom-in elementor-widget elementor-widget-call-to-action\" data-id=\"71f81cf\" data-element_type=\"widget\" data-e-type=\"widget\" data-widget_type=\"call-to-action.default\">\n\t\t\t\t<div class=\"elementor-widget-container\">\n\t\t\t\t\t\t\t<div class=\"elementor-cta\">\n\t\t\t\t\t<div class=\"elementor-cta__bg-wrapper\">\n\t\t\t\t<div class=\"elementor-cta__bg elementor-bg\" style=\"background-image: url(https:\/\/w3-fair.com\/wp-content\/uploads\/2025\/08\/2024_W3_Jena-3594-scaled-1-1024x683.jpg);\" role=\"img\" aria-label=\"2024_W3_Jena-3594-scaled.jpg\"><\/div>\n\t\t\t\t<div class=\"elementor-cta__bg-overlay\"><\/div>\n\t\t\t<\/div>\n\t\t\t\t\t\t\t<div class=\"elementor-cta__content\">\n\t\t\t\t\n\t\t\t\t\t\t\t\t\t<h2 class=\"elementor-cta__title elementor-cta__content-item elementor-content-item\">\n\t\t\t\t\t\tEnabling <br>New Space\t\t\t\t\t<\/h2>\n\t\t\t\t\n\t\t\t\t\t\t\t\t\t<div class=\"elementor-cta__description elementor-cta__content-item elementor-content-item\">\n\t\t\t\t\t\t<p>Key Technologies and Mass Production for the Aerospace Industry&lt;br&gt;<br \/>by lrt Saxony-Thuringia<\/p>\n<p><strong>2:30 \u2013 3:30 PM<\/strong><\/p>\n\t\t\t\t\t<\/div>\n\t\t\t\t\n\t\t\t\t\t\t\t<\/div>\n\t\t\t\t\t\t<\/div>\n\t\t\t\t\t\t<\/div>\n\t\t\t\t<\/div>\n\t\t\t\t<\/div>\n\t\t\t\t<\/div>\n\t\t\t\t\t<\/div>\n\t\t\t\t<\/div>\n\t\t<div class=\"elementor-element elementor-element-3bd0c05 e-ecs-flex e-flex e-con-boxed e-con e-parent\" data-id=\"3bd0c05\" data-element_type=\"container\" data-e-type=\"container\" data-settings=\"{&quot;ecs_container_type&quot;:&quot;flex&quot;}\">\n\t\t\t\t\t<div class=\"e-con-inner\">\n\t\t\t\t<div class=\"elementor-element elementor-element-3be5fb2 elementor-widget elementor-widget-menu-anchor\" data-id=\"3be5fb2\" data-element_type=\"widget\" data-e-type=\"widget\" data-widget_type=\"menu-anchor.default\">\n\t\t\t\t<div class=\"elementor-widget-container\">\n\t\t\t\t\t\t\t<div class=\"elementor-menu-anchor\" id=\"lectures\"><\/div>\n\t\t\t\t\t\t<\/div>\n\t\t\t\t<\/div>\n\t\t\t\t<div class=\"elementor-element elementor-element-cb0db37 elementor-widget elementor-widget-heading\" data-id=\"cb0db37\" data-element_type=\"widget\" data-e-type=\"widget\" data-widget_type=\"heading.default\">\n\t\t\t\t<div class=\"elementor-widget-container\">\n\t\t\t\t\t<h3 class=\"elementor-heading-title elementor-size-default\">Please use the filter option for the program.<\/h3>\t\t\t\t<\/div>\n\t\t\t\t<\/div>\n\t\t\t\t\t<\/div>\n\t\t\t\t<\/div>\n\t\t<div class=\"elementor-element elementor-element-d799346 e-ecs-flex e-flex e-con-boxed e-con e-parent\" data-id=\"d799346\" data-element_type=\"container\" data-e-type=\"container\" data-settings=\"{&quot;ecs_container_type&quot;:&quot;flex&quot;}\">\n\t\t\t\t\t<div class=\"e-con-inner\">\n\t\t\t\t<div class=\"elementor-element elementor-element-22c59ea elementor-widget elementor-widget-template\" data-id=\"22c59ea\" data-element_type=\"widget\" data-e-type=\"widget\" data-widget_type=\"template.default\">\n\t\t\t\t<div class=\"elementor-widget-container\">\n\t\t\t\t\t\t\t<div class=\"elementor-template\">\n\t\t\t\t\t<div data-elementor-type=\"container\" data-elementor-id=\"61101\" class=\"elementor elementor-61101 elementor-61097 elementor-61097\" data-elementor-post-type=\"elementor_library\">\n\t\t\t\t<div class=\"elementor-element elementor-element-478b5200 e-con-full e-ecs-flex e-flex e-con e-parent\" data-id=\"478b5200\" data-element_type=\"container\" data-e-type=\"container\" data-settings=\"{&quot;ecs_container_type&quot;:&quot;flex&quot;}\">\n\t\t\t\t<div class=\"elementor-element elementor-element-405873f0 elementor-widget elementor-widget-presentation\" data-id=\"405873f0\" data-element_type=\"widget\" data-e-type=\"widget\" data-widget_type=\"presentation.default\">\n\t\t\t\t<div class=\"elementor-widget-container\">\n\t\t\t\t\t\n\t\t\t\t\t\t\n\n    <div        class=\"fea-presentation  \"\n        data-event-id=\"290742026\"\n        data-event-series=\"\"\n        data-event-series-year=\"\"\n        dynamic-filter-container            >\n                                                <div class=\"fea-modal\" id=\"6a94e6f86cfab\">\n    <div class=\"modal-content\">\n        <div class=\"modal-head\">\n            <span class=\"header\"><\/span>\n            <span class=\"close\">&times;<\/span>\n        <\/div>\n        <div class=\"modal-body\">\n        <\/div>\n    <\/div>\n<\/div>                                                                <div class='fea-filter'>\n                    <div class='filter-available'>\n                                                                                    <div class=\"filter filter-type-select\" dynamic-filter-trigger data-filter-key=\"main_topic_id\">\n                                                                                                                            <select class='filter-item' dynamic-filter-element>\n                                                                                    <option value=\"yes\" data-filter-value='yes' data-filter-reset='yes'>\n                                                                                                    -- Main topic --\n                                                                                            <\/option>\n                                                                                                                                                                                                                                                                    <option value=\"841\" \n                                                        data-filter-value=\"841\">\n                                                                                                            Abend-Keynote\n                                                                                                    <\/option>\n                                                                                                                                                                                                                                                                        <option value=\"843\" \n                                                        data-filter-value=\"843\">\n                                                                                                            Coatings for precision optical systems  by Fraunhofer IOF\n                                                                                                    <\/option>\n                                                                                                                                                                                                                                                                        <option value=\"836\" \n                                                        data-filter-value=\"836\">\n                                                                                                            DeepTech made in Europe - Schl\u00fcsseltechnologien als Wachstumsmotor by OptoNet\n                                                                                                    <\/option>\n                                                                                                                                                                                                                                                                        <option value=\"840\" \n                                                        data-filter-value=\"840\">\n                                                                                                            Defence &amp; Dual Use - Was es f\u00fcr die Gesamtverteidigung braucht by Mitteldeutsches Institut f\u00fcr Sicherheitsindustrie e.V.\n                                                                                                    <\/option>\n                                                                                                                                                                                                                                                                        <option value=\"844\" \n                                                        data-filter-value=\"844\">\n                                                                                                            Digitalisierung &amp; Photonik by de:hub Jena\n                                                                                                    <\/option>\n                                                                                                                                                                                                                                                                        <option value=\"890\" \n                                                        data-filter-value=\"890\">\n                                                                                                            Exhibitor Pitches: Materials, Coatings &amp; Cleanroom Technology\n                                                                                                    <\/option>\n                                                                                                                                                                                                                                                                        <option value=\"838\" \n                                                        data-filter-value=\"838\">\n                                                                                                            Exhibitor Pitches: Optics, Imaging &amp; Photonics\n                                                                                                    <\/option>\n                                                                                                                                                                                                                                                                        <option value=\"839\" \n                                                        data-filter-value=\"839\">\n                                                                                                            Innovative Medizintechnologien erfolgreich in die Anwendung bringen by InfectoGnostics\n                                                                                                    <\/option>\n                                                                                                                                                                                                                                                                        <option value=\"835\" \n                                                        data-filter-value=\"835\">\n                                                                                                            Offizielle Er\u00f6ffnung\n                                                                                                    <\/option>\n                                                                                                                                                                                                                                                                        <option value=\"845\" \n                                                        data-filter-value=\"845\">\n                                                                                                            Photonics for Microtechnology  by IVAM\n                                                                                                    <\/option>\n                                                                                                                                                                                                                                                                        <option value=\"842\" \n                                                        data-filter-value=\"842\">\n                                                                                                            Precision Optics Manufacturing: Why Europe&#039;s Industrial Base Matters by EPIC\n                                                                                                    <\/option>\n                                                                                                                                                                                                                                                                        <option value=\"846\" \n                                                        data-filter-value=\"846\">\n                                                                                                            Schl\u00fcsseltechnologien und Serienfertigung f\u00fcr die Raumfahrt by LRT Sachsen\/Th\u00fcringen e.V.\n                                                                                                    <\/option>\n                                                                                                                                                                                                                                                                        <option value=\"891\" \n                                                        data-filter-value=\"891\">\n                                                                                                            Start-up Pitches\n                                                                                                    <\/option>\n                                                                                                                        <\/select>\n                                                                                    <\/div>\n                                                                                                        <div class=\"filter filter-type-select\" dynamic-filter-trigger data-filter-key=\"date\">\n                                                                                                                            <select class='filter-item' dynamic-filter-element>\n                                                                                    <option value=\"yes\" data-filter-value='yes' data-filter-reset='yes'>\n                                                                                                    -- Event date --\n                                                                                            <\/option>\n                                                                                                                                                                                                                                                                    <option value=\"2026-09-23\" \n                                                        data-filter-value=\"2026-09-23\">\n                                                                                                            2026-09-23\n                                                                                                    <\/option>\n                                                                                                                                                                                                                                                                        <option value=\"2026-09-24\" \n                                                        data-filter-value=\"2026-09-24\">\n                                                                                                            2026-09-24\n                                                                                                    <\/option>\n                                                                                                                        <\/select>\n                                                                                    <\/div>\n                                                                                                        <div class=\"filter filter-type-select\" dynamic-filter-trigger data-filter-key=\"stage_id\">\n                                                                                                                            <select class='filter-item' dynamic-filter-element>\n                                                                                    <option value=\"yes\" data-filter-value='yes' data-filter-reset='yes'>\n                                                                                                    -- All stages --\n                                                                                            <\/option>\n                                                                                                                                                                                                                                                                    <option value=\"789\" \n                                                        data-filter-value=\"789\">\n                                                                                                            Speakers-Corner - Halle 3\n                                                                                                    <\/option>\n                                                                                                                                                                                                                                                                        <option value=\"785\" \n                                                        data-filter-value=\"785\">\n                                                                                                            en-tech.talks - Halle 2\n                                                                                                    <\/option>\n                                                                                                                        <\/select>\n                                                                                    <\/div>\n                                                <\/div>\n                            <div class='filter-active' dynamic-filter-active><\/div>\n            <\/div>\n                            <div                class=\"fea-presentation-list count_57\"\n                dynamic-filter-content                            >\n                                                                                                                        \n    <div        class=\"fea-presentation-list-group\"\n                    dynamic-filter-item\n                                                                                                                                                                                                                                                                                                                                                                                                                                                                                                                                                                                                                                                                                                                                                                        data-filter-main_topic_id=\"{{835}}{{836}}{{836}}{{836}}{{836}}{{836}}{{891}}{{891}}{{891}}{{891}}{{891}}{{844}}{{838}}{{838}}{{838}}{{838}}{{891}}{{839}}{{839}}{{839}}{{840}}{{840}}{{840}}{{840}}{{841}}\"\n                                                                                                                                                                                                                                                                                                                                                                                                                                                                                                                                                                                                                                                                                                                                                                        data-filter-date=\"{{2026-09-23}}{{2026-09-23}}{{2026-09-23}}{{2026-09-23}}{{2026-09-23}}{{2026-09-23}}{{2026-09-23}}{{2026-09-23}}{{2026-09-23}}{{2026-09-23}}{{2026-09-23}}{{2026-09-23}}{{2026-09-23}}{{2026-09-23}}{{2026-09-23}}{{2026-09-23}}{{2026-09-23}}{{2026-09-23}}{{2026-09-23}}{{2026-09-23}}{{2026-09-23}}{{2026-09-23}}{{2026-09-23}}{{2026-09-23}}{{2026-09-23}}\"\n                                                                                                                                                                                                                                                                                                                                                                                                                                                                                                                                                                                                                                                                                                                                                                        data-filter-stage_id=\"{{785}}{{785}}{{785}}{{785}}{{785}}{{785}}{{789}}{{789}}{{789}}{{789}}{{789}}{{785}}{{785}}{{785}}{{785}}{{785}}{{789}}{{785}}{{785}}{{785}}{{785}}{{785}}{{785}}{{785}}{{785}}\"\n                        >\n                                                        <div class='fea-presentation-list-group-header' data-group-label='2026-09-23'>\n                                                    23. September 2026\n                                            <\/div>\n                                                                                                        \n\n\n    <div        class=\"fea-presentation-list-item presentation-item\"\n                    dynamic-filter-item\n                                                                        data-filter-main_topic_id=\"{{835}}\"\n                                                                        data-filter-date=\"{{2026-09-23}}\"\n                                                                        data-filter-stage_id=\"{{785}}\"\n                        >\n                                \t<div class=\"presentation-topic\" style=\"background-color:#38b1b9;\">\n\t\t\t\t\t\t\t\t\t\t\tOffizielle Er\u00f6ffnung\n\t\t\t\t<\/div>\n\t                <div class=\"presentation-headline\">\n                                                                        <div class=\"presentation-info\">\n                                                                    <div class=\"presentation-time\">\n                                            09:45&ndash;10:30 Uhr\n  | en-tech.talks - Halle 2                                     <\/div>\n                                                                                                    <div class=\"presentation-title\">\n                                                                                    <h3 class='topic'>\n                                                \t\t\t<img loading=\"lazy\" decoding=\"async\" loading=\"lazy\" width=\"18\" height=\"12\" src=\"\/wp-content\/plugins\/sitepress-multilingual-cms\/res\/flags\/de.png\">\n\t\t    Offizielle Er\u00f6ffnung  der W3+ Fair Jena 2026\n\n\n                                            <\/h3>\n                                            <span class='subtitle'>\n                                                    \n\n                                            <\/span>\n                                                                            <\/div>\n                                                            <\/div>\n                                                                            <div class=\"presentation-meta\">\n                                                                                                                                                <div class=\"presentation-partner\">\n                                            <img decoding=\"async\" src=\"https:\/\/portal.fleet-events.de\/de\/uploads?path=sessions\/7399.jpg\"\/>\n                                        <\/div>\n                                                                                                <\/div>\n                                                            <\/div>\n            \n                            <div class=\"presentation-content\n                                                         has-image \"\n                >\n                                            <div class=\"speakers\">\n                                                                                                                                                                                    <div class=\"speaker\">\n                                                                                                                                                                                                                                                                                                                        \n                                                                                                                                                            \n                                                        <div class=\"speaker-image\">\n\t\t<div class=\"speaker-image-image\">\n\t\t\t<img\n\t\t\t\tloading='lazy' \n\t\t\t\tclass=''\n\t\t\t\tdata-modal-id=\"6a94e6f86cfab\" \n\t\t\t\t         show-modal-trigger=\"true\" \t\t\t\t     data-src=\"\/jena\/vortraege-buehnenprogramm-w3-fair-jena-2026-en-tech-talks\/jena-speaker-details\/2962\" \t\t\t\t  data-info-header=\".single-speaker-header\"  \t\t\t\t data-info-content=\".single-speaker-content\"  \t\t\t\tsrc=\"https:\/\/portal.fleet-events.de\/de\/speakerphoto?path=2962\/profile_xircus.jpg&amp;s=600&amp;v=1786700516\" \n\t\t\t\talt=\"Colette Boos-John\" \n\t\t\t\/>\n\t\t<\/div>\n                    <div class=\"speaker-image-credits\">\n                            <\/div>\n            <\/div>\n\n                                                                                                                                                    <div class=\"speaker-info\">\n                                                                    <h3 class=\"speaker-name\">Colette Boos-John\n                            <\/h3>                <span class=\"speaker-jobtitle\">Ministerin f\u00fcr Wirtschaft, Landwirtschaft und L\u00e4ndlichen Raum                <\/span>                <span class=\"speaker-company\">Freistaat Th\u00fcringen<\/span>     \n\n                                                    <\/div>\n                                                                                            <\/div>\n                                                                                                                                                                <div class=\"speaker\">\n                                                                                                                                                                                                                                                                                                                        \n                                                                                                                                                            \n                                                        <div class=\"speaker-image\">\n\t\t<div class=\"speaker-image-image\">\n\t\t\t<img\n\t\t\t\tloading='lazy' \n\t\t\t\tclass=''\n\t\t\t\tdata-modal-id=\"6a94e6f86cfab\" \n\t\t\t\t         show-modal-trigger=\"true\" \t\t\t\t     data-src=\"\/jena\/vortraege-buehnenprogramm-w3-fair-jena-2026-en-tech-talks\/jena-speaker-details\/2122\" \t\t\t\t  data-info-header=\".single-speaker-header\"  \t\t\t\t data-info-content=\".single-speaker-content\"  \t\t\t\tsrc=\"https:\/\/portal.fleet-events.de\/de\/speakerphoto?path=2122\/profile_xircus.jpg&amp;s=600&amp;v=1726037993\" \n\t\t\t\talt=\"Thomas Nitzsche\" \n\t\t\t\/>\n\t\t<\/div>\n                    <div class=\"speaker-image-credits\">\n                                    &copy;&nbsp;Tobias Stepper f\u00fcr Stadt Jena\n                            <\/div>\n            <\/div>\n\n                                                                                                                                                    <div class=\"speaker-info\">\n                                                                    <h3 class=\"speaker-name\">Dr.&nbsp;Thomas Nitzsche\n                            <\/h3>                <span class=\"speaker-jobtitle\">Oberb\u00fcrgermeister                <\/span>                <span class=\"speaker-company\">Jena<\/span>     \n\n                                                    <\/div>\n                                                                                            <\/div>\n                                                                                                                                                                                                    <div class=\"presentation-link\">\n                                                                                                                                                <\/div>\n                                                    <\/div>\n                                        \t                <\/div>\n                        \n                        <\/div>\n                                                                                                \n\n\n    <div        class=\"fea-presentation-list-item presentation-item\"\n                    dynamic-filter-item\n                                                                        data-filter-main_topic_id=\"{{836}}\"\n                                                                        data-filter-date=\"{{2026-09-23}}\"\n                                                                        data-filter-stage_id=\"{{785}}\"\n                        >\n                                \t<div class=\"presentation-topic\" style=\"background-color:#e77d3d;\">\n\t\t\t\t\t\t\t\t\t\t\tDeepTech made in Europe - Schl\u00fcsseltechnologien als Wachstumsmotor by OptoNet\n\t\t\t\t<\/div>\n\t                <div class=\"presentation-headline\">\n                                                                        <div class=\"presentation-info\">\n                                                                    <div class=\"presentation-time\">\n                                            11:00&ndash;12:15 Uhr\n  | en-tech.talks - Halle 2                                     <\/div>\n                                                                                                    <div class=\"presentation-title\">\n                                                                                    <h3 class='topic'>\n                                                \t\t\t<img loading=\"lazy\" decoding=\"async\" loading=\"lazy\" width=\"18\" height=\"12\" src=\"\/wp-content\/plugins\/sitepress-multilingual-cms\/res\/flags\/en.png\">\n\t\t    Welcome and Introduction\n\n\n                                            <\/h3>\n                                            <span class='subtitle'>\n                                                    \n\n                                            <\/span>\n                                                                            <\/div>\n                                                            <\/div>\n                                                                            <div class=\"presentation-meta\">\n                                                                                                                                                <div class=\"presentation-partner\">\n                                            <img decoding=\"async\" src=\"https:\/\/portal.fleet-events.de\/de\/uploads?path=sessions\/7400.jpg\"\/>\n                                        <\/div>\n                                                                                                <\/div>\n                                                            <\/div>\n            \n                            <div class=\"presentation-content\n                                                         has-image \"\n                >\n                                            <div class=\"speakers\">\n                                                                                                                                                                                    <div class=\"speaker\">\n                                                                                                                                                                                                                                                                                                                        \n                                                                                                                                                            \n                                                        <div class=\"speaker-image\">\n\t\t<div class=\"speaker-image-image\">\n\t\t\t<img\n\t\t\t\tloading='lazy' \n\t\t\t\tclass=''\n\t\t\t\tdata-modal-id=\"6a94e6f86cfab\" \n\t\t\t\t         show-modal-trigger=\"true\" \t\t\t\t     data-src=\"\/jena\/vortraege-buehnenprogramm-w3-fair-jena-2026-en-tech-talks\/jena-speaker-details\/2978\" \t\t\t\t  data-info-header=\".single-speaker-header\"  \t\t\t\t data-info-content=\".single-speaker-content\"  \t\t\t\tsrc=\"https:\/\/portal.fleet-events.de\/de\/speakerphoto?path=2978\/profile_xircus.jpg&amp;s=600&amp;v=1786704563\" \n\t\t\t\talt=\"Anke Siegmeier\" \n\t\t\t\/>\n\t\t<\/div>\n                    <div class=\"speaker-image-credits\">\n                            <\/div>\n            <\/div>\n\n                                                                                                                                                    <div class=\"speaker-info\">\n                                                                    <h3 class=\"speaker-name\">Anke Siegmeier\n                            <\/h3>                <span class=\"speaker-jobtitle\">Managing Director                <\/span>                <span class=\"speaker-company\">OptoNet e.V.<\/span>     \n\n                                                    <\/div>\n                                                                                            <\/div>\n                                                                                                                                                                                                    <div class=\"presentation-link\">\n                                                                                                                                                <\/div>\n                                                    <\/div>\n                                        \t                <\/div>\n                        \n                        <\/div>\n                                                                                                \n\n\n    <div        class=\"fea-presentation-list-item presentation-item\"\n                    dynamic-filter-item\n                                                                        data-filter-main_topic_id=\"{{836}}\"\n                                                                        data-filter-date=\"{{2026-09-23}}\"\n                                                                        data-filter-stage_id=\"{{785}}\"\n                        >\n                                \t<div class=\"presentation-topic\" style=\"background-color:#e77d3d;\">\n\t\t\t\t\t\t\t\t\t\t\tDeepTech made in Europe - Schl\u00fcsseltechnologien als Wachstumsmotor by OptoNet\n\t\t\t\t<\/div>\n\t                <div class=\"presentation-headline\">\n                                                                        <div class=\"presentation-info\">\n                                                                    <div class=\"presentation-time\">\n                                            11:05&ndash;11:20 Uhr\n  | en-tech.talks - Halle 2                                     <\/div>\n                                                                                                    <div class=\"presentation-title\">\n                                                                                    <h3 class='topic'>\n                                                \t\t\t<img loading=\"lazy\" decoding=\"async\" loading=\"lazy\" width=\"18\" height=\"12\" src=\"\/wp-content\/plugins\/sitepress-multilingual-cms\/res\/flags\/en.png\">\n\t\t    \n\n\n                                            <\/h3>\n                                            <span class='subtitle'>\n                                                    \n\n                                            <\/span>\n                                                                            <\/div>\n                                                            <\/div>\n                                                                            <div class=\"presentation-meta\">\n                                                                                                                                                <div class=\"presentation-partner\">\n                                            <img decoding=\"async\" src=\"https:\/\/portal.fleet-events.de\/de\/uploads?path=sessions\/7451.jpg\"\/>\n                                        <\/div>\n                                                                                                <\/div>\n                                                            <\/div>\n            \n                            <div class=\"presentation-content\n                                                         has-image \"\n                >\n                                            <div class=\"speakers\">\n                                                                                                                                                                                    <div class=\"speaker\">\n                                                                                                                                                                                                                                                                                                                        \n                                                                                                                                                            \n                                                        <div class=\"speaker-image\">\n\t\t<div class=\"speaker-image-image\">\n\t\t\t<img\n\t\t\t\tloading='lazy' \n\t\t\t\tclass=''\n\t\t\t\tdata-modal-id=\"6a94e6f86cfab\" \n\t\t\t\t         show-modal-trigger=\"true\" \t\t\t\t     data-src=\"\/jena\/vortraege-buehnenprogramm-w3-fair-jena-2026-en-tech-talks\/jena-speaker-details\/3552\" \t\t\t\t  data-info-header=\".single-speaker-header\"  \t\t\t\t data-info-content=\".single-speaker-content\"  \t\t\t\tsrc=\"https:\/\/portal.fleet-events.de\/de\/speakerphoto?path=3552\/profile_xircus.jpg&amp;s=600&amp;v=1786704607\" \n\t\t\t\talt=\"Dominic Dorfner\" \n\t\t\t\/>\n\t\t<\/div>\n                    <div class=\"speaker-image-credits\">\n                                    &copy;&nbsp;Anna Schroll\n                            <\/div>\n            <\/div>\n\n                                                                                                                                                    <div class=\"speaker-info\">\n                                                                    <h3 class=\"speaker-name\">Dr.&nbsp;Dominic Dorfner\n                            <\/h3>                <span class=\"speaker-jobtitle\">Chief Executive Officer                <\/span>                <span class=\"speaker-company\">JENOPTIK AG<\/span>     \n\n                                                    <\/div>\n                                                                                            <\/div>\n                                                                                                                                                                                                    <div class=\"presentation-link\">\n                                                                                                                                                <\/div>\n                                                    <\/div>\n                                        \t                <\/div>\n                        \n                        <\/div>\n                                                                                                \n\n\n    <div        class=\"fea-presentation-list-item presentation-item\"\n                    dynamic-filter-item\n                                                                        data-filter-main_topic_id=\"{{836}}\"\n                                                                        data-filter-date=\"{{2026-09-23}}\"\n                                                                        data-filter-stage_id=\"{{785}}\"\n                        >\n                                \t<div class=\"presentation-topic\" style=\"background-color:#e77d3d;\">\n\t\t\t\t\t\t\t\t\t\t\tDeepTech made in Europe - Schl\u00fcsseltechnologien als Wachstumsmotor by OptoNet\n\t\t\t\t<\/div>\n\t                <div class=\"presentation-headline\">\n                                                                        <div class=\"presentation-info\">\n                                                                    <div class=\"presentation-time\">\n                                            11:20&ndash;11:40 Uhr\n  | en-tech.talks - Halle 2                                     <\/div>\n                                                                                                    <div class=\"presentation-title\">\n                                                                                    <h3 class='topic'>\n                                                \t\t\t<img loading=\"lazy\" decoding=\"async\" loading=\"lazy\" width=\"18\" height=\"12\" src=\"\/wp-content\/plugins\/sitepress-multilingual-cms\/res\/flags\/en.png\">\n\t\t    Quantenanwendungen im Reality-Check: Business-Cases f\u00fcr Anwender, Marktpotenziale f\u00fcr die Lieferkette\n\n\n                                            <\/h3>\n                                            <span class='subtitle'>\n                                                    \n\n                                            <\/span>\n                                                                            <\/div>\n                                                            <\/div>\n                                                                            <div class=\"presentation-meta\">\n                                                                                                                                                <div class=\"presentation-partner\">\n                                            <img decoding=\"async\" src=\"https:\/\/portal.fleet-events.de\/de\/uploads?path=sessions\/7435.jpg\"\/>\n                                        <\/div>\n                                                                                                <\/div>\n                                                            <\/div>\n            \n                            <div class=\"presentation-content\n                             show-abstract                              has-image \"\n                >\n                                            <div class=\"speakers\">\n                                                                                                                                                                                    <div class=\"speaker\">\n                                                                                                                                                                                                                                                                                                                        \n                                                                                                                                                            \n                                                        <div class=\"speaker-image\">\n\t\t<div class=\"speaker-image-image\">\n\t\t\t<img\n\t\t\t\tloading='lazy' \n\t\t\t\tclass=''\n\t\t\t\tdata-modal-id=\"6a94e6f86cfab\" \n\t\t\t\t         show-modal-trigger=\"true\" \t\t\t\t     data-src=\"\/jena\/vortraege-buehnenprogramm-w3-fair-jena-2026-en-tech-talks\/jena-speaker-details\/3518\" \t\t\t\t  data-info-header=\".single-speaker-header\"  \t\t\t\t data-info-content=\".single-speaker-content\"  \t\t\t\tsrc=\"https:\/\/portal.fleet-events.de\/de\/speakerphoto?path=3518\/profile_xircus.jpg&amp;s=600&amp;v=1784704510\" \n\t\t\t\talt=\"Johannes Verst\" \n\t\t\t\/>\n\t\t<\/div>\n                    <div class=\"speaker-image-credits\">\n                            <\/div>\n            <\/div>\n\n                                                                                                                                                    <div class=\"speaker-info\">\n                                                                    <h3 class=\"speaker-name\">Johannes Verst\n                            <\/h3>                <span class=\"speaker-jobtitle\">CEO &amp; Gr\u00fcnder                <\/span>                <span class=\"speaker-company\">QBN<\/span>     \n\n                                                    <\/div>\n                                                                                            <\/div>\n                                                                                                                                                                                                    <div class=\"presentation-link\">\n                                                                                                                        \n    \n<a \n    href=\/290742026\/presentation\/7435 \n    class=\"btn\" \n    data-modal-id=\"6a94e6f86cfab\"\n    show-modal-trigger\n    data-info-root=\".fea-presentation-list-item\"\n    data-info-header=\".presentation-link .popup_headline\"\n    data-info-content=\".presentation-link .popup_body\"\n>\n    Mehr\n<\/a>\n\n    <div class=\"popup_content\">\n        <div class=\"popup_headline\"><\/div>\n\t\t<div class=\"popup_body\">\n\t\t\t\t\n\t\t\t\t\t\t\n\t\t\t\n<div class=\"single-presentation\">\n\t<div class=\"single-presentation-header\">\n            <\/div>\n     <div class='topic_category category_836' style=\"color: #e77d3d;\">\n\t\t<span>DeepTech made in Europe - Schl\u00fcsseltechnologien als Wachstumsmotor by OptoNet<\/span>\n\t<\/div>\n\t<div class=\"single-presentation-content \n\t\t show-abstract \"\n\t>\n\t\t\t\t\t\t\t    <div class='speakers'>\n                                    <div class='speaker'>\n                        <div class=\"speaker-image\">\n\t\t<div class=\"speaker-image-image\">\n\t\t\t<img\n\t\t\t\tloading='lazy' \n\t\t\t\tclass=''\n\t\t\t\tdata-modal-id=\"\" \n\t\t\t\t\t\t\t\t\t\t\t\t\t\t\t\t\t\t\t\tsrc=\"https:\/\/portal.fleet-events.de\/de\/speakerphoto?path=3518\/profile_xircus.jpg&amp;s=600&amp;v=1784704510\" \n\t\t\t\talt=\"Johannes Verst\" \n\t\t\t\/>\n\t\t<\/div>\n                    <div class=\"speaker-image-credits\">\n                            <\/div>\n            <\/div>\n\n                    <div class=\"speaker-info\">\n                                    <h3 class=\"speaker-name\">Johannes Verst\n                            <\/h3>                <span class=\"speaker-jobtitle\">CEO &amp; Gr\u00fcnder                <\/span>                <span class=\"speaker-company\">QBN<\/span>     \n    \n                    <\/div>\n                <\/div>\n                                <\/div>\n\n\t\t\t\t<div class='presentation '>\n\t\t\t<div class='presentation-main'>\n\t\t\t\t<h3 class='topic'>Quantenanwendungen im Reality-Check: Business-Cases f\u00fcr Anwender, Marktpotenziale f\u00fcr die Lieferkette<\/h3>\n\t\t\t\t<div class='subtitle'><\/div>\n\t\t\t\t<div class='abstract'>Quantentechnologien verlassen die Labore: Die erste Welle kommerzieller Anwendungen kommt in der Industrie an. Doch wo entsteht heute schon echter wirtschaftlicher Nutzen? Wo lohnt sich f\u00fcr Unternehmen der Einstieg?\r\n\r\nDie industrielle Realit\u00e4t zeigt, wo die Reise f\u00fcr Quantensensoren, Quantencomputing und Quantensicherheit in Sektoren wie Automotive, Logistik und Verteidigung sowie Fertigung, Chemie und MedTech hingeht. Jedoch gilt: keine Quantenhardware ohne High-Tech-Pioniere. Erst durch Spitzenkomponenten aus Photonik, Mikroelektronik und IT werden Quantensysteme marktreif.\r\n\r\nEine klare Roadmap gibt Entscheidern Orientierung und zeigt, wie Anwender und Zulieferer gemeinsam neue Wertsch\u00f6pfungsketten erschlie\u00dfen \u2013 in einem Markt, der gerade jetzt entsteht und in dem Deutschland und Europa exzellent aufgestellt sind.<\/div>\n\t\t\t<\/div>\n\t\t\t<div class='presentation-info'>\n\t\t\t\t<div class='presentation-info-date-time-location'>\n\t\t\t\t\t<span class=\"presentation-date-time\">\n\t\t\t\t\t\t<span class='presentation-date'>Mittwoch, 23.September 2026,<\/span>\n\t\t\t\t\t\t<span class='presentation-time'>    11:20&ndash;11:40 Uhr\n, <\/span>\n\t\t\t\t\t<\/span>\n\t\t\t\t\t<span class='presentation-location'>\n\t\t\t\t\t\t\t\t\t\t\t\t\ten-tech.talks - Halle 2\n\t\t\t\t\t\t\t\t\t\t\t<\/span>\n\t\t\t\t<\/div>\n\t\t\t\t<div class='presentation-info-type'>\n\t\t\t\t\t    \n\t\t\t\t<\/div>\n\t\t\t<\/div>\n\t\t\t\t\t<\/div>\n    <\/div>\n<\/div>\t\t<\/div>\n    <\/div>\n                                                                                                            <\/div>\n                                                    <\/div>\n                                        \t\t\t<div class=\"abstract\">\n\t\t\t<div>Quantentechnologien verlassen die Labore: Die erste Welle kommerzieller Anwendungen kommt in der Industrie an. Doch wo entsteht heute schon echter wirtschaftlicher Nutzen? Wo lohnt sich f\u00fcr Unternehmen der Einstieg?\r\n\r\nDie industrielle Realit\u00e4t zeigt, wo die Reise f\u00fcr Quantensensoren, Quantencomputing und Quantensicherheit in Sektoren wie Automotive, Logistik und Verteidigung sowie Fertigung, Chemie und MedTech hingeht. Jedoch gilt: keine Quantenhardware ohne High-Tech-Pioniere. Erst durch Spitzenkomponenten aus Photonik, Mikroelektronik und IT werden Quantensysteme marktreif.\r\n\r\nEine klare Roadmap gibt Entscheidern Orientierung und zeigt, wie Anwender und Zulieferer gemeinsam neue Wertsch\u00f6pfungsketten erschlie\u00dfen \u2013 in einem Markt, der gerade jetzt entsteht und in dem Deutschland und Europa exzellent aufgestellt sind.<\/div>\n\t\t<\/div>\n\t                <\/div>\n                        \n                        <\/div>\n                                                                                                \n\n\n    <div        class=\"fea-presentation-list-item presentation-item\"\n                    dynamic-filter-item\n                                                                        data-filter-main_topic_id=\"{{836}}\"\n                                                                        data-filter-date=\"{{2026-09-23}}\"\n                                                                        data-filter-stage_id=\"{{785}}\"\n                        >\n                                \t<div class=\"presentation-topic\" style=\"background-color:#e77d3d;\">\n\t\t\t\t\t\t\t\t\t\t\tDeepTech made in Europe - Schl\u00fcsseltechnologien als Wachstumsmotor by OptoNet\n\t\t\t\t<\/div>\n\t                <div class=\"presentation-headline\">\n                                                                        <div class=\"presentation-info\">\n                                                                    <div class=\"presentation-time\">\n                                            11:40&ndash;12:00 Uhr\n  | en-tech.talks - Halle 2                                     <\/div>\n                                                                                                    <div class=\"presentation-title\">\n                                                                                    <h3 class='topic'>\n                                                \t\t\t<img loading=\"lazy\" decoding=\"async\" loading=\"lazy\" width=\"18\" height=\"12\" src=\"\/wp-content\/plugins\/sitepress-multilingual-cms\/res\/flags\/en.png\">\n\t\t    Prospects for Photonics Technologies in the Defense Sector\n\n\n                                            <\/h3>\n                                            <span class='subtitle'>\n                                                    \n\n                                            <\/span>\n                                                                            <\/div>\n                                                            <\/div>\n                                                                            <div class=\"presentation-meta\">\n                                                                                                                                                <div class=\"presentation-partner\">\n                                            <img decoding=\"async\" src=\"https:\/\/portal.fleet-events.de\/de\/uploads?path=sessions\/7511.jpg\"\/>\n                                        <\/div>\n                                                                                                <\/div>\n                                                            <\/div>\n            \n                            <div class=\"presentation-content\n                             show-abstract                              has-image \"\n                >\n                                            <div class=\"speakers\">\n                                                                                                                                                                                    <div class=\"speaker\">\n                                                                                                                                                                                                                                                                                                                        \n                                                                                                                                                            \n                                                        <div class=\"speaker-image\">\n\t\t<div class=\"speaker-image-image\">\n\t\t\t<img\n\t\t\t\tloading='lazy' \n\t\t\t\tclass=''\n\t\t\t\tdata-modal-id=\"6a94e6f86cfab\" \n\t\t\t\t         show-modal-trigger=\"true\" \t\t\t\t     data-src=\"\/jena\/vortraege-buehnenprogramm-w3-fair-jena-2026-en-tech-talks\/jena-speaker-details\/1944\" \t\t\t\t  data-info-header=\".single-speaker-header\"  \t\t\t\t data-info-content=\".single-speaker-content\"  \t\t\t\tsrc=\"https:\/\/portal.fleet-events.de\/de\/speakerphoto?path=1944\/profile_xircus.jpg&amp;s=600&amp;v=1786704663\" \n\t\t\t\talt=\"Andreas T\u00fcnnermann\" \n\t\t\t\/>\n\t\t<\/div>\n                    <div class=\"speaker-image-credits\">\n                            <\/div>\n            <\/div>\n\n                                                                                                                                                    <div class=\"speaker-info\">\n                                                                    <h3 class=\"speaker-name\">Prof. Dr.&nbsp;Andreas T\u00fcnnermann\n                            <\/h3>                <span class=\"speaker-jobtitle\">Institutsleiter                <\/span>                <span class=\"speaker-company\">Fraunhofer IOF<\/span>     \n\n                                                    <\/div>\n                                                                                            <\/div>\n                                                                                                                                                                                                    <div class=\"presentation-link\">\n                                                                                                                        \n    \n<a \n    href=\/290742026\/presentation\/7511 \n    class=\"btn\" \n    data-modal-id=\"6a94e6f86cfab\"\n    show-modal-trigger\n    data-info-root=\".fea-presentation-list-item\"\n    data-info-header=\".presentation-link .popup_headline\"\n    data-info-content=\".presentation-link .popup_body\"\n>\n    Mehr\n<\/a>\n\n    <div class=\"popup_content\">\n        <div class=\"popup_headline\"><\/div>\n\t\t<div class=\"popup_body\">\n\t\t\t\t\n\t\t\t\t\t\t\n\t\t\t\n<div class=\"single-presentation\">\n\t<div class=\"single-presentation-header\">\n            <\/div>\n     <div class='topic_category category_836' style=\"color: #e77d3d;\">\n\t\t<span>DeepTech made in Europe - Schl\u00fcsseltechnologien als Wachstumsmotor by OptoNet<\/span>\n\t<\/div>\n\t<div class=\"single-presentation-content \n\t\t show-abstract \"\n\t>\n\t\t\t\t\t\t\t    <div class='speakers'>\n                                    <div class='speaker'>\n                        <div class=\"speaker-image\">\n\t\t<div class=\"speaker-image-image\">\n\t\t\t<img\n\t\t\t\tloading='lazy' \n\t\t\t\tclass=''\n\t\t\t\tdata-modal-id=\"\" \n\t\t\t\t\t\t\t\t\t\t\t\t\t\t\t\t\t\t\t\tsrc=\"https:\/\/portal.fleet-events.de\/de\/speakerphoto?path=1944\/profile_xircus.jpg&amp;s=600&amp;v=1786704663\" \n\t\t\t\talt=\"Andreas T\u00fcnnermann\" \n\t\t\t\/>\n\t\t<\/div>\n                    <div class=\"speaker-image-credits\">\n                            <\/div>\n            <\/div>\n\n                    <div class=\"speaker-info\">\n                                    <h3 class=\"speaker-name\">Prof. Dr.&nbsp;Andreas T\u00fcnnermann\n                            <\/h3>                <span class=\"speaker-jobtitle\">Institutsleiter                <\/span>                <span class=\"speaker-company\">Fraunhofer IOF<\/span>     \n    \n                    <\/div>\n                <\/div>\n                                <\/div>\n\n\t\t\t\t<div class='presentation '>\n\t\t\t<div class='presentation-main'>\n\t\t\t\t<h3 class='topic'>Prospects for Photonics Technologies in the Defense Sector<\/h3>\n\t\t\t\t<div class='subtitle'><\/div>\n\t\t\t\t<div class='abstract'>The &quot;Zeitenwende&quot; necessitated a shift in thinking within Germany and Europe regarding the importance of independent defense capabilities. This article discusses the extent to which photonic technologies can contribute to addressing new threat scenarios and the future opportunities this creates for the photonics industry.<\/div>\n\t\t\t<\/div>\n\t\t\t<div class='presentation-info'>\n\t\t\t\t<div class='presentation-info-date-time-location'>\n\t\t\t\t\t<span class=\"presentation-date-time\">\n\t\t\t\t\t\t<span class='presentation-date'>Mittwoch, 23.September 2026,<\/span>\n\t\t\t\t\t\t<span class='presentation-time'>    11:40&ndash;12:00 Uhr\n, <\/span>\n\t\t\t\t\t<\/span>\n\t\t\t\t\t<span class='presentation-location'>\n\t\t\t\t\t\t\t\t\t\t\t\t\ten-tech.talks - Halle 2\n\t\t\t\t\t\t\t\t\t\t\t<\/span>\n\t\t\t\t<\/div>\n\t\t\t\t<div class='presentation-info-type'>\n\t\t\t\t\t    \n\t\t\t\t<\/div>\n\t\t\t<\/div>\n\t\t\t\t\t<\/div>\n    <\/div>\n<\/div>\t\t<\/div>\n    <\/div>\n                                                                                                            <\/div>\n                                                    <\/div>\n                                        \t\t\t<div class=\"abstract\">\n\t\t\t<div>The &quot;Zeitenwende&quot; necessitated a shift in thinking within Germany and Europe regarding the importance of independent defense capabilities. This article discusses the extent to which photonic technologies can contribute to addressing new threat scenarios and the future opportunities this creates for the photonics industry.<\/div>\n\t\t<\/div>\n\t                <\/div>\n                        \n                        <\/div>\n                                                                                                \n\n\n    <div        class=\"fea-presentation-list-item presentation-item\"\n                    dynamic-filter-item\n                                                                        data-filter-main_topic_id=\"{{836}}\"\n                                                                        data-filter-date=\"{{2026-09-23}}\"\n                                                                        data-filter-stage_id=\"{{785}}\"\n                        >\n                                \t<div class=\"presentation-topic\" style=\"background-color:#e77d3d;\">\n\t\t\t\t\t\t\t\t\t\t\tDeepTech made in Europe - Schl\u00fcsseltechnologien als Wachstumsmotor by OptoNet\n\t\t\t\t<\/div>\n\t                <div class=\"presentation-headline\">\n                                                                        <div class=\"presentation-info\">\n                                                                    <div class=\"presentation-time\">\n                                            12:00&ndash;12:15 Uhr\n  | en-tech.talks - Halle 2                                     <\/div>\n                                                                                                    <div class=\"presentation-title\">\n                                                                                    <h3 class='topic'>\n                                                \t\t\t<img loading=\"lazy\" decoding=\"async\" loading=\"lazy\" width=\"18\" height=\"12\" src=\"\/wp-content\/plugins\/sitepress-multilingual-cms\/res\/flags\/en.png\">\n\t\t    Orchestrating Ecosystems Instead of Waiting: How Deep Tech Scales\n\n\n                                            <\/h3>\n                                            <span class='subtitle'>\n                                                    \n\n                                            <\/span>\n                                                                            <\/div>\n                                                            <\/div>\n                                                                            <div class=\"presentation-meta\">\n                                                                                                                                                <div class=\"presentation-partner\">\n                                            <img decoding=\"async\" src=\"https:\/\/portal.fleet-events.de\/de\/uploads?path=sessions\/7436.jpg\"\/>\n                                        <\/div>\n                                                                                                <\/div>\n                                                            <\/div>\n            \n                            <div class=\"presentation-content\n                                                         has-image \"\n                >\n                                            <div class=\"speakers\">\n                                                                                                                                                                                    <div class=\"speaker\">\n                                                                                                                                                                                                                                                                                                                        \n                                                                                                                                                            \n                                                        <div class=\"speaker-image\">\n\t\t<div class=\"speaker-image-image\">\n\t\t\t<img\n\t\t\t\tloading='lazy' \n\t\t\t\tclass=''\n\t\t\t\tdata-modal-id=\"6a94e6f86cfab\" \n\t\t\t\t         show-modal-trigger=\"true\" \t\t\t\t     data-src=\"\/jena\/vortraege-buehnenprogramm-w3-fair-jena-2026-en-tech-talks\/jena-speaker-details\/3517\" \t\t\t\t  data-info-header=\".single-speaker-header\"  \t\t\t\t data-info-content=\".single-speaker-content\"  \t\t\t\tsrc=\"https:\/\/portal.fleet-events.de\/de\/speakerphoto?path=3517\/profile_xircus.jpg&amp;s=600&amp;v=1784631592\" \n\t\t\t\talt=\"Viktor Sch\u00fctz\" \n\t\t\t\/>\n\t\t<\/div>\n                    <div class=\"speaker-image-credits\">\n                            <\/div>\n            <\/div>\n\n                                                                                                                                                    <div class=\"speaker-info\">\n                                                                    <h3 class=\"speaker-name\">Dr.&nbsp;Viktor Sch\u00fctz\n                            <\/h3>                <span class=\"speaker-jobtitle\">Head of Partner Management                <\/span>                <span class=\"speaker-company\">Zeiss<\/span>     \n\n                                                    <\/div>\n                                                                                            <\/div>\n                                                                                                                                                                                                    <div class=\"presentation-link\">\n                                                                                                                                                <\/div>\n                                                    <\/div>\n                                        \t                <\/div>\n                        \n                        <\/div>\n                                                                                                \n\n\n    <div        class=\"fea-presentation-list-item presentation-item\"\n                    dynamic-filter-item\n                                                                        data-filter-main_topic_id=\"{{891}}\"\n                                                                        data-filter-date=\"{{2026-09-23}}\"\n                                                                        data-filter-stage_id=\"{{789}}\"\n                        >\n                                \t<div class=\"presentation-topic\" style=\"background-color:#08af96;\">\n\t\t\t\t\t\t\t\t\t\t\tStart-up Pitches\n\t\t\t\t<\/div>\n\t                <div class=\"presentation-headline\">\n                                                                        <div class=\"presentation-info\">\n                                                                    <div class=\"presentation-time\">\n                                            12:00&ndash;12:20 Uhr\n  | Speakers-Corner - Halle 3                                     <\/div>\n                                                                                                    <div class=\"presentation-title\">\n                                                                                    <h3 class='topic'>\n                                                \t\t\t<img loading=\"lazy\" decoding=\"async\" loading=\"lazy\" width=\"18\" height=\"12\" src=\"\/wp-content\/plugins\/sitepress-multilingual-cms\/res\/flags\/de.png\">\n\t\t    Welcome and Introduction\n\n\n                                            <\/h3>\n                                            <span class='subtitle'>\n                                                    \n\n                                            <\/span>\n                                                                            <\/div>\n                                                            <\/div>\n                                                                            <div class=\"presentation-meta\">\n                                                                                                                                                <div class=\"presentation-partner\">\n                                            <img decoding=\"async\" src=\"https:\/\/portal.fleet-events.de\/de\/uploads?path=sessions\/7489.jpg\"\/>\n                                        <\/div>\n                                                                                                <\/div>\n                                                            <\/div>\n            \n                            <div class=\"presentation-content\n                             show-abstract                              has-image \"\n                >\n                                            <div class=\"speakers\">\n                                                                                                                                                                                    <div class=\"speaker\">\n                                                                                                                                                                                                                                                                                                                        \n                                                                                                                                                            \n                                                        <div class=\"speaker-image\">\n\t\t<div class=\"speaker-image-image\">\n\t\t\t<img\n\t\t\t\tloading='lazy' \n\t\t\t\tclass=''\n\t\t\t\tdata-modal-id=\"6a94e6f86cfab\" \n\t\t\t\t         show-modal-trigger=\"true\" \t\t\t\t     data-src=\"\/jena\/vortraege-buehnenprogramm-w3-fair-jena-2026-en-tech-talks\/jena-speaker-details\/3572\" \t\t\t\t  data-info-header=\".single-speaker-header\"  \t\t\t\t data-info-content=\".single-speaker-content\"  \t\t\t\tsrc=\"https:\/\/portal.fleet-events.de\/de\/speakerphoto?path=3572\/profile_xircus.jpg&amp;s=600&amp;v=1786704912\" \n\t\t\t\talt=\"Georg Schmidinger\" \n\t\t\t\/>\n\t\t<\/div>\n                    <div class=\"speaker-image-credits\">\n                            <\/div>\n            <\/div>\n\n                                                                                                                                                    <div class=\"speaker-info\">\n                                                                    <h3 class=\"speaker-name\">Georg Schmidinger\n                            <\/h3>                <span class=\"speaker-jobtitle\">Netzwerkmanager de:hub Photonics &amp; Digital Experience Platforms                <\/span>                <span class=\"speaker-company\">Jena Digital e. V.<\/span>     \n\n                                                    <\/div>\n                                                                                            <\/div>\n                                                                                                                                                                                                    <div class=\"presentation-link\">\n                                                                                                                        \n    \n<a \n    href=\/290742026\/presentation\/7489 \n    class=\"btn\" \n    data-modal-id=\"6a94e6f86cfab\"\n    show-modal-trigger\n    data-info-root=\".fea-presentation-list-item\"\n    data-info-header=\".presentation-link .popup_headline\"\n    data-info-content=\".presentation-link .popup_body\"\n>\n    Mehr\n<\/a>\n\n    <div class=\"popup_content\">\n        <div class=\"popup_headline\"><\/div>\n\t\t<div class=\"popup_body\">\n\t\t\t\t\n\t\t\t\t\t\t\n\t\t\t\n<div class=\"single-presentation\">\n\t<div class=\"single-presentation-header\">\n            <\/div>\n     <div class='topic_category category_891' style=\"color: #08af96;\">\n\t\t<span>Start-up Pitches<\/span>\n\t<\/div>\n\t<div class=\"single-presentation-content \n\t\t show-abstract \"\n\t>\n\t\t\t\t\t\t\t    <div class='speakers'>\n                                    <div class='speaker'>\n                        <div class=\"speaker-image\">\n\t\t<div class=\"speaker-image-image\">\n\t\t\t<img\n\t\t\t\tloading='lazy' \n\t\t\t\tclass=''\n\t\t\t\tdata-modal-id=\"\" \n\t\t\t\t\t\t\t\t\t\t\t\t\t\t\t\t\t\t\t\tsrc=\"https:\/\/portal.fleet-events.de\/de\/speakerphoto?path=3572\/profile_xircus.jpg&amp;s=600&amp;v=1786704912\" \n\t\t\t\talt=\"Georg Schmidinger\" \n\t\t\t\/>\n\t\t<\/div>\n                    <div class=\"speaker-image-credits\">\n                            <\/div>\n            <\/div>\n\n                    <div class=\"speaker-info\">\n                                    <h3 class=\"speaker-name\">Georg Schmidinger\n                            <\/h3>                <span class=\"speaker-jobtitle\">Netzwerkmanager de:hub Photonics &amp; Digital Experience Platforms                <\/span>                <span class=\"speaker-company\">Jena Digital e. V.<\/span>     \n    \n                    <\/div>\n                <\/div>\n                                <\/div>\n\n\t\t\t\t<div class='presentation '>\n\t\t\t<div class='presentation-main'>\n\t\t\t\t<h3 class='topic'>Welcome and Introduction<\/h3>\n\t\t\t\t<div class='subtitle'><\/div>\n\t\t\t\t<div class='abstract'>The de:hub Photonics &amp; Digital Experience Platforms Jena presents four Thuringian startups showcasing the latest developments in optics, photonics, and IT.<\/div>\n\t\t\t<\/div>\n\t\t\t<div class='presentation-info'>\n\t\t\t\t<div class='presentation-info-date-time-location'>\n\t\t\t\t\t<span class=\"presentation-date-time\">\n\t\t\t\t\t\t<span class='presentation-date'>Mittwoch, 23.September 2026,<\/span>\n\t\t\t\t\t\t<span class='presentation-time'>    12:00&ndash;12:20 Uhr\n, <\/span>\n\t\t\t\t\t<\/span>\n\t\t\t\t\t<span class='presentation-location'>\n\t\t\t\t\t\t\t\t\t\t\t\t\tSpeakers-Corner - Halle 3\n\t\t\t\t\t\t\t\t\t\t\t<\/span>\n\t\t\t\t<\/div>\n\t\t\t\t<div class='presentation-info-type'>\n\t\t\t\t\t    \n\t\t\t\t<\/div>\n\t\t\t<\/div>\n\t\t\t\t\t<\/div>\n    <\/div>\n<\/div>\t\t<\/div>\n    <\/div>\n                                                                                                            <\/div>\n                                                    <\/div>\n                                        \t\t\t<div class=\"abstract\">\n\t\t\t<div>The de:hub Photonics &amp; Digital Experience Platforms Jena presents four Thuringian startups showcasing the latest developments in optics, photonics, and IT.<\/div>\n\t\t<\/div>\n\t                <\/div>\n                        \n                        <\/div>\n                                                                                                \n\n\n    <div        class=\"fea-presentation-list-item presentation-item\"\n                    dynamic-filter-item\n                                                                        data-filter-main_topic_id=\"{{891}}\"\n                                                                        data-filter-date=\"{{2026-09-23}}\"\n                                                                        data-filter-stage_id=\"{{789}}\"\n                        >\n                                \t<div class=\"presentation-topic\" style=\"background-color:#08af96;\">\n\t\t\t\t\t\t\t\t\t\t\tStart-up Pitches\n\t\t\t\t<\/div>\n\t                <div class=\"presentation-headline\">\n                                                                        <div class=\"presentation-info\">\n                                                                    <div class=\"presentation-time\">\n                                            12:00&ndash;12:20 Uhr\n  | Speakers-Corner - Halle 3                                     <\/div>\n                                                                                                    <div class=\"presentation-title\">\n                                                                                    <h3 class='topic'>\n                                                \t\t\t<img loading=\"lazy\" decoding=\"async\" loading=\"lazy\" width=\"18\" height=\"12\" src=\"\/wp-content\/plugins\/sitepress-multilingual-cms\/res\/flags\/de.png\">\n\t\t    Sch\u00f6ne neue QA-Welt: KI-gest\u00fctzte Testautomatisierung als Effizienzhebel der Modernisierung\n\n\n                                            <\/h3>\n                                            <span class='subtitle'>\n                                                    \n\n                                            <\/span>\n                                                                            <\/div>\n                                                            <\/div>\n                                                                            <div class=\"presentation-meta\">\n                                                                                                                                                <div class=\"presentation-partner\">\n                                            <img decoding=\"async\" src=\"https:\/\/portal.fleet-events.de\/de\/uploads?path=sessions\/7490.jpg\"\/>\n                                        <\/div>\n                                                                                                <\/div>\n                                                            <\/div>\n            \n                            <div class=\"presentation-content\n                             show-abstract                              has-image \"\n                >\n                                            <div class=\"speakers\">\n                                                                                                                                                                                    <div class=\"speaker\">\n                                                                                                                                                                                                                                                                                                                        \n                                                                                                                                                            \n                                                        <div class=\"speaker-image\">\n\t\t<div class=\"speaker-image-image\">\n\t\t\t<img\n\t\t\t\tloading='lazy' \n\t\t\t\tclass=''\n\t\t\t\tdata-modal-id=\"6a94e6f86cfab\" \n\t\t\t\t         show-modal-trigger=\"true\" \t\t\t\t     data-src=\"\/jena\/vortraege-buehnenprogramm-w3-fair-jena-2026-en-tech-talks\/jena-speaker-details\/3576\" \t\t\t\t  data-info-header=\".single-speaker-header\"  \t\t\t\t data-info-content=\".single-speaker-content\"  \t\t\t\tsrc=\"https:\/\/portal.fleet-events.de\/de\/speakerphoto?path=3576\/profile_xircus.jpg&amp;s=600&amp;v=1786700607\" \n\t\t\t\talt=\"Sebastian Kratz\" \n\t\t\t\/>\n\t\t<\/div>\n                    <div class=\"speaker-image-credits\">\n                            <\/div>\n            <\/div>\n\n                                                                                                                                                    <div class=\"speaker-info\">\n                                                                    <h3 class=\"speaker-name\">Sebastian Kratz\n                            <\/h3>                <span class=\"speaker-jobtitle\">Business Lead                <\/span>                <span class=\"speaker-company\">Qwasaa GmbH<\/span>     \n\n                                                    <\/div>\n                                                                                            <\/div>\n                                                                                                                                                                                                    <div class=\"presentation-link\">\n                                                                                                                        \n    \n<a \n    href=\/290742026\/presentation\/7490 \n    class=\"btn\" \n    data-modal-id=\"6a94e6f86cfab\"\n    show-modal-trigger\n    data-info-root=\".fea-presentation-list-item\"\n    data-info-header=\".presentation-link .popup_headline\"\n    data-info-content=\".presentation-link .popup_body\"\n>\n    Mehr\n<\/a>\n\n    <div class=\"popup_content\">\n        <div class=\"popup_headline\"><\/div>\n\t\t<div class=\"popup_body\">\n\t\t\t\t\n\t\t\t\t\t\t\n\t\t\t\n<div class=\"single-presentation\">\n\t<div class=\"single-presentation-header\">\n            <\/div>\n     <div class='topic_category category_891' style=\"color: #08af96;\">\n\t\t<span>Start-up Pitches<\/span>\n\t<\/div>\n\t<div class=\"single-presentation-content \n\t\t show-abstract \"\n\t>\n\t\t\t\t\t\t\t    <div class='speakers'>\n                                    <div class='speaker'>\n                        <div class=\"speaker-image\">\n\t\t<div class=\"speaker-image-image\">\n\t\t\t<img\n\t\t\t\tloading='lazy' \n\t\t\t\tclass=''\n\t\t\t\tdata-modal-id=\"\" \n\t\t\t\t\t\t\t\t\t\t\t\t\t\t\t\t\t\t\t\tsrc=\"https:\/\/portal.fleet-events.de\/de\/speakerphoto?path=3576\/profile_xircus.jpg&amp;s=600&amp;v=1786700607\" \n\t\t\t\talt=\"Sebastian Kratz\" \n\t\t\t\/>\n\t\t<\/div>\n                    <div class=\"speaker-image-credits\">\n                            <\/div>\n            <\/div>\n\n                    <div class=\"speaker-info\">\n                                    <h3 class=\"speaker-name\">Sebastian Kratz\n                            <\/h3>                <span class=\"speaker-jobtitle\">Business Lead                <\/span>                <span class=\"speaker-company\">Qwasaa GmbH<\/span>     \n    \n                    <\/div>\n                <\/div>\n                                <\/div>\n\n\t\t\t\t<div class='presentation '>\n\t\t\t<div class='presentation-main'>\n\t\t\t\t<h3 class='topic'>Sch\u00f6ne neue QA-Welt: KI-gest\u00fctzte Testautomatisierung als Effizienzhebel der Modernisierung<\/h3>\n\t\t\t\t<div class='subtitle'><\/div>\n\t\t\t\t<div class='abstract'>Wir zeigen, warum erfolgreiche Softwaremodernisierung mehr braucht als sauberen Code. Qualit\u00e4tssicherung muss von Anfang an mit gedacht werden, denn eine tragf\u00e4hige QA-Strategie entscheidet dar\u00fcber, ob Modernisierung gelingt. K\u00fcnstliche Intelligenz kann Teil dieser L\u00f6sung sein. Der Vortrag bietet verschiedene Impulse f\u00fcr den KI-Einsatz in der Qualit\u00e4tssicherung von der Testfall-Ermittlung bis zur automatisierten Ausf\u00fchrung anhand einer Live-Demo am Messestand.<\/div>\n\t\t\t<\/div>\n\t\t\t<div class='presentation-info'>\n\t\t\t\t<div class='presentation-info-date-time-location'>\n\t\t\t\t\t<span class=\"presentation-date-time\">\n\t\t\t\t\t\t<span class='presentation-date'>Mittwoch, 23.September 2026,<\/span>\n\t\t\t\t\t\t<span class='presentation-time'>    12:00&ndash;12:20 Uhr\n, <\/span>\n\t\t\t\t\t<\/span>\n\t\t\t\t\t<span class='presentation-location'>\n\t\t\t\t\t\t\t\t\t\t\t\t\tSpeakers-Corner - Halle 3\n\t\t\t\t\t\t\t\t\t\t\t<\/span>\n\t\t\t\t<\/div>\n\t\t\t\t<div class='presentation-info-type'>\n\t\t\t\t\t    \n\t\t\t\t<\/div>\n\t\t\t<\/div>\n\t\t\t\t\t<\/div>\n    <\/div>\n<\/div>\t\t<\/div>\n    <\/div>\n                                                                                                            <\/div>\n                                                    <\/div>\n                                        \t\t\t<div class=\"abstract\">\n\t\t\t<div>Wir zeigen, warum erfolgreiche Softwaremodernisierung mehr braucht als sauberen Code. Qualit\u00e4tssicherung muss von Anfang an mit gedacht werden, denn eine tragf\u00e4hige QA-Strategie entscheidet dar\u00fcber, ob Modernisierung gelingt. K\u00fcnstliche Intelligenz kann Teil dieser L\u00f6sung sein. Der Vortrag bietet verschiedene Impulse f\u00fcr den KI-Einsatz in der Qualit\u00e4tssicherung von der Testfall-Ermittlung bis zur automatisierten Ausf\u00fchrung anhand einer Live-Demo am Messestand.<\/div>\n\t\t<\/div>\n\t                <\/div>\n                        \n                        <\/div>\n                                                                                                \n\n\n    <div        class=\"fea-presentation-list-item presentation-item\"\n                    dynamic-filter-item\n                                                                        data-filter-main_topic_id=\"{{891}}\"\n                                                                        data-filter-date=\"{{2026-09-23}}\"\n                                                                        data-filter-stage_id=\"{{789}}\"\n                        >\n                                \t<div class=\"presentation-topic\" style=\"background-color:#08af96;\">\n\t\t\t\t\t\t\t\t\t\t\tStart-up Pitches\n\t\t\t\t<\/div>\n\t                <div class=\"presentation-headline\">\n                                                                        <div class=\"presentation-info\">\n                                                                    <div class=\"presentation-time\">\n                                            12:00&ndash;12:20 Uhr\n  | Speakers-Corner - Halle 3                                     <\/div>\n                                                                                                    <div class=\"presentation-title\">\n                                                                                    <h3 class='topic'>\n                                                \t\t\t<img loading=\"lazy\" decoding=\"async\" loading=\"lazy\" width=\"18\" height=\"12\" src=\"\/wp-content\/plugins\/sitepress-multilingual-cms\/res\/flags\/de.png\">\n\t\t    PartPrinZ \u2013 Einkauf von Zeichnungsteilen 2026: Daten statt Raten. F\u00fcr transparente und effiziente Entscheidungen.\n\n\n                                            <\/h3>\n                                            <span class='subtitle'>\n                                                    \n\n                                            <\/span>\n                                                                            <\/div>\n                                                            <\/div>\n                                                                            <div class=\"presentation-meta\">\n                                                                                                                                                <div class=\"presentation-partner\">\n                                            <img decoding=\"async\" src=\"https:\/\/portal.fleet-events.de\/de\/uploads?path=sessions\/7491.jpg\"\/>\n                                        <\/div>\n                                                                                                <\/div>\n                                                            <\/div>\n            \n                            <div class=\"presentation-content\n                             show-abstract                              has-image \"\n                >\n                                            <div class=\"speakers\">\n                                                                                                                                                                                    <div class=\"speaker\">\n                                                                                                                                                                                                                                                                                                                        \n                                                                                                                                                            \n                                                        <div class=\"speaker-image\">\n\t\t<div class=\"speaker-image-image\">\n\t\t\t<img\n\t\t\t\tloading='lazy' \n\t\t\t\tclass=''\n\t\t\t\tdata-modal-id=\"6a94e6f86cfab\" \n\t\t\t\t         show-modal-trigger=\"true\" \t\t\t\t     data-src=\"\/jena\/vortraege-buehnenprogramm-w3-fair-jena-2026-en-tech-talks\/jena-speaker-details\/3065\" \t\t\t\t  data-info-header=\".single-speaker-header\"  \t\t\t\t data-info-content=\".single-speaker-content\"  \t\t\t\tsrc=\"https:\/\/portal.fleet-events.de\/de\/speakerphoto?path=3065\/profile_xircus.jpg&amp;s=600&amp;v=1757350576\" \n\t\t\t\talt=\"Christoph Prinz\" \n\t\t\t\/>\n\t\t<\/div>\n                    <div class=\"speaker-image-credits\">\n                            <\/div>\n            <\/div>\n\n                                                                                                                                                    <div class=\"speaker-info\">\n                                                                    <h3 class=\"speaker-name\">Christoph Prinz\n                            <\/h3>                <span class=\"speaker-jobtitle\">Co-Founder &amp; CEO                <\/span>                <span class=\"speaker-company\">PartPrinZ GmbH<\/span>     \n\n                                                    <\/div>\n                                                                                            <\/div>\n                                                                                                                                                                                                    <div class=\"presentation-link\">\n                                                                                                                        \n    \n<a \n    href=\/290742026\/presentation\/7491 \n    class=\"btn\" \n    data-modal-id=\"6a94e6f86cfab\"\n    show-modal-trigger\n    data-info-root=\".fea-presentation-list-item\"\n    data-info-header=\".presentation-link .popup_headline\"\n    data-info-content=\".presentation-link .popup_body\"\n>\n    Mehr\n<\/a>\n\n    <div class=\"popup_content\">\n        <div class=\"popup_headline\"><\/div>\n\t\t<div class=\"popup_body\">\n\t\t\t\t\n\t\t\t\t\t\t\n\t\t\t\n<div class=\"single-presentation\">\n\t<div class=\"single-presentation-header\">\n            <\/div>\n     <div class='topic_category category_891' style=\"color: #08af96;\">\n\t\t<span>Start-up Pitches<\/span>\n\t<\/div>\n\t<div class=\"single-presentation-content \n\t\t show-abstract \"\n\t>\n\t\t\t\t\t\t\t    <div class='speakers'>\n                                    <div class='speaker'>\n                        <div class=\"speaker-image\">\n\t\t<div class=\"speaker-image-image\">\n\t\t\t<img\n\t\t\t\tloading='lazy' \n\t\t\t\tclass=''\n\t\t\t\tdata-modal-id=\"\" \n\t\t\t\t\t\t\t\t\t\t\t\t\t\t\t\t\t\t\t\tsrc=\"https:\/\/portal.fleet-events.de\/de\/speakerphoto?path=3065\/profile_xircus.jpg&amp;s=600&amp;v=1757350576\" \n\t\t\t\talt=\"Christoph Prinz\" \n\t\t\t\/>\n\t\t<\/div>\n                    <div class=\"speaker-image-credits\">\n                            <\/div>\n            <\/div>\n\n                    <div class=\"speaker-info\">\n                                    <h3 class=\"speaker-name\">Christoph Prinz\n                            <\/h3>                <span class=\"speaker-jobtitle\">Co-Founder &amp; CEO                <\/span>                <span class=\"speaker-company\">PartPrinZ GmbH<\/span>     \n    \n                    <\/div>\n                <\/div>\n                                <\/div>\n\n\t\t\t\t<div class='presentation '>\n\t\t\t<div class='presentation-main'>\n\t\t\t\t<h3 class='topic'>PartPrinZ \u2013 Einkauf von Zeichnungsteilen 2026: Daten statt Raten. F\u00fcr transparente und effiziente Entscheidungen.<\/h3>\n\t\t\t\t<div class='subtitle'><\/div>\n\t\t\t\t<div class='abstract'>Was w\u00e4re, wenn es ein \u201eCheck24 f\u00fcr Zeichnungsteile\u201c g\u00e4be? PartPrinZ zeigt, wie Eink\u00e4ufer in 30 Sekunden einen ersten Markt\u00fcberblick erhalten und mit KI-gest\u00fctzter Analytics Chancen, Risiken und Abh\u00e4ngigkeiten im Artikel- und Lieferantenmanagement erkennen. Weniger Suchen, mehr Transparenz, bessere Entscheidungen f\u00fcr eine Beschaffung, die effizienter und resilienter wird.<\/div>\n\t\t\t<\/div>\n\t\t\t<div class='presentation-info'>\n\t\t\t\t<div class='presentation-info-date-time-location'>\n\t\t\t\t\t<span class=\"presentation-date-time\">\n\t\t\t\t\t\t<span class='presentation-date'>Mittwoch, 23.September 2026,<\/span>\n\t\t\t\t\t\t<span class='presentation-time'>    12:00&ndash;12:20 Uhr\n, <\/span>\n\t\t\t\t\t<\/span>\n\t\t\t\t\t<span class='presentation-location'>\n\t\t\t\t\t\t\t\t\t\t\t\t\tSpeakers-Corner - Halle 3\n\t\t\t\t\t\t\t\t\t\t\t<\/span>\n\t\t\t\t<\/div>\n\t\t\t\t<div class='presentation-info-type'>\n\t\t\t\t\t    \n\t\t\t\t<\/div>\n\t\t\t<\/div>\n\t\t\t\t\t<\/div>\n    <\/div>\n<\/div>\t\t<\/div>\n    <\/div>\n                                                                                                            <\/div>\n                                                    <\/div>\n                                        \t\t\t<div class=\"abstract\">\n\t\t\t<div>Was w\u00e4re, wenn es ein \u201eCheck24 f\u00fcr Zeichnungsteile\u201c g\u00e4be? PartPrinZ zeigt, wie Eink\u00e4ufer in 30 Sekunden einen ersten Markt\u00fcberblick erhalten und mit KI-gest\u00fctzter Analytics Chancen, Risiken und Abh\u00e4ngigkeiten im Artikel- und Lieferantenmanagement erkennen. Weniger Suchen, mehr Transparenz, bessere Entscheidungen f\u00fcr eine Beschaffung, die effizienter und resilienter wird.<\/div>\n\t\t<\/div>\n\t                <\/div>\n                        \n                        <\/div>\n                                                                                                \n\n\n    <div        class=\"fea-presentation-list-item presentation-item\"\n                    dynamic-filter-item\n                                                                        data-filter-main_topic_id=\"{{891}}\"\n                                                                        data-filter-date=\"{{2026-09-23}}\"\n                                                                        data-filter-stage_id=\"{{789}}\"\n                        >\n                                \t<div class=\"presentation-topic\" style=\"background-color:#08af96;\">\n\t\t\t\t\t\t\t\t\t\t\tStart-up Pitches\n\t\t\t\t<\/div>\n\t                <div class=\"presentation-headline\">\n                                                                        <div class=\"presentation-info\">\n                                                                    <div class=\"presentation-time\">\n                                            12:00&ndash;12:20 Uhr\n  | Speakers-Corner - Halle 3                                     <\/div>\n                                                                                                    <div class=\"presentation-title\">\n                                                                                    <h3 class='topic'>\n                                                \t\t\t<img loading=\"lazy\" decoding=\"async\" loading=\"lazy\" width=\"18\" height=\"12\" src=\"\/wp-content\/plugins\/sitepress-multilingual-cms\/res\/flags\/de.png\">\n\t\t    3D Scanning for Industrial &amp; Biometric Applications\n\n\n                                            <\/h3>\n                                            <span class='subtitle'>\n                                                    \n\n                                            <\/span>\n                                                                            <\/div>\n                                                            <\/div>\n                                                                            <div class=\"presentation-meta\">\n                                                                                                                                                <div class=\"presentation-partner\">\n                                            <img decoding=\"async\" src=\"https:\/\/portal.fleet-events.de\/de\/uploads?path=sessions\/7492.jpg\"\/>\n                                        <\/div>\n                                                                                                <\/div>\n                                                            <\/div>\n            \n                            <div class=\"presentation-content\n                             show-abstract                              has-image \"\n                >\n                                            <div class=\"speakers\">\n                                                                                                                                                                                    <div class=\"speaker\">\n                                                                                                                                                                                                                                                                                                                        \n                                                                                                                                                            \n                                                        <div class=\"speaker-image\">\n\t\t<div class=\"speaker-image-image\">\n\t\t\t<img\n\t\t\t\tloading='lazy' \n\t\t\t\tclass=''\n\t\t\t\tdata-modal-id=\"6a94e6f86cfab\" \n\t\t\t\t         show-modal-trigger=\"true\" \t\t\t\t     data-src=\"\/jena\/vortraege-buehnenprogramm-w3-fair-jena-2026-en-tech-talks\/jena-speaker-details\/3568\" \t\t\t\t  data-info-header=\".single-speaker-header\"  \t\t\t\t data-info-content=\".single-speaker-content\"  \t\t\t\tsrc=\"https:\/\/portal.fleet-events.de\/de\/speakerphoto?path=3568\/profile_xircus.jpg&amp;s=600&amp;v=1786366160\" \n\t\t\t\talt=\"Philipp Riehl\" \n\t\t\t\/>\n\t\t<\/div>\n                    <div class=\"speaker-image-credits\">\n                            <\/div>\n            <\/div>\n\n                                                                                                                                                    <div class=\"speaker-info\">\n                                                                    <h3 class=\"speaker-name\">Philipp Riehl\n                            <\/h3>                <span class=\"speaker-jobtitle\">Co-Founder, Business Development                <\/span>                <span class=\"speaker-company\">IDloop GmbH<\/span>     \n\n                                                    <\/div>\n                                                                                            <\/div>\n                                                                                                                                                                                                    <div class=\"presentation-link\">\n                                                                                                                        \n    \n<a \n    href=\/290742026\/presentation\/7492 \n    class=\"btn\" \n    data-modal-id=\"6a94e6f86cfab\"\n    show-modal-trigger\n    data-info-root=\".fea-presentation-list-item\"\n    data-info-header=\".presentation-link .popup_headline\"\n    data-info-content=\".presentation-link .popup_body\"\n>\n    Mehr\n<\/a>\n\n    <div class=\"popup_content\">\n        <div class=\"popup_headline\"><\/div>\n\t\t<div class=\"popup_body\">\n\t\t\t\t\n\t\t\t\t\t\t\n\t\t\t\n<div class=\"single-presentation\">\n\t<div class=\"single-presentation-header\">\n            <\/div>\n     <div class='topic_category category_891' style=\"color: #08af96;\">\n\t\t<span>Start-up Pitches<\/span>\n\t<\/div>\n\t<div class=\"single-presentation-content \n\t\t show-abstract \"\n\t>\n\t\t\t\t\t\t\t    <div class='speakers'>\n                                    <div class='speaker'>\n                        <div class=\"speaker-image\">\n\t\t<div class=\"speaker-image-image\">\n\t\t\t<img\n\t\t\t\tloading='lazy' \n\t\t\t\tclass=''\n\t\t\t\tdata-modal-id=\"\" \n\t\t\t\t\t\t\t\t\t\t\t\t\t\t\t\t\t\t\t\tsrc=\"https:\/\/portal.fleet-events.de\/de\/speakerphoto?path=3568\/profile_xircus.jpg&amp;s=600&amp;v=1786366160\" \n\t\t\t\talt=\"Philipp Riehl\" \n\t\t\t\/>\n\t\t<\/div>\n                    <div class=\"speaker-image-credits\">\n                            <\/div>\n            <\/div>\n\n                    <div class=\"speaker-info\">\n                                    <h3 class=\"speaker-name\">Philipp Riehl\n                            <\/h3>                <span class=\"speaker-jobtitle\">Co-Founder, Business Development                <\/span>                <span class=\"speaker-company\">IDloop GmbH<\/span>     \n    \n                    <\/div>\n                <\/div>\n                                <\/div>\n\n\t\t\t\t<div class='presentation '>\n\t\t\t<div class='presentation-main'>\n\t\t\t\t<h3 class='topic'>3D Scanning for Industrial &amp; Biometric Applications<\/h3>\n\t\t\t\t<div class='subtitle'><\/div>\n\t\t\t\t<div class='abstract'>Discover next-generation 3D recognition technology for automated quality inspection and secure access control. Made in Jena, our high-performance solutions combine precision, speed, and convenience to enable smarter and more secure applications.<\/div>\n\t\t\t<\/div>\n\t\t\t<div class='presentation-info'>\n\t\t\t\t<div class='presentation-info-date-time-location'>\n\t\t\t\t\t<span class=\"presentation-date-time\">\n\t\t\t\t\t\t<span class='presentation-date'>Mittwoch, 23.September 2026,<\/span>\n\t\t\t\t\t\t<span class='presentation-time'>    12:00&ndash;12:20 Uhr\n, <\/span>\n\t\t\t\t\t<\/span>\n\t\t\t\t\t<span class='presentation-location'>\n\t\t\t\t\t\t\t\t\t\t\t\t\tSpeakers-Corner - Halle 3\n\t\t\t\t\t\t\t\t\t\t\t<\/span>\n\t\t\t\t<\/div>\n\t\t\t\t<div class='presentation-info-type'>\n\t\t\t\t\t    \n\t\t\t\t<\/div>\n\t\t\t<\/div>\n\t\t\t\t\t<\/div>\n    <\/div>\n<\/div>\t\t<\/div>\n    <\/div>\n                                                                                                            <\/div>\n                                                    <\/div>\n                                        \t\t\t<div class=\"abstract\">\n\t\t\t<div>Discover next-generation 3D recognition technology for automated quality inspection and secure access control. Made in Jena, our high-performance solutions combine precision, speed, and convenience to enable smarter and more secure applications.<\/div>\n\t\t<\/div>\n\t                <\/div>\n                        \n                        <\/div>\n                                                                                                \n\n\n    <div        class=\"fea-presentation-list-item presentation-item\"\n                    dynamic-filter-item\n                                                                        data-filter-main_topic_id=\"{{891}}\"\n                                                                        data-filter-date=\"{{2026-09-23}}\"\n                                                                        data-filter-stage_id=\"{{789}}\"\n                        >\n                                \t<div class=\"presentation-topic\" style=\"background-color:#08af96;\">\n\t\t\t\t\t\t\t\t\t\t\tStart-up Pitches\n\t\t\t\t<\/div>\n\t                <div class=\"presentation-headline\">\n                                                                        <div class=\"presentation-info\">\n                                                                    <div class=\"presentation-time\">\n                                            12:00&ndash;12:20 Uhr\n  | Speakers-Corner - Halle 3                                     <\/div>\n                                                                                                    <div class=\"presentation-title\">\n                                                                                    <h3 class='topic'>\n                                                \t\t\t<img loading=\"lazy\" decoding=\"async\" loading=\"lazy\" width=\"18\" height=\"12\" src=\"\/wp-content\/plugins\/sitepress-multilingual-cms\/res\/flags\/de.png\">\n\t\t    Reflecting the Future on bigger scales - Gro\u00dfoptiken f\u00fcr die Kernfusion\n\n\n                                            <\/h3>\n                                            <span class='subtitle'>\n                                                    \n\n                                            <\/span>\n                                                                            <\/div>\n                                                            <\/div>\n                                                                            <div class=\"presentation-meta\">\n                                                                                                                                                <div class=\"presentation-partner\">\n                                            <img decoding=\"async\" src=\"https:\/\/portal.fleet-events.de\/de\/uploads?path=sessions\/7493.jpg\"\/>\n                                        <\/div>\n                                                                                                <\/div>\n                                                            <\/div>\n            \n                            <div class=\"presentation-content\n                             show-abstract                              has-image \"\n                >\n                                            <div class=\"speakers\">\n                                                                                                                                                                                    <div class=\"speaker\">\n                                                                                                                                                                                                                                                                                                                        \n                                                                                                                                                            \n                                                        <div class=\"speaker-image\">\n\t\t<div class=\"speaker-image-image\">\n\t\t\t<img\n\t\t\t\tloading='lazy' \n\t\t\t\tclass=''\n\t\t\t\tdata-modal-id=\"6a94e6f86cfab\" \n\t\t\t\t         show-modal-trigger=\"true\" \t\t\t\t     data-src=\"\/jena\/vortraege-buehnenprogramm-w3-fair-jena-2026-en-tech-talks\/jena-speaker-details\/3569\" \t\t\t\t  data-info-header=\".single-speaker-header\"  \t\t\t\t data-info-content=\".single-speaker-content\"  \t\t\t\tsrc=\"https:\/\/portal.fleet-events.de\/de\/speakerphoto?path=3569\/profile_xircus.jpg&amp;s=600&amp;v=1786704798\" \n\t\t\t\talt=\"Johannes Leineweber\" \n\t\t\t\/>\n\t\t<\/div>\n                    <div class=\"speaker-image-credits\">\n                            <\/div>\n            <\/div>\n\n                                                                                                                                                    <div class=\"speaker-info\">\n                                                                    <h3 class=\"speaker-name\">Johannes Leineweber\n                            <\/h3>                                <span class=\"speaker-company\">Liquid Mirror<\/span>     \n\n                                                    <\/div>\n                                                                                            <\/div>\n                                                                                                                                                                                                    <div class=\"presentation-link\">\n                                                                                                                        \n    \n<a \n    href=\/290742026\/presentation\/7493 \n    class=\"btn\" \n    data-modal-id=\"6a94e6f86cfab\"\n    show-modal-trigger\n    data-info-root=\".fea-presentation-list-item\"\n    data-info-header=\".presentation-link .popup_headline\"\n    data-info-content=\".presentation-link .popup_body\"\n>\n    Mehr\n<\/a>\n\n    <div class=\"popup_content\">\n        <div class=\"popup_headline\"><\/div>\n\t\t<div class=\"popup_body\">\n\t\t\t\t\n\t\t\t\t\t\t\n\t\t\t\n<div class=\"single-presentation\">\n\t<div class=\"single-presentation-header\">\n            <\/div>\n     <div class='topic_category category_891' style=\"color: #08af96;\">\n\t\t<span>Start-up Pitches<\/span>\n\t<\/div>\n\t<div class=\"single-presentation-content \n\t\t show-abstract \"\n\t>\n\t\t\t\t\t\t\t    <div class='speakers'>\n                                    <div class='speaker'>\n                        <div class=\"speaker-image\">\n\t\t<div class=\"speaker-image-image\">\n\t\t\t<img\n\t\t\t\tloading='lazy' \n\t\t\t\tclass=''\n\t\t\t\tdata-modal-id=\"\" \n\t\t\t\t\t\t\t\t\t\t\t\t\t\t\t\t\t\t\t\tsrc=\"https:\/\/portal.fleet-events.de\/de\/speakerphoto?path=3569\/profile_xircus.jpg&amp;s=600&amp;v=1786704798\" \n\t\t\t\talt=\"Johannes Leineweber\" \n\t\t\t\/>\n\t\t<\/div>\n                    <div class=\"speaker-image-credits\">\n                            <\/div>\n            <\/div>\n\n                    <div class=\"speaker-info\">\n                                    <h3 class=\"speaker-name\">Johannes Leineweber\n                            <\/h3>                                <span class=\"speaker-company\">Liquid Mirror<\/span>     \n    \n                    <\/div>\n                <\/div>\n                                <\/div>\n\n\t\t\t\t<div class='presentation '>\n\t\t\t<div class='presentation-main'>\n\t\t\t\t<h3 class='topic'>Reflecting the Future on bigger scales - Gro\u00dfoptiken f\u00fcr die Kernfusion<\/h3>\n\t\t\t\t<div class='subtitle'><\/div>\n\t\t\t\t<div class='abstract'>F\u00fcr die laserbasierte Inertial-Kernfusion sind Pr\u00e4zisionsoptiken im Meterformat ein zentraler Preistreiber. Liquid Mirror verbindet erstmals die kosteneffiziente Fertigung von nanometergenauen, adaptiven  Gro\u00dfoptiken mit einem disruptiven Messverfahren, welches Oberfl\u00e4chen r\u00fcckf\u00fchrbar vermisst. In Situ und ohne Gr\u00f6\u00dfenlimitierung.<\/div>\n\t\t\t<\/div>\n\t\t\t<div class='presentation-info'>\n\t\t\t\t<div class='presentation-info-date-time-location'>\n\t\t\t\t\t<span class=\"presentation-date-time\">\n\t\t\t\t\t\t<span class='presentation-date'>Mittwoch, 23.September 2026,<\/span>\n\t\t\t\t\t\t<span class='presentation-time'>    12:00&ndash;12:20 Uhr\n, <\/span>\n\t\t\t\t\t<\/span>\n\t\t\t\t\t<span class='presentation-location'>\n\t\t\t\t\t\t\t\t\t\t\t\t\tSpeakers-Corner - Halle 3\n\t\t\t\t\t\t\t\t\t\t\t<\/span>\n\t\t\t\t<\/div>\n\t\t\t\t<div class='presentation-info-type'>\n\t\t\t\t\t    \n\t\t\t\t<\/div>\n\t\t\t<\/div>\n\t\t\t\t\t<\/div>\n    <\/div>\n<\/div>\t\t<\/div>\n    <\/div>\n                                                                                                            <\/div>\n                                                    <\/div>\n                                        \t\t\t<div class=\"abstract\">\n\t\t\t<div>F\u00fcr die laserbasierte Inertial-Kernfusion sind Pr\u00e4zisionsoptiken im Meterformat ein zentraler Preistreiber. Liquid Mirror verbindet erstmals die kosteneffiziente Fertigung von nanometergenauen, adaptiven  Gro\u00dfoptiken mit einem disruptiven Messverfahren, welches Oberfl\u00e4chen r\u00fcckf\u00fchrbar vermisst. In Situ und ohne Gr\u00f6\u00dfenlimitierung.<\/div>\n\t\t<\/div>\n\t                <\/div>\n                        \n                        <\/div>\n                                                                                                \n\n\n    <div        class=\"fea-presentation-list-item presentation-item\"\n                    dynamic-filter-item\n                                                                        data-filter-main_topic_id=\"{{844}}\"\n                                                                        data-filter-date=\"{{2026-09-23}}\"\n                                                                        data-filter-stage_id=\"{{785}}\"\n                        >\n                                \t<div class=\"presentation-topic\" style=\"background-color:#38b1b9;\">\n\t\t\t\t\t\t\t\t\t\t\tDigitalisierung &amp; Photonik by de:hub Jena\n\t\t\t\t<\/div>\n\t                <div class=\"presentation-headline\">\n                                                                        <div class=\"presentation-info\">\n                                                                    <div class=\"presentation-time\">\n                                            12:45&ndash;14:00 Uhr\n  | en-tech.talks - Halle 2                                     <\/div>\n                                                                                                    <div class=\"presentation-title\">\n                                                                                    <h3 class='topic'>\n                                                \t\t\t<img loading=\"lazy\" decoding=\"async\" loading=\"lazy\" width=\"18\" height=\"12\" src=\"\/wp-content\/plugins\/sitepress-multilingual-cms\/res\/flags\/de.png\">\n\t\t    Welcome and Introduction\n\n\n                                            <\/h3>\n                                            <span class='subtitle'>\n                                                    Digitale L\u00f6sungen entlang der Wertsch\u00f6pfungskette - von der Datenerfassung bis zur Kundengewinnung. Wie die Digitalwirtschaft die Optik-Industrie st\u00e4rkt und echten Mehrwert schafft.\n\n                                            <\/span>\n                                                                            <\/div>\n                                                            <\/div>\n                                                                            <div class=\"presentation-meta\">\n                                                                                                                                                <div class=\"presentation-partner\">\n                                            <img decoding=\"async\" src=\"https:\/\/portal.fleet-events.de\/de\/uploads?path=sessions\/7437.jpg\"\/>\n                                        <\/div>\n                                                                                                <\/div>\n                                                            <\/div>\n            \n                            <div class=\"presentation-content\n                                                         has-image \"\n                >\n                                            <div class=\"speakers\">\n                                                                                                                                                                                    <div class=\"speaker\">\n                                                                                                                                                                                                                                                                                                                        \n                                                                                                                                                            \n                                                        <div class=\"speaker-image\">\n\t\t<div class=\"speaker-image-image\">\n\t\t\t<img\n\t\t\t\tloading='lazy' \n\t\t\t\tclass=''\n\t\t\t\tdata-modal-id=\"6a94e6f86cfab\" \n\t\t\t\t         show-modal-trigger=\"true\" \t\t\t\t     data-src=\"\/jena\/vortraege-buehnenprogramm-w3-fair-jena-2026-en-tech-talks\/jena-speaker-details\/2978\" \t\t\t\t  data-info-header=\".single-speaker-header\"  \t\t\t\t data-info-content=\".single-speaker-content\"  \t\t\t\tsrc=\"https:\/\/portal.fleet-events.de\/de\/speakerphoto?path=2978\/profile_xircus.jpg&amp;s=600&amp;v=1786704563\" \n\t\t\t\talt=\"Anke Siegmeier\" \n\t\t\t\/>\n\t\t<\/div>\n                    <div class=\"speaker-image-credits\">\n                            <\/div>\n            <\/div>\n\n                                                                                                                                                    <div class=\"speaker-info\">\n                                                                    <h3 class=\"speaker-name\">Anke Siegmeier\n                            <\/h3>                <span class=\"speaker-jobtitle\">Managing Director                <\/span>                <span class=\"speaker-company\">OptoNet e.V.<\/span>     \n\n                                                    <\/div>\n                                                                                            <\/div>\n                                                                                                                                                                <div class=\"speaker\">\n                                                                                                                                                                                                                                                                                                                        \n                                                                                                                                                            \n                                                        <div class=\"speaker-image\">\n\t\t<div class=\"speaker-image-image\">\n\t\t\t<img\n\t\t\t\tloading='lazy' \n\t\t\t\tclass=''\n\t\t\t\tdata-modal-id=\"6a94e6f86cfab\" \n\t\t\t\t         show-modal-trigger=\"true\" \t\t\t\t     data-src=\"\/jena\/vortraege-buehnenprogramm-w3-fair-jena-2026-en-tech-talks\/jena-speaker-details\/3519\" \t\t\t\t  data-info-header=\".single-speaker-header\"  \t\t\t\t data-info-content=\".single-speaker-content\"  \t\t\t\tsrc=\"https:\/\/portal.fleet-events.de\/de\/speakerphoto?path=3519\/profile_xircus.jpg&amp;s=600&amp;v=1784633206\" \n\t\t\t\talt=\"Domenique D\u00f6lz\" \n\t\t\t\/>\n\t\t<\/div>\n                    <div class=\"speaker-image-credits\">\n                            <\/div>\n            <\/div>\n\n                                                                                                                                                    <div class=\"speaker-info\">\n                                                                    <h3 class=\"speaker-name\">Domenique D\u00f6lz\n                            <\/h3>                <span class=\"speaker-jobtitle\">Clustermanager Digitale Wirtschaft &amp; Wissenschaft                <\/span>                <span class=\"speaker-company\">Jena Digital<\/span>     \n\n                                                    <\/div>\n                                                                                            <\/div>\n                                                                                                                                                                <div class=\"speaker\">\n                                                                                                                                                                                                                                                                                                                        \n                                                                                                                                                            \n                                                        <div class=\"speaker-image\">\n\t\t<div class=\"speaker-image-image\">\n\t\t\t<img\n\t\t\t\tloading='lazy' \n\t\t\t\tclass=''\n\t\t\t\tdata-modal-id=\"6a94e6f86cfab\" \n\t\t\t\t         show-modal-trigger=\"true\" \t\t\t\t     data-src=\"\/jena\/vortraege-buehnenprogramm-w3-fair-jena-2026-en-tech-talks\/jena-speaker-details\/3601\" \t\t\t\t  data-info-header=\".single-speaker-header\"  \t\t\t\t data-info-content=\".single-speaker-content\"  \t\t\t\tsrc=\"https:\/\/portal.fleet-events.de\/de\/speakerphoto?path=3601\/profile_xircus.jpg&amp;s=600&amp;v=1787168738\" \n\t\t\t\talt=\"Maximilian Sieghardt\" \n\t\t\t\/>\n\t\t<\/div>\n                    <div class=\"speaker-image-credits\">\n                            <\/div>\n            <\/div>\n\n                                                                                                                                                    <div class=\"speaker-info\">\n                                                                    <h3 class=\"speaker-name\">Maximilian Sieghardt\n                            <\/h3>                <span class=\"speaker-jobtitle\">Senior Digital Consultant                <\/span>                <span class=\"speaker-company\">de:hub Initiative<\/span>     \n\n                                                    <\/div>\n                                                                                            <\/div>\n                                                                                                                                                                                                    <div class=\"presentation-link\">\n                                                                                                                        \n    \n<a \n    href=\/290742026\/presentation\/7437 \n    class=\"btn\" \n    data-modal-id=\"6a94e6f86cfab\"\n    show-modal-trigger\n    data-info-root=\".fea-presentation-list-item\"\n    data-info-header=\".presentation-link .popup_headline\"\n    data-info-content=\".presentation-link .popup_body\"\n>\n    Mehr\n<\/a>\n\n    <div class=\"popup_content\">\n        <div class=\"popup_headline\"><\/div>\n\t\t<div class=\"popup_body\">\n\t\t\t\t\n\t\t\t\t\t\t\n\t\t\t\n<div class=\"single-presentation\">\n\t<div class=\"single-presentation-header\">\n            <\/div>\n     <div class='topic_category category_844' style=\"color: #38b1b9;\">\n\t\t<span>Digitalisierung &amp; Photonik by de:hub Jena<\/span>\n\t<\/div>\n\t<div class=\"single-presentation-content \n\t\t\"\n\t>\n\t\t\t\t\t\t\t\t\t\t\t<div class='presentation wide'>\n\t\t\t<div class='presentation-main'>\n\t\t\t\t<h3 class='topic'>Welcome and Introduction<\/h3>\n\t\t\t\t<div class='subtitle'>Digitale L\u00f6sungen entlang der Wertsch\u00f6pfungskette - von der Datenerfassung bis zur Kundengewinnung. Wie die Digitalwirtschaft die Optik-Industrie st\u00e4rkt und echten Mehrwert schafft.<\/div>\n\t\t\t\t<div class='abstract'>Mehr als L\u00fcckenf\u00fcller: Digitale L\u00f6sungen entlang der Wertsch\u00f6pfungskette - von der Datenerfassung bis zur Kundengewinnung. Wie die Digitalwirtschaft die Optik-Industrie st\u00e4rkt und echten Mehrwert schafft.<\/div>\n\t\t\t<\/div>\n\t\t\t<div class='presentation-info'>\n\t\t\t\t<div class='presentation-info-date-time-location'>\n\t\t\t\t\t<span class=\"presentation-date-time\">\n\t\t\t\t\t\t<span class='presentation-date'>Mittwoch, 23.September 2026,<\/span>\n\t\t\t\t\t\t<span class='presentation-time'>    12:45&ndash;14:00 Uhr\n, <\/span>\n\t\t\t\t\t<\/span>\n\t\t\t\t\t<span class='presentation-location'>\n\t\t\t\t\t\t\t\t\t\t\t\t\ten-tech.talks - Halle 2\n\t\t\t\t\t\t\t\t\t\t\t<\/span>\n\t\t\t\t<\/div>\n\t\t\t\t<div class='presentation-info-type'>\n\t\t\t\t\t    \n\t\t\t\t<\/div>\n\t\t\t<\/div>\n\t\t\t\t\t\t\t    <div class='speakers'>\n                                    <div class='speaker'>\n                        <div class=\"speaker-image\">\n\t\t<div class=\"speaker-image-image\">\n\t\t\t<img\n\t\t\t\tloading='lazy' \n\t\t\t\tclass=''\n\t\t\t\tdata-modal-id=\"\" \n\t\t\t\t\t\t\t\t\t\t\t\t\t\t\t\t\t\t\t\tsrc=\"https:\/\/portal.fleet-events.de\/de\/speakerphoto?path=2978\/profile_xircus.jpg&amp;s=600&amp;v=1786704563\" \n\t\t\t\talt=\"Anke Siegmeier\" \n\t\t\t\/>\n\t\t<\/div>\n                    <div class=\"speaker-image-credits\">\n                            <\/div>\n            <\/div>\n\n                    <div class=\"speaker-info\">\n                                    <h3 class=\"speaker-name\">Anke Siegmeier\n                            <\/h3>                <span class=\"speaker-jobtitle\">Managing Director                <\/span>                <span class=\"speaker-company\">OptoNet e.V.<\/span>     \n    \n                    <\/div>\n                <\/div>\n                            <div class='speaker'>\n                        <div class=\"speaker-image\">\n\t\t<div class=\"speaker-image-image\">\n\t\t\t<img\n\t\t\t\tloading='lazy' \n\t\t\t\tclass=''\n\t\t\t\tdata-modal-id=\"\" \n\t\t\t\t\t\t\t\t\t\t\t\t\t\t\t\t\t\t\t\tsrc=\"https:\/\/portal.fleet-events.de\/de\/speakerphoto?path=3519\/profile_xircus.jpg&amp;s=600&amp;v=1784633206\" \n\t\t\t\talt=\"Domenique D\u00f6lz\" \n\t\t\t\/>\n\t\t<\/div>\n                    <div class=\"speaker-image-credits\">\n                            <\/div>\n            <\/div>\n\n                    <div class=\"speaker-info\">\n                                    <h3 class=\"speaker-name\">Domenique D\u00f6lz\n                            <\/h3>                <span class=\"speaker-jobtitle\">Clustermanager Digitale Wirtschaft &amp; Wissenschaft                <\/span>                <span class=\"speaker-company\">Jena Digital<\/span>     \n    \n                    <\/div>\n                <\/div>\n                            <div class='speaker'>\n                        <div class=\"speaker-image\">\n\t\t<div class=\"speaker-image-image\">\n\t\t\t<img\n\t\t\t\tloading='lazy' \n\t\t\t\tclass=''\n\t\t\t\tdata-modal-id=\"\" \n\t\t\t\t\t\t\t\t\t\t\t\t\t\t\t\t\t\t\t\tsrc=\"https:\/\/portal.fleet-events.de\/de\/speakerphoto?path=3601\/profile_xircus.jpg&amp;s=600&amp;v=1787168738\" \n\t\t\t\talt=\"Maximilian Sieghardt\" \n\t\t\t\/>\n\t\t<\/div>\n                    <div class=\"speaker-image-credits\">\n                            <\/div>\n            <\/div>\n\n                    <div class=\"speaker-info\">\n                                    <h3 class=\"speaker-name\">Maximilian Sieghardt\n                            <\/h3>                <span class=\"speaker-jobtitle\">Senior Digital Consultant                <\/span>                <span class=\"speaker-company\">de:hub Initiative<\/span>     \n    \n                    <\/div>\n                <\/div>\n                                <\/div>\n\n\t\t\t\t\t<\/div>\n    <\/div>\n<\/div>\t\t<\/div>\n    <\/div>\n                                                                                                            <\/div>\n                                                    <\/div>\n                                        \t                <\/div>\n                        \n                        <\/div>\n                                                                                                \n\n\n    <div        class=\"fea-presentation-list-item presentation-item\"\n                    dynamic-filter-item\n                                                                        data-filter-main_topic_id=\"{{838}}\"\n                                                                        data-filter-date=\"{{2026-09-23}}\"\n                                                                        data-filter-stage_id=\"{{785}}\"\n                        >\n                                \t<div class=\"presentation-topic\" style=\"background-color:#0082a7;\">\n\t\t\t\t\t\t\t\t\t\t\tExhibitor Pitches: Optics, Imaging &amp; Photonics\n\t\t\t\t<\/div>\n\t                <div class=\"presentation-headline\">\n                                                                        <div class=\"presentation-info\">\n                                                                    <div class=\"presentation-time\">\n                                            14:00&ndash;14:30 Uhr\n  | en-tech.talks - Halle 2                                     <\/div>\n                                                                                                    <div class=\"presentation-title\">\n                                                                                    <h3 class='topic'>\n                                                \t\t\t<img loading=\"lazy\" decoding=\"async\" loading=\"lazy\" width=\"18\" height=\"12\" src=\"\/wp-content\/plugins\/sitepress-multilingual-cms\/res\/flags\/de.png\">\n\t\t    Welcome and Introduction\n\n\n                                            <\/h3>\n                                            <span class='subtitle'>\n                                                    \n\n                                            <\/span>\n                                                                            <\/div>\n                                                            <\/div>\n                                                                            <div class=\"presentation-meta\">\n                                                                                                                                                <div class=\"presentation-partner\">\n                                            <img decoding=\"async\" src=\"https:\/\/portal.fleet-events.de\/de\/uploads?path=sessions\/7402.jpg\"\/>\n                                        <\/div>\n                                                                                                <\/div>\n                                                            <\/div>\n            \n                            <div class=\"presentation-content\n                                                         has-image \"\n                >\n                                            <div class=\"speakers\">\n                                                                                                                                                                                    <div class=\"speaker\">\n                                                                                                                                                                                                                                                                                                                        \n                                                                                                                                                            \n                                                        <div class=\"speaker-image\">\n\t\t<div class=\"speaker-image-image\">\n\t\t\t<img\n\t\t\t\tloading='lazy' \n\t\t\t\tclass=''\n\t\t\t\tdata-modal-id=\"6a94e6f86cfab\" \n\t\t\t\t         show-modal-trigger=\"true\" \t\t\t\t     data-src=\"\/jena\/vortraege-buehnenprogramm-w3-fair-jena-2026-en-tech-talks\/jena-speaker-details\/3124\" \t\t\t\t  data-info-header=\".single-speaker-header\"  \t\t\t\t data-info-content=\".single-speaker-content\"  \t\t\t\tsrc=\"https:\/\/portal.fleet-events.de\/de\/speakerphoto?path=3124\/profile_xircus.jpg&amp;s=600&amp;v=1758104890\" \n\t\t\t\talt=\"Steffen Z\u00fcge\" \n\t\t\t\/>\n\t\t<\/div>\n                    <div class=\"speaker-image-credits\">\n                            <\/div>\n            <\/div>\n\n                                                                                                                                                    <div class=\"speaker-info\">\n                                                                    <h3 class=\"speaker-name\">Steffen Z\u00fcge\n                            <\/h3>                <span class=\"speaker-jobtitle\">Technologiemanagement                <\/span>                <span class=\"speaker-company\">OptoNet e.V.<\/span>     \n\n                                                    <\/div>\n                                                                                            <\/div>\n                                                                                                                                                                                                    <div class=\"presentation-link\">\n                                                                                                                                                <\/div>\n                                                    <\/div>\n                                        \t                <\/div>\n                        \n                        <\/div>\n                                                                                                \n\n\n    <div        class=\"fea-presentation-list-item presentation-item\"\n                    dynamic-filter-item\n                                                                        data-filter-main_topic_id=\"{{838}}\"\n                                                                        data-filter-date=\"{{2026-09-23}}\"\n                                                                        data-filter-stage_id=\"{{785}}\"\n                        >\n                                \t<div class=\"presentation-topic\" style=\"background-color:#0082a7;\">\n\t\t\t\t\t\t\t\t\t\t\tExhibitor Pitches: Optics, Imaging &amp; Photonics\n\t\t\t\t<\/div>\n\t                <div class=\"presentation-headline\">\n                                                                        <div class=\"presentation-info\">\n                                                                    <div class=\"presentation-time\">\n                                            14:10&ndash;14:15 Uhr\n  | en-tech.talks - Halle 2                                     <\/div>\n                                                                                                    <div class=\"presentation-title\">\n                                                                                    <h3 class='topic'>\n                                                \t\t\t<img loading=\"lazy\" decoding=\"async\" loading=\"lazy\" width=\"18\" height=\"12\" src=\"\/wp-content\/plugins\/sitepress-multilingual-cms\/res\/flags\/de.png\">\n\t\t    ARGOS nexus: Advancing Quality Control in Optical Manufacturing\n\n\n                                            <\/h3>\n                                            <span class='subtitle'>\n                                                    \n\n                                            <\/span>\n                                                                            <\/div>\n                                                            <\/div>\n                                                                            <div class=\"presentation-meta\">\n                                                                                                                                                <div class=\"presentation-partner\">\n                                            <img decoding=\"async\" src=\"https:\/\/portal.fleet-events.de\/de\/uploads?path=sessions\/7472.jpg\"\/>\n                                        <\/div>\n                                                                                                <\/div>\n                                                            <\/div>\n            \n                            <div class=\"presentation-content\n                             show-abstract                              has-image \"\n                >\n                                            <div class=\"speakers\">\n                                                                                                                                                                                    <div class=\"speaker\">\n                                                                                                                                                                                                                                                                                                                        \n                                                                                                                                                            \n                                                        <div class=\"speaker-image\">\n\t\t<div class=\"speaker-image-image\">\n\t\t\t<img\n\t\t\t\tloading='lazy' \n\t\t\t\tclass=''\n\t\t\t\tdata-modal-id=\"6a94e6f86cfab\" \n\t\t\t\t         show-modal-trigger=\"true\" \t\t\t\t     data-src=\"\/jena\/vortraege-buehnenprogramm-w3-fair-jena-2026-en-tech-talks\/jena-speaker-details\/3033\" \t\t\t\t  data-info-header=\".single-speaker-header\"  \t\t\t\t data-info-content=\".single-speaker-content\"  \t\t\t\tsrc=\"https:\/\/portal.fleet-events.de\/de\/speakerphoto?path=3033\/profile_xircus.jpg&amp;s=600&amp;v=1756277375\" \n\t\t\t\talt=\"Jennifer Steinbi\u00df\" \n\t\t\t\/>\n\t\t<\/div>\n                    <div class=\"speaker-image-credits\">\n                            <\/div>\n            <\/div>\n\n                                                                                                                                                    <div class=\"speaker-info\">\n                                                                    <h3 class=\"speaker-name\">Dr.&nbsp;Jennifer Steinbi\u00df\n                            <\/h3>                <span class=\"speaker-jobtitle\">Sales ARGOS                <\/span>                <span class=\"speaker-company\">DIOPTIC GmbH<\/span>     \n\n                                                    <\/div>\n                                                                                            <\/div>\n                                                                                                                                                                                                    <div class=\"presentation-link\">\n                                                                                                                        \n    \n<a \n    href=\/290742026\/presentation\/7472 \n    class=\"btn\" \n    data-modal-id=\"6a94e6f86cfab\"\n    show-modal-trigger\n    data-info-root=\".fea-presentation-list-item\"\n    data-info-header=\".presentation-link .popup_headline\"\n    data-info-content=\".presentation-link .popup_body\"\n>\n    Mehr\n<\/a>\n\n    <div class=\"popup_content\">\n        <div class=\"popup_headline\"><\/div>\n\t\t<div class=\"popup_body\">\n\t\t\t\t\n\t\t\t\t\t\t\n\t\t\t\n<div class=\"single-presentation\">\n\t<div class=\"single-presentation-header\">\n            <\/div>\n     <div class='topic_category category_838' style=\"color: #0082a7;\">\n\t\t<span>Exhibitor Pitches: Optics, Imaging &amp; Photonics<\/span>\n\t<\/div>\n\t<div class=\"single-presentation-content \n\t\t show-abstract \"\n\t>\n\t\t\t\t\t\t\t    <div class='speakers'>\n                                    <div class='speaker'>\n                        <div class=\"speaker-image\">\n\t\t<div class=\"speaker-image-image\">\n\t\t\t<img\n\t\t\t\tloading='lazy' \n\t\t\t\tclass=''\n\t\t\t\tdata-modal-id=\"\" \n\t\t\t\t\t\t\t\t\t\t\t\t\t\t\t\t\t\t\t\tsrc=\"https:\/\/portal.fleet-events.de\/de\/speakerphoto?path=3033\/profile_xircus.jpg&amp;s=600&amp;v=1756277375\" \n\t\t\t\talt=\"Jennifer Steinbi\u00df\" \n\t\t\t\/>\n\t\t<\/div>\n                    <div class=\"speaker-image-credits\">\n                            <\/div>\n            <\/div>\n\n                    <div class=\"speaker-info\">\n                                    <h3 class=\"speaker-name\">Dr.&nbsp;Jennifer Steinbi\u00df\n                            <\/h3>                <span class=\"speaker-jobtitle\">Sales ARGOS                <\/span>                <span class=\"speaker-company\">DIOPTIC GmbH<\/span>     \n    \n                    <\/div>\n                <\/div>\n                                <\/div>\n\n\t\t\t\t<div class='presentation '>\n\t\t\t<div class='presentation-main'>\n\t\t\t\t<h3 class='topic'>ARGOS nexus: Advancing Quality Control in Optical Manufacturing<\/h3>\n\t\t\t\t<div class='subtitle'><\/div>\n\t\t\t\t<div class='abstract'>This presentation introduces ARGOS nexus, DIOPTIC\u2018s advanced automated inspection system developed for the reliable detection of surface defects on optical components. It highlights the system\u2019s key technologies, main advantages, and its contribution to improving efficiency in modern optical manufacturing.<\/div>\n\t\t\t<\/div>\n\t\t\t<div class='presentation-info'>\n\t\t\t\t<div class='presentation-info-date-time-location'>\n\t\t\t\t\t<span class=\"presentation-date-time\">\n\t\t\t\t\t\t<span class='presentation-date'>Mittwoch, 23.September 2026,<\/span>\n\t\t\t\t\t\t<span class='presentation-time'>    14:10&ndash;14:15 Uhr\n, <\/span>\n\t\t\t\t\t<\/span>\n\t\t\t\t\t<span class='presentation-location'>\n\t\t\t\t\t\t\t\t\t\t\t\t\ten-tech.talks - Halle 2\n\t\t\t\t\t\t\t\t\t\t\t<\/span>\n\t\t\t\t<\/div>\n\t\t\t\t<div class='presentation-info-type'>\n\t\t\t\t\t    \n\t\t\t\t<\/div>\n\t\t\t<\/div>\n\t\t\t\t\t<\/div>\n    <\/div>\n<\/div>\t\t<\/div>\n    <\/div>\n                                                                                                            <\/div>\n                                                    <\/div>\n                                        \t\t\t<div class=\"abstract\">\n\t\t\t<div>This presentation introduces ARGOS nexus, DIOPTIC\u2018s advanced automated inspection system developed for the reliable detection of surface defects on optical components. It highlights the system\u2019s key technologies, main advantages, and its contribution to improving efficiency in modern optical manufacturing.<\/div>\n\t\t<\/div>\n\t                <\/div>\n                        \n                        <\/div>\n                                                                                                \n\n\n    <div        class=\"fea-presentation-list-item presentation-item\"\n                    dynamic-filter-item\n                                                                        data-filter-main_topic_id=\"{{838}}\"\n                                                                        data-filter-date=\"{{2026-09-23}}\"\n                                                                        data-filter-stage_id=\"{{785}}\"\n                        >\n                                \t<div class=\"presentation-topic\" style=\"background-color:#0082a7;\">\n\t\t\t\t\t\t\t\t\t\t\tExhibitor Pitches: Optics, Imaging &amp; Photonics\n\t\t\t\t<\/div>\n\t                <div class=\"presentation-headline\">\n                                                                        <div class=\"presentation-info\">\n                                                                    <div class=\"presentation-time\">\n                                            14:15&ndash;14:20 Uhr\n  | en-tech.talks - Halle 2                                     <\/div>\n                                                                                                    <div class=\"presentation-title\">\n                                                                                    <h3 class='topic'>\n                                                \t\t\t<img loading=\"lazy\" decoding=\"async\" loading=\"lazy\" width=\"18\" height=\"12\" src=\"\/wp-content\/plugins\/sitepress-multilingual-cms\/res\/flags\/de.png\">\n\t\t    Custom Engineered Solutions \u2013 Turning Ideas into Mature Products\n\n\n                                            <\/h3>\n                                            <span class='subtitle'>\n                                                    \n\n                                            <\/span>\n                                                                            <\/div>\n                                                            <\/div>\n                                                                            <div class=\"presentation-meta\">\n                                                                                                                                                <div class=\"presentation-partner\">\n                                            <img decoding=\"async\" src=\"https:\/\/portal.fleet-events.de\/de\/uploads?path=sessions\/7464.jpg\"\/>\n                                        <\/div>\n                                                                                                <\/div>\n                                                            <\/div>\n            \n                            <div class=\"presentation-content\n                             show-abstract                              has-image \"\n                >\n                                            <div class=\"speakers\">\n                                                                                                                                                                                    <div class=\"speaker\">\n                                                                                                                                                                                                                                                                                                                        \n                                                                                                                                                            \n                                                        <div class=\"speaker-image\">\n\t\t<div class=\"speaker-image-image\">\n\t\t\t<img\n\t\t\t\tloading='lazy' \n\t\t\t\tclass=''\n\t\t\t\tdata-modal-id=\"6a94e6f86cfab\" \n\t\t\t\t         show-modal-trigger=\"true\" \t\t\t\t     data-src=\"\/jena\/vortraege-buehnenprogramm-w3-fair-jena-2026-en-tech-talks\/jena-speaker-details\/3533\" \t\t\t\t  data-info-header=\".single-speaker-header\"  \t\t\t\t data-info-content=\".single-speaker-content\"  \t\t\t\tsrc=\"https:\/\/portal.fleet-events.de\/de\/speakerphoto?path=3533\/profile_xircus.jpg&amp;s=600&amp;v=1786700584\" \n\t\t\t\talt=\"Sandra de Vega\" \n\t\t\t\/>\n\t\t<\/div>\n                    <div class=\"speaker-image-credits\">\n                            <\/div>\n            <\/div>\n\n                                                                                                                                                    <div class=\"speaker-info\">\n                                                                    <h3 class=\"speaker-name\">Sandra de Vega\n                            <\/h3>                <span class=\"speaker-jobtitle\">Sales Engineer                <\/span>                <span class=\"speaker-company\">Thorlabs GmbH<\/span>     \n\n                                                    <\/div>\n                                                                                            <\/div>\n                                                                                                                                                                                                    <div class=\"presentation-link\">\n                                                                                                                        \n    \n<a \n    href=\/290742026\/presentation\/7464 \n    class=\"btn\" \n    data-modal-id=\"6a94e6f86cfab\"\n    show-modal-trigger\n    data-info-root=\".fea-presentation-list-item\"\n    data-info-header=\".presentation-link .popup_headline\"\n    data-info-content=\".presentation-link .popup_body\"\n>\n    Mehr\n<\/a>\n\n    <div class=\"popup_content\">\n        <div class=\"popup_headline\"><\/div>\n\t\t<div class=\"popup_body\">\n\t\t\t\t\n\t\t\t\t\t\t\n\t\t\t\n<div class=\"single-presentation\">\n\t<div class=\"single-presentation-header\">\n            <\/div>\n     <div class='topic_category category_838' style=\"color: #0082a7;\">\n\t\t<span>Exhibitor Pitches: Optics, Imaging &amp; Photonics<\/span>\n\t<\/div>\n\t<div class=\"single-presentation-content \n\t\t show-abstract \"\n\t>\n\t\t\t\t\t\t\t    <div class='speakers'>\n                                    <div class='speaker'>\n                        <div class=\"speaker-image\">\n\t\t<div class=\"speaker-image-image\">\n\t\t\t<img\n\t\t\t\tloading='lazy' \n\t\t\t\tclass=''\n\t\t\t\tdata-modal-id=\"\" \n\t\t\t\t\t\t\t\t\t\t\t\t\t\t\t\t\t\t\t\tsrc=\"https:\/\/portal.fleet-events.de\/de\/speakerphoto?path=3533\/profile_xircus.jpg&amp;s=600&amp;v=1786700584\" \n\t\t\t\talt=\"Sandra de Vega\" \n\t\t\t\/>\n\t\t<\/div>\n                    <div class=\"speaker-image-credits\">\n                            <\/div>\n            <\/div>\n\n                    <div class=\"speaker-info\">\n                                    <h3 class=\"speaker-name\">Sandra de Vega\n                            <\/h3>                <span class=\"speaker-jobtitle\">Sales Engineer                <\/span>                <span class=\"speaker-company\">Thorlabs GmbH<\/span>     \n    \n                    <\/div>\n                <\/div>\n                                <\/div>\n\n\t\t\t\t<div class='presentation '>\n\t\t\t<div class='presentation-main'>\n\t\t\t\t<h3 class='topic'>Custom Engineered Solutions \u2013 Turning Ideas into Mature Products<\/h3>\n\t\t\t\t<div class='subtitle'><\/div>\n\t\t\t\t<div class='abstract'>Custom Engineered Solutions combine experienced engineering with optics, electronics, and other technologies to develop photonics assemblies and subassemblies for your application or system. Whether you need to adjust a prototype to meet your requirements or scale your system for mass production, our engineering and manufacturing teams work together to transform ideas into high-performance, application-specific photonics solutions.<\/div>\n\t\t\t<\/div>\n\t\t\t<div class='presentation-info'>\n\t\t\t\t<div class='presentation-info-date-time-location'>\n\t\t\t\t\t<span class=\"presentation-date-time\">\n\t\t\t\t\t\t<span class='presentation-date'>Mittwoch, 23.September 2026,<\/span>\n\t\t\t\t\t\t<span class='presentation-time'>    14:15&ndash;14:20 Uhr\n, <\/span>\n\t\t\t\t\t<\/span>\n\t\t\t\t\t<span class='presentation-location'>\n\t\t\t\t\t\t\t\t\t\t\t\t\ten-tech.talks - Halle 2\n\t\t\t\t\t\t\t\t\t\t\t<\/span>\n\t\t\t\t<\/div>\n\t\t\t\t<div class='presentation-info-type'>\n\t\t\t\t\t    \n\t\t\t\t<\/div>\n\t\t\t<\/div>\n\t\t\t\t\t<\/div>\n    <\/div>\n<\/div>\t\t<\/div>\n    <\/div>\n                                                                                                            <\/div>\n                                                    <\/div>\n                                        \t\t\t<div class=\"abstract\">\n\t\t\t<div>Custom Engineered Solutions combine experienced engineering with optics, electronics, and other technologies to develop photonics assemblies and subassemblies for your application or system. Whether you need to adjust a prototype to meet your requirements or scale your system for mass production, our engineering and manufacturing teams work together to transform ideas into high-performance, application-specific photonics solutions.<\/div>\n\t\t<\/div>\n\t                <\/div>\n                        \n                        <\/div>\n                                                                                                \n\n\n    <div        class=\"fea-presentation-list-item presentation-item\"\n                    dynamic-filter-item\n                                                                        data-filter-main_topic_id=\"{{838}}\"\n                                                                        data-filter-date=\"{{2026-09-23}}\"\n                                                                        data-filter-stage_id=\"{{785}}\"\n                        >\n                                \t<div class=\"presentation-topic\" style=\"background-color:#0082a7;\">\n\t\t\t\t\t\t\t\t\t\t\tExhibitor Pitches: Optics, Imaging &amp; Photonics\n\t\t\t\t<\/div>\n\t                <div class=\"presentation-headline\">\n                                                                        <div class=\"presentation-info\">\n                                                                    <div class=\"presentation-time\">\n                                            14:20&ndash;14:25 Uhr\n  | en-tech.talks - Halle 2                                     <\/div>\n                                                                                                    <div class=\"presentation-title\">\n                                                                                    <h3 class='topic'>\n                                                \t\t\t<img loading=\"lazy\" decoding=\"async\" loading=\"lazy\" width=\"18\" height=\"12\" src=\"\/wp-content\/plugins\/sitepress-multilingual-cms\/res\/flags\/de.png\">\n\t\t    Hybrid Precision Glass Molding: Innovative Maschinentechnik zur skalierbaren und hocheffizienten Umformung von VIS- und IR-Gl\u00e4sern f\u00fcr abbildende Optiken\n\n\n                                            <\/h3>\n                                            <span class='subtitle'>\n                                                    \n\n                                            <\/span>\n                                                                            <\/div>\n                                                            <\/div>\n                                                                            <div class=\"presentation-meta\">\n                                                                                                                                                <div class=\"presentation-partner\">\n                                            <img decoding=\"async\" src=\"https:\/\/portal.fleet-events.de\/de\/uploads?path=sessions\/7488.jpg\"\/>\n                                        <\/div>\n                                                                                                <\/div>\n                                                            <\/div>\n            \n                            <div class=\"presentation-content\n                             show-abstract                              has-image \"\n                >\n                                            <div class=\"speakers\">\n                                                                                                                                                                                    <div class=\"speaker\">\n                                                                                                                                                                                                                                                                                                                        \n                                                                                                                                                            \n                                                        <div class=\"speaker-image\">\n\t\t<div class=\"speaker-image-image\">\n\t\t\t<img\n\t\t\t\tloading='lazy' \n\t\t\t\tclass=''\n\t\t\t\tdata-modal-id=\"6a94e6f86cfab\" \n\t\t\t\t         show-modal-trigger=\"true\" \t\t\t\t     data-src=\"\/jena\/vortraege-buehnenprogramm-w3-fair-jena-2026-en-tech-talks\/jena-speaker-details\/3566\" \t\t\t\t  data-info-header=\".single-speaker-header\"  \t\t\t\t data-info-content=\".single-speaker-content\"  \t\t\t\tsrc=\"https:\/\/portal.fleet-events.de\/de\/speakerphoto?path=3566\/profile_xircus.jpg&amp;s=600&amp;v=1786704841\" \n\t\t\t\talt=\"Paul-Alexander Vogel\" \n\t\t\t\/>\n\t\t<\/div>\n                    <div class=\"speaker-image-credits\">\n                            <\/div>\n            <\/div>\n\n                                                                                                                                                    <div class=\"speaker-info\">\n                                                                    <h3 class=\"speaker-name\">Dr.-Ing.&nbsp;Paul-Alexander Vogel\n                            <\/h3>                <span class=\"speaker-jobtitle\">Gesch\u00e4ftsf\u00fchrer                <\/span>                <span class=\"speaker-company\">Vitrum Technologies GmbH<\/span>     \n\n                                                    <\/div>\n                                                                                            <\/div>\n                                                                                                                                                                                                    <div class=\"presentation-link\">\n                                                                                                                        \n    \n<a \n    href=\/290742026\/presentation\/7488 \n    class=\"btn\" \n    data-modal-id=\"6a94e6f86cfab\"\n    show-modal-trigger\n    data-info-root=\".fea-presentation-list-item\"\n    data-info-header=\".presentation-link .popup_headline\"\n    data-info-content=\".presentation-link .popup_body\"\n>\n    Mehr\n<\/a>\n\n    <div class=\"popup_content\">\n        <div class=\"popup_headline\"><\/div>\n\t\t<div class=\"popup_body\">\n\t\t\t\t\n\t\t\t\t\t\t\n\t\t\t\n<div class=\"single-presentation\">\n\t<div class=\"single-presentation-header\">\n            <\/div>\n     <div class='topic_category category_838' style=\"color: #0082a7;\">\n\t\t<span>Exhibitor Pitches: Optics, Imaging &amp; Photonics<\/span>\n\t<\/div>\n\t<div class=\"single-presentation-content \n\t\t show-abstract \"\n\t>\n\t\t\t\t\t\t\t    <div class='speakers'>\n                                    <div class='speaker'>\n                        <div class=\"speaker-image\">\n\t\t<div class=\"speaker-image-image\">\n\t\t\t<img\n\t\t\t\tloading='lazy' \n\t\t\t\tclass=''\n\t\t\t\tdata-modal-id=\"\" \n\t\t\t\t\t\t\t\t\t\t\t\t\t\t\t\t\t\t\t\tsrc=\"https:\/\/portal.fleet-events.de\/de\/speakerphoto?path=3566\/profile_xircus.jpg&amp;s=600&amp;v=1786704841\" \n\t\t\t\talt=\"Paul-Alexander Vogel\" \n\t\t\t\/>\n\t\t<\/div>\n                    <div class=\"speaker-image-credits\">\n                            <\/div>\n            <\/div>\n\n                    <div class=\"speaker-info\">\n                                    <h3 class=\"speaker-name\">Dr.-Ing.&nbsp;Paul-Alexander Vogel\n                            <\/h3>                <span class=\"speaker-jobtitle\">Gesch\u00e4ftsf\u00fchrer                <\/span>                <span class=\"speaker-company\">Vitrum Technologies GmbH<\/span>     \n    \n                    <\/div>\n                <\/div>\n                                <\/div>\n\n\t\t\t\t<div class='presentation '>\n\t\t\t<div class='presentation-main'>\n\t\t\t\t<h3 class='topic'>Hybrid Precision Glass Molding: Innovative Maschinentechnik zur skalierbaren und hocheffizienten Umformung von VIS- und IR-Gl\u00e4sern f\u00fcr abbildende Optiken<\/h3>\n\t\t\t\t<div class='subtitle'><\/div>\n\t\t\t\t<div class='abstract'>Hybrid Precision Glass Molding er\u00f6ffnet neue M\u00f6glichkeiten f\u00fcr die skalierbare Fertigung hochpr\u00e4ziser VIS- und IR-Optiken. Durch eine innovative Kombination aus Maschinentechnik und intelligenter Temperaturf\u00fchrung k\u00f6nnen anspruchsvolle abbildende Optiken wirtschaftlich, effizient und in hoher Qualit\u00e4t durch eine Hei\u00dfformgebung hergestellt werden.<\/div>\n\t\t\t<\/div>\n\t\t\t<div class='presentation-info'>\n\t\t\t\t<div class='presentation-info-date-time-location'>\n\t\t\t\t\t<span class=\"presentation-date-time\">\n\t\t\t\t\t\t<span class='presentation-date'>Mittwoch, 23.September 2026,<\/span>\n\t\t\t\t\t\t<span class='presentation-time'>    14:20&ndash;14:25 Uhr\n, <\/span>\n\t\t\t\t\t<\/span>\n\t\t\t\t\t<span class='presentation-location'>\n\t\t\t\t\t\t\t\t\t\t\t\t\ten-tech.talks - Halle 2\n\t\t\t\t\t\t\t\t\t\t\t<\/span>\n\t\t\t\t<\/div>\n\t\t\t\t<div class='presentation-info-type'>\n\t\t\t\t\t    \n\t\t\t\t<\/div>\n\t\t\t<\/div>\n\t\t\t\t\t<\/div>\n    <\/div>\n<\/div>\t\t<\/div>\n    <\/div>\n                                                                                                            <\/div>\n                                                    <\/div>\n                                        \t\t\t<div class=\"abstract\">\n\t\t\t<div>Hybrid Precision Glass Molding er\u00f6ffnet neue M\u00f6glichkeiten f\u00fcr die skalierbare Fertigung hochpr\u00e4ziser VIS- und IR-Optiken. Durch eine innovative Kombination aus Maschinentechnik und intelligenter Temperaturf\u00fchrung k\u00f6nnen anspruchsvolle abbildende Optiken wirtschaftlich, effizient und in hoher Qualit\u00e4t durch eine Hei\u00dfformgebung hergestellt werden.<\/div>\n\t\t<\/div>\n\t                <\/div>\n                        \n                        <\/div>\n                                                                                                \n\n\n    <div        class=\"fea-presentation-list-item presentation-item\"\n                    dynamic-filter-item\n                                                                        data-filter-main_topic_id=\"{{891}}\"\n                                                                        data-filter-date=\"{{2026-09-23}}\"\n                                                                        data-filter-stage_id=\"{{789}}\"\n                        >\n                                \t<div class=\"presentation-topic\" style=\"background-color:#08af96;\">\n\t\t\t\t\t\t\t\t\t\t\tStart-up Pitches\n\t\t\t\t<\/div>\n\t                <div class=\"presentation-headline\">\n                                                                        <div class=\"presentation-info\">\n                                                                    <div class=\"presentation-time\">\n                                            14:30&ndash;14:50 Uhr\n  | Speakers-Corner - Halle 3                                     <\/div>\n                                                                                                    <div class=\"presentation-title\">\n                                                                                    <h3 class='topic'>\n                                                \t\t\t<img loading=\"lazy\" decoding=\"async\" loading=\"lazy\" width=\"18\" height=\"12\" src=\"\/wp-content\/plugins\/sitepress-multilingual-cms\/res\/flags\/de.png\">\n\t\t    Start-up Pitches \n\n\n                                            <\/h3>\n                                            <span class='subtitle'>\n                                                    \n\n                                            <\/span>\n                                                                            <\/div>\n                                                            <\/div>\n                                                                            <div class=\"presentation-meta\">\n                                                                                                                                                <div class=\"presentation-partner\">\n                                            <img decoding=\"async\" src=\"https:\/\/portal.fleet-events.de\/de\/uploads?path=sessions\/7494.jpg\"\/>\n                                        <\/div>\n                                                                                                <\/div>\n                                                            <\/div>\n            \n                            <div class=\"presentation-content\n                                                         has-image \"\n                >\n                                            <div class=\"speakers\">\n                                                                                                                                                                                    <div class=\"speaker\">\n                                                                                                                                                                                                                                                                                                                        \n                                                                                                                                                            \n                                                        <div class=\"speaker-image\">\n\t\t<div class=\"speaker-image-image\">\n\t\t\t<img\n\t\t\t\tloading='lazy' \n\t\t\t\tclass=''\n\t\t\t\tdata-modal-id=\"6a94e6f86cfab\" \n\t\t\t\t         show-modal-trigger=\"true\" \t\t\t\t     data-src=\"\/jena\/vortraege-buehnenprogramm-w3-fair-jena-2026-en-tech-talks\/jena-speaker-details\/3572\" \t\t\t\t  data-info-header=\".single-speaker-header\"  \t\t\t\t data-info-content=\".single-speaker-content\"  \t\t\t\tsrc=\"https:\/\/portal.fleet-events.de\/de\/speakerphoto?path=3572\/profile_xircus.jpg&amp;s=600&amp;v=1786704912\" \n\t\t\t\talt=\"Georg Schmidinger\" \n\t\t\t\/>\n\t\t<\/div>\n                    <div class=\"speaker-image-credits\">\n                            <\/div>\n            <\/div>\n\n                                                                                                                                                    <div class=\"speaker-info\">\n                                                                    <h3 class=\"speaker-name\">Georg Schmidinger\n                            <\/h3>                <span class=\"speaker-jobtitle\">Netzwerkmanager de:hub Photonics &amp; Digital Experience Platforms                <\/span>                <span class=\"speaker-company\">Jena Digital e. V.<\/span>     \n\n                                                    <\/div>\n                                                                                            <\/div>\n                                                                                                                                                                <div class=\"speaker\">\n                                                                                                                                                                                                                                                                                                                        \n                                                                                                                                                            \n                                                        <div class=\"speaker-image\">\n\t\t<div class=\"speaker-image-image\">\n\t\t\t<img\n\t\t\t\tloading='lazy' \n\t\t\t\tclass=''\n\t\t\t\tdata-modal-id=\"6a94e6f86cfab\" \n\t\t\t\t         show-modal-trigger=\"true\" \t\t\t\t     data-src=\"\/jena\/vortraege-buehnenprogramm-w3-fair-jena-2026-en-tech-talks\/jena-speaker-details\/3576\" \t\t\t\t  data-info-header=\".single-speaker-header\"  \t\t\t\t data-info-content=\".single-speaker-content\"  \t\t\t\tsrc=\"https:\/\/portal.fleet-events.de\/de\/speakerphoto?path=3576\/profile_xircus.jpg&amp;s=600&amp;v=1786700607\" \n\t\t\t\talt=\"Sebastian Kratz\" \n\t\t\t\/>\n\t\t<\/div>\n                    <div class=\"speaker-image-credits\">\n                            <\/div>\n            <\/div>\n\n                                                                                                                                                    <div class=\"speaker-info\">\n                                                                    <h3 class=\"speaker-name\">Sebastian Kratz\n                            <\/h3>                <span class=\"speaker-jobtitle\">Business Lead                <\/span>                <span class=\"speaker-company\">Qwasaa GmbH<\/span>     \n\n                                                    <\/div>\n                                                                                            <\/div>\n                                                                                                                                                                <div class=\"speaker\">\n                                                                                                                                                                                                                                                                                                                        \n                                                                                                                                                            \n                                                        <div class=\"speaker-image\">\n\t\t<div class=\"speaker-image-image\">\n\t\t\t<img\n\t\t\t\tloading='lazy' \n\t\t\t\tclass=''\n\t\t\t\tdata-modal-id=\"6a94e6f86cfab\" \n\t\t\t\t         show-modal-trigger=\"true\" \t\t\t\t     data-src=\"\/jena\/vortraege-buehnenprogramm-w3-fair-jena-2026-en-tech-talks\/jena-speaker-details\/3065\" \t\t\t\t  data-info-header=\".single-speaker-header\"  \t\t\t\t data-info-content=\".single-speaker-content\"  \t\t\t\tsrc=\"https:\/\/portal.fleet-events.de\/de\/speakerphoto?path=3065\/profile_xircus.jpg&amp;s=600&amp;v=1757350576\" \n\t\t\t\talt=\"Christoph Prinz\" \n\t\t\t\/>\n\t\t<\/div>\n                    <div class=\"speaker-image-credits\">\n                            <\/div>\n            <\/div>\n\n                                                                                                                                                    <div class=\"speaker-info\">\n                                                                    <h3 class=\"speaker-name\">Christoph Prinz\n                            <\/h3>                <span class=\"speaker-jobtitle\">Co-Founder &amp; CEO                <\/span>                <span class=\"speaker-company\">PartPrinZ GmbH<\/span>     \n\n                                                    <\/div>\n                                                                                            <\/div>\n                                                                                                                                                                <div class=\"speaker\">\n                                                                                                                                                                                                                                                                                                                        \n                                                                                                                                                            \n                                                        <div class=\"speaker-image\">\n\t\t<div class=\"speaker-image-image\">\n\t\t\t<img\n\t\t\t\tloading='lazy' \n\t\t\t\tclass=''\n\t\t\t\tdata-modal-id=\"6a94e6f86cfab\" \n\t\t\t\t         show-modal-trigger=\"true\" \t\t\t\t     data-src=\"\/jena\/vortraege-buehnenprogramm-w3-fair-jena-2026-en-tech-talks\/jena-speaker-details\/3568\" \t\t\t\t  data-info-header=\".single-speaker-header\"  \t\t\t\t data-info-content=\".single-speaker-content\"  \t\t\t\tsrc=\"https:\/\/portal.fleet-events.de\/de\/speakerphoto?path=3568\/profile_xircus.jpg&amp;s=600&amp;v=1786366160\" \n\t\t\t\talt=\"Philipp Riehl\" \n\t\t\t\/>\n\t\t<\/div>\n                    <div class=\"speaker-image-credits\">\n                            <\/div>\n            <\/div>\n\n                                                                                                                                                    <div class=\"speaker-info\">\n                                                                    <h3 class=\"speaker-name\">Philipp Riehl\n                            <\/h3>                <span class=\"speaker-jobtitle\">Co-Founder, Business Development                <\/span>                <span class=\"speaker-company\">IDloop GmbH<\/span>     \n\n                                                    <\/div>\n                                                                                            <\/div>\n                                                                                                                                                                <div class=\"speaker\">\n                                                                                                                                                                                                                                                                                                                        \n                                                                                                                                                            \n                                                        <div class=\"speaker-image\">\n\t\t<div class=\"speaker-image-image\">\n\t\t\t<img\n\t\t\t\tloading='lazy' \n\t\t\t\tclass=''\n\t\t\t\tdata-modal-id=\"6a94e6f86cfab\" \n\t\t\t\t         show-modal-trigger=\"true\" \t\t\t\t     data-src=\"\/jena\/vortraege-buehnenprogramm-w3-fair-jena-2026-en-tech-talks\/jena-speaker-details\/3569\" \t\t\t\t  data-info-header=\".single-speaker-header\"  \t\t\t\t data-info-content=\".single-speaker-content\"  \t\t\t\tsrc=\"https:\/\/portal.fleet-events.de\/de\/speakerphoto?path=3569\/profile_xircus.jpg&amp;s=600&amp;v=1786704798\" \n\t\t\t\talt=\"Johannes Leineweber\" \n\t\t\t\/>\n\t\t<\/div>\n                    <div class=\"speaker-image-credits\">\n                            <\/div>\n            <\/div>\n\n                                                                                                                                                    <div class=\"speaker-info\">\n                                                                    <h3 class=\"speaker-name\">Johannes Leineweber\n                            <\/h3>                                <span class=\"speaker-company\">Liquid Mirror<\/span>     \n\n                                                    <\/div>\n                                                                                            <\/div>\n                                                                                                                                                                                                    <div class=\"presentation-link\">\n                                                                                                                        \n    \n<a \n    href=\/290742026\/presentation\/7494 \n    class=\"btn\" \n    data-modal-id=\"6a94e6f86cfab\"\n    show-modal-trigger\n    data-info-root=\".fea-presentation-list-item\"\n    data-info-header=\".presentation-link .popup_headline\"\n    data-info-content=\".presentation-link .popup_body\"\n>\n    Mehr\n<\/a>\n\n    <div class=\"popup_content\">\n        <div class=\"popup_headline\"><\/div>\n\t\t<div class=\"popup_body\">\n\t\t\t\t\n\t\t\t\t\t\t\n\t\t\t\n<div class=\"single-presentation\">\n\t<div class=\"single-presentation-header\">\n            <\/div>\n     <div class='topic_category category_891' style=\"color: #08af96;\">\n\t\t<span>Start-up Pitches<\/span>\n\t<\/div>\n\t<div class=\"single-presentation-content \n\t\t\"\n\t>\n\t\t\t\t\t\t\t\t\t\t\t<div class='presentation wide'>\n\t\t\t<div class='presentation-main'>\n\t\t\t\t<h3 class='topic'>Start-up Pitches <\/h3>\n\t\t\t\t<div class='subtitle'><\/div>\n\t\t\t\t<div class='abstract'>Welcome and Introduction\r\n\r\nSch\u00f6ne neue QA-Welt: KI-gest\u00fctzte Testautomatisierung als Effizienzhebel der Modernisierung\r\n\r\nPartPrinZ \u2013 Einkauf von Zeichnungsteilen 2026: Daten statt Raten. F\u00fcr transparente und effiziente Entscheidungen.\r\n\r\n3D Scanning for Industrial &amp; Biometric Applications\r\n\r\nReflecting the Future on bigger scales - Gro\u00dfoptiken f\u00fcr die Kernfusion<\/div>\n\t\t\t<\/div>\n\t\t\t<div class='presentation-info'>\n\t\t\t\t<div class='presentation-info-date-time-location'>\n\t\t\t\t\t<span class=\"presentation-date-time\">\n\t\t\t\t\t\t<span class='presentation-date'>Mittwoch, 23.September 2026,<\/span>\n\t\t\t\t\t\t<span class='presentation-time'>    14:30&ndash;14:50 Uhr\n, <\/span>\n\t\t\t\t\t<\/span>\n\t\t\t\t\t<span class='presentation-location'>\n\t\t\t\t\t\t\t\t\t\t\t\t\tSpeakers-Corner - Halle 3\n\t\t\t\t\t\t\t\t\t\t\t<\/span>\n\t\t\t\t<\/div>\n\t\t\t\t<div class='presentation-info-type'>\n\t\t\t\t\t    \n\t\t\t\t<\/div>\n\t\t\t<\/div>\n\t\t\t\t\t\t\t    <div class='speakers'>\n                                    <div class='speaker'>\n                        <div class=\"speaker-image\">\n\t\t<div class=\"speaker-image-image\">\n\t\t\t<img\n\t\t\t\tloading='lazy' \n\t\t\t\tclass=''\n\t\t\t\tdata-modal-id=\"\" \n\t\t\t\t\t\t\t\t\t\t\t\t\t\t\t\t\t\t\t\tsrc=\"https:\/\/portal.fleet-events.de\/de\/speakerphoto?path=3572\/profile_xircus.jpg&amp;s=600&amp;v=1786704912\" \n\t\t\t\talt=\"Georg Schmidinger\" \n\t\t\t\/>\n\t\t<\/div>\n                    <div class=\"speaker-image-credits\">\n                            <\/div>\n            <\/div>\n\n                    <div class=\"speaker-info\">\n                                    <h3 class=\"speaker-name\">Georg Schmidinger\n                            <\/h3>                <span class=\"speaker-jobtitle\">Netzwerkmanager de:hub Photonics &amp; Digital Experience Platforms                <\/span>                <span class=\"speaker-company\">Jena Digital e. V.<\/span>     \n    \n                    <\/div>\n                <\/div>\n                            <div class='speaker'>\n                        <div class=\"speaker-image\">\n\t\t<div class=\"speaker-image-image\">\n\t\t\t<img\n\t\t\t\tloading='lazy' \n\t\t\t\tclass=''\n\t\t\t\tdata-modal-id=\"\" \n\t\t\t\t\t\t\t\t\t\t\t\t\t\t\t\t\t\t\t\tsrc=\"https:\/\/portal.fleet-events.de\/de\/speakerphoto?path=3576\/profile_xircus.jpg&amp;s=600&amp;v=1786700607\" \n\t\t\t\talt=\"Sebastian Kratz\" \n\t\t\t\/>\n\t\t<\/div>\n                    <div class=\"speaker-image-credits\">\n                            <\/div>\n            <\/div>\n\n                    <div class=\"speaker-info\">\n                                    <h3 class=\"speaker-name\">Sebastian Kratz\n                            <\/h3>                <span class=\"speaker-jobtitle\">Business Lead                <\/span>                <span class=\"speaker-company\">Qwasaa GmbH<\/span>     \n    \n                    <\/div>\n                <\/div>\n                            <div class='speaker'>\n                        <div class=\"speaker-image\">\n\t\t<div class=\"speaker-image-image\">\n\t\t\t<img\n\t\t\t\tloading='lazy' \n\t\t\t\tclass=''\n\t\t\t\tdata-modal-id=\"\" \n\t\t\t\t\t\t\t\t\t\t\t\t\t\t\t\t\t\t\t\tsrc=\"https:\/\/portal.fleet-events.de\/de\/speakerphoto?path=3065\/profile_xircus.jpg&amp;s=600&amp;v=1757350576\" \n\t\t\t\talt=\"Christoph Prinz\" \n\t\t\t\/>\n\t\t<\/div>\n                    <div class=\"speaker-image-credits\">\n                            <\/div>\n            <\/div>\n\n                    <div class=\"speaker-info\">\n                                    <h3 class=\"speaker-name\">Christoph Prinz\n                            <\/h3>                <span class=\"speaker-jobtitle\">Co-Founder &amp; CEO                <\/span>                <span class=\"speaker-company\">PartPrinZ GmbH<\/span>     \n    \n                    <\/div>\n                <\/div>\n                            <div class='speaker'>\n                        <div class=\"speaker-image\">\n\t\t<div class=\"speaker-image-image\">\n\t\t\t<img\n\t\t\t\tloading='lazy' \n\t\t\t\tclass=''\n\t\t\t\tdata-modal-id=\"\" \n\t\t\t\t\t\t\t\t\t\t\t\t\t\t\t\t\t\t\t\tsrc=\"https:\/\/portal.fleet-events.de\/de\/speakerphoto?path=3568\/profile_xircus.jpg&amp;s=600&amp;v=1786366160\" \n\t\t\t\talt=\"Philipp Riehl\" \n\t\t\t\/>\n\t\t<\/div>\n                    <div class=\"speaker-image-credits\">\n                            <\/div>\n            <\/div>\n\n                    <div class=\"speaker-info\">\n                                    <h3 class=\"speaker-name\">Philipp Riehl\n                            <\/h3>                <span class=\"speaker-jobtitle\">Co-Founder, Business Development                <\/span>                <span class=\"speaker-company\">IDloop GmbH<\/span>     \n    \n                    <\/div>\n                <\/div>\n                            <div class='speaker'>\n                        <div class=\"speaker-image\">\n\t\t<div class=\"speaker-image-image\">\n\t\t\t<img\n\t\t\t\tloading='lazy' \n\t\t\t\tclass=''\n\t\t\t\tdata-modal-id=\"\" \n\t\t\t\t\t\t\t\t\t\t\t\t\t\t\t\t\t\t\t\tsrc=\"https:\/\/portal.fleet-events.de\/de\/speakerphoto?path=3569\/profile_xircus.jpg&amp;s=600&amp;v=1786704798\" \n\t\t\t\talt=\"Johannes Leineweber\" \n\t\t\t\/>\n\t\t<\/div>\n                    <div class=\"speaker-image-credits\">\n                            <\/div>\n            <\/div>\n\n                    <div class=\"speaker-info\">\n                                    <h3 class=\"speaker-name\">Johannes Leineweber\n                            <\/h3>                                <span class=\"speaker-company\">Liquid Mirror<\/span>     \n    \n                    <\/div>\n                <\/div>\n                                <\/div>\n\n\t\t\t\t\t<\/div>\n    <\/div>\n<\/div>\t\t<\/div>\n    <\/div>\n                                                                                                            <\/div>\n                                                    <\/div>\n                                        \t                <\/div>\n                        \n                        <\/div>\n                                                                                                \n\n\n    <div        class=\"fea-presentation-list-item presentation-item\"\n                    dynamic-filter-item\n                                                                        data-filter-main_topic_id=\"{{839}}\"\n                                                                        data-filter-date=\"{{2026-09-23}}\"\n                                                                        data-filter-stage_id=\"{{785}}\"\n                        >\n                                \t<div class=\"presentation-topic\" style=\"background-color:#d4d800;\">\n\t\t\t\t\t\t\t\t\t\t\tInnovative Medizintechnologien erfolgreich in die Anwendung bringen by InfectoGnostics\n\t\t\t\t<\/div>\n\t                <div class=\"presentation-headline\">\n                                                                        <div class=\"presentation-info\">\n                                                                    <div class=\"presentation-time\">\n                                            14:30&ndash;15:30 Uhr\n  | en-tech.talks - Halle 2                                     <\/div>\n                                                                                                    <div class=\"presentation-title\">\n                                                                                    <h3 class='topic'>\n                                                \t\t\t<img loading=\"lazy\" decoding=\"async\" loading=\"lazy\" width=\"18\" height=\"12\" src=\"\/wp-content\/plugins\/sitepress-multilingual-cms\/res\/flags\/de.png\">\n\t\t    Welcome and Introduction\n\n\n                                            <\/h3>\n                                            <span class='subtitle'>\n                                                    \n\n                                            <\/span>\n                                                                            <\/div>\n                                                            <\/div>\n                                                                            <div class=\"presentation-meta\">\n                                                                                                                                                <div class=\"presentation-partner\">\n                                            <img decoding=\"async\" src=\"https:\/\/portal.fleet-events.de\/de\/uploads?path=sessions\/7403.jpg\"\/>\n                                        <\/div>\n                                                                                                <\/div>\n                                                            <\/div>\n            \n                            <div class=\"presentation-content\n                             show-abstract                              has-image \"\n                >\n                                            <div class=\"speakers\">\n                                                                                                                                                                                    <div class=\"speaker\">\n                                                                                                                                                                                                                                                                                                                        \n                                                                                                                                                            \n                                                        <div class=\"speaker-image\">\n\t\t<div class=\"speaker-image-image\">\n\t\t\t<img\n\t\t\t\tloading='lazy' \n\t\t\t\tclass=''\n\t\t\t\tdata-modal-id=\"6a94e6f86cfab\" \n\t\t\t\t         show-modal-trigger=\"true\" \t\t\t\t     data-src=\"\/jena\/vortraege-buehnenprogramm-w3-fair-jena-2026-en-tech-talks\/jena-speaker-details\/3520\" \t\t\t\t  data-info-header=\".single-speaker-header\"  \t\t\t\t data-info-content=\".single-speaker-content\"  \t\t\t\tsrc=\"https:\/\/portal.fleet-events.de\/de\/speakerphoto?path=3520\/profile_xircus.jpg&amp;s=600&amp;v=1784706242\" \n\t\t\t\talt=\"Jens Hellwage\" \n\t\t\t\/>\n\t\t<\/div>\n                    <div class=\"speaker-image-credits\">\n                            <\/div>\n            <\/div>\n\n                                                                                                                                                    <div class=\"speaker-info\">\n                                                                    <h3 class=\"speaker-name\">Dr.&nbsp;Jens Hellwage\n                            <\/h3>                <span class=\"speaker-jobtitle\">Gesch\u00e4ftsf\u00fchrer                <\/span>                <span class=\"speaker-company\">InfectoGnostics Forschungscampus Jena e.V.<\/span>     \n\n                                                    <\/div>\n                                                                                            <\/div>\n                                                                                                                                                                                                    <div class=\"presentation-link\">\n                                                                                                                        \n    \n<a \n    href=\/290742026\/presentation\/7403 \n    class=\"btn\" \n    data-modal-id=\"6a94e6f86cfab\"\n    show-modal-trigger\n    data-info-root=\".fea-presentation-list-item\"\n    data-info-header=\".presentation-link .popup_headline\"\n    data-info-content=\".presentation-link .popup_body\"\n>\n    Mehr\n<\/a>\n\n    <div class=\"popup_content\">\n        <div class=\"popup_headline\"><\/div>\n\t\t<div class=\"popup_body\">\n\t\t\t\t\n\t\t\t\t\t\t\n\t\t\t\n<div class=\"single-presentation\">\n\t<div class=\"single-presentation-header\">\n            <\/div>\n     <div class='topic_category category_839' style=\"color: #d4d800;\">\n\t\t<span>Innovative Medizintechnologien erfolgreich in die Anwendung bringen by InfectoGnostics<\/span>\n\t<\/div>\n\t<div class=\"single-presentation-content \n\t\t show-abstract \"\n\t>\n\t\t\t\t\t\t\t    <div class='speakers'>\n                                    <div class='speaker'>\n                        <div class=\"speaker-image\">\n\t\t<div class=\"speaker-image-image\">\n\t\t\t<img\n\t\t\t\tloading='lazy' \n\t\t\t\tclass=''\n\t\t\t\tdata-modal-id=\"\" \n\t\t\t\t\t\t\t\t\t\t\t\t\t\t\t\t\t\t\t\tsrc=\"https:\/\/portal.fleet-events.de\/de\/speakerphoto?path=3520\/profile_xircus.jpg&amp;s=600&amp;v=1784706242\" \n\t\t\t\talt=\"Jens Hellwage\" \n\t\t\t\/>\n\t\t<\/div>\n                    <div class=\"speaker-image-credits\">\n                            <\/div>\n            <\/div>\n\n                    <div class=\"speaker-info\">\n                                    <h3 class=\"speaker-name\">Dr.&nbsp;Jens Hellwage\n                            <\/h3>                <span class=\"speaker-jobtitle\">Gesch\u00e4ftsf\u00fchrer                <\/span>                <span class=\"speaker-company\">InfectoGnostics Forschungscampus Jena e.V.<\/span>     \n    \n                    <\/div>\n                <\/div>\n                                <\/div>\n\n\t\t\t\t<div class='presentation '>\n\t\t\t<div class='presentation-main'>\n\t\t\t\t<h3 class='topic'>Welcome and Introduction<\/h3>\n\t\t\t\t<div class='subtitle'><\/div>\n\t\t\t\t<div class='abstract'>Wie lassen sich innovative Technologien aus den Bereichen Photonik, Molekularbiologie und KI schneller in die medizinische Anwendung bringen? Anhand konkreter Beispiele regionaler Unternehmen, Forschungsinstitute und Netzwerke zeigt die Session Wege von der technologischen Innovation zur praktischen Nutzung. Das Leibniz-Zentrum f\u00fcr Photonik in der Infektionsforschung (LPI) wird dabei als k\u00fcnftige Translationsinfrastruktur zur Beschleunigung kliniknaher Entwicklung und Validierung und vorgestellt. Gemeinsam mit den Referierenden werden zentrale Herausforderungen sowie kooperative L\u00f6sungsans\u00e4tze f\u00fcr einen erfolgreichen Transfer in die medizinische Anwendung diskutiert.<\/div>\n\t\t\t<\/div>\n\t\t\t<div class='presentation-info'>\n\t\t\t\t<div class='presentation-info-date-time-location'>\n\t\t\t\t\t<span class=\"presentation-date-time\">\n\t\t\t\t\t\t<span class='presentation-date'>Mittwoch, 23.September 2026,<\/span>\n\t\t\t\t\t\t<span class='presentation-time'>    14:30&ndash;15:30 Uhr\n, <\/span>\n\t\t\t\t\t<\/span>\n\t\t\t\t\t<span class='presentation-location'>\n\t\t\t\t\t\t\t\t\t\t\t\t\ten-tech.talks - Halle 2\n\t\t\t\t\t\t\t\t\t\t\t<\/span>\n\t\t\t\t<\/div>\n\t\t\t\t<div class='presentation-info-type'>\n\t\t\t\t\t    \n\t\t\t\t<\/div>\n\t\t\t<\/div>\n\t\t\t\t\t<\/div>\n    <\/div>\n<\/div>\t\t<\/div>\n    <\/div>\n                                                                                                            <\/div>\n                                                    <\/div>\n                                        \t\t\t<div class=\"abstract\">\n\t\t\t<div>Wie lassen sich innovative Technologien aus den Bereichen Photonik, Molekularbiologie und KI schneller in die medizinische Anwendung bringen? Anhand konkreter Beispiele regionaler Unternehmen, Forschungsinstitute und Netzwerke zeigt die Session Wege von der technologischen Innovation zur praktischen Nutzung. Das Leibniz-Zentrum f\u00fcr Photonik in der Infektionsforschung (LPI) wird dabei als k\u00fcnftige Translationsinfrastruktur zur Beschleunigung kliniknaher Entwicklung und Validierung und vorgestellt. Gemeinsam mit den Referierenden werden zentrale Herausforderungen sowie kooperative L\u00f6sungsans\u00e4tze f\u00fcr einen erfolgreichen Transfer in die medizinische Anwendung diskutiert.<\/div>\n\t\t<\/div>\n\t                <\/div>\n                        \n                        <\/div>\n                                                                                                \n\n\n    <div        class=\"fea-presentation-list-item presentation-item\"\n                    dynamic-filter-item\n                                                                        data-filter-main_topic_id=\"{{839}}\"\n                                                                        data-filter-date=\"{{2026-09-23}}\"\n                                                                        data-filter-stage_id=\"{{785}}\"\n                        >\n                                \t<div class=\"presentation-topic\" style=\"background-color:#d4d800;\">\n\t\t\t\t\t\t\t\t\t\t\tInnovative Medizintechnologien erfolgreich in die Anwendung bringen by InfectoGnostics\n\t\t\t\t<\/div>\n\t                <div class=\"presentation-headline\">\n                                                                        <div class=\"presentation-info\">\n                                                                    <div class=\"presentation-time\">\n                                            14:35&ndash;14:50 Uhr\n  | en-tech.talks - Halle 2                                     <\/div>\n                                                                                                    <div class=\"presentation-title\">\n                                                                                    <h3 class='topic'>\n                                                \t\t\t<img loading=\"lazy\" decoding=\"async\" loading=\"lazy\" width=\"18\" height=\"12\" src=\"\/wp-content\/plugins\/sitepress-multilingual-cms\/res\/flags\/de.png\">\n\t\t    Das LPI als Partner f\u00fcr Technologieentwicklung, Validieren und Translation\n\n\n                                            <\/h3>\n                                            <span class='subtitle'>\n                                                    \n\n                                            <\/span>\n                                                                            <\/div>\n                                                            <\/div>\n                                                                            <div class=\"presentation-meta\">\n                                                                                                                                                <div class=\"presentation-partner\">\n                                            <img decoding=\"async\" src=\"https:\/\/portal.fleet-events.de\/de\/uploads?path=sessions\/7483.jpg\"\/>\n                                        <\/div>\n                                                                                                <\/div>\n                                                            <\/div>\n            \n                            <div class=\"presentation-content\n                                                         has-image \"\n                >\n                                            <div class=\"speakers\">\n                                                                                                                                                                                    <div class=\"speaker\">\n                                                                                                                                                                                                                                                                                                                        \n                                                                                                                                                            \n                                                        <div class=\"speaker-image\">\n\t\t<div class=\"speaker-image-image\">\n\t\t\t<img\n\t\t\t\tloading='lazy' \n\t\t\t\tclass=''\n\t\t\t\tdata-modal-id=\"6a94e6f86cfab\" \n\t\t\t\t         show-modal-trigger=\"true\" \t\t\t\t     data-src=\"\/jena\/vortraege-buehnenprogramm-w3-fair-jena-2026-en-tech-talks\/jena-speaker-details\/3589\" \t\t\t\t  data-info-header=\".single-speaker-header\"  \t\t\t\t data-info-content=\".single-speaker-content\"  \t\t\t\tsrc=\"https:\/\/portal.fleet-events.de\/de\/speakerphoto?path=3589\/profile_xircus.jpg&amp;s=600&amp;v=1786688120\" \n\t\t\t\talt=\"Christine Schulz\" \n\t\t\t\/>\n\t\t<\/div>\n                    <div class=\"speaker-image-credits\">\n                            <\/div>\n            <\/div>\n\n                                                                                                                                                    <div class=\"speaker-info\">\n                                                                    <h3 class=\"speaker-name\">Dr.&nbsp;Christine Schulz\n                            <\/h3>                <span class=\"speaker-jobtitle\">Projektmanagerin Basistechnologien                <\/span>                <span class=\"speaker-company\">LPI gGmbH<\/span>     \n\n                                                    <\/div>\n                                                                                            <\/div>\n                                                                                                                                                                                                    <div class=\"presentation-link\">\n                                                                                                                                                <\/div>\n                                                    <\/div>\n                                        \t                <\/div>\n                        \n                        <\/div>\n                                                                                                \n\n\n    <div        class=\"fea-presentation-list-item presentation-item\"\n                    dynamic-filter-item\n                                                                        data-filter-main_topic_id=\"{{839}}\"\n                                                                        data-filter-date=\"{{2026-09-23}}\"\n                                                                        data-filter-stage_id=\"{{785}}\"\n                        >\n                                \t<div class=\"presentation-topic\" style=\"background-color:#d4d800;\">\n\t\t\t\t\t\t\t\t\t\t\tInnovative Medizintechnologien erfolgreich in die Anwendung bringen by InfectoGnostics\n\t\t\t\t<\/div>\n\t                <div class=\"presentation-headline\">\n                                                                        <div class=\"presentation-info\">\n                                                                    <div class=\"presentation-time\">\n                                            14:50&ndash;15:10 Uhr\n  | en-tech.talks - Halle 2                                     <\/div>\n                                                                                                    <div class=\"presentation-title\">\n                                                                                    <h3 class='topic'>\n                                                \t\t\t<img loading=\"lazy\" decoding=\"async\" loading=\"lazy\" width=\"18\" height=\"12\" src=\"\/wp-content\/plugins\/sitepress-multilingual-cms\/res\/flags\/de.png\">\n\t\t    Klinische Translation von biophotonischen Technologien - Vom Prototyp zum Einsatz am Patienten\n\n\n                                            <\/h3>\n                                            <span class='subtitle'>\n                                                    \n\n                                            <\/span>\n                                                                            <\/div>\n                                                            <\/div>\n                                                                            <div class=\"presentation-meta\">\n                                                                                                                                                <div class=\"presentation-partner\">\n                                            <img decoding=\"async\" src=\"https:\/\/portal.fleet-events.de\/de\/uploads?path=sessions\/7526.jpg\"\/>\n                                        <\/div>\n                                                                                                <\/div>\n                                                            <\/div>\n            \n                            <div class=\"presentation-content\n                                                         has-image \"\n                >\n                                            <div class=\"speakers\">\n                                                                                                                                                                                    <div class=\"speaker\">\n                                                                                                                                                                                                                                                                                                                        \n                                                                                                                                                            \n                                                        <div class=\"speaker-image\">\n\t\t<div class=\"speaker-image-image\">\n\t\t\t<img\n\t\t\t\tloading='lazy' \n\t\t\t\tclass=''\n\t\t\t\tdata-modal-id=\"6a94e6f86cfab\" \n\t\t\t\t         show-modal-trigger=\"true\" \t\t\t\t     data-src=\"\/jena\/vortraege-buehnenprogramm-w3-fair-jena-2026-en-tech-talks\/jena-speaker-details\/3595\" \t\t\t\t  data-info-header=\".single-speaker-header\"  \t\t\t\t data-info-content=\".single-speaker-content\"  \t\t\t\tsrc=\"https:\/\/portal.fleet-events.de\/de\/speakerphoto?path=3595\/profile_xircus.jpg&amp;s=600&amp;v=1786969124\" \n\t\t\t\talt=\"Iwan Schie\" \n\t\t\t\/>\n\t\t<\/div>\n                    <div class=\"speaker-image-credits\">\n                            <\/div>\n            <\/div>\n\n                                                                                                                                                    <div class=\"speaker-info\">\n                                                                    <h3 class=\"speaker-name\">Prof. Dr.&nbsp;Iwan Schie\n                            <\/h3>                                <span class=\"speaker-company\">Leibniz-Institut f\u00fcr Photonische Technologien (Leibniz-IPHT)<\/span>     \n\n                                                    <\/div>\n                                                                                            <\/div>\n                                                                                                                                                                                                    <div class=\"presentation-link\">\n                                                                                                                                                <\/div>\n                                                    <\/div>\n                                        \t                <\/div>\n                        \n                        <\/div>\n                                                                                                \n\n\n    <div        class=\"fea-presentation-list-item presentation-item\"\n                    dynamic-filter-item\n                                                                        data-filter-main_topic_id=\"{{840}}\"\n                                                                        data-filter-date=\"{{2026-09-23}}\"\n                                                                        data-filter-stage_id=\"{{785}}\"\n                        >\n                                \t<div class=\"presentation-topic\" style=\"background-color:#77bc9d;\">\n\t\t\t\t\t\t\t\t\t\t\tDefence &amp; Dual Use - Was es f\u00fcr die Gesamtverteidigung braucht by Mitteldeutsches Institut f\u00fcr Sicherheitsindustrie e.V.\n\t\t\t\t<\/div>\n\t                <div class=\"presentation-headline\">\n                                                                        <div class=\"presentation-info\">\n                                                                    <div class=\"presentation-time\">\n                                            15:30&ndash;15:40 Uhr\n  | en-tech.talks - Halle 2                                     <\/div>\n                                                                                                    <div class=\"presentation-title\">\n                                                                                    <h3 class='topic'>\n                                                \t\t\t<img loading=\"lazy\" decoding=\"async\" loading=\"lazy\" width=\"18\" height=\"12\" src=\"\/wp-content\/plugins\/sitepress-multilingual-cms\/res\/flags\/de.png\">\n\t\t    Einleitung\/Einf\u00fchrung\n\n\n                                            <\/h3>\n                                            <span class='subtitle'>\n                                                    \n\n                                            <\/span>\n                                                                            <\/div>\n                                                            <\/div>\n                                                                            <div class=\"presentation-meta\">\n                                                                                                                                                <div class=\"presentation-partner\">\n                                            <img decoding=\"async\" src=\"https:\/\/portal.fleet-events.de\/de\/uploads?path=sessions\/7404.jpg\"\/>\n                                        <\/div>\n                                                                                                <\/div>\n                                                            <\/div>\n            \n                            <div class=\"presentation-content\n                                                         has-image \"\n                >\n                                            <div class=\"speakers\">\n                                                                                                                                                                                    <div class=\"speaker\">\n                                                                                                                                                                                                                                                                                                                        \n                                                                                                                                                            \n                                                        <div class=\"speaker-image\">\n\t\t<div class=\"speaker-image-image\">\n\t\t\t<img\n\t\t\t\tloading='lazy' \n\t\t\t\tclass=''\n\t\t\t\tdata-modal-id=\"6a94e6f86cfab\" \n\t\t\t\t         show-modal-trigger=\"true\" \t\t\t\t     data-src=\"\/jena\/vortraege-buehnenprogramm-w3-fair-jena-2026-en-tech-talks\/jena-speaker-details\/3521\" \t\t\t\t  data-info-header=\".single-speaker-header\"  \t\t\t\t data-info-content=\".single-speaker-content\"  \t\t\t\tsrc=\"https:\/\/portal.fleet-events.de\/de\/speakerphoto?path=3521\/profile_xircus.jpg&amp;s=600&amp;v=1786704169\" \n\t\t\t\talt=\"Markus Kurczyk\" \n\t\t\t\/>\n\t\t<\/div>\n                    <div class=\"speaker-image-credits\">\n                            <\/div>\n            <\/div>\n\n                                                                                                                                                    <div class=\"speaker-info\">\n                                                                    <h3 class=\"speaker-name\">Markus Kurczyk\n                            <\/h3>                <span class=\"speaker-jobtitle\">Generalmajor a.D.                <\/span>                     \n\n                                                    <\/div>\n                                                                                            <\/div>\n                                                                                                                                                                                                    <div class=\"presentation-link\">\n                                                                                                                                                <\/div>\n                                                    <\/div>\n                                        \t                <\/div>\n                        \n                        <\/div>\n                                                                                                \n\n\n    <div        class=\"fea-presentation-list-item presentation-item\"\n                    dynamic-filter-item\n                                                                        data-filter-main_topic_id=\"{{840}}\"\n                                                                        data-filter-date=\"{{2026-09-23}}\"\n                                                                        data-filter-stage_id=\"{{785}}\"\n                        >\n                                \t<div class=\"presentation-topic\" style=\"background-color:#77bc9d;\">\n\t\t\t\t\t\t\t\t\t\t\tDefence &amp; Dual Use - Was es f\u00fcr die Gesamtverteidigung braucht by Mitteldeutsches Institut f\u00fcr Sicherheitsindustrie e.V.\n\t\t\t\t<\/div>\n\t                <div class=\"presentation-headline\">\n                                                                        <div class=\"presentation-info\">\n                                                                    <div class=\"presentation-time\">\n                                            15:40&ndash;15:50 Uhr\n  | en-tech.talks - Halle 2                                     <\/div>\n                                                                                                    <div class=\"presentation-title\">\n                                                                                    <h3 class='topic'>\n                                                \t\t\t<img loading=\"lazy\" decoding=\"async\" loading=\"lazy\" width=\"18\" height=\"12\" src=\"\/wp-content\/plugins\/sitepress-multilingual-cms\/res\/flags\/de.png\">\n\t\t    \n\n\n                                            <\/h3>\n                                            <span class='subtitle'>\n                                                    \n\n                                            <\/span>\n                                                                            <\/div>\n                                                            <\/div>\n                                                                            <div class=\"presentation-meta\">\n                                                                                                                                                                    <\/div>\n                                                            <\/div>\n            \n                            <div class=\"presentation-content\n                                                        \"\n                >\n                                            <div class=\"speakers\">\n                                                                                                                                                                                    <div class=\"speaker\">\n                                                                                                                                                                                                                                                                                                                        \n                                                                                                                                                            \n                                                        <div class=\"speaker-image\">\n\t\t<div class=\"speaker-image-image\">\n\t\t\t<img\n\t\t\t\tloading='lazy' \n\t\t\t\tclass=''\n\t\t\t\tdata-modal-id=\"6a94e6f86cfab\" \n\t\t\t\t         show-modal-trigger=\"true\" \t\t\t\t     data-src=\"\/jena\/vortraege-buehnenprogramm-w3-fair-jena-2026-en-tech-talks\/jena-speaker-details\/2745\" \t\t\t\t  data-info-header=\".single-speaker-header\"  \t\t\t\t data-info-content=\".single-speaker-content\"  \t\t\t\tsrc=\"https:\/\/portal.fleet-events.de\/de\/speakerphoto?path=2745\/profile_xircus.jpg&amp;s=600&amp;v=1784813134\" \n\t\t\t\talt=\"NN NN\" \n\t\t\t\/>\n\t\t<\/div>\n                    <div class=\"speaker-image-credits\">\n                            <\/div>\n            <\/div>\n\n                                                                                                                                                    <div class=\"speaker-info\">\n                                                                    <h3 class=\"speaker-name\">NN NN\n                            <\/h3>                                     \n\n                                                    <\/div>\n                                                                                            <\/div>\n                                                                                                                                                                                                    <div class=\"presentation-link\">\n                                                                                                                                                <\/div>\n                                                    <\/div>\n                                        \t                <\/div>\n                        \n                        <\/div>\n                                                                                                \n\n\n    <div        class=\"fea-presentation-list-item presentation-item\"\n                    dynamic-filter-item\n                                                                        data-filter-main_topic_id=\"{{840}}\"\n                                                                        data-filter-date=\"{{2026-09-23}}\"\n                                                                        data-filter-stage_id=\"{{785}}\"\n                        >\n                                \t<div class=\"presentation-topic\" style=\"background-color:#77bc9d;\">\n\t\t\t\t\t\t\t\t\t\t\tDefence &amp; Dual Use - Was es f\u00fcr die Gesamtverteidigung braucht by Mitteldeutsches Institut f\u00fcr Sicherheitsindustrie e.V.\n\t\t\t\t<\/div>\n\t                <div class=\"presentation-headline\">\n                                                                        <div class=\"presentation-info\">\n                                                                    <div class=\"presentation-time\">\n                                            15:50&ndash;16:00 Uhr\n  | en-tech.talks - Halle 2                                     <\/div>\n                                                                                                    <div class=\"presentation-title\">\n                                                                                    <h3 class='topic'>\n                                                \t\t\t<img loading=\"lazy\" decoding=\"async\" loading=\"lazy\" width=\"18\" height=\"12\" src=\"\/wp-content\/plugins\/sitepress-multilingual-cms\/res\/flags\/de.png\">\n\t\t    \n\n\n                                            <\/h3>\n                                            <span class='subtitle'>\n                                                    \n\n                                            <\/span>\n                                                                            <\/div>\n                                                            <\/div>\n                                                                            <div class=\"presentation-meta\">\n                                                                                                                                                <div class=\"presentation-partner\">\n                                            <img decoding=\"async\" src=\"https:\/\/portal.fleet-events.de\/de\/uploads?path=sessions\/7534.jpg\"\/>\n                                        <\/div>\n                                                                                                <\/div>\n                                                            <\/div>\n            \n                            <div class=\"presentation-content\n                                                         has-image \"\n                >\n                                            <div class=\"speakers\">\n                                                                                                                                                                                    <div class=\"speaker\">\n                                                                                                                                                                                                                                                                                                                        \n                                                                                                                                                            \n                                                        <div class=\"speaker-image\">\n\t\t<div class=\"speaker-image-image\">\n\t\t\t<img\n\t\t\t\tloading='lazy' \n\t\t\t\tclass=''\n\t\t\t\tdata-modal-id=\"6a94e6f86cfab\" \n\t\t\t\t         show-modal-trigger=\"true\" \t\t\t\t     data-src=\"\/jena\/vortraege-buehnenprogramm-w3-fair-jena-2026-en-tech-talks\/jena-speaker-details\/3603\" \t\t\t\t  data-info-header=\".single-speaker-header\"  \t\t\t\t data-info-content=\".single-speaker-content\"  \t\t\t\tsrc=\"https:\/\/portal.fleet-events.de\/de\/speakerphoto?path=3603\/profile_xircus.jpg&amp;s=600&amp;v=1787239544\" \n\t\t\t\talt=\"Jan Berger\" \n\t\t\t\/>\n\t\t<\/div>\n                    <div class=\"speaker-image-credits\">\n                            <\/div>\n            <\/div>\n\n                                                                                                                                                    <div class=\"speaker-info\">\n                                                                    <h3 class=\"speaker-name\">Jan Berger\n                            <\/h3>                <span class=\"speaker-jobtitle\">CFO                <\/span>                <span class=\"speaker-company\">RISEPORT SE<\/span>     \n\n                                                    <\/div>\n                                                                                            <\/div>\n                                                                                                                                                                                                    <div class=\"presentation-link\">\n                                                                                                                                                <\/div>\n                                                    <\/div>\n                                        \t                <\/div>\n                        \n                        <\/div>\n                                                                                                \n\n\n    <div        class=\"fea-presentation-list-item presentation-item\"\n                    dynamic-filter-item\n                                                                        data-filter-main_topic_id=\"{{840}}\"\n                                                                        data-filter-date=\"{{2026-09-23}}\"\n                                                                        data-filter-stage_id=\"{{785}}\"\n                        >\n                                \t<div class=\"presentation-topic\" style=\"background-color:#77bc9d;\">\n\t\t\t\t\t\t\t\t\t\t\tDefence &amp; Dual Use - Was es f\u00fcr die Gesamtverteidigung braucht by Mitteldeutsches Institut f\u00fcr Sicherheitsindustrie e.V.\n\t\t\t\t<\/div>\n\t                <div class=\"presentation-headline\">\n                                                                        <div class=\"presentation-info\">\n                                                                    <div class=\"presentation-time\">\n                                            16:00&ndash;16:30 Uhr\n  | en-tech.talks - Halle 2                                     <\/div>\n                                                                                                    <div class=\"presentation-title\">\n                                                                                    <h3 class='topic'>\n                                                \t\t\t<img loading=\"lazy\" decoding=\"async\" loading=\"lazy\" width=\"18\" height=\"12\" src=\"\/wp-content\/plugins\/sitepress-multilingual-cms\/res\/flags\/de.png\">\n\t\t    Moderierte Diskussion mit den Impulsgebenden durch GM a.D. Markus Kurczyk\n\n\n                                            <\/h3>\n                                            <span class='subtitle'>\n                                                    \n\n                                            <\/span>\n                                                                            <\/div>\n                                                            <\/div>\n                                                                            <div class=\"presentation-meta\">\n                                                                                                                                                <div class=\"presentation-partner\">\n                                            <img decoding=\"async\" src=\"https:\/\/portal.fleet-events.de\/de\/uploads?path=sessions\/7535.jpg\"\/>\n                                        <\/div>\n                                                                                                <\/div>\n                                                            <\/div>\n            \n                            <div class=\"presentation-content\n                                                         has-image \"\n                >\n                                            <div class=\"speakers\">\n                                                                                                                                                                                    <div class=\"speaker\">\n                                                                                                                                                                                                                                                                                                                        \n                                                                                                                                                            \n                                                        <div class=\"speaker-image\">\n\t\t<div class=\"speaker-image-image\">\n\t\t\t<img\n\t\t\t\tloading='lazy' \n\t\t\t\tclass=''\n\t\t\t\tdata-modal-id=\"6a94e6f86cfab\" \n\t\t\t\t         show-modal-trigger=\"true\" \t\t\t\t     data-src=\"\/jena\/vortraege-buehnenprogramm-w3-fair-jena-2026-en-tech-talks\/jena-speaker-details\/3521\" \t\t\t\t  data-info-header=\".single-speaker-header\"  \t\t\t\t data-info-content=\".single-speaker-content\"  \t\t\t\tsrc=\"https:\/\/portal.fleet-events.de\/de\/speakerphoto?path=3521\/profile_xircus.jpg&amp;s=600&amp;v=1786704169\" \n\t\t\t\talt=\"Markus Kurczyk\" \n\t\t\t\/>\n\t\t<\/div>\n                    <div class=\"speaker-image-credits\">\n                            <\/div>\n            <\/div>\n\n                                                                                                                                                    <div class=\"speaker-info\">\n                                                                    <h3 class=\"speaker-name\">Markus Kurczyk\n                            <\/h3>                <span class=\"speaker-jobtitle\">Generalmajor a.D.                <\/span>                     \n\n                                                    <\/div>\n                                                                                            <\/div>\n                                                                                                                                                                <div class=\"speaker\">\n                                                                                                                                                                                                                                                                                                                        \n                                                                                                                                                            \n                                                        <div class=\"speaker-image\">\n\t\t<div class=\"speaker-image-image\">\n\t\t\t<img\n\t\t\t\tloading='lazy' \n\t\t\t\tclass=''\n\t\t\t\tdata-modal-id=\"6a94e6f86cfab\" \n\t\t\t\t         show-modal-trigger=\"true\" \t\t\t\t     data-src=\"\/jena\/vortraege-buehnenprogramm-w3-fair-jena-2026-en-tech-talks\/jena-speaker-details\/3602\" \t\t\t\t  data-info-header=\".single-speaker-header\"  \t\t\t\t data-info-content=\".single-speaker-content\"  \t\t\t\tsrc=\"https:\/\/portal.fleet-events.de\/de\/speakerphoto?path=3602\/profile_xircus.jpg&amp;s=600&amp;v=1787557484\" \n\t\t\t\talt=\"Wolfgang G\u00e4belein\" \n\t\t\t\/>\n\t\t<\/div>\n                    <div class=\"speaker-image-credits\">\n                            <\/div>\n            <\/div>\n\n                                                                                                                                                    <div class=\"speaker-info\">\n                                                                    <h3 class=\"speaker-name\">Wolfgang G\u00e4belein\n                            <\/h3>                <span class=\"speaker-jobtitle\">Generalmajor a.D.                <\/span>                <span class=\"speaker-company\">DEUTSCHE GESELLSCHAFT F\u00dcR WEHRTECHNIK e.V. (DWT)<\/span>     \n\n                                                    <\/div>\n                                                                                            <\/div>\n                                                                                                                                                                <div class=\"speaker\">\n                                                                                                                                                                                                                                                                                                                        \n                                                                                                                                                            \n                                                        <div class=\"speaker-image\">\n\t\t<div class=\"speaker-image-image\">\n\t\t\t<img\n\t\t\t\tloading='lazy' \n\t\t\t\tclass=''\n\t\t\t\tdata-modal-id=\"6a94e6f86cfab\" \n\t\t\t\t         show-modal-trigger=\"true\" \t\t\t\t     data-src=\"\/jena\/vortraege-buehnenprogramm-w3-fair-jena-2026-en-tech-talks\/jena-speaker-details\/3603\" \t\t\t\t  data-info-header=\".single-speaker-header\"  \t\t\t\t data-info-content=\".single-speaker-content\"  \t\t\t\tsrc=\"https:\/\/portal.fleet-events.de\/de\/speakerphoto?path=3603\/profile_xircus.jpg&amp;s=600&amp;v=1787239544\" \n\t\t\t\talt=\"Jan Berger\" \n\t\t\t\/>\n\t\t<\/div>\n                    <div class=\"speaker-image-credits\">\n                            <\/div>\n            <\/div>\n\n                                                                                                                                                    <div class=\"speaker-info\">\n                                                                    <h3 class=\"speaker-name\">Jan Berger\n                            <\/h3>                <span class=\"speaker-jobtitle\">CFO                <\/span>                <span class=\"speaker-company\">RISEPORT SE<\/span>     \n\n                                                    <\/div>\n                                                                                            <\/div>\n                                                                                                                                                                                                    <div class=\"presentation-link\">\n                                                                                                                                                <\/div>\n                                                    <\/div>\n                                        \t                <\/div>\n                        \n                        <\/div>\n                                                                                                \n\n\n    <div        class=\"fea-presentation-list-item presentation-item\"\n                    dynamic-filter-item\n                                                                        data-filter-main_topic_id=\"{{841}}\"\n                                                                        data-filter-date=\"{{2026-09-23}}\"\n                                                                        data-filter-stage_id=\"{{785}}\"\n                        >\n                                \t<div class=\"presentation-topic\" style=\"background-color:#dcaf8e;\">\n\t\t\t\t\t\t\t\t\t\t\tAbend-Keynote\n\t\t\t\t<\/div>\n\t                <div class=\"presentation-headline\">\n                                                                        <div class=\"presentation-info\">\n                                                                    <div class=\"presentation-time\">\n                                            16:30&ndash;17:00 Uhr\n  | en-tech.talks - Halle 2                                     <\/div>\n                                                                                                    <div class=\"presentation-title\">\n                                                                                    <h3 class='topic'>\n                                                \t\t\t<img loading=\"lazy\" decoding=\"async\" loading=\"lazy\" width=\"18\" height=\"12\" src=\"\/wp-content\/plugins\/sitepress-multilingual-cms\/res\/flags\/de.png\">\n\t\t    DU bist die Entscheidung!\n\n\n                                            <\/h3>\n                                            <span class='subtitle'>\n                                                    \n\n                                            <\/span>\n                                                                            <\/div>\n                                                            <\/div>\n                                                                            <div class=\"presentation-meta\">\n                                                                                                                                                                    <\/div>\n                                                            <\/div>\n            \n                            <div class=\"presentation-content\n                                                        \"\n                >\n                                            <div class=\"speakers\">\n                                                                                                                                                                                    <div class=\"speaker\">\n                                                                                                                                                                                                                                                                                                                        \n                                                                                                                                                            \n                                                        <div class=\"speaker-image\">\n\t\t<div class=\"speaker-image-image\">\n\t\t\t<img\n\t\t\t\tloading='lazy' \n\t\t\t\tclass=''\n\t\t\t\tdata-modal-id=\"6a94e6f86cfab\" \n\t\t\t\t         show-modal-trigger=\"true\" \t\t\t\t     data-src=\"\/jena\/vortraege-buehnenprogramm-w3-fair-jena-2026-en-tech-talks\/jena-speaker-details\/3610\" \t\t\t\t  data-info-header=\".single-speaker-header\"  \t\t\t\t data-info-content=\".single-speaker-content\"  \t\t\t\tsrc=\"https:\/\/portal.fleet-events.de\/de\/speakerphoto?path=3610\/profile_xircus.jpg&amp;s=600&amp;v=1787654082\" \n\t\t\t\talt=\"Urs Meier\" \n\t\t\t\/>\n\t\t<\/div>\n                    <div class=\"speaker-image-credits\">\n                            <\/div>\n            <\/div>\n\n                                                                                                                                                    <div class=\"speaker-info\">\n                                                                    <h3 class=\"speaker-name\">Urs Meier\n                            <\/h3>                <span class=\"speaker-jobtitle\">Profi-Schiedsrichter, TV-Kommentator, Speaker                <\/span>                     \n\n                                                    <\/div>\n                                                                                            <\/div>\n                                                                                                                                                                                                    <div class=\"presentation-link\">\n                                                                                                                                                <\/div>\n                                                    <\/div>\n                                        \t                <\/div>\n                        \n                        <\/div>\n                                                                                    <\/div>\n                                                                                                                                                            \n    <div        class=\"fea-presentation-list-group\"\n                    dynamic-filter-item\n                                                                                                                                                                                                                                                                                                                                                                                                                                                                                                                                                                                                                                                                                                                                                                                                                                                                                                                                                                            data-filter-main_topic_id=\"{{842}}{{842}}{{891}}{{891}}{{891}}{{891}}{{891}}{{843}}{{843}}{{843}}{{843}}{{843}}{{843}}{{843}}{{843}}{{891}}{{845}}{{845}}{{845}}{{845}}{{890}}{{890}}{{890}}{{890}}{{890}}{{890}}{{846}}{{846}}{{846}}{{846}}{{846}}{{846}}\"\n                                                                                                                                                                                                                                                                                                                                                                                                                                                                                                                                                                                                                                                                                                                                                                                                                                                                                                                                                                            data-filter-date=\"{{2026-09-24}}{{2026-09-24}}{{2026-09-24}}{{2026-09-24}}{{2026-09-24}}{{2026-09-24}}{{2026-09-24}}{{2026-09-24}}{{2026-09-24}}{{2026-09-24}}{{2026-09-24}}{{2026-09-24}}{{2026-09-24}}{{2026-09-24}}{{2026-09-24}}{{2026-09-24}}{{2026-09-24}}{{2026-09-24}}{{2026-09-24}}{{2026-09-24}}{{2026-09-24}}{{2026-09-24}}{{2026-09-24}}{{2026-09-24}}{{2026-09-24}}{{2026-09-24}}{{2026-09-24}}{{2026-09-24}}{{2026-09-24}}{{2026-09-24}}{{2026-09-24}}{{2026-09-24}}\"\n                                                                                                                                                                                                                                                                                                                                                                                                                                                                                                                                                                                                                                                                                                                                                                                                                                                                                                                                                                            data-filter-stage_id=\"{{785}}{{785}}{{789}}{{789}}{{789}}{{789}}{{789}}{{785}}{{785}}{{785}}{{785}}{{785}}{{785}}{{785}}{{785}}{{789}}{{785}}{{785}}{{785}}{{785}}{{785}}{{785}}{{785}}{{785}}{{785}}{{785}}{{785}}{{785}}{{785}}{{785}}{{785}}{{785}}\"\n                        >\n                                                        <div class='fea-presentation-list-group-header' data-group-label='2026-09-24'>\n                                                    24. September 2026\n                                            <\/div>\n                                                                                                        \n\n\n    <div        class=\"fea-presentation-list-item presentation-item\"\n                    dynamic-filter-item\n                                                                        data-filter-main_topic_id=\"{{842}}\"\n                                                                        data-filter-date=\"{{2026-09-24}}\"\n                                                                        data-filter-stage_id=\"{{785}}\"\n                        >\n                                \t<div class=\"presentation-topic\" style=\"background-color:#e94e52;\">\n\t\t\t\t\t\t\t\t\t\t\tPrecision Optics Manufacturing: Why Europe&#039;s Industrial Base Matters by EPIC\n\t\t\t\t<\/div>\n\t                <div class=\"presentation-headline\">\n                                                                        <div class=\"presentation-info\">\n                                                                    <div class=\"presentation-time\">\n                                            10:00&ndash;10:05 Uhr\n  | en-tech.talks - Halle 2                                     <\/div>\n                                                                                                    <div class=\"presentation-title\">\n                                                                                    <h3 class='topic'>\n                                                \t\t\t<img loading=\"lazy\" decoding=\"async\" loading=\"lazy\" width=\"18\" height=\"12\" src=\"\/wp-content\/plugins\/sitepress-multilingual-cms\/res\/flags\/en.png\">\n\t\t    Welcome and Introduction\n\n\n                                            <\/h3>\n                                            <span class='subtitle'>\n                                                    \n\n                                            <\/span>\n                                                                            <\/div>\n                                                            <\/div>\n                                                                            <div class=\"presentation-meta\">\n                                                                                                                                                <div class=\"presentation-partner\">\n                                            <img decoding=\"async\" src=\"https:\/\/portal.fleet-events.de\/de\/uploads?path=sessions\/7406.jpg\"\/>\n                                        <\/div>\n                                                                                                <\/div>\n                                                            <\/div>\n            \n                            <div class=\"presentation-content\n                             show-abstract                              has-image \"\n                >\n                                            <div class=\"speakers\">\n                                                                                                                                                                                    <div class=\"speaker\">\n                                                                                                                                                                                                                                                                                                                        \n                                                                                                                                                            \n                                                        <div class=\"speaker-image\">\n\t\t<div class=\"speaker-image-image\">\n\t\t\t<img\n\t\t\t\tloading='lazy' \n\t\t\t\tclass=''\n\t\t\t\tdata-modal-id=\"6a94e6f86cfab\" \n\t\t\t\t         show-modal-trigger=\"true\" \t\t\t\t     data-src=\"\/jena\/vortraege-buehnenprogramm-w3-fair-jena-2026-en-tech-talks\/jena-speaker-details\/2733\" \t\t\t\t  data-info-header=\".single-speaker-header\"  \t\t\t\t data-info-content=\".single-speaker-content\"  \t\t\t\tsrc=\"https:\/\/portal.fleet-events.de\/de\/speakerphoto?path=2733\/profile_xircus.jpg&amp;s=600&amp;v=1738234872\" \n\t\t\t\talt=\"Lidia Briquets\" \n\t\t\t\/>\n\t\t<\/div>\n                    <div class=\"speaker-image-credits\">\n                            <\/div>\n            <\/div>\n\n                                                                                                                                                    <div class=\"speaker-info\">\n                                                                    <h3 class=\"speaker-name\">Lidia Briquets\n                            <\/h3>                <span class=\"speaker-jobtitle\">Program Manager at EPIC - EUROPEAN PHOTONICS                <\/span>                <span class=\"speaker-company\">EPIC - EUROPEAN PHOTONICS<\/span>     \n\n                                                    <\/div>\n                                                                                            <\/div>\n                                                                                                                                                                                                    <div class=\"presentation-link\">\n                                                                                                                        \n    \n<a \n    href=\/290742026\/presentation\/7406 \n    class=\"btn\" \n    data-modal-id=\"6a94e6f86cfab\"\n    show-modal-trigger\n    data-info-root=\".fea-presentation-list-item\"\n    data-info-header=\".presentation-link .popup_headline\"\n    data-info-content=\".presentation-link .popup_body\"\n>\n    Mehr\n<\/a>\n\n    <div class=\"popup_content\">\n        <div class=\"popup_headline\"><\/div>\n\t\t<div class=\"popup_body\">\n\t\t\t\t\n\t\t\t\t\t\t\n\t\t\t\n<div class=\"single-presentation\">\n\t<div class=\"single-presentation-header\">\n            <\/div>\n     <div class='topic_category category_842' style=\"color: #e94e52;\">\n\t\t<span>Precision Optics Manufacturing: Why Europe&#039;s Industrial Base Matters by EPIC<\/span>\n\t<\/div>\n\t<div class=\"single-presentation-content \n\t\t show-abstract \"\n\t>\n\t\t\t\t\t\t\t    <div class='speakers'>\n                                    <div class='speaker'>\n                        <div class=\"speaker-image\">\n\t\t<div class=\"speaker-image-image\">\n\t\t\t<img\n\t\t\t\tloading='lazy' \n\t\t\t\tclass=''\n\t\t\t\tdata-modal-id=\"\" \n\t\t\t\t\t\t\t\t\t\t\t\t\t\t\t\t\t\t\t\tsrc=\"https:\/\/portal.fleet-events.de\/de\/speakerphoto?path=2733\/profile_xircus.jpg&amp;s=600&amp;v=1738234872\" \n\t\t\t\talt=\"Lidia Briquets\" \n\t\t\t\/>\n\t\t<\/div>\n                    <div class=\"speaker-image-credits\">\n                            <\/div>\n            <\/div>\n\n                    <div class=\"speaker-info\">\n                                    <h3 class=\"speaker-name\">Lidia Briquets\n                            <\/h3>                <span class=\"speaker-jobtitle\">Program Manager at EPIC - EUROPEAN PHOTONICS                <\/span>                <span class=\"speaker-company\">EPIC - EUROPEAN PHOTONICS<\/span>     \n    \n                    <\/div>\n                <\/div>\n                                <\/div>\n\n\t\t\t\t<div class='presentation '>\n\t\t\t<div class='presentation-main'>\n\t\t\t\t<h3 class='topic'>Welcome and Introduction<\/h3>\n\t\t\t\t<div class='subtitle'><\/div>\n\t\t\t\t<div class='abstract'>Precision optics is at a strategic inflection point. Artificial intelligence, hyperscale data centers, quantum technologies, defense systems, and advanced sensing are creating unprecedented demand for optical innovation. At the same time, they are reshaping global industrial value chains.\r\nThis panel brings together leaders from across the optics ecosystem to discuss the forces redefining the industry. Topics include the shift toward demanding VIS, SWIR, MWIR, and LWIR applications, as well as advances in micro-optics, precision positioning, advanced materials, photonic integration, and high-performance metrology. The discussion will focus on the technologies that will drive the next decade of growth.\r\nBeyond technology, the panel will address a critical strategic question: How can Europe strengthen its position in an increasingly competitive global landscape? Key topics include scaling manufacturing capacity, securing critical supply chains, accelerating the path from innovation to production, and building a resilient optics ecosystem.\r\nThe goal is clear: to ensure Europe remains a global leader in the technologies that will shape future economic growth, industrial competitiveness, and security.<\/div>\n\t\t\t<\/div>\n\t\t\t<div class='presentation-info'>\n\t\t\t\t<div class='presentation-info-date-time-location'>\n\t\t\t\t\t<span class=\"presentation-date-time\">\n\t\t\t\t\t\t<span class='presentation-date'>Donnerstag, 24.September 2026,<\/span>\n\t\t\t\t\t\t<span class='presentation-time'>    10:00&ndash;10:05 Uhr\n, <\/span>\n\t\t\t\t\t<\/span>\n\t\t\t\t\t<span class='presentation-location'>\n\t\t\t\t\t\t\t\t\t\t\t\t\ten-tech.talks - Halle 2\n\t\t\t\t\t\t\t\t\t\t\t<\/span>\n\t\t\t\t<\/div>\n\t\t\t\t<div class='presentation-info-type'>\n\t\t\t\t\t    \n\t\t\t\t<\/div>\n\t\t\t<\/div>\n\t\t\t\t\t<\/div>\n    <\/div>\n<\/div>\t\t<\/div>\n    <\/div>\n                                                                                                            <\/div>\n                                                    <\/div>\n                                        \t\t\t<div class=\"abstract\">\n\t\t\t<div>Precision optics is at a strategic inflection point. Artificial intelligence, hyperscale data centers, quantum technologies, defense systems, and advanced sensing are creating unprecedented demand for optical innovation. At the same time, they are reshaping global industrial value chains.\r\nThis panel brings together leaders from across the optics ecosystem to discuss the forces redefining the industry. Topics include the shift toward demanding VIS, SWIR, MWIR, and LWIR applications, as well as advances in micro-optics, precision positioning, advanced materials, photonic integration, and high-performance metrology. The discussion will focus on the technologies that will drive the next decade of growth.\r\nBeyond technology, the panel will address a critical strategic question: How can Europe strengthen its position in an increasingly competitive global landscape? Key topics include scaling manufacturing capacity, securing critical supply chains, accelerating the path from innovation to production, and building a resilient optics ecosystem.\r\nThe goal is clear: to ensure Europe remains a global leader in the technologies that will shape future economic growth, industrial competitiveness, and security.<\/div>\n\t\t<\/div>\n\t                <\/div>\n                        \n                        <\/div>\n                                                                                                \n\n\n    <div        class=\"fea-presentation-list-item presentation-item\"\n                    dynamic-filter-item\n                                                                        data-filter-main_topic_id=\"{{842}}\"\n                                                                        data-filter-date=\"{{2026-09-24}}\"\n                                                                        data-filter-stage_id=\"{{785}}\"\n                        >\n                                \t<div class=\"presentation-topic\" style=\"background-color:#e94e52;\">\n\t\t\t\t\t\t\t\t\t\t\tPrecision Optics Manufacturing: Why Europe&#039;s Industrial Base Matters by EPIC\n\t\t\t\t<\/div>\n\t                <div class=\"presentation-headline\">\n                                                                        <div class=\"presentation-info\">\n                                                                    <div class=\"presentation-time\">\n                                            10:05&ndash;11:00 Uhr\n  | en-tech.talks - Halle 2                                     <\/div>\n                                                                                                    <div class=\"presentation-title\">\n                                                                                    <h3 class='topic'>\n                                                \t\t\t<img loading=\"lazy\" decoding=\"async\" loading=\"lazy\" width=\"18\" height=\"12\" src=\"\/wp-content\/plugins\/sitepress-multilingual-cms\/res\/flags\/en.png\">\n\t\t    Precision Optics Manufacturing: Why Europe&#039;s Industrial Base Matters\n\n\n                                            <\/h3>\n                                            <span class='subtitle'>\n                                                    \n\n                                            <\/span>\n                                                                            <\/div>\n                                                            <\/div>\n                                                                            <div class=\"presentation-meta\">\n                                                                                                                                                <div class=\"presentation-partner\">\n                                            <img decoding=\"async\" src=\"https:\/\/portal.fleet-events.de\/de\/uploads?path=sessions\/7438.jpg\"\/>\n                                        <\/div>\n                                                                                                <\/div>\n                                                            <\/div>\n            \n                            <div class=\"presentation-content\n                                                         has-image \"\n                >\n                                            <div class=\"speakers\">\n                                                                                                                                                                                    <div class=\"speaker\">\n                                                                                                                                                                                                                                                                                                                        \n                                                                                                                                                            \n                                                        <div class=\"speaker-image\">\n\t\t<div class=\"speaker-image-image\">\n\t\t\t<img\n\t\t\t\tloading='lazy' \n\t\t\t\tclass=''\n\t\t\t\tdata-modal-id=\"6a94e6f86cfab\" \n\t\t\t\t         show-modal-trigger=\"true\" \t\t\t\t     data-src=\"\/jena\/vortraege-buehnenprogramm-w3-fair-jena-2026-en-tech-talks\/jena-speaker-details\/3523\" \t\t\t\t  data-info-header=\".single-speaker-header\"  \t\t\t\t data-info-content=\".single-speaker-content\"  \t\t\t\tsrc=\"https:\/\/portal.fleet-events.de\/de\/speakerphoto?path=3523\/profile_xircus.jpg&amp;s=600&amp;v=1784714165\" \n\t\t\t\talt=\"Hendrik Zachmann\" \n\t\t\t\/>\n\t\t<\/div>\n                    <div class=\"speaker-image-credits\">\n                            <\/div>\n            <\/div>\n\n                                                                                                                                                    <div class=\"speaker-info\">\n                                                                    <h3 class=\"speaker-name\">Dr.&nbsp;Hendrik Zachmann\n                            <\/h3>                <span class=\"speaker-jobtitle\">Business Development                <\/span>                <span class=\"speaker-company\">JABIL<\/span>     \n\n                                                    <\/div>\n                                                                                            <\/div>\n                                                                                                                                                                <div class=\"speaker\">\n                                                                                                                                                                                                                                                                                                                        \n                                                                                                                                                            \n                                                        <div class=\"speaker-image\">\n\t\t<div class=\"speaker-image-image\">\n\t\t\t<img\n\t\t\t\tloading='lazy' \n\t\t\t\tclass=''\n\t\t\t\tdata-modal-id=\"6a94e6f86cfab\" \n\t\t\t\t         show-modal-trigger=\"true\" \t\t\t\t     data-src=\"\/jena\/vortraege-buehnenprogramm-w3-fair-jena-2026-en-tech-talks\/jena-speaker-details\/3578\" \t\t\t\t  data-info-header=\".single-speaker-header\"  \t\t\t\t data-info-content=\".single-speaker-content\"  \t\t\t\tsrc=\"https:\/\/portal.fleet-events.de\/de\/speakerphoto?path=3578\/profile_xircus.jpg&amp;s=600&amp;v=1786544406\" \n\t\t\t\talt=\"Jens Moeller\" \n\t\t\t\/>\n\t\t<\/div>\n                    <div class=\"speaker-image-credits\">\n                            <\/div>\n            <\/div>\n\n                                                                                                                                                    <div class=\"speaker-info\">\n                                                                    <h3 class=\"speaker-name\">Jens Moeller\n                            <\/h3>                <span class=\"speaker-jobtitle\">Head of Optics                <\/span>                <span class=\"speaker-company\">Diehl Defence<\/span>     \n\n                                                    <\/div>\n                                                                                            <\/div>\n                                                                                                                                                                <div class=\"speaker\">\n                                                                                                                                                                                                                                                                                                                        \n                                                                                                                                                            \n                                                        <div class=\"speaker-image\">\n\t\t<div class=\"speaker-image-image\">\n\t\t\t<img\n\t\t\t\tloading='lazy' \n\t\t\t\tclass=''\n\t\t\t\tdata-modal-id=\"6a94e6f86cfab\" \n\t\t\t\t         show-modal-trigger=\"true\" \t\t\t\t     data-src=\"\/jena\/vortraege-buehnenprogramm-w3-fair-jena-2026-en-tech-talks\/jena-speaker-details\/453\" \t\t\t\t  data-info-header=\".single-speaker-header\"  \t\t\t\t data-info-content=\".single-speaker-content\"  \t\t\t\tsrc=\"https:\/\/portal.fleet-events.de\/de\/speakerphoto?path=453\/profile_xircus.jpg&amp;s=600&amp;v=1786704030\" \n\t\t\t\talt=\"Christian Brock\" \n\t\t\t\/>\n\t\t<\/div>\n                    <div class=\"speaker-image-credits\">\n                            <\/div>\n            <\/div>\n\n                                                                                                                                                    <div class=\"speaker-info\">\n                                                                    <h3 class=\"speaker-name\">Dr.&nbsp;Christian Brock\n                            <\/h3>                <span class=\"speaker-jobtitle\">Sales Engineer                <\/span>                <span class=\"speaker-company\">OPTOCRAFT<\/span>     \n\n                                                    <\/div>\n                                                                                            <\/div>\n                                                                                                                                                                <div class=\"speaker\">\n                                                                                                                                                                                                                                                                                                                        \n                                                                                                                                                            \n                                                        <div class=\"speaker-image\">\n\t\t<div class=\"speaker-image-image\">\n\t\t\t<img\n\t\t\t\tloading='lazy' \n\t\t\t\tclass=''\n\t\t\t\tdata-modal-id=\"6a94e6f86cfab\" \n\t\t\t\t         show-modal-trigger=\"true\" \t\t\t\t     data-src=\"\/jena\/vortraege-buehnenprogramm-w3-fair-jena-2026-en-tech-talks\/jena-speaker-details\/3540\" \t\t\t\t  data-info-header=\".single-speaker-header\"  \t\t\t\t data-info-content=\".single-speaker-content\"  \t\t\t\tsrc=\"https:\/\/portal.fleet-events.de\/de\/speakerphoto?path=3540\/profile_xircus.jpg&amp;s=600&amp;v=1785240322\" \n\t\t\t\talt=\"J\u00fcrgen Waidhas\" \n\t\t\t\/>\n\t\t<\/div>\n                    <div class=\"speaker-image-credits\">\n                            <\/div>\n            <\/div>\n\n                                                                                                                                                    <div class=\"speaker-info\">\n                                                                    <h3 class=\"speaker-name\">J\u00fcrgen Waidhas\n                            <\/h3>                <span class=\"speaker-jobtitle\">Head of Sales \u2013 Tools and Machines                <\/span>                <span class=\"speaker-company\">dopa Diamond Tools<\/span>     \n\n                                                    <\/div>\n                                                                                            <\/div>\n                                                                                                                                                                                                    <div class=\"presentation-link\">\n                                                                                                                        \n    \n<a \n    href=\/290742026\/presentation\/7438 \n    class=\"btn\" \n    data-modal-id=\"6a94e6f86cfab\"\n    show-modal-trigger\n    data-info-root=\".fea-presentation-list-item\"\n    data-info-header=\".presentation-link .popup_headline\"\n    data-info-content=\".presentation-link .popup_body\"\n>\n    Mehr\n<\/a>\n\n    <div class=\"popup_content\">\n        <div class=\"popup_headline\"><\/div>\n\t\t<div class=\"popup_body\">\n\t\t\t\t\n\t\t\t\t\t\t\n\t\t\t\n<div class=\"single-presentation\">\n\t<div class=\"single-presentation-header\">\n            <\/div>\n     <div class='topic_category category_842' style=\"color: #e94e52;\">\n\t\t<span>Precision Optics Manufacturing: Why Europe&#039;s Industrial Base Matters by EPIC<\/span>\n\t<\/div>\n\t<div class=\"single-presentation-content \n\t\t\"\n\t>\n\t\t\t\t\t\t\t\t\t\t\t<div class='presentation wide'>\n\t\t\t<div class='presentation-main'>\n\t\t\t\t<h3 class='topic'>Precision Optics Manufacturing: Why Europe&#039;s Industrial Base Matters<\/h3>\n\t\t\t\t<div class='subtitle'><\/div>\n\t\t\t\t<div class='abstract'>Precision optics is at a strategic inflection point. Artificial intelligence, hyperscale data centers, quantum technologies, defense systems, and advanced sensing are creating unprecedented demand for optical innovation. At the same time, they are reshaping global industrial value chains.\r\nThis panel brings together leaders from across the optics ecosystem to discuss the forces redefining the industry. Topics include the shift toward demanding VIS, SWIR, MWIR, and LWIR applications, as well as advances in micro-optics, precision positioning, advanced materials, photonic integration, and high-performance metrology. The discussion will focus on the technologies that will drive the next decade of growth.\r\nBeyond technology, the panel will address a critical strategic question: How can Europe strengthen its position in an increasingly competitive global landscape? Key topics include scaling manufacturing capacity, securing critical supply chains, accelerating the path from innovation to production, and building a resilient optics ecosystem.\r\nThe goal is clear: to ensure Europe remains a global leader in the technologies that will shape future economic growth, industrial competitiveness, and security.<\/div>\n\t\t\t<\/div>\n\t\t\t<div class='presentation-info'>\n\t\t\t\t<div class='presentation-info-date-time-location'>\n\t\t\t\t\t<span class=\"presentation-date-time\">\n\t\t\t\t\t\t<span class='presentation-date'>Donnerstag, 24.September 2026,<\/span>\n\t\t\t\t\t\t<span class='presentation-time'>    10:05&ndash;11:00 Uhr\n, <\/span>\n\t\t\t\t\t<\/span>\n\t\t\t\t\t<span class='presentation-location'>\n\t\t\t\t\t\t\t\t\t\t\t\t\ten-tech.talks - Halle 2\n\t\t\t\t\t\t\t\t\t\t\t<\/span>\n\t\t\t\t<\/div>\n\t\t\t\t<div class='presentation-info-type'>\n\t\t\t\t\t    \n\t\t\t\t<\/div>\n\t\t\t<\/div>\n\t\t\t\t\t\t\t    <div class='speakers'>\n                                    <div class='speaker'>\n                        <div class=\"speaker-image\">\n\t\t<div class=\"speaker-image-image\">\n\t\t\t<img\n\t\t\t\tloading='lazy' \n\t\t\t\tclass=''\n\t\t\t\tdata-modal-id=\"\" \n\t\t\t\t\t\t\t\t\t\t\t\t\t\t\t\t\t\t\t\tsrc=\"https:\/\/portal.fleet-events.de\/de\/speakerphoto?path=3523\/profile_xircus.jpg&amp;s=600&amp;v=1784714165\" \n\t\t\t\talt=\"Hendrik Zachmann\" \n\t\t\t\/>\n\t\t<\/div>\n                    <div class=\"speaker-image-credits\">\n                            <\/div>\n            <\/div>\n\n                    <div class=\"speaker-info\">\n                                    <h3 class=\"speaker-name\">Dr.&nbsp;Hendrik Zachmann\n                            <\/h3>                <span class=\"speaker-jobtitle\">Business Development                <\/span>                <span class=\"speaker-company\">JABIL<\/span>     \n    \n                    <\/div>\n                <\/div>\n                            <div class='speaker'>\n                        <div class=\"speaker-image\">\n\t\t<div class=\"speaker-image-image\">\n\t\t\t<img\n\t\t\t\tloading='lazy' \n\t\t\t\tclass=''\n\t\t\t\tdata-modal-id=\"\" \n\t\t\t\t\t\t\t\t\t\t\t\t\t\t\t\t\t\t\t\tsrc=\"https:\/\/portal.fleet-events.de\/de\/speakerphoto?path=3578\/profile_xircus.jpg&amp;s=600&amp;v=1786544406\" \n\t\t\t\talt=\"Jens Moeller\" \n\t\t\t\/>\n\t\t<\/div>\n                    <div class=\"speaker-image-credits\">\n                            <\/div>\n            <\/div>\n\n                    <div class=\"speaker-info\">\n                                    <h3 class=\"speaker-name\">Jens Moeller\n                            <\/h3>                <span class=\"speaker-jobtitle\">Head of Optics                <\/span>                <span class=\"speaker-company\">Diehl Defence<\/span>     \n    \n                    <\/div>\n                <\/div>\n                            <div class='speaker'>\n                        <div class=\"speaker-image\">\n\t\t<div class=\"speaker-image-image\">\n\t\t\t<img\n\t\t\t\tloading='lazy' \n\t\t\t\tclass=''\n\t\t\t\tdata-modal-id=\"\" \n\t\t\t\t\t\t\t\t\t\t\t\t\t\t\t\t\t\t\t\tsrc=\"https:\/\/portal.fleet-events.de\/de\/speakerphoto?path=453\/profile_xircus.jpg&amp;s=600&amp;v=1786704030\" \n\t\t\t\talt=\"Christian Brock\" \n\t\t\t\/>\n\t\t<\/div>\n                    <div class=\"speaker-image-credits\">\n                            <\/div>\n            <\/div>\n\n                    <div class=\"speaker-info\">\n                                    <h3 class=\"speaker-name\">Dr.&nbsp;Christian Brock\n                            <\/h3>                <span class=\"speaker-jobtitle\">Sales Engineer                <\/span>                <span class=\"speaker-company\">OPTOCRAFT<\/span>     \n    \n                    <\/div>\n                <\/div>\n                            <div class='speaker'>\n                        <div class=\"speaker-image\">\n\t\t<div class=\"speaker-image-image\">\n\t\t\t<img\n\t\t\t\tloading='lazy' \n\t\t\t\tclass=''\n\t\t\t\tdata-modal-id=\"\" \n\t\t\t\t\t\t\t\t\t\t\t\t\t\t\t\t\t\t\t\tsrc=\"https:\/\/portal.fleet-events.de\/de\/speakerphoto?path=3540\/profile_xircus.jpg&amp;s=600&amp;v=1785240322\" \n\t\t\t\talt=\"J\u00fcrgen Waidhas\" \n\t\t\t\/>\n\t\t<\/div>\n                    <div class=\"speaker-image-credits\">\n                            <\/div>\n            <\/div>\n\n                    <div class=\"speaker-info\">\n                                    <h3 class=\"speaker-name\">J\u00fcrgen Waidhas\n                            <\/h3>                <span class=\"speaker-jobtitle\">Head of Sales \u2013 Tools and Machines                <\/span>                <span class=\"speaker-company\">dopa Diamond Tools<\/span>     \n    \n                    <\/div>\n                <\/div>\n                                <\/div>\n\n\t\t\t\t\t<\/div>\n    <\/div>\n<\/div>\t\t<\/div>\n    <\/div>\n                                                                                                            <\/div>\n                                                    <\/div>\n                                        \t                <\/div>\n                        \n                        <\/div>\n                                                                                                \n\n\n    <div        class=\"fea-presentation-list-item presentation-item\"\n                    dynamic-filter-item\n                                                                        data-filter-main_topic_id=\"{{891}}\"\n                                                                        data-filter-date=\"{{2026-09-24}}\"\n                                                                        data-filter-stage_id=\"{{789}}\"\n                        >\n                                \t<div class=\"presentation-topic\" style=\"background-color:#08af96;\">\n\t\t\t\t\t\t\t\t\t\t\tStart-up Pitches\n\t\t\t\t<\/div>\n\t                <div class=\"presentation-headline\">\n                                                                        <div class=\"presentation-info\">\n                                                                    <div class=\"presentation-time\">\n                                            11:00&ndash;11:20 Uhr\n  | Speakers-Corner - Halle 3                                     <\/div>\n                                                                                                    <div class=\"presentation-title\">\n                                                                                    <h3 class='topic'>\n                                                \t\t\t<img loading=\"lazy\" decoding=\"async\" loading=\"lazy\" width=\"18\" height=\"12\" src=\"\/wp-content\/plugins\/sitepress-multilingual-cms\/res\/flags\/de.png\">\n\t\t    Welcome and Introduction\n\n\n                                            <\/h3>\n                                            <span class='subtitle'>\n                                                    \n\n                                            <\/span>\n                                                                            <\/div>\n                                                            <\/div>\n                                                                            <div class=\"presentation-meta\">\n                                                                                                                                                <div class=\"presentation-partner\">\n                                            <img decoding=\"async\" src=\"https:\/\/portal.fleet-events.de\/de\/uploads?path=sessions\/7499.jpg\"\/>\n                                        <\/div>\n                                                                                                <\/div>\n                                                            <\/div>\n            \n                            <div class=\"presentation-content\n                             show-abstract                              has-image \"\n                >\n                                            <div class=\"speakers\">\n                                                                                                                                                                                    <div class=\"speaker\">\n                                                                                                                                                                                                                                                                                                                        \n                                                                                                                                                            \n                                                        <div class=\"speaker-image\">\n\t\t<div class=\"speaker-image-image\">\n\t\t\t<img\n\t\t\t\tloading='lazy' \n\t\t\t\tclass=''\n\t\t\t\tdata-modal-id=\"6a94e6f86cfab\" \n\t\t\t\t         show-modal-trigger=\"true\" \t\t\t\t     data-src=\"\/jena\/vortraege-buehnenprogramm-w3-fair-jena-2026-en-tech-talks\/jena-speaker-details\/3572\" \t\t\t\t  data-info-header=\".single-speaker-header\"  \t\t\t\t data-info-content=\".single-speaker-content\"  \t\t\t\tsrc=\"https:\/\/portal.fleet-events.de\/de\/speakerphoto?path=3572\/profile_xircus.jpg&amp;s=600&amp;v=1786704912\" \n\t\t\t\talt=\"Georg Schmidinger\" \n\t\t\t\/>\n\t\t<\/div>\n                    <div class=\"speaker-image-credits\">\n                            <\/div>\n            <\/div>\n\n                                                                                                                                                    <div class=\"speaker-info\">\n                                                                    <h3 class=\"speaker-name\">Georg Schmidinger\n                            <\/h3>                <span class=\"speaker-jobtitle\">Netzwerkmanager de:hub Photonics &amp; Digital Experience Platforms                <\/span>                <span class=\"speaker-company\">Jena Digital e. V.<\/span>     \n\n                                                    <\/div>\n                                                                                            <\/div>\n                                                                                                                                                                                                    <div class=\"presentation-link\">\n                                                                                                                        \n    \n<a \n    href=\/290742026\/presentation\/7499 \n    class=\"btn\" \n    data-modal-id=\"6a94e6f86cfab\"\n    show-modal-trigger\n    data-info-root=\".fea-presentation-list-item\"\n    data-info-header=\".presentation-link .popup_headline\"\n    data-info-content=\".presentation-link .popup_body\"\n>\n    Mehr\n<\/a>\n\n    <div class=\"popup_content\">\n        <div class=\"popup_headline\"><\/div>\n\t\t<div class=\"popup_body\">\n\t\t\t\t\n\t\t\t\t\t\t\n\t\t\t\n<div class=\"single-presentation\">\n\t<div class=\"single-presentation-header\">\n            <\/div>\n     <div class='topic_category category_891' style=\"color: #08af96;\">\n\t\t<span>Start-up Pitches<\/span>\n\t<\/div>\n\t<div class=\"single-presentation-content \n\t\t show-abstract \"\n\t>\n\t\t\t\t\t\t\t    <div class='speakers'>\n                                    <div class='speaker'>\n                        <div class=\"speaker-image\">\n\t\t<div class=\"speaker-image-image\">\n\t\t\t<img\n\t\t\t\tloading='lazy' \n\t\t\t\tclass=''\n\t\t\t\tdata-modal-id=\"\" \n\t\t\t\t\t\t\t\t\t\t\t\t\t\t\t\t\t\t\t\tsrc=\"https:\/\/portal.fleet-events.de\/de\/speakerphoto?path=3572\/profile_xircus.jpg&amp;s=600&amp;v=1786704912\" \n\t\t\t\talt=\"Georg Schmidinger\" \n\t\t\t\/>\n\t\t<\/div>\n                    <div class=\"speaker-image-credits\">\n                            <\/div>\n            <\/div>\n\n                    <div class=\"speaker-info\">\n                                    <h3 class=\"speaker-name\">Georg Schmidinger\n                            <\/h3>                <span class=\"speaker-jobtitle\">Netzwerkmanager de:hub Photonics &amp; Digital Experience Platforms                <\/span>                <span class=\"speaker-company\">Jena Digital e. V.<\/span>     \n    \n                    <\/div>\n                <\/div>\n                                <\/div>\n\n\t\t\t\t<div class='presentation '>\n\t\t\t<div class='presentation-main'>\n\t\t\t\t<h3 class='topic'>Welcome and Introduction<\/h3>\n\t\t\t\t<div class='subtitle'><\/div>\n\t\t\t\t<div class='abstract'>The de:hub Photonics &amp; Digital Experience Platforms Jena presents four Thuringian startups showcasing the latest developments in optics, photonics, and IT.<\/div>\n\t\t\t<\/div>\n\t\t\t<div class='presentation-info'>\n\t\t\t\t<div class='presentation-info-date-time-location'>\n\t\t\t\t\t<span class=\"presentation-date-time\">\n\t\t\t\t\t\t<span class='presentation-date'>Donnerstag, 24.September 2026,<\/span>\n\t\t\t\t\t\t<span class='presentation-time'>    11:00&ndash;11:20 Uhr\n, <\/span>\n\t\t\t\t\t<\/span>\n\t\t\t\t\t<span class='presentation-location'>\n\t\t\t\t\t\t\t\t\t\t\t\t\tSpeakers-Corner - Halle 3\n\t\t\t\t\t\t\t\t\t\t\t<\/span>\n\t\t\t\t<\/div>\n\t\t\t\t<div class='presentation-info-type'>\n\t\t\t\t\t    \n\t\t\t\t<\/div>\n\t\t\t<\/div>\n\t\t\t\t\t<\/div>\n    <\/div>\n<\/div>\t\t<\/div>\n    <\/div>\n                                                                                                            <\/div>\n                                                    <\/div>\n                                        \t\t\t<div class=\"abstract\">\n\t\t\t<div>The de:hub Photonics &amp; Digital Experience Platforms Jena presents four Thuringian startups showcasing the latest developments in optics, photonics, and IT.<\/div>\n\t\t<\/div>\n\t                <\/div>\n                        \n                        <\/div>\n                                                                                                \n\n\n    <div        class=\"fea-presentation-list-item presentation-item\"\n                    dynamic-filter-item\n                                                                        data-filter-main_topic_id=\"{{891}}\"\n                                                                        data-filter-date=\"{{2026-09-24}}\"\n                                                                        data-filter-stage_id=\"{{789}}\"\n                        >\n                                \t<div class=\"presentation-topic\" style=\"background-color:#08af96;\">\n\t\t\t\t\t\t\t\t\t\t\tStart-up Pitches\n\t\t\t\t<\/div>\n\t                <div class=\"presentation-headline\">\n                                                                        <div class=\"presentation-info\">\n                                                                    <div class=\"presentation-time\">\n                                            11:00&ndash;11:20 Uhr\n  | Speakers-Corner - Halle 3                                     <\/div>\n                                                                                                    <div class=\"presentation-title\">\n                                                                                    <h3 class='topic'>\n                                                \t\t\t<img loading=\"lazy\" decoding=\"async\" loading=\"lazy\" width=\"18\" height=\"12\" src=\"\/wp-content\/plugins\/sitepress-multilingual-cms\/res\/flags\/de.png\">\n\t\t    Digital Twins at Scale\n\n\n                                            <\/h3>\n                                            <span class='subtitle'>\n                                                    \n\n                                            <\/span>\n                                                                            <\/div>\n                                                            <\/div>\n                                                                            <div class=\"presentation-meta\">\n                                                                                                                                                                    <\/div>\n                                                            <\/div>\n            \n                            <div class=\"presentation-content\n                             show-abstract                             \"\n                >\n                                            <div class=\"speakers\">\n                                                                                                                                                                                    <div class=\"speaker\">\n                                                                                                                                                                                                                                                                                                                        \n                                                                                                                                                            \n                                                        <div class=\"speaker-image\">\n\t\t<div class=\"speaker-image-image\">\n\t\t\t<img\n\t\t\t\tloading='lazy' \n\t\t\t\tclass=''\n\t\t\t\tdata-modal-id=\"6a94e6f86cfab\" \n\t\t\t\t         show-modal-trigger=\"true\" \t\t\t\t     data-src=\"\/jena\/vortraege-buehnenprogramm-w3-fair-jena-2026-en-tech-talks\/jena-speaker-details\/3057\" \t\t\t\t  data-info-header=\".single-speaker-header\"  \t\t\t\t data-info-content=\".single-speaker-content\"  \t\t\t\tsrc=\"https:\/\/portal.fleet-events.de\/de\/speakerphoto?path=3057\/profile.jpg&amp;s=600&amp;v=1786649212\" \n\t\t\t\talt=\"Alexander Fr\u00f6lich-Kulik\" \n\t\t\t\/>\n\t\t<\/div>\n                    <div class=\"speaker-image-credits\">\n                                    &copy;&nbsp;Christian Steiner\n                            <\/div>\n            <\/div>\n\n                                                                                                                                                    <div class=\"speaker-info\">\n                                                                    <h3 class=\"speaker-name\">Dr.&nbsp;Alexander Fr\u00f6lich-Kulik\n                            <\/h3>                <span class=\"speaker-jobtitle\">CEO                <\/span>                <span class=\"speaker-company\">Consensive GmbH<\/span>     \n\n                                                    <\/div>\n                                                                                            <\/div>\n                                                                                                                                                                                                    <div class=\"presentation-link\">\n                                                                                                                        \n    \n<a \n    href=\/290742026\/presentation\/7500 \n    class=\"btn\" \n    data-modal-id=\"6a94e6f86cfab\"\n    show-modal-trigger\n    data-info-root=\".fea-presentation-list-item\"\n    data-info-header=\".presentation-link .popup_headline\"\n    data-info-content=\".presentation-link .popup_body\"\n>\n    Mehr\n<\/a>\n\n    <div class=\"popup_content\">\n        <div class=\"popup_headline\"><\/div>\n\t\t<div class=\"popup_body\">\n\t\t\t\t\n\t\t\t\t\t\t\n\t\t\t\n<div class=\"single-presentation\">\n\t<div class=\"single-presentation-header\">\n            <\/div>\n     <div class='topic_category category_891' style=\"color: #08af96;\">\n\t\t<span>Start-up Pitches<\/span>\n\t<\/div>\n\t<div class=\"single-presentation-content \n\t\t show-abstract \"\n\t>\n\t\t\t\t\t\t\t    <div class='speakers'>\n                                    <div class='speaker'>\n                        <div class=\"speaker-image\">\n\t\t<div class=\"speaker-image-image\">\n\t\t\t<img\n\t\t\t\tloading='lazy' \n\t\t\t\tclass=''\n\t\t\t\tdata-modal-id=\"\" \n\t\t\t\t\t\t\t\t\t\t\t\t\t\t\t\t\t\t\t\tsrc=\"https:\/\/portal.fleet-events.de\/de\/speakerphoto?path=3057\/profile.jpg&amp;s=600&amp;v=1786649212\" \n\t\t\t\talt=\"Alexander Fr\u00f6lich-Kulik\" \n\t\t\t\/>\n\t\t<\/div>\n                    <div class=\"speaker-image-credits\">\n                                    &copy;&nbsp;Christian Steiner\n                            <\/div>\n            <\/div>\n\n                    <div class=\"speaker-info\">\n                                    <h3 class=\"speaker-name\">Dr.&nbsp;Alexander Fr\u00f6lich-Kulik\n                            <\/h3>                <span class=\"speaker-jobtitle\">CEO                <\/span>                <span class=\"speaker-company\">Consensive GmbH<\/span>     \n    \n                    <\/div>\n                <\/div>\n                                <\/div>\n\n\t\t\t\t<div class='presentation '>\n\t\t\t<div class='presentation-main'>\n\t\t\t\t<h3 class='topic'>Digital Twins at Scale<\/h3>\n\t\t\t\t<div class='subtitle'><\/div>\n\t\t\t\t<div class='abstract'>Daten aus Konstruktion und Monitoring werden zu gemeinsamen Lern-, Arbeits- und Erlebnisr\u00e4umen: im Browser, auf dem Smartphone und immersiv in Mixed Reality.\r\n\r\nDie Daten w\u00e4ren verf\u00fcgbar. Doch sie bleiben oft ungenutzt. Vertrieb, Onboarding, Training, Service und Dokumentation arbeiten weiter mit Fotos und Folien. Im XR Showcase werden Ihre 3D Modelle mobil und interaktiv verwendbar: Ihr Produktportfolio im Handgep\u00e4ck, auf Messen, bei Kundenterminen und Schulungen. Auch Bestandsobjekte werden als wiedergabetreue photogrammetrische Rekonstruktion zug\u00e4nglich: f\u00fcr Analyse, Zustandsvergleich und Nachweis.\r\n\r\nDer Vortrag zeigt, was sich \u00e4ndert, wenn gro\u00dfe und detaillierte 3D-Daten online auf mobiler Hardware zug\u00e4nglich werden. Consensive entwickelt daf\u00fcr GLoD: Geometrie-Streaming f\u00fcr beliebig gro\u00dfe 3D-Modelle. Geometrie und Texturen werden bedarfsgerecht geladen und lokal gecacht. Browser, Tablet, Telefon und XR-Headset rendern lokal in Echtzeit. Kein Renderserver, keine Spezialhardware. F\u00fcr diese Technologie erhielt Consensive 2025 den Laval Virtual Award (Developer &amp; Authoring Tools).\r\n\r\nDamit wird die Nutzung zur Frage des Bedarfs, nicht der Ausstattung. Ein Kunde sieht die Anlage im Browser, bevor er anreist. Ein Servicetechniker pr\u00fcft per AR an der Maschine, ob ein Ersatzteil passt. Zwei Standorte gehen die Reparatur einer Baugruppe zusammen durch, jeder mit dem jeweils verf\u00fcgbaren Ger\u00e4t. Ein Bauwerkspr\u00fcfer involviert weitere Experten bei der Begutachtung von Sch\u00e4den. Ob lokal oder orts\u00fcbergreifend: alle teilen denselben Kontext und \u00fcben gemeinsam.\r\n\r\nWeil GLoD die semantische Struktur der Ausgangsdaten beh\u00e4lt, bleiben einzelne Bauteile mit ihren Metadaten adressierbar. Daraus entsteht zweierlei: ein web-basierter Ersatzteilkatalog, in dem man das Teil am Modell ausw\u00e4hlt statt es in einer Liste zu suchen, und Kontext f\u00fcr KI-gest\u00fctzte Suche nach erg\u00e4nzenden Informationen.\r\n\r\nWir teilen Erfahrungen aus Industrieprojekten in Optik und Sondermaschinenbau, mit H\u00fcrden und offenen Fragen. Ein Beispiel: asphericon, Pr\u00e4zisionsoptik aus Jena, gewann mit einer gemeinsam entwickelten VR-Trainingsl\u00f6sung den Th\u00fcringer Digitalpreis 2024.\r\n\r\nF\u00fcr Verantwortliche in Entwicklung und Service mit 3D-Daten oder komplexen r\u00e4umlichen Aufgaben. Wir zeigen das wirtschaftliche Potential verf\u00fcgbarer digitaler 3D-Modelle.\r\n\r\nDr. Alexander Fr\u00f6lich-Kulik, CEO, Consensive GmbH, Weimar<\/div>\n\t\t\t<\/div>\n\t\t\t<div class='presentation-info'>\n\t\t\t\t<div class='presentation-info-date-time-location'>\n\t\t\t\t\t<span class=\"presentation-date-time\">\n\t\t\t\t\t\t<span class='presentation-date'>Donnerstag, 24.September 2026,<\/span>\n\t\t\t\t\t\t<span class='presentation-time'>    11:00&ndash;11:20 Uhr\n, <\/span>\n\t\t\t\t\t<\/span>\n\t\t\t\t\t<span class='presentation-location'>\n\t\t\t\t\t\t\t\t\t\t\t\t\tSpeakers-Corner - Halle 3\n\t\t\t\t\t\t\t\t\t\t\t<\/span>\n\t\t\t\t<\/div>\n\t\t\t\t<div class='presentation-info-type'>\n\t\t\t\t\t    \n\t\t\t\t<\/div>\n\t\t\t<\/div>\n\t\t\t\t\t<\/div>\n    <\/div>\n<\/div>\t\t<\/div>\n    <\/div>\n                                                                                                            <\/div>\n                                                    <\/div>\n                                        \t\t\t<div class=\"abstract\">\n\t\t\t<div>Daten aus Konstruktion und Monitoring werden zu gemeinsamen Lern-, Arbeits- und Erlebnisr\u00e4umen: im Browser, auf dem Smartphone und immersiv in Mixed Reality.\r\n\r\nDie Daten w\u00e4ren verf\u00fcgbar. Doch sie bleiben oft ungenutzt. Vertrieb, Onboarding, Training, Service und Dokumentation arbeiten weiter mit Fotos und Folien. Im XR Showcase werden Ihre 3D Modelle mobil und interaktiv verwendbar: Ihr Produktportfolio im Handgep\u00e4ck, auf Messen, bei Kundenterminen und Schulungen. Auch Bestandsobjekte werden als wiedergabetreue photogrammetrische Rekonstruktion zug\u00e4nglich: f\u00fcr Analyse, Zustandsvergleich und Nachweis.\r\n\r\nDer Vortrag zeigt, was sich \u00e4ndert, wenn gro\u00dfe und detaillierte 3D-Daten online auf mobiler Hardware zug\u00e4nglich werden. Consensive entwickelt daf\u00fcr GLoD: Geometrie-Streaming f\u00fcr beliebig gro\u00dfe 3D-Modelle. Geometrie und Texturen werden bedarfsgerecht geladen und lokal gecacht. Browser, Tablet, Telefon und XR-Headset rendern lokal in Echtzeit. Kein Renderserver, keine Spezialhardware. F\u00fcr diese Technologie erhielt Consensive 2025 den Laval Virtual Award (Developer &amp; Authoring Tools).\r\n\r\nDamit wird die Nutzung zur Frage des Bedarfs, nicht der Ausstattung. Ein Kunde sieht die Anlage im Browser, bevor er anreist. Ein Servicetechniker pr\u00fcft per AR an der Maschine, ob ein Ersatzteil passt. Zwei Standorte gehen die Reparatur einer Baugruppe zusammen durch, jeder mit dem jeweils verf\u00fcgbaren Ger\u00e4t. Ein Bauwerkspr\u00fcfer involviert weitere Experten bei der Begutachtung von Sch\u00e4den. Ob lokal oder orts\u00fcbergreifend: alle teilen denselben Kontext und \u00fcben gemeinsam.\r\n\r\nWeil GLoD die semantische Struktur der Ausgangsdaten beh\u00e4lt, bleiben einzelne Bauteile mit ihren Metadaten adressierbar. Daraus entsteht zweierlei: ein web-basierter Ersatzteilkatalog, in dem man das Teil am Modell ausw\u00e4hlt statt es in einer Liste zu suchen, und Kontext f\u00fcr KI-gest\u00fctzte Suche nach erg\u00e4nzenden Informationen.\r\n\r\nWir teilen Erfahrungen aus Industrieprojekten in Optik und Sondermaschinenbau, mit H\u00fcrden und offenen Fragen. Ein Beispiel: asphericon, Pr\u00e4zisionsoptik aus Jena, gewann mit einer gemeinsam entwickelten VR-Trainingsl\u00f6sung den Th\u00fcringer Digitalpreis 2024.\r\n\r\nF\u00fcr Verantwortliche in Entwicklung und Service mit 3D-Daten oder komplexen r\u00e4umlichen Aufgaben. Wir zeigen das wirtschaftliche Potential verf\u00fcgbarer digitaler 3D-Modelle.\r\n\r\nDr. Alexander Fr\u00f6lich-Kulik, CEO, Consensive GmbH, Weimar<\/div>\n\t\t<\/div>\n\t                <\/div>\n                        \n                        <\/div>\n                                                                                                \n\n\n    <div        class=\"fea-presentation-list-item presentation-item\"\n                    dynamic-filter-item\n                                                                        data-filter-main_topic_id=\"{{891}}\"\n                                                                        data-filter-date=\"{{2026-09-24}}\"\n                                                                        data-filter-stage_id=\"{{789}}\"\n                        >\n                                \t<div class=\"presentation-topic\" style=\"background-color:#08af96;\">\n\t\t\t\t\t\t\t\t\t\t\tStart-up Pitches\n\t\t\t\t<\/div>\n\t                <div class=\"presentation-headline\">\n                                                                        <div class=\"presentation-info\">\n                                                                    <div class=\"presentation-time\">\n                                            11:00&ndash;11:20 Uhr\n  | Speakers-Corner - Halle 3                                     <\/div>\n                                                                                                    <div class=\"presentation-title\">\n                                                                                    <h3 class='topic'>\n                                                \t\t\t<img loading=\"lazy\" decoding=\"async\" loading=\"lazy\" width=\"18\" height=\"12\" src=\"\/wp-content\/plugins\/sitepress-multilingual-cms\/res\/flags\/de.png\">\n\t\t    MectoSYS \u2013 Sichere IIoT-\u00dcberwachung in der Fertigung f\u00fcr mittelst\u00e4ndische Unternehmen\n\n\n                                            <\/h3>\n                                            <span class='subtitle'>\n                                                    \n\n                                            <\/span>\n                                                                            <\/div>\n                                                            <\/div>\n                                                                            <div class=\"presentation-meta\">\n                                                                                                                                                <div class=\"presentation-partner\">\n                                            <img decoding=\"async\" src=\"https:\/\/portal.fleet-events.de\/de\/uploads?path=sessions\/7501.jpg\"\/>\n                                        <\/div>\n                                                                                                <\/div>\n                                                            <\/div>\n            \n                            <div class=\"presentation-content\n                             show-abstract                              has-image \"\n                >\n                                            <div class=\"speakers\">\n                                                                                                                                                                                    <div class=\"speaker\">\n                                                                                                                                                                                                                                                                                                                        \n                                                                                                                                                            \n                                                        <div class=\"speaker-image\">\n\t\t<div class=\"speaker-image-image\">\n\t\t\t<img\n\t\t\t\tloading='lazy' \n\t\t\t\tclass=''\n\t\t\t\tdata-modal-id=\"6a94e6f86cfab\" \n\t\t\t\t         show-modal-trigger=\"true\" \t\t\t\t     data-src=\"\/jena\/vortraege-buehnenprogramm-w3-fair-jena-2026-en-tech-talks\/jena-speaker-details\/3570\" \t\t\t\t  data-info-header=\".single-speaker-header\"  \t\t\t\t data-info-content=\".single-speaker-content\"  \t\t\t\tsrc=\"https:\/\/portal.fleet-events.de\/de\/speakerphoto?path=3570\/profile_xircus.jpg&amp;s=600&amp;v=1786700482\" \n\t\t\t\talt=\"Ratikanta Mishra\" \n\t\t\t\/>\n\t\t<\/div>\n                    <div class=\"speaker-image-credits\">\n                            <\/div>\n            <\/div>\n\n                                                                                                                                                    <div class=\"speaker-info\">\n                                                                    <h3 class=\"speaker-name\">Ratikanta Mishra\n                            <\/h3>                                <span class=\"speaker-company\">MectoSYS<\/span>     \n\n                                                    <\/div>\n                                                                                            <\/div>\n                                                                                                                                                                                                    <div class=\"presentation-link\">\n                                                                                                                        \n    \n<a \n    href=\/290742026\/presentation\/7501 \n    class=\"btn\" \n    data-modal-id=\"6a94e6f86cfab\"\n    show-modal-trigger\n    data-info-root=\".fea-presentation-list-item\"\n    data-info-header=\".presentation-link .popup_headline\"\n    data-info-content=\".presentation-link .popup_body\"\n>\n    Mehr\n<\/a>\n\n    <div class=\"popup_content\">\n        <div class=\"popup_headline\"><\/div>\n\t\t<div class=\"popup_body\">\n\t\t\t\t\n\t\t\t\t\t\t\n\t\t\t\n<div class=\"single-presentation\">\n\t<div class=\"single-presentation-header\">\n            <\/div>\n     <div class='topic_category category_891' style=\"color: #08af96;\">\n\t\t<span>Start-up Pitches<\/span>\n\t<\/div>\n\t<div class=\"single-presentation-content \n\t\t show-abstract \"\n\t>\n\t\t\t\t\t\t\t    <div class='speakers'>\n                                    <div class='speaker'>\n                        <div class=\"speaker-image\">\n\t\t<div class=\"speaker-image-image\">\n\t\t\t<img\n\t\t\t\tloading='lazy' \n\t\t\t\tclass=''\n\t\t\t\tdata-modal-id=\"\" \n\t\t\t\t\t\t\t\t\t\t\t\t\t\t\t\t\t\t\t\tsrc=\"https:\/\/portal.fleet-events.de\/de\/speakerphoto?path=3570\/profile_xircus.jpg&amp;s=600&amp;v=1786700482\" \n\t\t\t\talt=\"Ratikanta Mishra\" \n\t\t\t\/>\n\t\t<\/div>\n                    <div class=\"speaker-image-credits\">\n                            <\/div>\n            <\/div>\n\n                    <div class=\"speaker-info\">\n                                    <h3 class=\"speaker-name\">Ratikanta Mishra\n                            <\/h3>                                <span class=\"speaker-company\">MectoSYS<\/span>     \n    \n                    <\/div>\n                <\/div>\n                                <\/div>\n\n\t\t\t\t<div class='presentation '>\n\t\t\t<div class='presentation-main'>\n\t\t\t\t<h3 class='topic'>MectoSYS \u2013 Sichere IIoT-\u00dcberwachung in der Fertigung f\u00fcr mittelst\u00e4ndische Unternehmen<\/h3>\n\t\t\t\t<div class='subtitle'><\/div>\n\t\t\t\t<div class='abstract'>MectoSYS bietet kleinen und mittelst\u00e4ndischen Fertigungsunternehmen Echtzeit-Transparenz in der Fertigung \u2013 ohne die Komplexit\u00e4t und die Kosten von IIoT-Plattformen f\u00fcr Gro\u00dfunternehmen. Basierend auf einer sicheren OT\/IT-Architektur (OPC UA, IEC 62443-konforme Netzwerksegmentierung) verbindet es bestehende SPSen und Maschinen, um Produktionsteams Live-Daten zu Maschinenstatus, Ausfallzeiten und Leistung zu liefern.<\/div>\n\t\t\t<\/div>\n\t\t\t<div class='presentation-info'>\n\t\t\t\t<div class='presentation-info-date-time-location'>\n\t\t\t\t\t<span class=\"presentation-date-time\">\n\t\t\t\t\t\t<span class='presentation-date'>Donnerstag, 24.September 2026,<\/span>\n\t\t\t\t\t\t<span class='presentation-time'>    11:00&ndash;11:20 Uhr\n, <\/span>\n\t\t\t\t\t<\/span>\n\t\t\t\t\t<span class='presentation-location'>\n\t\t\t\t\t\t\t\t\t\t\t\t\tSpeakers-Corner - Halle 3\n\t\t\t\t\t\t\t\t\t\t\t<\/span>\n\t\t\t\t<\/div>\n\t\t\t\t<div class='presentation-info-type'>\n\t\t\t\t\t    \n\t\t\t\t<\/div>\n\t\t\t<\/div>\n\t\t\t\t\t<\/div>\n    <\/div>\n<\/div>\t\t<\/div>\n    <\/div>\n                                                                                                            <\/div>\n                                                    <\/div>\n                                        \t\t\t<div class=\"abstract\">\n\t\t\t<div>MectoSYS bietet kleinen und mittelst\u00e4ndischen Fertigungsunternehmen Echtzeit-Transparenz in der Fertigung \u2013 ohne die Komplexit\u00e4t und die Kosten von IIoT-Plattformen f\u00fcr Gro\u00dfunternehmen. Basierend auf einer sicheren OT\/IT-Architektur (OPC UA, IEC 62443-konforme Netzwerksegmentierung) verbindet es bestehende SPSen und Maschinen, um Produktionsteams Live-Daten zu Maschinenstatus, Ausfallzeiten und Leistung zu liefern.<\/div>\n\t\t<\/div>\n\t                <\/div>\n                        \n                        <\/div>\n                                                                                                \n\n\n    <div        class=\"fea-presentation-list-item presentation-item\"\n                    dynamic-filter-item\n                                                                        data-filter-main_topic_id=\"{{891}}\"\n                                                                        data-filter-date=\"{{2026-09-24}}\"\n                                                                        data-filter-stage_id=\"{{789}}\"\n                        >\n                                \t<div class=\"presentation-topic\" style=\"background-color:#08af96;\">\n\t\t\t\t\t\t\t\t\t\t\tStart-up Pitches\n\t\t\t\t<\/div>\n\t                <div class=\"presentation-headline\">\n                                                                        <div class=\"presentation-info\">\n                                                                    <div class=\"presentation-time\">\n                                            11:00&ndash;11:20 Uhr\n  | Speakers-Corner - Halle 3                                     <\/div>\n                                                                                                    <div class=\"presentation-title\">\n                                                                                    <h3 class='topic'>\n                                                \t\t\t<img loading=\"lazy\" decoding=\"async\" loading=\"lazy\" width=\"18\" height=\"12\" src=\"\/wp-content\/plugins\/sitepress-multilingual-cms\/res\/flags\/de.png\">\n\t\t    Wenn die Erfahrung in die Rente geht - Digitaler Vertrieb &amp; Service im demografischen Wandel\n\n\n                                            <\/h3>\n                                            <span class='subtitle'>\n                                                    \n\n                                            <\/span>\n                                                                            <\/div>\n                                                            <\/div>\n                                                                            <div class=\"presentation-meta\">\n                                                                                                                                                <div class=\"presentation-partner\">\n                                            <img decoding=\"async\" src=\"https:\/\/portal.fleet-events.de\/de\/uploads?path=sessions\/7502.jpg\"\/>\n                                        <\/div>\n                                                                                                <\/div>\n                                                            <\/div>\n            \n                            <div class=\"presentation-content\n                             show-abstract                              has-image \"\n                >\n                                            <div class=\"speakers\">\n                                                                                                                                                                                    <div class=\"speaker\">\n                                                                                                                                                                                                                                                                                                                        \n                                                                                                                                                            \n                                                        <div class=\"speaker-image\">\n\t\t<div class=\"speaker-image-image\">\n\t\t\t<img\n\t\t\t\tloading='lazy' \n\t\t\t\tclass=''\n\t\t\t\tdata-modal-id=\"6a94e6f86cfab\" \n\t\t\t\t         show-modal-trigger=\"true\" \t\t\t\t     data-src=\"\/jena\/vortraege-buehnenprogramm-w3-fair-jena-2026-en-tech-talks\/jena-speaker-details\/3571\" \t\t\t\t  data-info-header=\".single-speaker-header\"  \t\t\t\t data-info-content=\".single-speaker-content\"  \t\t\t\tsrc=\"https:\/\/portal.fleet-events.de\/de\/speakerphoto?path=3571\/profile_xircus.jpg&amp;s=600&amp;v=1786703890\" \n\t\t\t\talt=\"Robin Bollmann\" \n\t\t\t\/>\n\t\t<\/div>\n                    <div class=\"speaker-image-credits\">\n                            <\/div>\n            <\/div>\n\n                                                                                                                                                    <div class=\"speaker-info\">\n                                                                    <h3 class=\"speaker-name\">Robin Bollmann\n                            <\/h3>                <span class=\"speaker-jobtitle\">Gesch\u00e4ftsf\u00fchrer &amp; Head of Sales                <\/span>                <span class=\"speaker-company\">Bollmann &amp; Roets GmbH<\/span>     \n\n                                                    <\/div>\n                                                                                            <\/div>\n                                                                                                                                                                                                    <div class=\"presentation-link\">\n                                                                                                                        \n    \n<a \n    href=\/290742026\/presentation\/7502 \n    class=\"btn\" \n    data-modal-id=\"6a94e6f86cfab\"\n    show-modal-trigger\n    data-info-root=\".fea-presentation-list-item\"\n    data-info-header=\".presentation-link .popup_headline\"\n    data-info-content=\".presentation-link .popup_body\"\n>\n    Mehr\n<\/a>\n\n    <div class=\"popup_content\">\n        <div class=\"popup_headline\"><\/div>\n\t\t<div class=\"popup_body\">\n\t\t\t\t\n\t\t\t\t\t\t\n\t\t\t\n<div class=\"single-presentation\">\n\t<div class=\"single-presentation-header\">\n            <\/div>\n     <div class='topic_category category_891' style=\"color: #08af96;\">\n\t\t<span>Start-up Pitches<\/span>\n\t<\/div>\n\t<div class=\"single-presentation-content \n\t\t show-abstract \"\n\t>\n\t\t\t\t\t\t\t    <div class='speakers'>\n                                    <div class='speaker'>\n                        <div class=\"speaker-image\">\n\t\t<div class=\"speaker-image-image\">\n\t\t\t<img\n\t\t\t\tloading='lazy' \n\t\t\t\tclass=''\n\t\t\t\tdata-modal-id=\"\" \n\t\t\t\t\t\t\t\t\t\t\t\t\t\t\t\t\t\t\t\tsrc=\"https:\/\/portal.fleet-events.de\/de\/speakerphoto?path=3571\/profile_xircus.jpg&amp;s=600&amp;v=1786703890\" \n\t\t\t\talt=\"Robin Bollmann\" \n\t\t\t\/>\n\t\t<\/div>\n                    <div class=\"speaker-image-credits\">\n                            <\/div>\n            <\/div>\n\n                    <div class=\"speaker-info\">\n                                    <h3 class=\"speaker-name\">Robin Bollmann\n                            <\/h3>                <span class=\"speaker-jobtitle\">Gesch\u00e4ftsf\u00fchrer &amp; Head of Sales                <\/span>                <span class=\"speaker-company\">Bollmann &amp; Roets GmbH<\/span>     \n    \n                    <\/div>\n                <\/div>\n                                <\/div>\n\n\t\t\t\t<div class='presentation '>\n\t\t\t<div class='presentation-main'>\n\t\t\t\t<h3 class='topic'>Wenn die Erfahrung in die Rente geht - Digitaler Vertrieb &amp; Service im demografischen Wandel<\/h3>\n\t\t\t\t<div class='subtitle'><\/div>\n\t\t\t\t<div class='abstract'>Die deutsche Photonik w\u00e4chst. 2025 um rund 5 Prozent, mit klarem Export\u00fcberschuss. Gleichzeitig gehen laut OptoNet in 70 Prozent der Th\u00fcringer Unternehmen in den n\u00e4chsten f\u00fcnf Jahren erfahrene Leute in Rente, Menschen, die das Gesch\u00e4ft tragen, jeden Kunden, die Produkte und ihren Betrieb aus dem Effeff kennen. Gerade in Vertrieb und Service, wo Kundenbeziehungen und der Riecher f\u00fcr den Sonderfall nicht in Formularen stehen, tut das weh. Der Vortrag zeigt auf, wie souver\u00e4n und europ\u00e4isch gedachte Softwarel\u00f6sungen bei diesem Wandel helfen, ganz gleich ob Kleinunternehmen oder Konzern mit tausend Mitarbeitern. Wir besprechen, weshalb sich insbesondere der Mittelstand jetzt von Stangenware verabschieden sollte, und wie Menschen als entscheidender Faktor in Vertrieb und Service weniger Zeit f\u00fcr administrative T\u00e4tigkeiten und mehr Zeit f\u00fcr ihre Kunden aufbringen.<\/div>\n\t\t\t<\/div>\n\t\t\t<div class='presentation-info'>\n\t\t\t\t<div class='presentation-info-date-time-location'>\n\t\t\t\t\t<span class=\"presentation-date-time\">\n\t\t\t\t\t\t<span class='presentation-date'>Donnerstag, 24.September 2026,<\/span>\n\t\t\t\t\t\t<span class='presentation-time'>    11:00&ndash;11:20 Uhr\n, <\/span>\n\t\t\t\t\t<\/span>\n\t\t\t\t\t<span class='presentation-location'>\n\t\t\t\t\t\t\t\t\t\t\t\t\tSpeakers-Corner - Halle 3\n\t\t\t\t\t\t\t\t\t\t\t<\/span>\n\t\t\t\t<\/div>\n\t\t\t\t<div class='presentation-info-type'>\n\t\t\t\t\t    \n\t\t\t\t<\/div>\n\t\t\t<\/div>\n\t\t\t\t\t<\/div>\n    <\/div>\n<\/div>\t\t<\/div>\n    <\/div>\n                                                                                                            <\/div>\n                                                    <\/div>\n                                        \t\t\t<div class=\"abstract\">\n\t\t\t<div>Die deutsche Photonik w\u00e4chst. 2025 um rund 5 Prozent, mit klarem Export\u00fcberschuss. Gleichzeitig gehen laut OptoNet in 70 Prozent der Th\u00fcringer Unternehmen in den n\u00e4chsten f\u00fcnf Jahren erfahrene Leute in Rente, Menschen, die das Gesch\u00e4ft tragen, jeden Kunden, die Produkte und ihren Betrieb aus dem Effeff kennen. Gerade in Vertrieb und Service, wo Kundenbeziehungen und der Riecher f\u00fcr den Sonderfall nicht in Formularen stehen, tut das weh. Der Vortrag zeigt auf, wie souver\u00e4n und europ\u00e4isch gedachte Softwarel\u00f6sungen bei diesem Wandel helfen, ganz gleich ob Kleinunternehmen oder Konzern mit tausend Mitarbeitern. Wir besprechen, weshalb sich insbesondere der Mittelstand jetzt von Stangenware verabschieden sollte, und wie Menschen als entscheidender Faktor in Vertrieb und Service weniger Zeit f\u00fcr administrative T\u00e4tigkeiten und mehr Zeit f\u00fcr ihre Kunden aufbringen.<\/div>\n\t\t<\/div>\n\t                <\/div>\n                        \n                        <\/div>\n                                                                                                \n\n\n    <div        class=\"fea-presentation-list-item presentation-item\"\n                    dynamic-filter-item\n                                                                        data-filter-main_topic_id=\"{{891}}\"\n                                                                        data-filter-date=\"{{2026-09-24}}\"\n                                                                        data-filter-stage_id=\"{{789}}\"\n                        >\n                                \t<div class=\"presentation-topic\" style=\"background-color:#08af96;\">\n\t\t\t\t\t\t\t\t\t\t\tStart-up Pitches\n\t\t\t\t<\/div>\n\t                <div class=\"presentation-headline\">\n                                                                        <div class=\"presentation-info\">\n                                                                    <div class=\"presentation-time\">\n                                            11:00&ndash;11:20 Uhr\n  | Speakers-Corner - Halle 3                                     <\/div>\n                                                                                                    <div class=\"presentation-title\">\n                                                                                    <h3 class='topic'>\n                                                \t\t\t<img loading=\"lazy\" decoding=\"async\" loading=\"lazy\" width=\"18\" height=\"12\" src=\"\/wp-content\/plugins\/sitepress-multilingual-cms\/res\/flags\/de.png\">\n\t\t    Operationalisierung und Monitoring von KI\/ML-Systemen in der Produktion\n\n\n                                            <\/h3>\n                                            <span class='subtitle'>\n                                                    \n\n                                            <\/span>\n                                                                            <\/div>\n                                                            <\/div>\n                                                                            <div class=\"presentation-meta\">\n                                                                                                                                                <div class=\"presentation-partner\">\n                                            <img decoding=\"async\" src=\"https:\/\/portal.fleet-events.de\/de\/uploads?path=sessions\/7503.jpg\"\/>\n                                        <\/div>\n                                                                                                <\/div>\n                                                            <\/div>\n            \n                            <div class=\"presentation-content\n                             show-abstract                              has-image \"\n                >\n                                            <div class=\"speakers\">\n                                                                                                                                                                                    <div class=\"speaker\">\n                                                                                                                                                                                                                                                                                                                        \n                                                                                                                                                            \n                                                        <div class=\"speaker-image\">\n\t\t<div class=\"speaker-image-image\">\n\t\t\t<img\n\t\t\t\tloading='lazy' \n\t\t\t\tclass=''\n\t\t\t\tdata-modal-id=\"6a94e6f86cfab\" \n\t\t\t\t         show-modal-trigger=\"true\" \t\t\t\t     data-src=\"\/jena\/vortraege-buehnenprogramm-w3-fair-jena-2026-en-tech-talks\/jena-speaker-details\/3090\" \t\t\t\t  data-info-header=\".single-speaker-header\"  \t\t\t\t data-info-content=\".single-speaker-content\"  \t\t\t\tsrc=\"https:\/\/portal.fleet-events.de\/de\/speakerphoto?path=3090\/profile_xircus.jpg&amp;s=600&amp;v=1758549253\" \n\t\t\t\talt=\"Konstanze Olschewski\" \n\t\t\t\/>\n\t\t<\/div>\n                    <div class=\"speaker-image-credits\">\n                            <\/div>\n            <\/div>\n\n                                                                                                                                                    <div class=\"speaker-info\">\n                                                                    <h3 class=\"speaker-name\">Konstanze Olschewski\n                            <\/h3>                <span class=\"speaker-jobtitle\">Gesch\u00e4ftsf\u00fchrerin                <\/span>                <span class=\"speaker-company\">Phnx Alpha GmbH<\/span>     \n\n                                                    <\/div>\n                                                                                            <\/div>\n                                                                                                                                                                                                    <div class=\"presentation-link\">\n                                                                                                                        \n    \n<a \n    href=\/290742026\/presentation\/7503 \n    class=\"btn\" \n    data-modal-id=\"6a94e6f86cfab\"\n    show-modal-trigger\n    data-info-root=\".fea-presentation-list-item\"\n    data-info-header=\".presentation-link .popup_headline\"\n    data-info-content=\".presentation-link .popup_body\"\n>\n    Mehr\n<\/a>\n\n    <div class=\"popup_content\">\n        <div class=\"popup_headline\"><\/div>\n\t\t<div class=\"popup_body\">\n\t\t\t\t\n\t\t\t\t\t\t\n\t\t\t\n<div class=\"single-presentation\">\n\t<div class=\"single-presentation-header\">\n            <\/div>\n     <div class='topic_category category_891' style=\"color: #08af96;\">\n\t\t<span>Start-up Pitches<\/span>\n\t<\/div>\n\t<div class=\"single-presentation-content \n\t\t show-abstract \"\n\t>\n\t\t\t\t\t\t\t    <div class='speakers'>\n                                    <div class='speaker'>\n                        <div class=\"speaker-image\">\n\t\t<div class=\"speaker-image-image\">\n\t\t\t<img\n\t\t\t\tloading='lazy' \n\t\t\t\tclass=''\n\t\t\t\tdata-modal-id=\"\" \n\t\t\t\t\t\t\t\t\t\t\t\t\t\t\t\t\t\t\t\tsrc=\"https:\/\/portal.fleet-events.de\/de\/speakerphoto?path=3090\/profile_xircus.jpg&amp;s=600&amp;v=1758549253\" \n\t\t\t\talt=\"Konstanze Olschewski\" \n\t\t\t\/>\n\t\t<\/div>\n                    <div class=\"speaker-image-credits\">\n                            <\/div>\n            <\/div>\n\n                    <div class=\"speaker-info\">\n                                    <h3 class=\"speaker-name\">Konstanze Olschewski\n                            <\/h3>                <span class=\"speaker-jobtitle\">Gesch\u00e4ftsf\u00fchrerin                <\/span>                <span class=\"speaker-company\">Phnx Alpha GmbH<\/span>     \n    \n                    <\/div>\n                <\/div>\n                                <\/div>\n\n\t\t\t\t<div class='presentation '>\n\t\t\t<div class='presentation-main'>\n\t\t\t\t<h3 class='topic'>Operationalisierung und Monitoring von KI\/ML-Systemen in der Produktion<\/h3>\n\t\t\t\t<div class='subtitle'><\/div>\n\t\t\t\t<div class='abstract'>Transparenz, Nachvollziehbarkeit, Validierung und ein klarer Umgang mit KI-Entscheidungen sind keine K\u00fcr, sondern Voraussetzung f\u00fcr den produktiven Einsatz von KI\/ML-Systemen im Rahmen der Qualit\u00e4tssicherung; technische und regulatorische Anforderungen f\u00fcr eine sinnvolle Integration.<\/div>\n\t\t\t<\/div>\n\t\t\t<div class='presentation-info'>\n\t\t\t\t<div class='presentation-info-date-time-location'>\n\t\t\t\t\t<span class=\"presentation-date-time\">\n\t\t\t\t\t\t<span class='presentation-date'>Donnerstag, 24.September 2026,<\/span>\n\t\t\t\t\t\t<span class='presentation-time'>    11:00&ndash;11:20 Uhr\n, <\/span>\n\t\t\t\t\t<\/span>\n\t\t\t\t\t<span class='presentation-location'>\n\t\t\t\t\t\t\t\t\t\t\t\t\tSpeakers-Corner - Halle 3\n\t\t\t\t\t\t\t\t\t\t\t<\/span>\n\t\t\t\t<\/div>\n\t\t\t\t<div class='presentation-info-type'>\n\t\t\t\t\t    \n\t\t\t\t<\/div>\n\t\t\t<\/div>\n\t\t\t\t\t<\/div>\n    <\/div>\n<\/div>\t\t<\/div>\n    <\/div>\n                                                                                                            <\/div>\n                                                    <\/div>\n                                        \t\t\t<div class=\"abstract\">\n\t\t\t<div>Transparenz, Nachvollziehbarkeit, Validierung und ein klarer Umgang mit KI-Entscheidungen sind keine K\u00fcr, sondern Voraussetzung f\u00fcr den produktiven Einsatz von KI\/ML-Systemen im Rahmen der Qualit\u00e4tssicherung; technische und regulatorische Anforderungen f\u00fcr eine sinnvolle Integration.<\/div>\n\t\t<\/div>\n\t                <\/div>\n                        \n                        <\/div>\n                                                                                                \n\n\n    <div        class=\"fea-presentation-list-item presentation-item\"\n                    dynamic-filter-item\n                                                                        data-filter-main_topic_id=\"{{843}}\"\n                                                                        data-filter-date=\"{{2026-09-24}}\"\n                                                                        data-filter-stage_id=\"{{785}}\"\n                        >\n                                \t<div class=\"presentation-topic\" style=\"background-color:#d4d800;\">\n\t\t\t\t\t\t\t\t\t\t\tCoatings for precision optical systems  by Fraunhofer IOF\n\t\t\t\t<\/div>\n\t                <div class=\"presentation-headline\">\n                                                                        <div class=\"presentation-info\">\n                                                                    <div class=\"presentation-time\">\n                                            11:00&ndash;12:15 Uhr\n  | en-tech.talks - Halle 2                                     <\/div>\n                                                                                                    <div class=\"presentation-title\">\n                                                                                    <h3 class='topic'>\n                                                \t\t\t<img loading=\"lazy\" decoding=\"async\" loading=\"lazy\" width=\"18\" height=\"12\" src=\"\/wp-content\/plugins\/sitepress-multilingual-cms\/res\/flags\/de.png\">\n\t\t    Welcome and Introduction\n\n\n                                            <\/h3>\n                                            <span class='subtitle'>\n                                                    \n\n                                            <\/span>\n                                                                            <\/div>\n                                                            <\/div>\n                                                                            <div class=\"presentation-meta\">\n                                                                                                                                                <div class=\"presentation-partner\">\n                                            <img decoding=\"async\" src=\"https:\/\/portal.fleet-events.de\/de\/uploads?path=sessions\/7407.jpg\"\/>\n                                        <\/div>\n                                                                                                <\/div>\n                                                            <\/div>\n            \n                            <div class=\"presentation-content\n                                                         has-image \"\n                >\n                                            <div class=\"speakers\">\n                                                                                                                                                                                    <div class=\"speaker\">\n                                                                                                                                                                                                                                                                                                                        \n                                                                                                                                                            \n                                                        <div class=\"speaker-image\">\n\t\t<div class=\"speaker-image-image\">\n\t\t\t<img\n\t\t\t\tloading='lazy' \n\t\t\t\tclass=''\n\t\t\t\tdata-modal-id=\"6a94e6f86cfab\" \n\t\t\t\t         show-modal-trigger=\"true\" \t\t\t\t     data-src=\"\/jena\/vortraege-buehnenprogramm-w3-fair-jena-2026-en-tech-talks\/jena-speaker-details\/3524\" \t\t\t\t  data-info-header=\".single-speaker-header\"  \t\t\t\t data-info-content=\".single-speaker-content\"  \t\t\t\tsrc=\"https:\/\/portal.fleet-events.de\/de\/speakerphoto?path=3524\/profile_xircus.jpg&amp;s=600&amp;v=1784714748\" \n\t\t\t\talt=\"Sven Schr\u00f6der\" \n\t\t\t\/>\n\t\t<\/div>\n                    <div class=\"speaker-image-credits\">\n                            <\/div>\n            <\/div>\n\n                                                                                                                                                    <div class=\"speaker-info\">\n                                                                    <h3 class=\"speaker-name\">Dr.&nbsp;Sven Schr\u00f6der\n                            <\/h3>                <span class=\"speaker-jobtitle\">Head Of Department Functional Surfaces and Coatings                <\/span>                <span class=\"speaker-company\">Fraunhofer IOF<\/span>     \n\n                                                    <\/div>\n                                                                                            <\/div>\n                                                                                                                                                                                                    <div class=\"presentation-link\">\n                                                                                                                                                <\/div>\n                                                    <\/div>\n                                        \t                <\/div>\n                        \n                        <\/div>\n                                                                                                \n\n\n    <div        class=\"fea-presentation-list-item presentation-item\"\n                    dynamic-filter-item\n                                                                        data-filter-main_topic_id=\"{{843}}\"\n                                                                        data-filter-date=\"{{2026-09-24}}\"\n                                                                        data-filter-stage_id=\"{{785}}\"\n                        >\n                                \t<div class=\"presentation-topic\" style=\"background-color:#d4d800;\">\n\t\t\t\t\t\t\t\t\t\t\tCoatings for precision optical systems  by Fraunhofer IOF\n\t\t\t\t<\/div>\n\t                <div class=\"presentation-headline\">\n                                                                        <div class=\"presentation-info\">\n                                                                    <div class=\"presentation-time\">\n                                            11:05&ndash;11:15 Uhr\n  | en-tech.talks - Halle 2                                     <\/div>\n                                                                                                    <div class=\"presentation-title\">\n                                                                                    <h3 class='topic'>\n                                                \t\t\t<img loading=\"lazy\" decoding=\"async\" loading=\"lazy\" width=\"18\" height=\"12\" src=\"\/wp-content\/plugins\/sitepress-multilingual-cms\/res\/flags\/de.png\">\n\t\t    \n\n\n                                            <\/h3>\n                                            <span class='subtitle'>\n                                                    \n\n                                            <\/span>\n                                                                            <\/div>\n                                                            <\/div>\n                                                                            <div class=\"presentation-meta\">\n                                                                                                                                                <div class=\"presentation-partner\">\n                                            <img decoding=\"async\" src=\"https:\/\/portal.fleet-events.de\/de\/uploads?path=sessions\/7439.jpg\"\/>\n                                        <\/div>\n                                                                                                <\/div>\n                                                            <\/div>\n            \n                            <div class=\"presentation-content\n                                                         has-image \"\n                >\n                                            <div class=\"speakers\">\n                                                                                                                                                                                    <div class=\"speaker\">\n                                                                                                                                                                                                                                                                                                                        \n                                                                                                                                                            \n                                                        <div class=\"speaker-image\">\n\t\t<div class=\"speaker-image-image\">\n\t\t\t<img\n\t\t\t\tloading='lazy' \n\t\t\t\tclass=''\n\t\t\t\tdata-modal-id=\"6a94e6f86cfab\" \n\t\t\t\t         show-modal-trigger=\"true\" \t\t\t\t     data-src=\"\/jena\/vortraege-buehnenprogramm-w3-fair-jena-2026-en-tech-talks\/jena-speaker-details\/3525\" \t\t\t\t  data-info-header=\".single-speaker-header\"  \t\t\t\t data-info-content=\".single-speaker-content\"  \t\t\t\tsrc=\"https:\/\/portal.fleet-events.de\/de\/speakerphoto?path=3525\/profile.jpg&amp;s=600&amp;v=1786703934\" \n\t\t\t\talt=\"Astrid Bingel\" \n\t\t\t\/>\n\t\t<\/div>\n                    <div class=\"speaker-image-credits\">\n                            <\/div>\n            <\/div>\n\n                                                                                                                                                    <div class=\"speaker-info\">\n                                                                    <h3 class=\"speaker-name\">Dr.&nbsp;Astrid Bingel\n                            <\/h3>                <span class=\"speaker-jobtitle\">Head of Group                <\/span>                <span class=\"speaker-company\">Fraunhofer IOF<\/span>     \n\n                                                    <\/div>\n                                                                                            <\/div>\n                                                                                                                                                                                                    <div class=\"presentation-link\">\n                                                                                                                                                <\/div>\n                                                    <\/div>\n                                        \t                <\/div>\n                        \n                        <\/div>\n                                                                                                \n\n\n    <div        class=\"fea-presentation-list-item presentation-item\"\n                    dynamic-filter-item\n                                                                        data-filter-main_topic_id=\"{{843}}\"\n                                                                        data-filter-date=\"{{2026-09-24}}\"\n                                                                        data-filter-stage_id=\"{{785}}\"\n                        >\n                                \t<div class=\"presentation-topic\" style=\"background-color:#d4d800;\">\n\t\t\t\t\t\t\t\t\t\t\tCoatings for precision optical systems  by Fraunhofer IOF\n\t\t\t\t<\/div>\n\t                <div class=\"presentation-headline\">\n                                                                        <div class=\"presentation-info\">\n                                                                    <div class=\"presentation-time\">\n                                            11:15&ndash;11:25 Uhr\n  | en-tech.talks - Halle 2                                     <\/div>\n                                                                                                    <div class=\"presentation-title\">\n                                                                                    <h3 class='topic'>\n                                                \t\t\t<img loading=\"lazy\" decoding=\"async\" loading=\"lazy\" width=\"18\" height=\"12\" src=\"\/wp-content\/plugins\/sitepress-multilingual-cms\/res\/flags\/de.png\">\n\t\t    All-fluoride multilayer coatings for DUV applications\n\n\n                                            <\/h3>\n                                            <span class='subtitle'>\n                                                    \n\n                                            <\/span>\n                                                                            <\/div>\n                                                            <\/div>\n                                                                            <div class=\"presentation-meta\">\n                                                                                                                                                <div class=\"presentation-partner\">\n                                            <img decoding=\"async\" src=\"https:\/\/portal.fleet-events.de\/de\/uploads?path=sessions\/7440.jpg\"\/>\n                                        <\/div>\n                                                                                                <\/div>\n                                                            <\/div>\n            \n                            <div class=\"presentation-content\n                             show-abstract                              has-image \"\n                >\n                                            <div class=\"speakers\">\n                                                                                                                                                                                    <div class=\"speaker\">\n                                                                                                                                                                                                                                                                                                                        \n                                                                                                                                                            \n                                                        <div class=\"speaker-image\">\n\t\t<div class=\"speaker-image-image\">\n\t\t\t<img\n\t\t\t\tloading='lazy' \n\t\t\t\tclass=''\n\t\t\t\tdata-modal-id=\"6a94e6f86cfab\" \n\t\t\t\t         show-modal-trigger=\"true\" \t\t\t\t     data-src=\"\/jena\/vortraege-buehnenprogramm-w3-fair-jena-2026-en-tech-talks\/jena-speaker-details\/3526\" \t\t\t\t  data-info-header=\".single-speaker-header\"  \t\t\t\t data-info-content=\".single-speaker-content\"  \t\t\t\tsrc=\"https:\/\/portal.fleet-events.de\/de\/speakerphoto?path=3526\/profile_xircus.jpg&amp;s=600&amp;v=1786366198\" \n\t\t\t\talt=\"Sven Laux\" \n\t\t\t\/>\n\t\t<\/div>\n                    <div class=\"speaker-image-credits\">\n                            <\/div>\n            <\/div>\n\n                                                                                                                                                    <div class=\"speaker-info\">\n                                                                    <h3 class=\"speaker-name\">Dr.&nbsp;Sven Laux\n                            <\/h3>                <span class=\"speaker-jobtitle\">Senior Advisor Optical Coatings Technology                <\/span>                <span class=\"speaker-company\">Jenoptik Optical Systems GmbH<\/span>     \n\n                                                    <\/div>\n                                                                                            <\/div>\n                                                                                                                                                                                                    <div class=\"presentation-link\">\n                                                                                                                        \n    \n<a \n    href=\/290742026\/presentation\/7440 \n    class=\"btn\" \n    data-modal-id=\"6a94e6f86cfab\"\n    show-modal-trigger\n    data-info-root=\".fea-presentation-list-item\"\n    data-info-header=\".presentation-link .popup_headline\"\n    data-info-content=\".presentation-link .popup_body\"\n>\n    Mehr\n<\/a>\n\n    <div class=\"popup_content\">\n        <div class=\"popup_headline\"><\/div>\n\t\t<div class=\"popup_body\">\n\t\t\t\t\n\t\t\t\t\t\t\n\t\t\t\n<div class=\"single-presentation\">\n\t<div class=\"single-presentation-header\">\n            <\/div>\n     <div class='topic_category category_843' style=\"color: #d4d800;\">\n\t\t<span>Coatings for precision optical systems  by Fraunhofer IOF<\/span>\n\t<\/div>\n\t<div class=\"single-presentation-content \n\t\t show-abstract \"\n\t>\n\t\t\t\t\t\t\t    <div class='speakers'>\n                                    <div class='speaker'>\n                        <div class=\"speaker-image\">\n\t\t<div class=\"speaker-image-image\">\n\t\t\t<img\n\t\t\t\tloading='lazy' \n\t\t\t\tclass=''\n\t\t\t\tdata-modal-id=\"\" \n\t\t\t\t\t\t\t\t\t\t\t\t\t\t\t\t\t\t\t\tsrc=\"https:\/\/portal.fleet-events.de\/de\/speakerphoto?path=3526\/profile_xircus.jpg&amp;s=600&amp;v=1786366198\" \n\t\t\t\talt=\"Sven Laux\" \n\t\t\t\/>\n\t\t<\/div>\n                    <div class=\"speaker-image-credits\">\n                            <\/div>\n            <\/div>\n\n                    <div class=\"speaker-info\">\n                                    <h3 class=\"speaker-name\">Dr.&nbsp;Sven Laux\n                            <\/h3>                <span class=\"speaker-jobtitle\">Senior Advisor Optical Coatings Technology                <\/span>                <span class=\"speaker-company\">Jenoptik Optical Systems GmbH<\/span>     \n    \n                    <\/div>\n                <\/div>\n                                <\/div>\n\n\t\t\t\t<div class='presentation '>\n\t\t\t<div class='presentation-main'>\n\t\t\t\t<h3 class='topic'>All-fluoride multilayer coatings for DUV applications<\/h3>\n\t\t\t\t<div class='subtitle'><\/div>\n\t\t\t\t<div class='abstract'>In this contribution a few examples of optical components with all-fluoride multilayers for applications in the deep UV spectral range will be presented. Coatings have been deposited using direct optical monitoring in the wavelength range below 250nm.<\/div>\n\t\t\t<\/div>\n\t\t\t<div class='presentation-info'>\n\t\t\t\t<div class='presentation-info-date-time-location'>\n\t\t\t\t\t<span class=\"presentation-date-time\">\n\t\t\t\t\t\t<span class='presentation-date'>Donnerstag, 24.September 2026,<\/span>\n\t\t\t\t\t\t<span class='presentation-time'>    11:15&ndash;11:25 Uhr\n, <\/span>\n\t\t\t\t\t<\/span>\n\t\t\t\t\t<span class='presentation-location'>\n\t\t\t\t\t\t\t\t\t\t\t\t\ten-tech.talks - Halle 2\n\t\t\t\t\t\t\t\t\t\t\t<\/span>\n\t\t\t\t<\/div>\n\t\t\t\t<div class='presentation-info-type'>\n\t\t\t\t\t    \n\t\t\t\t<\/div>\n\t\t\t<\/div>\n\t\t\t\t\t<\/div>\n    <\/div>\n<\/div>\t\t<\/div>\n    <\/div>\n                                                                                                            <\/div>\n                                                    <\/div>\n                                        \t\t\t<div class=\"abstract\">\n\t\t\t<div>In this contribution a few examples of optical components with all-fluoride multilayers for applications in the deep UV spectral range will be presented. Coatings have been deposited using direct optical monitoring in the wavelength range below 250nm.<\/div>\n\t\t<\/div>\n\t                <\/div>\n                        \n                        <\/div>\n                                                                                                \n\n\n    <div        class=\"fea-presentation-list-item presentation-item\"\n                    dynamic-filter-item\n                                                                        data-filter-main_topic_id=\"{{843}}\"\n                                                                        data-filter-date=\"{{2026-09-24}}\"\n                                                                        data-filter-stage_id=\"{{785}}\"\n                        >\n                                \t<div class=\"presentation-topic\" style=\"background-color:#d4d800;\">\n\t\t\t\t\t\t\t\t\t\t\tCoatings for precision optical systems  by Fraunhofer IOF\n\t\t\t\t<\/div>\n\t                <div class=\"presentation-headline\">\n                                                                        <div class=\"presentation-info\">\n                                                                    <div class=\"presentation-time\">\n                                            11:25&ndash;11:35 Uhr\n  | en-tech.talks - Halle 2                                     <\/div>\n                                                                                                    <div class=\"presentation-title\">\n                                                                                    <h3 class='topic'>\n                                                \t\t\t<img loading=\"lazy\" decoding=\"async\" loading=\"lazy\" width=\"18\" height=\"12\" src=\"\/wp-content\/plugins\/sitepress-multilingual-cms\/res\/flags\/de.png\">\n\t\t    \n\n\n                                            <\/h3>\n                                            <span class='subtitle'>\n                                                    \n\n                                            <\/span>\n                                                                            <\/div>\n                                                            <\/div>\n                                                                            <div class=\"presentation-meta\">\n                                                                                                                                                <div class=\"presentation-partner\">\n                                            <img decoding=\"async\" src=\"https:\/\/portal.fleet-events.de\/de\/uploads?path=sessions\/7441.jpg\"\/>\n                                        <\/div>\n                                                                                                <\/div>\n                                                            <\/div>\n            \n                            <div class=\"presentation-content\n                                                         has-image \"\n                >\n                                            <div class=\"speakers\">\n                                                                                                                                                                                    <div class=\"speaker\">\n                                                                                                                                                                                                                                                                                                                        \n                                                                                                                                                            \n                                                        <div class=\"speaker-image\">\n\t\t<div class=\"speaker-image-image\">\n\t\t\t<img\n\t\t\t\tloading='lazy' \n\t\t\t\tclass=''\n\t\t\t\tdata-modal-id=\"6a94e6f86cfab\" \n\t\t\t\t         show-modal-trigger=\"true\" \t\t\t\t     data-src=\"\/jena\/vortraege-buehnenprogramm-w3-fair-jena-2026-en-tech-talks\/jena-speaker-details\/2079\" \t\t\t\t  data-info-header=\".single-speaker-header\"  \t\t\t\t data-info-content=\".single-speaker-content\"  \t\t\t\tsrc=\"https:\/\/portal.fleet-events.de\/de\/speakerphoto?path=2079\/profile_xircus.jpg&amp;s=600&amp;v=1753172029\" \n\t\t\t\talt=\"Elmar Elbinger\" \n\t\t\t\/>\n\t\t<\/div>\n                    <div class=\"speaker-image-credits\">\n                            <\/div>\n            <\/div>\n\n                                                                                                                                                    <div class=\"speaker-info\">\n                                                                    <h3 class=\"speaker-name\">Elmar Elbinger\n                            <\/h3>                <span class=\"speaker-jobtitle\">Business Development Manager                <\/span>                <span class=\"speaker-company\">Materion Balzers Optics<\/span>     \n\n                                                    <\/div>\n                                                                                            <\/div>\n                                                                                                                                                                                                    <div class=\"presentation-link\">\n                                                                                                                                                <\/div>\n                                                    <\/div>\n                                        \t                <\/div>\n                        \n                        <\/div>\n                                                                                                \n\n\n    <div        class=\"fea-presentation-list-item presentation-item\"\n                    dynamic-filter-item\n                                                                        data-filter-main_topic_id=\"{{843}}\"\n                                                                        data-filter-date=\"{{2026-09-24}}\"\n                                                                        data-filter-stage_id=\"{{785}}\"\n                        >\n                                \t<div class=\"presentation-topic\" style=\"background-color:#d4d800;\">\n\t\t\t\t\t\t\t\t\t\t\tCoatings for precision optical systems  by Fraunhofer IOF\n\t\t\t\t<\/div>\n\t                <div class=\"presentation-headline\">\n                                                                        <div class=\"presentation-info\">\n                                                                    <div class=\"presentation-time\">\n                                            11:35&ndash;11:45 Uhr\n  | en-tech.talks - Halle 2                                     <\/div>\n                                                                                                    <div class=\"presentation-title\">\n                                                                                    <h3 class='topic'>\n                                                \t\t\t<img loading=\"lazy\" decoding=\"async\" loading=\"lazy\" width=\"18\" height=\"12\" src=\"\/wp-content\/plugins\/sitepress-multilingual-cms\/res\/flags\/de.png\">\n\t\t    Dielectric coatings for space applications\n\n\n                                            <\/h3>\n                                            <span class='subtitle'>\n                                                    \n\n                                            <\/span>\n                                                                            <\/div>\n                                                            <\/div>\n                                                                            <div class=\"presentation-meta\">\n                                                                                                                                                <div class=\"presentation-partner\">\n                                            <img decoding=\"async\" src=\"https:\/\/portal.fleet-events.de\/de\/uploads?path=sessions\/7442.jpg\"\/>\n                                        <\/div>\n                                                                                                <\/div>\n                                                            <\/div>\n            \n                            <div class=\"presentation-content\n                             show-abstract                              has-image \"\n                >\n                                            <div class=\"speakers\">\n                                                                                                                                                                                    <div class=\"speaker\">\n                                                                                                                                                                                                                                                                                                                        \n                                                                                                                                                            \n                                                        <div class=\"speaker-image\">\n\t\t<div class=\"speaker-image-image\">\n\t\t\t<img\n\t\t\t\tloading='lazy' \n\t\t\t\tclass=''\n\t\t\t\tdata-modal-id=\"6a94e6f86cfab\" \n\t\t\t\t         show-modal-trigger=\"true\" \t\t\t\t     data-src=\"\/jena\/vortraege-buehnenprogramm-w3-fair-jena-2026-en-tech-talks\/jena-speaker-details\/3527\" \t\t\t\t  data-info-header=\".single-speaker-header\"  \t\t\t\t data-info-content=\".single-speaker-content\"  \t\t\t\tsrc=\"https:\/\/portal.fleet-events.de\/de\/speakerphoto?path=3527\/profile_xircus.jpg&amp;s=600&amp;v=1784715615\" \n\t\t\t\talt=\"Christoph G\u00f6deker\" \n\t\t\t\/>\n\t\t<\/div>\n                    <div class=\"speaker-image-credits\">\n                            <\/div>\n            <\/div>\n\n                                                                                                                                                    <div class=\"speaker-info\">\n                                                                    <h3 class=\"speaker-name\">Dr.&nbsp;Christoph G\u00f6deker\n                            <\/h3>                <span class=\"speaker-jobtitle\">Coating specialist                <\/span>                <span class=\"speaker-company\">Laseroptik<\/span>     \n\n                                                    <\/div>\n                                                                                            <\/div>\n                                                                                                                                                                                                    <div class=\"presentation-link\">\n                                                                                                                        \n    \n<a \n    href=\/290742026\/presentation\/7442 \n    class=\"btn\" \n    data-modal-id=\"6a94e6f86cfab\"\n    show-modal-trigger\n    data-info-root=\".fea-presentation-list-item\"\n    data-info-header=\".presentation-link .popup_headline\"\n    data-info-content=\".presentation-link .popup_body\"\n>\n    Mehr\n<\/a>\n\n    <div class=\"popup_content\">\n        <div class=\"popup_headline\"><\/div>\n\t\t<div class=\"popup_body\">\n\t\t\t\t\n\t\t\t\t\t\t\n\t\t\t\n<div class=\"single-presentation\">\n\t<div class=\"single-presentation-header\">\n            <\/div>\n     <div class='topic_category category_843' style=\"color: #d4d800;\">\n\t\t<span>Coatings for precision optical systems  by Fraunhofer IOF<\/span>\n\t<\/div>\n\t<div class=\"single-presentation-content \n\t\t show-abstract \"\n\t>\n\t\t\t\t\t\t\t    <div class='speakers'>\n                                    <div class='speaker'>\n                        <div class=\"speaker-image\">\n\t\t<div class=\"speaker-image-image\">\n\t\t\t<img\n\t\t\t\tloading='lazy' \n\t\t\t\tclass=''\n\t\t\t\tdata-modal-id=\"\" \n\t\t\t\t\t\t\t\t\t\t\t\t\t\t\t\t\t\t\t\tsrc=\"https:\/\/portal.fleet-events.de\/de\/speakerphoto?path=3527\/profile_xircus.jpg&amp;s=600&amp;v=1784715615\" \n\t\t\t\talt=\"Christoph G\u00f6deker\" \n\t\t\t\/>\n\t\t<\/div>\n                    <div class=\"speaker-image-credits\">\n                            <\/div>\n            <\/div>\n\n                    <div class=\"speaker-info\">\n                                    <h3 class=\"speaker-name\">Dr.&nbsp;Christoph G\u00f6deker\n                            <\/h3>                <span class=\"speaker-jobtitle\">Coating specialist                <\/span>                <span class=\"speaker-company\">Laseroptik<\/span>     \n    \n                    <\/div>\n                <\/div>\n                                <\/div>\n\n\t\t\t\t<div class='presentation '>\n\t\t\t<div class='presentation-main'>\n\t\t\t\t<h3 class='topic'>Dielectric coatings for space applications<\/h3>\n\t\t\t\t<div class='subtitle'><\/div>\n\t\t\t\t<div class='abstract'>The talk covers optics with dielectric coatings for space applications. We discuss typical challenges of space environments. A sun filter is selected as an example. Used in optical satellite communication a sun filter protects the receiver from sunlight while transmitting the laser beam. The talk highlights some of the properties of a sun filter and discusses the production technologies for its fabrication.<\/div>\n\t\t\t<\/div>\n\t\t\t<div class='presentation-info'>\n\t\t\t\t<div class='presentation-info-date-time-location'>\n\t\t\t\t\t<span class=\"presentation-date-time\">\n\t\t\t\t\t\t<span class='presentation-date'>Donnerstag, 24.September 2026,<\/span>\n\t\t\t\t\t\t<span class='presentation-time'>    11:35&ndash;11:45 Uhr\n, <\/span>\n\t\t\t\t\t<\/span>\n\t\t\t\t\t<span class='presentation-location'>\n\t\t\t\t\t\t\t\t\t\t\t\t\ten-tech.talks - Halle 2\n\t\t\t\t\t\t\t\t\t\t\t<\/span>\n\t\t\t\t<\/div>\n\t\t\t\t<div class='presentation-info-type'>\n\t\t\t\t\t    \n\t\t\t\t<\/div>\n\t\t\t<\/div>\n\t\t\t\t\t<\/div>\n    <\/div>\n<\/div>\t\t<\/div>\n    <\/div>\n                                                                                                            <\/div>\n                                                    <\/div>\n                                        \t\t\t<div class=\"abstract\">\n\t\t\t<div>The talk covers optics with dielectric coatings for space applications. We discuss typical challenges of space environments. A sun filter is selected as an example. Used in optical satellite communication a sun filter protects the receiver from sunlight while transmitting the laser beam. The talk highlights some of the properties of a sun filter and discusses the production technologies for its fabrication.<\/div>\n\t\t<\/div>\n\t                <\/div>\n                        \n                        <\/div>\n                                                                                                \n\n\n    <div        class=\"fea-presentation-list-item presentation-item\"\n                    dynamic-filter-item\n                                                                        data-filter-main_topic_id=\"{{843}}\"\n                                                                        data-filter-date=\"{{2026-09-24}}\"\n                                                                        data-filter-stage_id=\"{{785}}\"\n                        >\n                                \t<div class=\"presentation-topic\" style=\"background-color:#d4d800;\">\n\t\t\t\t\t\t\t\t\t\t\tCoatings for precision optical systems  by Fraunhofer IOF\n\t\t\t\t<\/div>\n\t                <div class=\"presentation-headline\">\n                                                                        <div class=\"presentation-info\">\n                                                                    <div class=\"presentation-time\">\n                                            11:45&ndash;11:55 Uhr\n  | en-tech.talks - Halle 2                                     <\/div>\n                                                                                                    <div class=\"presentation-title\">\n                                                                                    <h3 class='topic'>\n                                                \t\t\t<img loading=\"lazy\" decoding=\"async\" loading=\"lazy\" width=\"18\" height=\"12\" src=\"\/wp-content\/plugins\/sitepress-multilingual-cms\/res\/flags\/de.png\">\n\t\t    Scaling Atomic Layer Deposition for Industrial Photonics\n\n\n                                            <\/h3>\n                                            <span class='subtitle'>\n                                                    \n\n                                            <\/span>\n                                                                            <\/div>\n                                                            <\/div>\n                                                                            <div class=\"presentation-meta\">\n                                                                                                                                                <div class=\"presentation-partner\">\n                                            <img decoding=\"async\" src=\"https:\/\/portal.fleet-events.de\/de\/uploads?path=sessions\/7443.jpg\"\/>\n                                        <\/div>\n                                                                                                <\/div>\n                                                            <\/div>\n            \n                            <div class=\"presentation-content\n                             show-abstract                              has-image \"\n                >\n                                            <div class=\"speakers\">\n                                                                                                                                                                                    <div class=\"speaker\">\n                                                                                                                                                                                                                                                                                                                        \n                                                                                                                                                            \n                                                        <div class=\"speaker-image\">\n\t\t<div class=\"speaker-image-image\">\n\t\t\t<img\n\t\t\t\tloading='lazy' \n\t\t\t\tclass=''\n\t\t\t\tdata-modal-id=\"6a94e6f86cfab\" \n\t\t\t\t         show-modal-trigger=\"true\" \t\t\t\t     data-src=\"\/jena\/vortraege-buehnenprogramm-w3-fair-jena-2026-en-tech-talks\/jena-speaker-details\/3528\" \t\t\t\t  data-info-header=\".single-speaker-header\"  \t\t\t\t data-info-content=\".single-speaker-content\"  \t\t\t\tsrc=\"https:\/\/portal.fleet-events.de\/de\/speakerphoto?path=3528\/profile_xircus.jpg&amp;s=600&amp;v=1784715832\" \n\t\t\t\talt=\"Stephan Mingels\" \n\t\t\t\/>\n\t\t<\/div>\n                    <div class=\"speaker-image-credits\">\n                            <\/div>\n            <\/div>\n\n                                                                                                                                                    <div class=\"speaker-info\">\n                                                                    <h3 class=\"speaker-name\">Dr.&nbsp;Stephan Mingels\n                            <\/h3>                <span class=\"speaker-jobtitle\">Teamleader R&amp;D                <\/span>                <span class=\"speaker-company\">B\u00fchler LEYBOLD OPTICS<\/span>     \n\n                                                    <\/div>\n                                                                                            <\/div>\n                                                                                                                                                                                                    <div class=\"presentation-link\">\n                                                                                                                        \n    \n<a \n    href=\/290742026\/presentation\/7443 \n    class=\"btn\" \n    data-modal-id=\"6a94e6f86cfab\"\n    show-modal-trigger\n    data-info-root=\".fea-presentation-list-item\"\n    data-info-header=\".presentation-link .popup_headline\"\n    data-info-content=\".presentation-link .popup_body\"\n>\n    Mehr\n<\/a>\n\n    <div class=\"popup_content\">\n        <div class=\"popup_headline\"><\/div>\n\t\t<div class=\"popup_body\">\n\t\t\t\t\n\t\t\t\t\t\t\n\t\t\t\n<div class=\"single-presentation\">\n\t<div class=\"single-presentation-header\">\n            <\/div>\n     <div class='topic_category category_843' style=\"color: #d4d800;\">\n\t\t<span>Coatings for precision optical systems  by Fraunhofer IOF<\/span>\n\t<\/div>\n\t<div class=\"single-presentation-content \n\t\t show-abstract \"\n\t>\n\t\t\t\t\t\t\t    <div class='speakers'>\n                                    <div class='speaker'>\n                        <div class=\"speaker-image\">\n\t\t<div class=\"speaker-image-image\">\n\t\t\t<img\n\t\t\t\tloading='lazy' \n\t\t\t\tclass=''\n\t\t\t\tdata-modal-id=\"\" \n\t\t\t\t\t\t\t\t\t\t\t\t\t\t\t\t\t\t\t\tsrc=\"https:\/\/portal.fleet-events.de\/de\/speakerphoto?path=3528\/profile_xircus.jpg&amp;s=600&amp;v=1784715832\" \n\t\t\t\talt=\"Stephan Mingels\" \n\t\t\t\/>\n\t\t<\/div>\n                    <div class=\"speaker-image-credits\">\n                            <\/div>\n            <\/div>\n\n                    <div class=\"speaker-info\">\n                                    <h3 class=\"speaker-name\">Dr.&nbsp;Stephan Mingels\n                            <\/h3>                <span class=\"speaker-jobtitle\">Teamleader R&amp;D                <\/span>                <span class=\"speaker-company\">B\u00fchler LEYBOLD OPTICS<\/span>     \n    \n                    <\/div>\n                <\/div>\n                                <\/div>\n\n\t\t\t\t<div class='presentation '>\n\t\t\t<div class='presentation-main'>\n\t\t\t\t<h3 class='topic'>Scaling Atomic Layer Deposition for Industrial Photonics<\/h3>\n\t\t\t\t<div class='subtitle'><\/div>\n\t\t\t\t<div class='abstract'>Atomic layer deposition provides excellent thickness control, conformality, and material quality, but conventional ALD processes are often considered too slow for industrial optical coating applications. The LEYBOLD OPTICS ALD 1200 addresses this challenge through a rotary spatial ALD concept designed for high productivity and large substrates.\r\n\r\nA continuously rotating turntable transports multiple substrates through spatially separated precursor and plasma zones to form the optical coatings. This architecture enables deposition rates approaching those of PVD while maintaining the precision and conformality of ALD. Plasma-enhanced processes allow the deposition of low-stress single layers and complex multilayer stacks.\r\n\r\nThe presentation introduces the reactor concept and highlights selected process results, including high deposition rates, low-stress Bragg mirrors, conformal coatings on high-aspect-ratio structures, and advanced barrier films for moisture-sensitive components. These capabilities open new opportunities for industrial applications in precision optics and photonics.<\/div>\n\t\t\t<\/div>\n\t\t\t<div class='presentation-info'>\n\t\t\t\t<div class='presentation-info-date-time-location'>\n\t\t\t\t\t<span class=\"presentation-date-time\">\n\t\t\t\t\t\t<span class='presentation-date'>Donnerstag, 24.September 2026,<\/span>\n\t\t\t\t\t\t<span class='presentation-time'>    11:45&ndash;11:55 Uhr\n, <\/span>\n\t\t\t\t\t<\/span>\n\t\t\t\t\t<span class='presentation-location'>\n\t\t\t\t\t\t\t\t\t\t\t\t\ten-tech.talks - Halle 2\n\t\t\t\t\t\t\t\t\t\t\t<\/span>\n\t\t\t\t<\/div>\n\t\t\t\t<div class='presentation-info-type'>\n\t\t\t\t\t    \n\t\t\t\t<\/div>\n\t\t\t<\/div>\n\t\t\t\t\t<\/div>\n    <\/div>\n<\/div>\t\t<\/div>\n    <\/div>\n                                                                                                            <\/div>\n                                                    <\/div>\n                                        \t\t\t<div class=\"abstract\">\n\t\t\t<div>Atomic layer deposition provides excellent thickness control, conformality, and material quality, but conventional ALD processes are often considered too slow for industrial optical coating applications. The LEYBOLD OPTICS ALD 1200 addresses this challenge through a rotary spatial ALD concept designed for high productivity and large substrates.\r\n\r\nA continuously rotating turntable transports multiple substrates through spatially separated precursor and plasma zones to form the optical coatings. This architecture enables deposition rates approaching those of PVD while maintaining the precision and conformality of ALD. Plasma-enhanced processes allow the deposition of low-stress single layers and complex multilayer stacks.\r\n\r\nThe presentation introduces the reactor concept and highlights selected process results, including high deposition rates, low-stress Bragg mirrors, conformal coatings on high-aspect-ratio structures, and advanced barrier films for moisture-sensitive components. These capabilities open new opportunities for industrial applications in precision optics and photonics.<\/div>\n\t\t<\/div>\n\t                <\/div>\n                        \n                        <\/div>\n                                                                                                \n\n\n    <div        class=\"fea-presentation-list-item presentation-item\"\n                    dynamic-filter-item\n                                                                        data-filter-main_topic_id=\"{{843}}\"\n                                                                        data-filter-date=\"{{2026-09-24}}\"\n                                                                        data-filter-stage_id=\"{{785}}\"\n                        >\n                                \t<div class=\"presentation-topic\" style=\"background-color:#d4d800;\">\n\t\t\t\t\t\t\t\t\t\t\tCoatings for precision optical systems  by Fraunhofer IOF\n\t\t\t\t<\/div>\n\t                <div class=\"presentation-headline\">\n                                                                        <div class=\"presentation-info\">\n                                                                    <div class=\"presentation-time\">\n                                            11:55&ndash;12:05 Uhr\n  | en-tech.talks - Halle 2                                     <\/div>\n                                                                                                    <div class=\"presentation-title\">\n                                                                                    <h3 class='topic'>\n                                                \t\t\t<img loading=\"lazy\" decoding=\"async\" loading=\"lazy\" width=\"18\" height=\"12\" src=\"\/wp-content\/plugins\/sitepress-multilingual-cms\/res\/flags\/de.png\">\n\t\t    Reduction of Absorption in Dielectric Coatings\n\n\n                                            <\/h3>\n                                            <span class='subtitle'>\n                                                    \n\n                                            <\/span>\n                                                                            <\/div>\n                                                            <\/div>\n                                                                            <div class=\"presentation-meta\">\n                                                                                                                                                <div class=\"presentation-partner\">\n                                            <img decoding=\"async\" src=\"https:\/\/portal.fleet-events.de\/de\/uploads?path=sessions\/7445.jpg\"\/>\n                                        <\/div>\n                                                                                                <\/div>\n                                                            <\/div>\n            \n                            <div class=\"presentation-content\n                             show-abstract                              has-image \"\n                >\n                                            <div class=\"speakers\">\n                                                                                                                                                                                    <div class=\"speaker\">\n                                                                                                                                                                                                                                                                                                                        \n                                                                                                                                                            \n                                                        <div class=\"speaker-image\">\n\t\t<div class=\"speaker-image-image\">\n\t\t\t<img\n\t\t\t\tloading='lazy' \n\t\t\t\tclass=''\n\t\t\t\tdata-modal-id=\"6a94e6f86cfab\" \n\t\t\t\t         show-modal-trigger=\"true\" \t\t\t\t     data-src=\"\/jena\/vortraege-buehnenprogramm-w3-fair-jena-2026-en-tech-talks\/jena-speaker-details\/3543\" \t\t\t\t  data-info-header=\".single-speaker-header\"  \t\t\t\t data-info-content=\".single-speaker-content\"  \t\t\t\tsrc=\"https:\/\/portal.fleet-events.de\/de\/speakerphoto?path=3543\/profile.jpg&amp;s=600&amp;v=1786970138\" \n\t\t\t\talt=\"Pia Kielblock\" \n\t\t\t\/>\n\t\t<\/div>\n                    <div class=\"speaker-image-credits\">\n                            <\/div>\n            <\/div>\n\n                                                                                                                                                    <div class=\"speaker-info\">\n                                                                    <h3 class=\"speaker-name\">Pia Kielblock\n                            <\/h3>                <span class=\"speaker-jobtitle\">Research Engineer                <\/span>                <span class=\"speaker-company\">LASER COMPONENTS Germany GmbH<\/span>     \n\n                                                    <\/div>\n                                                                                            <\/div>\n                                                                                                                                                                                                    <div class=\"presentation-link\">\n                                                                                                                        \n    \n<a \n    href=\/290742026\/presentation\/7445 \n    class=\"btn\" \n    data-modal-id=\"6a94e6f86cfab\"\n    show-modal-trigger\n    data-info-root=\".fea-presentation-list-item\"\n    data-info-header=\".presentation-link .popup_headline\"\n    data-info-content=\".presentation-link .popup_body\"\n>\n    Mehr\n<\/a>\n\n    <div class=\"popup_content\">\n        <div class=\"popup_headline\"><\/div>\n\t\t<div class=\"popup_body\">\n\t\t\t\t\n\t\t\t\t\t\t\n\t\t\t\n<div class=\"single-presentation\">\n\t<div class=\"single-presentation-header\">\n            <\/div>\n     <div class='topic_category category_843' style=\"color: #d4d800;\">\n\t\t<span>Coatings for precision optical systems  by Fraunhofer IOF<\/span>\n\t<\/div>\n\t<div class=\"single-presentation-content \n\t\t show-abstract \"\n\t>\n\t\t\t\t\t\t\t    <div class='speakers'>\n                                    <div class='speaker'>\n                        <div class=\"speaker-image\">\n\t\t<div class=\"speaker-image-image\">\n\t\t\t<img\n\t\t\t\tloading='lazy' \n\t\t\t\tclass=''\n\t\t\t\tdata-modal-id=\"\" \n\t\t\t\t\t\t\t\t\t\t\t\t\t\t\t\t\t\t\t\tsrc=\"https:\/\/portal.fleet-events.de\/de\/speakerphoto?path=3543\/profile.jpg&amp;s=600&amp;v=1786970138\" \n\t\t\t\talt=\"Pia Kielblock\" \n\t\t\t\/>\n\t\t<\/div>\n                    <div class=\"speaker-image-credits\">\n                            <\/div>\n            <\/div>\n\n                    <div class=\"speaker-info\">\n                                    <h3 class=\"speaker-name\">Pia Kielblock\n                            <\/h3>                <span class=\"speaker-jobtitle\">Research Engineer                <\/span>                <span class=\"speaker-company\">LASER COMPONENTS Germany GmbH<\/span>     \n    \n                    <\/div>\n                <\/div>\n                                <\/div>\n\n\t\t\t\t<div class='presentation '>\n\t\t\t<div class='presentation-main'>\n\t\t\t\t<h3 class='topic'>Reduction of Absorption in Dielectric Coatings<\/h3>\n\t\t\t\t<div class='subtitle'><\/div>\n\t\t\t\t<div class='abstract'>Absorption in dielectric coatings can significantly limit the performance of high-power optical components. This talk presents approaches to reducing absorption through process parameter tuning and post-processing techniques for improving the performance of high-power laser optics.<\/div>\n\t\t\t<\/div>\n\t\t\t<div class='presentation-info'>\n\t\t\t\t<div class='presentation-info-date-time-location'>\n\t\t\t\t\t<span class=\"presentation-date-time\">\n\t\t\t\t\t\t<span class='presentation-date'>Donnerstag, 24.September 2026,<\/span>\n\t\t\t\t\t\t<span class='presentation-time'>    11:55&ndash;12:05 Uhr\n, <\/span>\n\t\t\t\t\t<\/span>\n\t\t\t\t\t<span class='presentation-location'>\n\t\t\t\t\t\t\t\t\t\t\t\t\ten-tech.talks - Halle 2\n\t\t\t\t\t\t\t\t\t\t\t<\/span>\n\t\t\t\t<\/div>\n\t\t\t\t<div class='presentation-info-type'>\n\t\t\t\t\t    \n\t\t\t\t<\/div>\n\t\t\t<\/div>\n\t\t\t\t\t<\/div>\n    <\/div>\n<\/div>\t\t<\/div>\n    <\/div>\n                                                                                                            <\/div>\n                                                    <\/div>\n                                        \t\t\t<div class=\"abstract\">\n\t\t\t<div>Absorption in dielectric coatings can significantly limit the performance of high-power optical components. This talk presents approaches to reducing absorption through process parameter tuning and post-processing techniques for improving the performance of high-power laser optics.<\/div>\n\t\t<\/div>\n\t                <\/div>\n                        \n                        <\/div>\n                                                                                                \n\n\n    <div        class=\"fea-presentation-list-item presentation-item\"\n                    dynamic-filter-item\n                                                                        data-filter-main_topic_id=\"{{843}}\"\n                                                                        data-filter-date=\"{{2026-09-24}}\"\n                                                                        data-filter-stage_id=\"{{785}}\"\n                        >\n                                \t<div class=\"presentation-topic\" style=\"background-color:#d4d800;\">\n\t\t\t\t\t\t\t\t\t\t\tCoatings for precision optical systems  by Fraunhofer IOF\n\t\t\t\t<\/div>\n\t                <div class=\"presentation-headline\">\n                                                                        <div class=\"presentation-info\">\n                                                                    <div class=\"presentation-time\">\n                                            12:05&ndash;12:15 Uhr\n  | en-tech.talks - Halle 2                                     <\/div>\n                                                                                                    <div class=\"presentation-title\">\n                                                                                    <h3 class='topic'>\n                                                \t\t\t<img loading=\"lazy\" decoding=\"async\" loading=\"lazy\" width=\"18\" height=\"12\" src=\"\/wp-content\/plugins\/sitepress-multilingual-cms\/res\/flags\/de.png\">\n\t\t    \u201cIon Beam Sputtering of Tunable Bandpass Filters Applying Automated Chip Changing\u201d\n\n\n                                            <\/h3>\n                                            <span class='subtitle'>\n                                                    \n\n                                            <\/span>\n                                                                            <\/div>\n                                                            <\/div>\n                                                                            <div class=\"presentation-meta\">\n                                                                                                                                                <div class=\"presentation-partner\">\n                                            <img decoding=\"async\" src=\"https:\/\/portal.fleet-events.de\/de\/uploads?path=sessions\/7446.jpg\"\/>\n                                        <\/div>\n                                                                                                <\/div>\n                                                            <\/div>\n            \n                            <div class=\"presentation-content\n                                                         has-image \"\n                >\n                                            <div class=\"speakers\">\n                                                                                                                                                                                    <div class=\"speaker\">\n                                                                                                                                                                                                                                                                                                                        \n                                                                                                                                                            \n                                                        <div class=\"speaker-image\">\n\t\t<div class=\"speaker-image-image\">\n\t\t\t<img\n\t\t\t\tloading='lazy' \n\t\t\t\tclass=''\n\t\t\t\tdata-modal-id=\"6a94e6f86cfab\" \n\t\t\t\t         show-modal-trigger=\"true\" \t\t\t\t     data-src=\"\/jena\/vortraege-buehnenprogramm-w3-fair-jena-2026-en-tech-talks\/jena-speaker-details\/3530\" \t\t\t\t  data-info-header=\".single-speaker-header\"  \t\t\t\t data-info-content=\".single-speaker-content\"  \t\t\t\tsrc=\"https:\/\/portal.fleet-events.de\/de\/speakerphoto?path=3530\/profile_xircus.jpg&amp;s=600&amp;v=1784720657\" \n\t\t\t\talt=\"Mathias Mende\" \n\t\t\t\/>\n\t\t<\/div>\n                    <div class=\"speaker-image-credits\">\n                            <\/div>\n            <\/div>\n\n                                                                                                                                                    <div class=\"speaker-info\">\n                                                                    <h3 class=\"speaker-name\">Dr.&nbsp;Mathias Mende\n                            <\/h3>                <span class=\"speaker-jobtitle\">Senior Optical Coating Designer                <\/span>                <span class=\"speaker-company\">Edmund Optics<\/span>     \n\n                                                    <\/div>\n                                                                                            <\/div>\n                                                                                                                                                                                                    <div class=\"presentation-link\">\n                                                                                                                                                <\/div>\n                                                    <\/div>\n                                        \t                <\/div>\n                        \n                        <\/div>\n                                                                                                \n\n\n    <div        class=\"fea-presentation-list-item presentation-item\"\n                    dynamic-filter-item\n                                                                        data-filter-main_topic_id=\"{{891}}\"\n                                                                        data-filter-date=\"{{2026-09-24}}\"\n                                                                        data-filter-stage_id=\"{{789}}\"\n                        >\n                                \t<div class=\"presentation-topic\" style=\"background-color:#08af96;\">\n\t\t\t\t\t\t\t\t\t\t\tStart-up Pitches\n\t\t\t\t<\/div>\n\t                <div class=\"presentation-headline\">\n                                                                        <div class=\"presentation-info\">\n                                                                    <div class=\"presentation-time\">\n                                            13:00&ndash;13:20 Uhr\n  | Speakers-Corner - Halle 3                                     <\/div>\n                                                                                                    <div class=\"presentation-title\">\n                                                                                    <h3 class='topic'>\n                                                \t\t\t<img loading=\"lazy\" decoding=\"async\" loading=\"lazy\" width=\"18\" height=\"12\" src=\"\/wp-content\/plugins\/sitepress-multilingual-cms\/res\/flags\/de.png\">\n\t\t    Start-up Pitches \n\n\n                                            <\/h3>\n                                            <span class='subtitle'>\n                                                    \n\n                                            <\/span>\n                                                                            <\/div>\n                                                            <\/div>\n                                                                            <div class=\"presentation-meta\">\n                                                                                                                                                                    <\/div>\n                                                            <\/div>\n            \n                            <div class=\"presentation-content\n                                                        \"\n                >\n                                            <div class=\"speakers\">\n                                                                                                                                                                                    <div class=\"speaker\">\n                                                                                                                                                                                                                                                                                                                        \n                                                                                                                                                            \n                                                        <div class=\"speaker-image\">\n\t\t<div class=\"speaker-image-image\">\n\t\t\t<img\n\t\t\t\tloading='lazy' \n\t\t\t\tclass=''\n\t\t\t\tdata-modal-id=\"6a94e6f86cfab\" \n\t\t\t\t         show-modal-trigger=\"true\" \t\t\t\t     data-src=\"\/jena\/vortraege-buehnenprogramm-w3-fair-jena-2026-en-tech-talks\/jena-speaker-details\/3572\" \t\t\t\t  data-info-header=\".single-speaker-header\"  \t\t\t\t data-info-content=\".single-speaker-content\"  \t\t\t\tsrc=\"https:\/\/portal.fleet-events.de\/de\/speakerphoto?path=3572\/profile_xircus.jpg&amp;s=600&amp;v=1786704912\" \n\t\t\t\talt=\"Georg Schmidinger\" \n\t\t\t\/>\n\t\t<\/div>\n                    <div class=\"speaker-image-credits\">\n                            <\/div>\n            <\/div>\n\n                                                                                                                                                    <div class=\"speaker-info\">\n                                                                    <h3 class=\"speaker-name\">Georg Schmidinger\n                            <\/h3>                <span class=\"speaker-jobtitle\">Netzwerkmanager de:hub Photonics &amp; Digital Experience Platforms                <\/span>                <span class=\"speaker-company\">Jena Digital e. V.<\/span>     \n\n                                                    <\/div>\n                                                                                            <\/div>\n                                                                                                                                                                <div class=\"speaker\">\n                                                                                                                                                                                                                                                                                                                        \n                                                                                                                                                            \n                                                        <div class=\"speaker-image\">\n\t\t<div class=\"speaker-image-image\">\n\t\t\t<img\n\t\t\t\tloading='lazy' \n\t\t\t\tclass=''\n\t\t\t\tdata-modal-id=\"6a94e6f86cfab\" \n\t\t\t\t         show-modal-trigger=\"true\" \t\t\t\t     data-src=\"\/jena\/vortraege-buehnenprogramm-w3-fair-jena-2026-en-tech-talks\/jena-speaker-details\/3057\" \t\t\t\t  data-info-header=\".single-speaker-header\"  \t\t\t\t data-info-content=\".single-speaker-content\"  \t\t\t\tsrc=\"https:\/\/portal.fleet-events.de\/de\/speakerphoto?path=3057\/profile.jpg&amp;s=600&amp;v=1786649212\" \n\t\t\t\talt=\"Alexander Fr\u00f6lich-Kulik\" \n\t\t\t\/>\n\t\t<\/div>\n                    <div class=\"speaker-image-credits\">\n                                    &copy;&nbsp;Christian Steiner\n                            <\/div>\n            <\/div>\n\n                                                                                                                                                    <div class=\"speaker-info\">\n                                                                    <h3 class=\"speaker-name\">Dr.&nbsp;Alexander Fr\u00f6lich-Kulik\n                            <\/h3>                <span class=\"speaker-jobtitle\">CEO                <\/span>                <span class=\"speaker-company\">Consensive GmbH<\/span>     \n\n                                                    <\/div>\n                                                                                            <\/div>\n                                                                                                                                                                <div class=\"speaker\">\n                                                                                                                                                                                                                                                                                                                        \n                                                                                                                                                            \n                                                        <div class=\"speaker-image\">\n\t\t<div class=\"speaker-image-image\">\n\t\t\t<img\n\t\t\t\tloading='lazy' \n\t\t\t\tclass=''\n\t\t\t\tdata-modal-id=\"6a94e6f86cfab\" \n\t\t\t\t         show-modal-trigger=\"true\" \t\t\t\t     data-src=\"\/jena\/vortraege-buehnenprogramm-w3-fair-jena-2026-en-tech-talks\/jena-speaker-details\/3570\" \t\t\t\t  data-info-header=\".single-speaker-header\"  \t\t\t\t data-info-content=\".single-speaker-content\"  \t\t\t\tsrc=\"https:\/\/portal.fleet-events.de\/de\/speakerphoto?path=3570\/profile_xircus.jpg&amp;s=600&amp;v=1786700482\" \n\t\t\t\talt=\"Ratikanta Mishra\" \n\t\t\t\/>\n\t\t<\/div>\n                    <div class=\"speaker-image-credits\">\n                            <\/div>\n            <\/div>\n\n                                                                                                                                                    <div class=\"speaker-info\">\n                                                                    <h3 class=\"speaker-name\">Ratikanta Mishra\n                            <\/h3>                                <span class=\"speaker-company\">MectoSYS<\/span>     \n\n                                                    <\/div>\n                                                                                            <\/div>\n                                                                                                                                                                <div class=\"speaker\">\n                                                                                                                                                                                                                                                                                                                        \n                                                                                                                                                            \n                                                        <div class=\"speaker-image\">\n\t\t<div class=\"speaker-image-image\">\n\t\t\t<img\n\t\t\t\tloading='lazy' \n\t\t\t\tclass=''\n\t\t\t\tdata-modal-id=\"6a94e6f86cfab\" \n\t\t\t\t         show-modal-trigger=\"true\" \t\t\t\t     data-src=\"\/jena\/vortraege-buehnenprogramm-w3-fair-jena-2026-en-tech-talks\/jena-speaker-details\/3571\" \t\t\t\t  data-info-header=\".single-speaker-header\"  \t\t\t\t data-info-content=\".single-speaker-content\"  \t\t\t\tsrc=\"https:\/\/portal.fleet-events.de\/de\/speakerphoto?path=3571\/profile_xircus.jpg&amp;s=600&amp;v=1786703890\" \n\t\t\t\talt=\"Robin Bollmann\" \n\t\t\t\/>\n\t\t<\/div>\n                    <div class=\"speaker-image-credits\">\n                            <\/div>\n            <\/div>\n\n                                                                                                                                                    <div class=\"speaker-info\">\n                                                                    <h3 class=\"speaker-name\">Robin Bollmann\n                            <\/h3>                <span class=\"speaker-jobtitle\">Gesch\u00e4ftsf\u00fchrer &amp; Head of Sales                <\/span>                <span class=\"speaker-company\">Bollmann &amp; Roets GmbH<\/span>     \n\n                                                    <\/div>\n                                                                                            <\/div>\n                                                                                                                                                                <div class=\"speaker\">\n                                                                                                                                                                                                                                                                                                                        \n                                                                                                                                                            \n                                                        <div class=\"speaker-image\">\n\t\t<div class=\"speaker-image-image\">\n\t\t\t<img\n\t\t\t\tloading='lazy' \n\t\t\t\tclass=''\n\t\t\t\tdata-modal-id=\"6a94e6f86cfab\" \n\t\t\t\t         show-modal-trigger=\"true\" \t\t\t\t     data-src=\"\/jena\/vortraege-buehnenprogramm-w3-fair-jena-2026-en-tech-talks\/jena-speaker-details\/3090\" \t\t\t\t  data-info-header=\".single-speaker-header\"  \t\t\t\t data-info-content=\".single-speaker-content\"  \t\t\t\tsrc=\"https:\/\/portal.fleet-events.de\/de\/speakerphoto?path=3090\/profile_xircus.jpg&amp;s=600&amp;v=1758549253\" \n\t\t\t\talt=\"Konstanze Olschewski\" \n\t\t\t\/>\n\t\t<\/div>\n                    <div class=\"speaker-image-credits\">\n                            <\/div>\n            <\/div>\n\n                                                                                                                                                    <div class=\"speaker-info\">\n                                                                    <h3 class=\"speaker-name\">Konstanze Olschewski\n                            <\/h3>                <span class=\"speaker-jobtitle\">Gesch\u00e4ftsf\u00fchrerin                <\/span>                <span class=\"speaker-company\">Phnx Alpha GmbH<\/span>     \n\n                                                    <\/div>\n                                                                                            <\/div>\n                                                                                                                                                                                                    <div class=\"presentation-link\">\n                                                                                                                        \n    \n<a \n    href=\/290742026\/presentation\/7504 \n    class=\"btn\" \n    data-modal-id=\"6a94e6f86cfab\"\n    show-modal-trigger\n    data-info-root=\".fea-presentation-list-item\"\n    data-info-header=\".presentation-link .popup_headline\"\n    data-info-content=\".presentation-link .popup_body\"\n>\n    Mehr\n<\/a>\n\n    <div class=\"popup_content\">\n        <div class=\"popup_headline\"><\/div>\n\t\t<div class=\"popup_body\">\n\t\t\t\t\n\t\t\t\t\t\t\n\t\t\t\n<div class=\"single-presentation\">\n\t<div class=\"single-presentation-header\">\n            <\/div>\n     <div class='topic_category category_891' style=\"color: #08af96;\">\n\t\t<span>Start-up Pitches<\/span>\n\t<\/div>\n\t<div class=\"single-presentation-content \n\t\t\"\n\t>\n\t\t\t\t\t\t\t\t\t\t\t<div class='presentation wide'>\n\t\t\t<div class='presentation-main'>\n\t\t\t\t<h3 class='topic'>Start-up Pitches <\/h3>\n\t\t\t\t<div class='subtitle'><\/div>\n\t\t\t\t<div class='abstract'>Welcome and Introduction\r\nDigital Twins at Scale\r\nMectoSYS \u2013 Sichere IIoT-\u00dcberwachung in der Fertigung f\u00fcr mittelst\u00e4ndische Unternehmen\r\nWenn die Erfahrung in die Rente geht - Digitaler Vertrieb &amp; Service im demografischen Wandel\r\nOperationalisierung und Monitoring von KI\/ML-Systemen in der Produktion<\/div>\n\t\t\t<\/div>\n\t\t\t<div class='presentation-info'>\n\t\t\t\t<div class='presentation-info-date-time-location'>\n\t\t\t\t\t<span class=\"presentation-date-time\">\n\t\t\t\t\t\t<span class='presentation-date'>Donnerstag, 24.September 2026,<\/span>\n\t\t\t\t\t\t<span class='presentation-time'>    13:00&ndash;13:20 Uhr\n, <\/span>\n\t\t\t\t\t<\/span>\n\t\t\t\t\t<span class='presentation-location'>\n\t\t\t\t\t\t\t\t\t\t\t\t\tSpeakers-Corner - Halle 3\n\t\t\t\t\t\t\t\t\t\t\t<\/span>\n\t\t\t\t<\/div>\n\t\t\t\t<div class='presentation-info-type'>\n\t\t\t\t\t    \n\t\t\t\t<\/div>\n\t\t\t<\/div>\n\t\t\t\t\t\t\t    <div class='speakers'>\n                                    <div class='speaker'>\n                        <div class=\"speaker-image\">\n\t\t<div class=\"speaker-image-image\">\n\t\t\t<img\n\t\t\t\tloading='lazy' \n\t\t\t\tclass=''\n\t\t\t\tdata-modal-id=\"\" \n\t\t\t\t\t\t\t\t\t\t\t\t\t\t\t\t\t\t\t\tsrc=\"https:\/\/portal.fleet-events.de\/de\/speakerphoto?path=3572\/profile_xircus.jpg&amp;s=600&amp;v=1786704912\" \n\t\t\t\talt=\"Georg Schmidinger\" \n\t\t\t\/>\n\t\t<\/div>\n                    <div class=\"speaker-image-credits\">\n                            <\/div>\n            <\/div>\n\n                    <div class=\"speaker-info\">\n                                    <h3 class=\"speaker-name\">Georg Schmidinger\n                            <\/h3>                <span class=\"speaker-jobtitle\">Netzwerkmanager de:hub Photonics &amp; Digital Experience Platforms                <\/span>                <span class=\"speaker-company\">Jena Digital e. V.<\/span>     \n    \n                    <\/div>\n                <\/div>\n                            <div class='speaker'>\n                        <div class=\"speaker-image\">\n\t\t<div class=\"speaker-image-image\">\n\t\t\t<img\n\t\t\t\tloading='lazy' \n\t\t\t\tclass=''\n\t\t\t\tdata-modal-id=\"\" \n\t\t\t\t\t\t\t\t\t\t\t\t\t\t\t\t\t\t\t\tsrc=\"https:\/\/portal.fleet-events.de\/de\/speakerphoto?path=3057\/profile.jpg&amp;s=600&amp;v=1786649212\" \n\t\t\t\talt=\"Alexander Fr\u00f6lich-Kulik\" \n\t\t\t\/>\n\t\t<\/div>\n                    <div class=\"speaker-image-credits\">\n                                    &copy;&nbsp;Christian Steiner\n                            <\/div>\n            <\/div>\n\n                    <div class=\"speaker-info\">\n                                    <h3 class=\"speaker-name\">Dr.&nbsp;Alexander Fr\u00f6lich-Kulik\n                            <\/h3>                <span class=\"speaker-jobtitle\">CEO                <\/span>                <span class=\"speaker-company\">Consensive GmbH<\/span>     \n    \n                    <\/div>\n                <\/div>\n                            <div class='speaker'>\n                        <div class=\"speaker-image\">\n\t\t<div class=\"speaker-image-image\">\n\t\t\t<img\n\t\t\t\tloading='lazy' \n\t\t\t\tclass=''\n\t\t\t\tdata-modal-id=\"\" \n\t\t\t\t\t\t\t\t\t\t\t\t\t\t\t\t\t\t\t\tsrc=\"https:\/\/portal.fleet-events.de\/de\/speakerphoto?path=3570\/profile_xircus.jpg&amp;s=600&amp;v=1786700482\" \n\t\t\t\talt=\"Ratikanta Mishra\" \n\t\t\t\/>\n\t\t<\/div>\n                    <div class=\"speaker-image-credits\">\n                            <\/div>\n            <\/div>\n\n                    <div class=\"speaker-info\">\n                                    <h3 class=\"speaker-name\">Ratikanta Mishra\n                            <\/h3>                                <span class=\"speaker-company\">MectoSYS<\/span>     \n    \n                    <\/div>\n                <\/div>\n                            <div class='speaker'>\n                        <div class=\"speaker-image\">\n\t\t<div class=\"speaker-image-image\">\n\t\t\t<img\n\t\t\t\tloading='lazy' \n\t\t\t\tclass=''\n\t\t\t\tdata-modal-id=\"\" \n\t\t\t\t\t\t\t\t\t\t\t\t\t\t\t\t\t\t\t\tsrc=\"https:\/\/portal.fleet-events.de\/de\/speakerphoto?path=3571\/profile_xircus.jpg&amp;s=600&amp;v=1786703890\" \n\t\t\t\talt=\"Robin Bollmann\" \n\t\t\t\/>\n\t\t<\/div>\n                    <div class=\"speaker-image-credits\">\n                            <\/div>\n            <\/div>\n\n                    <div class=\"speaker-info\">\n                                    <h3 class=\"speaker-name\">Robin Bollmann\n                            <\/h3>                <span class=\"speaker-jobtitle\">Gesch\u00e4ftsf\u00fchrer &amp; Head of Sales                <\/span>                <span class=\"speaker-company\">Bollmann &amp; Roets GmbH<\/span>     \n    \n                    <\/div>\n                <\/div>\n                            <div class='speaker'>\n                        <div class=\"speaker-image\">\n\t\t<div class=\"speaker-image-image\">\n\t\t\t<img\n\t\t\t\tloading='lazy' \n\t\t\t\tclass=''\n\t\t\t\tdata-modal-id=\"\" \n\t\t\t\t\t\t\t\t\t\t\t\t\t\t\t\t\t\t\t\tsrc=\"https:\/\/portal.fleet-events.de\/de\/speakerphoto?path=3090\/profile_xircus.jpg&amp;s=600&amp;v=1758549253\" \n\t\t\t\talt=\"Konstanze Olschewski\" \n\t\t\t\/>\n\t\t<\/div>\n                    <div class=\"speaker-image-credits\">\n                            <\/div>\n            <\/div>\n\n                    <div class=\"speaker-info\">\n                                    <h3 class=\"speaker-name\">Konstanze Olschewski\n                            <\/h3>                <span class=\"speaker-jobtitle\">Gesch\u00e4ftsf\u00fchrerin                <\/span>                <span class=\"speaker-company\">Phnx Alpha GmbH<\/span>     \n    \n                    <\/div>\n                <\/div>\n                                <\/div>\n\n\t\t\t\t\t<\/div>\n    <\/div>\n<\/div>\t\t<\/div>\n    <\/div>\n                                                                                                            <\/div>\n                                                    <\/div>\n                                        \t                <\/div>\n                        \n                        <\/div>\n                                                                                                \n\n\n    <div        class=\"fea-presentation-list-item presentation-item\"\n                    dynamic-filter-item\n                                                                        data-filter-main_topic_id=\"{{845}}\"\n                                                                        data-filter-date=\"{{2026-09-24}}\"\n                                                                        data-filter-stage_id=\"{{785}}\"\n                        >\n                                \t<div class=\"presentation-topic\" style=\"background-color:#e77d3d;\">\n\t\t\t\t\t\t\t\t\t\t\tPhotonics for Microtechnology  by IVAM\n\t\t\t\t<\/div>\n\t                <div class=\"presentation-headline\">\n                                                                        <div class=\"presentation-info\">\n                                                                    <div class=\"presentation-time\">\n                                            13:00&ndash;14:00 Uhr\n  | en-tech.talks - Halle 2                                     <\/div>\n                                                                                                    <div class=\"presentation-title\">\n                                                                                    <h3 class='topic'>\n                                                \t\t\t<img loading=\"lazy\" decoding=\"async\" loading=\"lazy\" width=\"18\" height=\"12\" src=\"\/wp-content\/plugins\/sitepress-multilingual-cms\/res\/flags\/de.png\">\n\t\t    Welcome and Introduction\n\n\n                                            <\/h3>\n                                            <span class='subtitle'>\n                                                    \n\n                                            <\/span>\n                                                                            <\/div>\n                                                            <\/div>\n                                                                            <div class=\"presentation-meta\">\n                                                                                                                                                <div class=\"presentation-partner\">\n                                            <img decoding=\"async\" src=\"https:\/\/portal.fleet-events.de\/de\/uploads?path=sessions\/7409.jpg\"\/>\n                                        <\/div>\n                                                                                                <\/div>\n                                                            <\/div>\n            \n                            <div class=\"presentation-content\n                             show-abstract                              has-image \"\n                >\n                                            <div class=\"speakers\">\n                                                                                                                                                                                    <div class=\"speaker\">\n                                                                                                                                                                                                                                                                                                                        \n                                                                                                                                                            \n                                                        <div class=\"speaker-image\">\n\t\t<div class=\"speaker-image-image\">\n\t\t\t<img\n\t\t\t\tloading='lazy' \n\t\t\t\tclass=''\n\t\t\t\tdata-modal-id=\"6a94e6f86cfab\" \n\t\t\t\t         show-modal-trigger=\"true\" \t\t\t\t     data-src=\"\/jena\/vortraege-buehnenprogramm-w3-fair-jena-2026-en-tech-talks\/jena-speaker-details\/2738\" \t\t\t\t  data-info-header=\".single-speaker-header\"  \t\t\t\t data-info-content=\".single-speaker-content\"  \t\t\t\tsrc=\"https:\/\/portal.fleet-events.de\/de\/speakerphoto?path=2738\/profile_xircus.jpg&amp;s=600&amp;v=1786699560\" \n\t\t\t\talt=\"Alice Kasjanow\" \n\t\t\t\/>\n\t\t<\/div>\n                    <div class=\"speaker-image-credits\">\n                            <\/div>\n            <\/div>\n\n                                                                                                                                                    <div class=\"speaker-info\">\n                                                                    <h3 class=\"speaker-name\">Alice Kasjanow\n                            <\/h3>                <span class=\"speaker-jobtitle\">Membership Relations Manager                <\/span>                <span class=\"speaker-company\">IVAM Microtechnology Network<\/span>     \n\n                                                    <\/div>\n                                                                                            <\/div>\n                                                                                                                                                                                                    <div class=\"presentation-link\">\n                                                                                                                        \n    \n<a \n    href=\/290742026\/presentation\/7409 \n    class=\"btn\" \n    data-modal-id=\"6a94e6f86cfab\"\n    show-modal-trigger\n    data-info-root=\".fea-presentation-list-item\"\n    data-info-header=\".presentation-link .popup_headline\"\n    data-info-content=\".presentation-link .popup_body\"\n>\n    Mehr\n<\/a>\n\n    <div class=\"popup_content\">\n        <div class=\"popup_headline\"><\/div>\n\t\t<div class=\"popup_body\">\n\t\t\t\t\n\t\t\t\t\t\t\n\t\t\t\n<div class=\"single-presentation\">\n\t<div class=\"single-presentation-header\">\n            <\/div>\n     <div class='topic_category category_845' style=\"color: #e77d3d;\">\n\t\t<span>Photonics for Microtechnology  by IVAM<\/span>\n\t<\/div>\n\t<div class=\"single-presentation-content \n\t\t show-abstract \"\n\t>\n\t\t\t\t\t\t\t    <div class='speakers'>\n                                    <div class='speaker'>\n                        <div class=\"speaker-image\">\n\t\t<div class=\"speaker-image-image\">\n\t\t\t<img\n\t\t\t\tloading='lazy' \n\t\t\t\tclass=''\n\t\t\t\tdata-modal-id=\"\" \n\t\t\t\t\t\t\t\t\t\t\t\t\t\t\t\t\t\t\t\tsrc=\"https:\/\/portal.fleet-events.de\/de\/speakerphoto?path=2738\/profile_xircus.jpg&amp;s=600&amp;v=1786699560\" \n\t\t\t\talt=\"Alice Kasjanow\" \n\t\t\t\/>\n\t\t<\/div>\n                    <div class=\"speaker-image-credits\">\n                            <\/div>\n            <\/div>\n\n                    <div class=\"speaker-info\">\n                                    <h3 class=\"speaker-name\">Alice Kasjanow\n                            <\/h3>                <span class=\"speaker-jobtitle\">Membership Relations Manager                <\/span>                <span class=\"speaker-company\">IVAM Microtechnology Network<\/span>     \n    \n                    <\/div>\n                <\/div>\n                                <\/div>\n\n\t\t\t\t<div class='presentation '>\n\t\t\t<div class='presentation-main'>\n\t\t\t\t<h3 class='topic'>Welcome and Introduction<\/h3>\n\t\t\t\t<div class='subtitle'><\/div>\n\t\t\t\t<div class='abstract'>Photonics for Microtechnology: Advanced Optical Components Enabling Precision Manufacturing, Imaging and Micro-Scale Innovation<\/div>\n\t\t\t<\/div>\n\t\t\t<div class='presentation-info'>\n\t\t\t\t<div class='presentation-info-date-time-location'>\n\t\t\t\t\t<span class=\"presentation-date-time\">\n\t\t\t\t\t\t<span class='presentation-date'>Donnerstag, 24.September 2026,<\/span>\n\t\t\t\t\t\t<span class='presentation-time'>    13:00&ndash;14:00 Uhr\n, <\/span>\n\t\t\t\t\t<\/span>\n\t\t\t\t\t<span class='presentation-location'>\n\t\t\t\t\t\t\t\t\t\t\t\t\ten-tech.talks - Halle 2\n\t\t\t\t\t\t\t\t\t\t\t<\/span>\n\t\t\t\t<\/div>\n\t\t\t\t<div class='presentation-info-type'>\n\t\t\t\t\t    \n\t\t\t\t<\/div>\n\t\t\t<\/div>\n\t\t\t\t\t<\/div>\n    <\/div>\n<\/div>\t\t<\/div>\n    <\/div>\n                                                                                                            <\/div>\n                                                    <\/div>\n                                        \t\t\t<div class=\"abstract\">\n\t\t\t<div>Photonics for Microtechnology: Advanced Optical Components Enabling Precision Manufacturing, Imaging and Micro-Scale Innovation<\/div>\n\t\t<\/div>\n\t                <\/div>\n                        \n                        <\/div>\n                                                                                                \n\n\n    <div        class=\"fea-presentation-list-item presentation-item\"\n                    dynamic-filter-item\n                                                                        data-filter-main_topic_id=\"{{845}}\"\n                                                                        data-filter-date=\"{{2026-09-24}}\"\n                                                                        data-filter-stage_id=\"{{785}}\"\n                        >\n                                \t<div class=\"presentation-topic\" style=\"background-color:#e77d3d;\">\n\t\t\t\t\t\t\t\t\t\t\tPhotonics for Microtechnology  by IVAM\n\t\t\t\t<\/div>\n\t                <div class=\"presentation-headline\">\n                                                                        <div class=\"presentation-info\">\n                                                                    <div class=\"presentation-time\">\n                                            13:05&ndash;13:20 Uhr\n  | en-tech.talks - Halle 2                                     <\/div>\n                                                                                                    <div class=\"presentation-title\">\n                                                                                    <h3 class='topic'>\n                                                \t\t\t<img loading=\"lazy\" decoding=\"async\" loading=\"lazy\" width=\"18\" height=\"12\" src=\"\/wp-content\/plugins\/sitepress-multilingual-cms\/res\/flags\/de.png\">\n\t\t    From Optical Path to Sensor Level \u2013 Stray Light Optimization with Acktar Coatings GmbH\n\n\n                                            <\/h3>\n                                            <span class='subtitle'>\n                                                    \n\n                                            <\/span>\n                                                                            <\/div>\n                                                            <\/div>\n                                                                            <div class=\"presentation-meta\">\n                                                                                                                                                <div class=\"presentation-partner\">\n                                            <img decoding=\"async\" src=\"https:\/\/portal.fleet-events.de\/de\/uploads?path=sessions\/7430.jpg\"\/>\n                                        <\/div>\n                                                                                                <\/div>\n                                                            <\/div>\n            \n                            <div class=\"presentation-content\n                                                         has-image \"\n                >\n                                            <div class=\"speakers\">\n                                                                                                                                                                                    <div class=\"speaker\">\n                                                                                                                                                                                                                                                                                                                        \n                                                                                                                                                            \n                                                        <div class=\"speaker-image\">\n\t\t<div class=\"speaker-image-image\">\n\t\t\t<img\n\t\t\t\tloading='lazy' \n\t\t\t\tclass=''\n\t\t\t\tdata-modal-id=\"6a94e6f86cfab\" \n\t\t\t\t         show-modal-trigger=\"true\" \t\t\t\t     data-src=\"\/jena\/vortraege-buehnenprogramm-w3-fair-jena-2026-en-tech-talks\/jena-speaker-details\/242\" \t\t\t\t  data-info-header=\".single-speaker-header\"  \t\t\t\t data-info-content=\".single-speaker-content\"  \t\t\t\tsrc=\"https:\/\/portal.fleet-events.de\/de\/speakerphoto?path=242\/profile_xircus.jpg&amp;s=600&amp;v=1786700138\" \n\t\t\t\talt=\"Alexander Telle\" \n\t\t\t\/>\n\t\t<\/div>\n                    <div class=\"speaker-image-credits\">\n                            <\/div>\n            <\/div>\n\n                                                                                                                                                    <div class=\"speaker-info\">\n                                                                    <h3 class=\"speaker-name\">Alexander Telle\n                            <\/h3>                <span class=\"speaker-jobtitle\">CEO                <\/span>                <span class=\"speaker-company\">Acktar (ACM Coatings GmbH)<\/span>     \n\n                                                    <\/div>\n                                                                                            <\/div>\n                                                                                                                                                                                                    <div class=\"presentation-link\">\n                                                                                                                                                <\/div>\n                                                    <\/div>\n                                        \t                <\/div>\n                        \n                        <\/div>\n                                                                                                \n\n\n    <div        class=\"fea-presentation-list-item presentation-item\"\n                    dynamic-filter-item\n                                                                        data-filter-main_topic_id=\"{{845}}\"\n                                                                        data-filter-date=\"{{2026-09-24}}\"\n                                                                        data-filter-stage_id=\"{{785}}\"\n                        >\n                                \t<div class=\"presentation-topic\" style=\"background-color:#e77d3d;\">\n\t\t\t\t\t\t\t\t\t\t\tPhotonics for Microtechnology  by IVAM\n\t\t\t\t<\/div>\n\t                <div class=\"presentation-headline\">\n                                                                        <div class=\"presentation-info\">\n                                                                    <div class=\"presentation-time\">\n                                            13:20&ndash;13:40 Uhr\n  | en-tech.talks - Halle 2                                     <\/div>\n                                                                                                    <div class=\"presentation-title\">\n                                                                                    <h3 class='topic'>\n                                                \t\t\t<img loading=\"lazy\" decoding=\"async\" loading=\"lazy\" width=\"18\" height=\"12\" src=\"\/wp-content\/plugins\/sitepress-multilingual-cms\/res\/flags\/de.png\">\n\t\t    Optical filters for industrial and medical applications\n\n\n                                            <\/h3>\n                                            <span class='subtitle'>\n                                                    \n\n                                            <\/span>\n                                                                            <\/div>\n                                                            <\/div>\n                                                                            <div class=\"presentation-meta\">\n                                                                                                                                                <div class=\"presentation-partner\">\n                                            <img decoding=\"async\" src=\"https:\/\/portal.fleet-events.de\/de\/uploads?path=sessions\/7431.jpg\"\/>\n                                        <\/div>\n                                                                                                <\/div>\n                                                            <\/div>\n            \n                            <div class=\"presentation-content\n                                                         has-image \"\n                >\n                                            <div class=\"speakers\">\n                                                                                                                                                                                    <div class=\"speaker\">\n                                                                                                                                                                                                                                                                                                                        \n                                                                                                                                                            \n                                                        <div class=\"speaker-image\">\n\t\t<div class=\"speaker-image-image\">\n\t\t\t<img\n\t\t\t\tloading='lazy' \n\t\t\t\tclass=''\n\t\t\t\tdata-modal-id=\"6a94e6f86cfab\" \n\t\t\t\t         show-modal-trigger=\"true\" \t\t\t\t     data-src=\"\/jena\/vortraege-buehnenprogramm-w3-fair-jena-2026-en-tech-talks\/jena-speaker-details\/3594\" \t\t\t\t  data-info-header=\".single-speaker-header\"  \t\t\t\t data-info-content=\".single-speaker-content\"  \t\t\t\tsrc=\"https:\/\/portal.fleet-events.de\/de\/speakerphoto?path=3594\/profile_xircus.jpg&amp;s=600&amp;v=1786703866\" \n\t\t\t\talt=\"Almut Bailly\" \n\t\t\t\/>\n\t\t<\/div>\n                    <div class=\"speaker-image-credits\">\n                            <\/div>\n            <\/div>\n\n                                                                                                                                                    <div class=\"speaker-info\">\n                                                                    <h3 class=\"speaker-name\">Almut Bailly\n                            <\/h3>                <span class=\"speaker-jobtitle\">Key Account Manager                <\/span>                <span class=\"speaker-company\">Chroma Technology GmbH<\/span>     \n\n                                                    <\/div>\n                                                                                            <\/div>\n                                                                                                                                                                                                    <div class=\"presentation-link\">\n                                                                                                                                                <\/div>\n                                                    <\/div>\n                                        \t                <\/div>\n                        \n                        <\/div>\n                                                                                                \n\n\n    <div        class=\"fea-presentation-list-item presentation-item\"\n                    dynamic-filter-item\n                                                                        data-filter-main_topic_id=\"{{845}}\"\n                                                                        data-filter-date=\"{{2026-09-24}}\"\n                                                                        data-filter-stage_id=\"{{785}}\"\n                        >\n                                \t<div class=\"presentation-topic\" style=\"background-color:#e77d3d;\">\n\t\t\t\t\t\t\t\t\t\t\tPhotonics for Microtechnology  by IVAM\n\t\t\t\t<\/div>\n\t                <div class=\"presentation-headline\">\n                                                                        <div class=\"presentation-info\">\n                                                                    <div class=\"presentation-time\">\n                                            13:40&ndash;14:00 Uhr\n  | en-tech.talks - Halle 2                                     <\/div>\n                                                                                                    <div class=\"presentation-title\">\n                                                                                    <h3 class='topic'>\n                                                \t\t\t<img loading=\"lazy\" decoding=\"async\" loading=\"lazy\" width=\"18\" height=\"12\" src=\"\/wp-content\/plugins\/sitepress-multilingual-cms\/res\/flags\/de.png\">\n\t\t    Ma\u00dfgeschneiderte Optikfilter f\u00fcr die Mikrotechnologie: Von der Fluoreszenzspektroskopie bis zur hyperspektralen Bildgebung\n\n\n                                            <\/h3>\n                                            <span class='subtitle'>\n                                                    \n\n                                            <\/span>\n                                                                            <\/div>\n                                                            <\/div>\n                                                                            <div class=\"presentation-meta\">\n                                                                                                                                                <div class=\"presentation-partner\">\n                                            <img decoding=\"async\" src=\"https:\/\/portal.fleet-events.de\/de\/uploads?path=sessions\/7432.jpg\"\/>\n                                        <\/div>\n                                                                                                <\/div>\n                                                            <\/div>\n            \n                            <div class=\"presentation-content\n                             show-abstract                              has-image \"\n                >\n                                            <div class=\"speakers\">\n                                                                                                                                                                                    <div class=\"speaker\">\n                                                                                                                                                                                                                                                                                                                        \n                                                                                                                                                            \n                                                        <div class=\"speaker-image\">\n\t\t<div class=\"speaker-image-image\">\n\t\t\t<img\n\t\t\t\tloading='lazy' \n\t\t\t\tclass=''\n\t\t\t\tdata-modal-id=\"6a94e6f86cfab\" \n\t\t\t\t         show-modal-trigger=\"true\" \t\t\t\t     data-src=\"\/jena\/vortraege-buehnenprogramm-w3-fair-jena-2026-en-tech-talks\/jena-speaker-details\/949\" \t\t\t\t  data-info-header=\".single-speaker-header\"  \t\t\t\t data-info-content=\".single-speaker-content\"  \t\t\t\tsrc=\"https:\/\/portal.fleet-events.de\/de\/speakerphoto?path=949\/profile_xircus.jpg&amp;s=600&amp;v=1739361082\" \n\t\t\t\talt=\"Oliver Pust\" \n\t\t\t\/>\n\t\t<\/div>\n                    <div class=\"speaker-image-credits\">\n                            <\/div>\n            <\/div>\n\n                                                                                                                                                    <div class=\"speaker-info\">\n                                                                    <h3 class=\"speaker-name\">Dr.-Ing.&nbsp;Oliver Pust\n                            <\/h3>                <span class=\"speaker-jobtitle\">Sales Director                <\/span>                <span class=\"speaker-company\">Delta Optical Thin Film A\/S<\/span>     \n\n                                                    <\/div>\n                                                                                            <\/div>\n                                                                                                                                                                                                    <div class=\"presentation-link\">\n                                                                                                                        \n    \n<a \n    href=\/290742026\/presentation\/7432 \n    class=\"btn\" \n    data-modal-id=\"6a94e6f86cfab\"\n    show-modal-trigger\n    data-info-root=\".fea-presentation-list-item\"\n    data-info-header=\".presentation-link .popup_headline\"\n    data-info-content=\".presentation-link .popup_body\"\n>\n    Mehr\n<\/a>\n\n    <div class=\"popup_content\">\n        <div class=\"popup_headline\"><\/div>\n\t\t<div class=\"popup_body\">\n\t\t\t\t\n\t\t\t\t\t\t\n\t\t\t\n<div class=\"single-presentation\">\n\t<div class=\"single-presentation-header\">\n            <\/div>\n     <div class='topic_category category_845' style=\"color: #e77d3d;\">\n\t\t<span>Photonics for Microtechnology  by IVAM<\/span>\n\t<\/div>\n\t<div class=\"single-presentation-content \n\t\t show-abstract \"\n\t>\n\t\t\t\t\t\t\t    <div class='speakers'>\n                                    <div class='speaker'>\n                        <div class=\"speaker-image\">\n\t\t<div class=\"speaker-image-image\">\n\t\t\t<img\n\t\t\t\tloading='lazy' \n\t\t\t\tclass=''\n\t\t\t\tdata-modal-id=\"\" \n\t\t\t\t\t\t\t\t\t\t\t\t\t\t\t\t\t\t\t\tsrc=\"https:\/\/portal.fleet-events.de\/de\/speakerphoto?path=949\/profile_xircus.jpg&amp;s=600&amp;v=1739361082\" \n\t\t\t\talt=\"Oliver Pust\" \n\t\t\t\/>\n\t\t<\/div>\n                    <div class=\"speaker-image-credits\">\n                            <\/div>\n            <\/div>\n\n                    <div class=\"speaker-info\">\n                                    <h3 class=\"speaker-name\">Dr.-Ing.&nbsp;Oliver Pust\n                            <\/h3>                <span class=\"speaker-jobtitle\">Sales Director                <\/span>                <span class=\"speaker-company\">Delta Optical Thin Film A\/S<\/span>     \n    \n                    <\/div>\n                <\/div>\n                                <\/div>\n\n\t\t\t\t<div class='presentation '>\n\t\t\t<div class='presentation-main'>\n\t\t\t\t<h3 class='topic'>Ma\u00dfgeschneiderte Optikfilter f\u00fcr die Mikrotechnologie: Von der Fluoreszenzspektroskopie bis zur hyperspektralen Bildgebung<\/h3>\n\t\t\t\t<div class='subtitle'><\/div>\n\t\t\t\t<div class='abstract'>Seit den 1970er-Jahren entwickelt und fertigt Delta Optical Thin Film Hochleistungsfilter f\u00fcr den UV\/VIS\/NIR-Bereich (300\u20131700 nm) \u2013 von homogenen Bandpass- und Kantenfiltern \u00fcber dichroitische Strahlteiler bis zu Linear Variablen Filtern und kundenspezifischen Multi-Bandpass-L\u00f6sungen. In diesem Vortrag zeigen wir, wie pr\u00e4zise abgestimmte Filterdesigns, eigene Beschichtungssteuerung und schnelle Prototypenfertigung Anwendungen in Fluoreszenzspektroskopie, hyperspektraler Bildgebung und Mikroskopie voranbringen \u2013 exakt zugeschnitten auf technische Spezifikation, Zeitplan und Budget der Kunden. Ein praxisnaher Einblick, wie Optikdesign und Fertigungstechnologie zusammenspielen, um Entwicklern in MedTech, Life Science und angrenzenden Hightech-Branchen neue L\u00f6sungswege zu er\u00f6ffnen.<\/div>\n\t\t\t<\/div>\n\t\t\t<div class='presentation-info'>\n\t\t\t\t<div class='presentation-info-date-time-location'>\n\t\t\t\t\t<span class=\"presentation-date-time\">\n\t\t\t\t\t\t<span class='presentation-date'>Donnerstag, 24.September 2026,<\/span>\n\t\t\t\t\t\t<span class='presentation-time'>    13:40&ndash;14:00 Uhr\n, <\/span>\n\t\t\t\t\t<\/span>\n\t\t\t\t\t<span class='presentation-location'>\n\t\t\t\t\t\t\t\t\t\t\t\t\ten-tech.talks - Halle 2\n\t\t\t\t\t\t\t\t\t\t\t<\/span>\n\t\t\t\t<\/div>\n\t\t\t\t<div class='presentation-info-type'>\n\t\t\t\t\t    \n\t\t\t\t<\/div>\n\t\t\t<\/div>\n\t\t\t\t\t<\/div>\n    <\/div>\n<\/div>\t\t<\/div>\n    <\/div>\n                                                                                                            <\/div>\n                                                    <\/div>\n                                        \t\t\t<div class=\"abstract\">\n\t\t\t<div>Seit den 1970er-Jahren entwickelt und fertigt Delta Optical Thin Film Hochleistungsfilter f\u00fcr den UV\/VIS\/NIR-Bereich (300\u20131700 nm) \u2013 von homogenen Bandpass- und Kantenfiltern \u00fcber dichroitische Strahlteiler bis zu Linear Variablen Filtern und kundenspezifischen Multi-Bandpass-L\u00f6sungen. In diesem Vortrag zeigen wir, wie pr\u00e4zise abgestimmte Filterdesigns, eigene Beschichtungssteuerung und schnelle Prototypenfertigung Anwendungen in Fluoreszenzspektroskopie, hyperspektraler Bildgebung und Mikroskopie voranbringen \u2013 exakt zugeschnitten auf technische Spezifikation, Zeitplan und Budget der Kunden. Ein praxisnaher Einblick, wie Optikdesign und Fertigungstechnologie zusammenspielen, um Entwicklern in MedTech, Life Science und angrenzenden Hightech-Branchen neue L\u00f6sungswege zu er\u00f6ffnen.<\/div>\n\t\t<\/div>\n\t                <\/div>\n                        \n                        <\/div>\n                                                                                                \n\n\n    <div        class=\"fea-presentation-list-item presentation-item\"\n                    dynamic-filter-item\n                                                                        data-filter-main_topic_id=\"{{890}}\"\n                                                                        data-filter-date=\"{{2026-09-24}}\"\n                                                                        data-filter-stage_id=\"{{785}}\"\n                        >\n                                \t<div class=\"presentation-topic\" style=\"background-color:#0082a7;\">\n\t\t\t\t\t\t\t\t\t\t\tExhibitor Pitches: Materials, Coatings &amp; Cleanroom Technology\n\t\t\t\t<\/div>\n\t                <div class=\"presentation-headline\">\n                                                                        <div class=\"presentation-info\">\n                                                                    <div class=\"presentation-time\">\n                                            14:00&ndash;14:30 Uhr\n  | en-tech.talks - Halle 2                                     <\/div>\n                                                                                                    <div class=\"presentation-title\">\n                                                                                    <h3 class='topic'>\n                                                \t\t\t<img loading=\"lazy\" decoding=\"async\" loading=\"lazy\" width=\"18\" height=\"12\" src=\"\/wp-content\/plugins\/sitepress-multilingual-cms\/res\/flags\/de.png\">\n\t\t    Welcome and Introduction\n\n\n                                            <\/h3>\n                                            <span class='subtitle'>\n                                                    \n\n                                            <\/span>\n                                                                            <\/div>\n                                                            <\/div>\n                                                                            <div class=\"presentation-meta\">\n                                                                                                                                                <div class=\"presentation-partner\">\n                                            <img decoding=\"async\" src=\"https:\/\/portal.fleet-events.de\/de\/uploads?path=sessions\/7447.jpg\"\/>\n                                        <\/div>\n                                                                                                <\/div>\n                                                            <\/div>\n            \n                            <div class=\"presentation-content\n                                                         has-image \"\n                >\n                                            <div class=\"speakers\">\n                                                                                                                                                                                    <div class=\"speaker\">\n                                                                                                                                                                                                                                                                                                                        \n                                                                                                                                                            \n                                                        <div class=\"speaker-image\">\n\t\t<div class=\"speaker-image-image\">\n\t\t\t<img\n\t\t\t\tloading='lazy' \n\t\t\t\tclass=''\n\t\t\t\tdata-modal-id=\"6a94e6f86cfab\" \n\t\t\t\t         show-modal-trigger=\"true\" \t\t\t\t     data-src=\"\/jena\/vortraege-buehnenprogramm-w3-fair-jena-2026-en-tech-talks\/jena-speaker-details\/3125\" \t\t\t\t  data-info-header=\".single-speaker-header\"  \t\t\t\t data-info-content=\".single-speaker-content\"  \t\t\t\tsrc=\"https:\/\/portal.fleet-events.de\/de\/speakerphoto?path=3125\/profile_xircus.jpg&amp;s=600&amp;v=1786699368\" \n\t\t\t\talt=\"Paul Kreibich\" \n\t\t\t\/>\n\t\t<\/div>\n                    <div class=\"speaker-image-credits\">\n                            <\/div>\n            <\/div>\n\n                                                                                                                                                    <div class=\"speaker-info\">\n                                                                    <h3 class=\"speaker-name\">Paul Kreibich\n                            <\/h3>                <span class=\"speaker-jobtitle\">Projektmanagement                <\/span>                <span class=\"speaker-company\">OptoNet e.V.<\/span>     \n\n                                                    <\/div>\n                                                                                            <\/div>\n                                                                                                                                                                                                    <div class=\"presentation-link\">\n                                                                                                                                                <\/div>\n                                                    <\/div>\n                                        \t                <\/div>\n                        \n                        <\/div>\n                                                                                                \n\n\n    <div        class=\"fea-presentation-list-item presentation-item\"\n                    dynamic-filter-item\n                                                                        data-filter-main_topic_id=\"{{890}}\"\n                                                                        data-filter-date=\"{{2026-09-24}}\"\n                                                                        data-filter-stage_id=\"{{785}}\"\n                        >\n                                \t<div class=\"presentation-topic\" style=\"background-color:#0082a7;\">\n\t\t\t\t\t\t\t\t\t\t\tExhibitor Pitches: Materials, Coatings &amp; Cleanroom Technology\n\t\t\t\t<\/div>\n\t                <div class=\"presentation-headline\">\n                                                                        <div class=\"presentation-info\">\n                                                                    <div class=\"presentation-time\">\n                                            14:05&ndash;14:10 Uhr\n  | en-tech.talks - Halle 2                                     <\/div>\n                                                                                                    <div class=\"presentation-title\">\n                                                                                    <h3 class='topic'>\n                                                \t\t\t<img loading=\"lazy\" decoding=\"async\" loading=\"lazy\" width=\"18\" height=\"12\" src=\"\/wp-content\/plugins\/sitepress-multilingual-cms\/res\/flags\/de.png\">\n\t\t    Transparente Hochleistungskeramik f\u00fcr Anwendungen in anspruchsvollen Umgebungen\n\n\n                                            <\/h3>\n                                            <span class='subtitle'>\n                                                    \n\n                                            <\/span>\n                                                                            <\/div>\n                                                            <\/div>\n                                                                            <div class=\"presentation-meta\">\n                                                                                                                                                <div class=\"presentation-partner\">\n                                            <img decoding=\"async\" src=\"https:\/\/portal.fleet-events.de\/de\/uploads?path=sessions\/7465.jpg\"\/>\n                                        <\/div>\n                                                                                                <\/div>\n                                                            <\/div>\n            \n                            <div class=\"presentation-content\n                             show-abstract                              has-image \"\n                >\n                                            <div class=\"speakers\">\n                                                                                                                                                                                    <div class=\"speaker\">\n                                                                                                                                                                                                                                                                                                                        \n                                                                                                                                                            \n                                                        <div class=\"speaker-image\">\n\t\t<div class=\"speaker-image-image\">\n\t\t\t<img\n\t\t\t\tloading='lazy' \n\t\t\t\tclass=''\n\t\t\t\tdata-modal-id=\"6a94e6f86cfab\" \n\t\t\t\t         show-modal-trigger=\"true\" \t\t\t\t     data-src=\"\/jena\/vortraege-buehnenprogramm-w3-fair-jena-2026-en-tech-talks\/jena-speaker-details\/2478\" \t\t\t\t  data-info-header=\".single-speaker-header\"  \t\t\t\t data-info-content=\".single-speaker-content\"  \t\t\t\tsrc=\"https:\/\/portal.fleet-events.de\/de\/speakerphoto?path=2478\/profile_xircus.jpg&amp;s=600&amp;v=1786700181\" \n\t\t\t\talt=\"Martin Dr\u00fce\" \n\t\t\t\/>\n\t\t<\/div>\n                    <div class=\"speaker-image-credits\">\n                            <\/div>\n            <\/div>\n\n                                                                                                                                                    <div class=\"speaker-info\">\n                                                                    <h3 class=\"speaker-name\">Dr. Ing.&nbsp;Martin Dr\u00fce\n                            <\/h3>                <span class=\"speaker-jobtitle\">Wissenschaftlicher Mitarbeiter                <\/span>                <span class=\"speaker-company\">Fraunhofer-Institut f\u00fcr Keramische Technologien und Systeme IKTS<\/span>     \n\n                                                    <\/div>\n                                                                                            <\/div>\n                                                                                                                                                                                                    <div class=\"presentation-link\">\n                                                                                                                        \n    \n<a \n    href=\/290742026\/presentation\/7465 \n    class=\"btn\" \n    data-modal-id=\"6a94e6f86cfab\"\n    show-modal-trigger\n    data-info-root=\".fea-presentation-list-item\"\n    data-info-header=\".presentation-link .popup_headline\"\n    data-info-content=\".presentation-link .popup_body\"\n>\n    Mehr\n<\/a>\n\n    <div class=\"popup_content\">\n        <div class=\"popup_headline\"><\/div>\n\t\t<div class=\"popup_body\">\n\t\t\t\t\n\t\t\t\t\t\t\n\t\t\t\n<div class=\"single-presentation\">\n\t<div class=\"single-presentation-header\">\n            <\/div>\n     <div class='topic_category category_890' style=\"color: #0082a7;\">\n\t\t<span>Exhibitor Pitches: Materials, Coatings &amp; Cleanroom Technology<\/span>\n\t<\/div>\n\t<div class=\"single-presentation-content \n\t\t show-abstract \"\n\t>\n\t\t\t\t\t\t\t    <div class='speakers'>\n                                    <div class='speaker'>\n                        <div class=\"speaker-image\">\n\t\t<div class=\"speaker-image-image\">\n\t\t\t<img\n\t\t\t\tloading='lazy' \n\t\t\t\tclass=''\n\t\t\t\tdata-modal-id=\"\" \n\t\t\t\t\t\t\t\t\t\t\t\t\t\t\t\t\t\t\t\tsrc=\"https:\/\/portal.fleet-events.de\/de\/speakerphoto?path=2478\/profile_xircus.jpg&amp;s=600&amp;v=1786700181\" \n\t\t\t\talt=\"Martin Dr\u00fce\" \n\t\t\t\/>\n\t\t<\/div>\n                    <div class=\"speaker-image-credits\">\n                            <\/div>\n            <\/div>\n\n                    <div class=\"speaker-info\">\n                                    <h3 class=\"speaker-name\">Dr. Ing.&nbsp;Martin Dr\u00fce\n                            <\/h3>                <span class=\"speaker-jobtitle\">Wissenschaftlicher Mitarbeiter                <\/span>                <span class=\"speaker-company\">Fraunhofer-Institut f\u00fcr Keramische Technologien und Systeme IKTS<\/span>     \n    \n                    <\/div>\n                <\/div>\n                                <\/div>\n\n\t\t\t\t<div class='presentation '>\n\t\t\t<div class='presentation-main'>\n\t\t\t\t<h3 class='topic'>Transparente Hochleistungskeramik f\u00fcr Anwendungen in anspruchsvollen Umgebungen<\/h3>\n\t\t\t\t<div class='subtitle'><\/div>\n\t\t\t\t<div class='abstract'>F\u00fcr Anwendungsfelder wie Defense, Tiefsee-Exploration und industrielle Prozess\u00fcberwachung werden optische Bauteile ben\u00f6tigt, die unter harschen Umgebungsbedingungen zuverl\u00e4ssig funktionieren. Am Fraunhofer IKTS werden transparente keramische Werkstoffe entwickelt, die \u00fcber hohe mechanische und chemische Stabilit\u00e4t bei gleichzeitig hoher Transmission \u00fcber einen weiten Wellenl\u00e4ngenbereich verf\u00fcgen. Im Vortrag werden die Herausforderungen und M\u00f6glichkeiten dieses Werkstoffes vorgestellt.<\/div>\n\t\t\t<\/div>\n\t\t\t<div class='presentation-info'>\n\t\t\t\t<div class='presentation-info-date-time-location'>\n\t\t\t\t\t<span class=\"presentation-date-time\">\n\t\t\t\t\t\t<span class='presentation-date'>Donnerstag, 24.September 2026,<\/span>\n\t\t\t\t\t\t<span class='presentation-time'>    14:05&ndash;14:10 Uhr\n, <\/span>\n\t\t\t\t\t<\/span>\n\t\t\t\t\t<span class='presentation-location'>\n\t\t\t\t\t\t\t\t\t\t\t\t\ten-tech.talks - Halle 2\n\t\t\t\t\t\t\t\t\t\t\t<\/span>\n\t\t\t\t<\/div>\n\t\t\t\t<div class='presentation-info-type'>\n\t\t\t\t\t    \n\t\t\t\t<\/div>\n\t\t\t<\/div>\n\t\t\t\t\t<\/div>\n    <\/div>\n<\/div>\t\t<\/div>\n    <\/div>\n                                                                                                            <\/div>\n                                                    <\/div>\n                                        \t\t\t<div class=\"abstract\">\n\t\t\t<div>F\u00fcr Anwendungsfelder wie Defense, Tiefsee-Exploration und industrielle Prozess\u00fcberwachung werden optische Bauteile ben\u00f6tigt, die unter harschen Umgebungsbedingungen zuverl\u00e4ssig funktionieren. Am Fraunhofer IKTS werden transparente keramische Werkstoffe entwickelt, die \u00fcber hohe mechanische und chemische Stabilit\u00e4t bei gleichzeitig hoher Transmission \u00fcber einen weiten Wellenl\u00e4ngenbereich verf\u00fcgen. Im Vortrag werden die Herausforderungen und M\u00f6glichkeiten dieses Werkstoffes vorgestellt.<\/div>\n\t\t<\/div>\n\t                <\/div>\n                        \n                        <\/div>\n                                                                                                \n\n\n    <div        class=\"fea-presentation-list-item presentation-item\"\n                    dynamic-filter-item\n                                                                        data-filter-main_topic_id=\"{{890}}\"\n                                                                        data-filter-date=\"{{2026-09-24}}\"\n                                                                        data-filter-stage_id=\"{{785}}\"\n                        >\n                                \t<div class=\"presentation-topic\" style=\"background-color:#0082a7;\">\n\t\t\t\t\t\t\t\t\t\t\tExhibitor Pitches: Materials, Coatings &amp; Cleanroom Technology\n\t\t\t\t<\/div>\n\t                <div class=\"presentation-headline\">\n                                                                        <div class=\"presentation-info\">\n                                                                    <div class=\"presentation-time\">\n                                            14:10&ndash;14:15 Uhr\n  | en-tech.talks - Halle 2                                     <\/div>\n                                                                                                    <div class=\"presentation-title\">\n                                                                                    <h3 class='topic'>\n                                                \t\t\t<img loading=\"lazy\" decoding=\"async\" loading=\"lazy\" width=\"18\" height=\"12\" src=\"\/wp-content\/plugins\/sitepress-multilingual-cms\/res\/flags\/de.png\">\n\t\t    eNDIRi\u00b2 Evaluation Kit - Evaluation System for IR Components\n\n\n                                            <\/h3>\n                                            <span class='subtitle'>\n                                                    \n\n                                            <\/span>\n                                                                            <\/div>\n                                                            <\/div>\n                                                                            <div class=\"presentation-meta\">\n                                                                                                                                                <div class=\"presentation-partner\">\n                                            <img decoding=\"async\" src=\"https:\/\/portal.fleet-events.de\/de\/uploads?path=sessions\/7519.jpg\"\/>\n                                        <\/div>\n                                                                                                <\/div>\n                                                            <\/div>\n            \n                            <div class=\"presentation-content\n                             show-abstract                              has-image \"\n                >\n                                            <div class=\"speakers\">\n                                                                                                                                                                                    <div class=\"speaker\">\n                                                                                                                                                                                                                                                                                                                        \n                                                                                                                                                            \n                                                        <div class=\"speaker-image\">\n\t\t<div class=\"speaker-image-image\">\n\t\t\t<img\n\t\t\t\tloading='lazy' \n\t\t\t\tclass=''\n\t\t\t\tdata-modal-id=\"6a94e6f86cfab\" \n\t\t\t\t         show-modal-trigger=\"true\" \t\t\t\t     data-src=\"\/jena\/vortraege-buehnenprogramm-w3-fair-jena-2026-en-tech-talks\/jena-speaker-details\/3585\" \t\t\t\t  data-info-header=\".single-speaker-header\"  \t\t\t\t data-info-content=\".single-speaker-content\"  \t\t\t\tsrc=\"https:\/\/portal.fleet-events.de\/de\/speakerphoto?path=3585\/profile_xircus.jpg&amp;s=600&amp;v=1786623349\" \n\t\t\t\talt=\"Lukas Naujock\" \n\t\t\t\/>\n\t\t<\/div>\n                    <div class=\"speaker-image-credits\">\n                            <\/div>\n            <\/div>\n\n                                                                                                                                                    <div class=\"speaker-info\">\n                                                                    <h3 class=\"speaker-name\">Lukas Naujock\n                            <\/h3>                <span class=\"speaker-jobtitle\">Account Manager &amp; Manager International Markets                <\/span>                <span class=\"speaker-company\">MICRO-HYBRID ELECTRONIC GMBH<\/span>     \n\n                                                    <\/div>\n                                                                                            <\/div>\n                                                                                                                                                                                                    <div class=\"presentation-link\">\n                                                                                                                        \n    \n<a \n    href=\/290742026\/presentation\/7519 \n    class=\"btn\" \n    data-modal-id=\"6a94e6f86cfab\"\n    show-modal-trigger\n    data-info-root=\".fea-presentation-list-item\"\n    data-info-header=\".presentation-link .popup_headline\"\n    data-info-content=\".presentation-link .popup_body\"\n>\n    Mehr\n<\/a>\n\n    <div class=\"popup_content\">\n        <div class=\"popup_headline\"><\/div>\n\t\t<div class=\"popup_body\">\n\t\t\t\t\n\t\t\t\t\t\t\n\t\t\t\n<div class=\"single-presentation\">\n\t<div class=\"single-presentation-header\">\n            <\/div>\n     <div class='topic_category category_890' style=\"color: #0082a7;\">\n\t\t<span>Exhibitor Pitches: Materials, Coatings &amp; Cleanroom Technology<\/span>\n\t<\/div>\n\t<div class=\"single-presentation-content \n\t\t show-abstract \"\n\t>\n\t\t\t\t\t\t\t    <div class='speakers'>\n                                    <div class='speaker'>\n                        <div class=\"speaker-image\">\n\t\t<div class=\"speaker-image-image\">\n\t\t\t<img\n\t\t\t\tloading='lazy' \n\t\t\t\tclass=''\n\t\t\t\tdata-modal-id=\"\" \n\t\t\t\t\t\t\t\t\t\t\t\t\t\t\t\t\t\t\t\tsrc=\"https:\/\/portal.fleet-events.de\/de\/speakerphoto?path=3585\/profile_xircus.jpg&amp;s=600&amp;v=1786623349\" \n\t\t\t\talt=\"Lukas Naujock\" \n\t\t\t\/>\n\t\t<\/div>\n                    <div class=\"speaker-image-credits\">\n                            <\/div>\n            <\/div>\n\n                    <div class=\"speaker-info\">\n                                    <h3 class=\"speaker-name\">Lukas Naujock\n                            <\/h3>                <span class=\"speaker-jobtitle\">Account Manager &amp; Manager International Markets                <\/span>                <span class=\"speaker-company\">MICRO-HYBRID ELECTRONIC GMBH<\/span>     \n    \n                    <\/div>\n                <\/div>\n                                <\/div>\n\n\t\t\t\t<div class='presentation '>\n\t\t\t<div class='presentation-main'>\n\t\t\t\t<h3 class='topic'>eNDIRi\u00b2 Evaluation Kit - Evaluation System for IR Components<\/h3>\n\t\t\t\t<div class='subtitle'><\/div>\n\t\t\t\t<div class='abstract'>The eNDIRi\u00b2 evaluation kit is the ideal solution for engineers and developers looking for a reliable platform for the evaluation and optimization of infrared components in NDIR gas analysis. With high-quality hardware, user-friendly software, carefully matched infrared components and extensive customization options, it sets new standards in NDIR gas analysis. It helps shorten development times and enhance system performance.<\/div>\n\t\t\t<\/div>\n\t\t\t<div class='presentation-info'>\n\t\t\t\t<div class='presentation-info-date-time-location'>\n\t\t\t\t\t<span class=\"presentation-date-time\">\n\t\t\t\t\t\t<span class='presentation-date'>Donnerstag, 24.September 2026,<\/span>\n\t\t\t\t\t\t<span class='presentation-time'>    14:10&ndash;14:15 Uhr\n, <\/span>\n\t\t\t\t\t<\/span>\n\t\t\t\t\t<span class='presentation-location'>\n\t\t\t\t\t\t\t\t\t\t\t\t\ten-tech.talks - Halle 2\n\t\t\t\t\t\t\t\t\t\t\t<\/span>\n\t\t\t\t<\/div>\n\t\t\t\t<div class='presentation-info-type'>\n\t\t\t\t\t    \n\t\t\t\t<\/div>\n\t\t\t<\/div>\n\t\t\t\t\t<\/div>\n    <\/div>\n<\/div>\t\t<\/div>\n    <\/div>\n                                                                                                            <\/div>\n                                                    <\/div>\n                                        \t\t\t<div class=\"abstract\">\n\t\t\t<div>The eNDIRi\u00b2 evaluation kit is the ideal solution for engineers and developers looking for a reliable platform for the evaluation and optimization of infrared components in NDIR gas analysis. With high-quality hardware, user-friendly software, carefully matched infrared components and extensive customization options, it sets new standards in NDIR gas analysis. It helps shorten development times and enhance system performance.<\/div>\n\t\t<\/div>\n\t                <\/div>\n                        \n                        <\/div>\n                                                                                                \n\n\n    <div        class=\"fea-presentation-list-item presentation-item\"\n                    dynamic-filter-item\n                                                                        data-filter-main_topic_id=\"{{890}}\"\n                                                                        data-filter-date=\"{{2026-09-24}}\"\n                                                                        data-filter-stage_id=\"{{785}}\"\n                        >\n                                \t<div class=\"presentation-topic\" style=\"background-color:#0082a7;\">\n\t\t\t\t\t\t\t\t\t\t\tExhibitor Pitches: Materials, Coatings &amp; Cleanroom Technology\n\t\t\t\t<\/div>\n\t                <div class=\"presentation-headline\">\n                                                                        <div class=\"presentation-info\">\n                                                                    <div class=\"presentation-time\">\n                                            14:15&ndash;14:20 Uhr\n  | en-tech.talks - Halle 2                                     <\/div>\n                                                                                                    <div class=\"presentation-title\">\n                                                                                    <h3 class='topic'>\n                                                \t\t\t<img loading=\"lazy\" decoding=\"async\" loading=\"lazy\" width=\"18\" height=\"12\" src=\"\/wp-content\/plugins\/sitepress-multilingual-cms\/res\/flags\/de.png\">\n\t\t    Discover SCHOTT\n\n\n                                            <\/h3>\n                                            <span class='subtitle'>\n                                                    \n\n                                            <\/span>\n                                                                            <\/div>\n                                                            <\/div>\n                                                                            <div class=\"presentation-meta\">\n                                                                                                                                                <div class=\"presentation-partner\">\n                                            <img decoding=\"async\" src=\"https:\/\/portal.fleet-events.de\/de\/uploads?path=sessions\/7476.jpg\"\/>\n                                        <\/div>\n                                                                                                <\/div>\n                                                            <\/div>\n            \n                            <div class=\"presentation-content\n                             show-abstract                              has-image \"\n                >\n                                            <div class=\"speakers\">\n                                                                                                                                                                                    <div class=\"speaker\">\n                                                                                                                                                                                                                                                                                                                        \n                                                                                                                                                            \n                                                        <div class=\"speaker-image\">\n\t\t<div class=\"speaker-image-image\">\n\t\t\t<img\n\t\t\t\tloading='lazy' \n\t\t\t\tclass=''\n\t\t\t\tdata-modal-id=\"6a94e6f86cfab\" \n\t\t\t\t         show-modal-trigger=\"true\" \t\t\t\t     data-src=\"\/jena\/vortraege-buehnenprogramm-w3-fair-jena-2026-en-tech-talks\/jena-speaker-details\/3112\" \t\t\t\t  data-info-header=\".single-speaker-header\"  \t\t\t\t data-info-content=\".single-speaker-content\"  \t\t\t\tsrc=\"https:\/\/portal.fleet-events.de\/de\/speakerphoto?path=3112\/profile_xircus.jpg&amp;s=600&amp;v=1757935806\" \n\t\t\t\talt=\"Sandra von Fintel\" \n\t\t\t\/>\n\t\t<\/div>\n                    <div class=\"speaker-image-credits\">\n                            <\/div>\n            <\/div>\n\n                                                                                                                                                    <div class=\"speaker-info\">\n                                                                    <h3 class=\"speaker-name\">Sandra von Fintel\n                            <\/h3>                <span class=\"speaker-jobtitle\">Senior Product Manager Specialty Float Glass                <\/span>                <span class=\"speaker-company\">SCHOTT Technical Glass Solutions GmbH<\/span>     \n\n                                                    <\/div>\n                                                                                            <\/div>\n                                                                                                                                                                                                    <div class=\"presentation-link\">\n                                                                                                                        \n    \n<a \n    href=\/290742026\/presentation\/7476 \n    class=\"btn\" \n    data-modal-id=\"6a94e6f86cfab\"\n    show-modal-trigger\n    data-info-root=\".fea-presentation-list-item\"\n    data-info-header=\".presentation-link .popup_headline\"\n    data-info-content=\".presentation-link .popup_body\"\n>\n    Mehr\n<\/a>\n\n    <div class=\"popup_content\">\n        <div class=\"popup_headline\"><\/div>\n\t\t<div class=\"popup_body\">\n\t\t\t\t\n\t\t\t\t\t\t\n\t\t\t\n<div class=\"single-presentation\">\n\t<div class=\"single-presentation-header\">\n            <\/div>\n     <div class='topic_category category_890' style=\"color: #0082a7;\">\n\t\t<span>Exhibitor Pitches: Materials, Coatings &amp; Cleanroom Technology<\/span>\n\t<\/div>\n\t<div class=\"single-presentation-content \n\t\t show-abstract \"\n\t>\n\t\t\t\t\t\t\t    <div class='speakers'>\n                                    <div class='speaker'>\n                        <div class=\"speaker-image\">\n\t\t<div class=\"speaker-image-image\">\n\t\t\t<img\n\t\t\t\tloading='lazy' \n\t\t\t\tclass=''\n\t\t\t\tdata-modal-id=\"\" \n\t\t\t\t\t\t\t\t\t\t\t\t\t\t\t\t\t\t\t\tsrc=\"https:\/\/portal.fleet-events.de\/de\/speakerphoto?path=3112\/profile_xircus.jpg&amp;s=600&amp;v=1757935806\" \n\t\t\t\talt=\"Sandra von Fintel\" \n\t\t\t\/>\n\t\t<\/div>\n                    <div class=\"speaker-image-credits\">\n                            <\/div>\n            <\/div>\n\n                    <div class=\"speaker-info\">\n                                    <h3 class=\"speaker-name\">Sandra von Fintel\n                            <\/h3>                <span class=\"speaker-jobtitle\">Senior Product Manager Specialty Float Glass                <\/span>                <span class=\"speaker-company\">SCHOTT Technical Glass Solutions GmbH<\/span>     \n    \n                    <\/div>\n                <\/div>\n                                <\/div>\n\n\t\t\t\t<div class='presentation '>\n\t\t\t<div class='presentation-main'>\n\t\t\t\t<h3 class='topic'>Discover SCHOTT<\/h3>\n\t\t\t\t<div class='subtitle'><\/div>\n\t\t\t\t<div class='abstract'>Tradition meets Innovation: Building on the pioneering legacy of Otto Schott, SCHOTT has been shaping technological progress for more than 140 years through world-class materials expertise and innovation. From advanced diagnostic systems and high-performance fiber optical solutions to specialty floatglass produced in Jena, SCHOTT develops and manufactures technologies that enable breakthroughs in healthcare, life sciences, photonics, and industry worldwide.<\/div>\n\t\t\t<\/div>\n\t\t\t<div class='presentation-info'>\n\t\t\t\t<div class='presentation-info-date-time-location'>\n\t\t\t\t\t<span class=\"presentation-date-time\">\n\t\t\t\t\t\t<span class='presentation-date'>Donnerstag, 24.September 2026,<\/span>\n\t\t\t\t\t\t<span class='presentation-time'>    14:15&ndash;14:20 Uhr\n, <\/span>\n\t\t\t\t\t<\/span>\n\t\t\t\t\t<span class='presentation-location'>\n\t\t\t\t\t\t\t\t\t\t\t\t\ten-tech.talks - Halle 2\n\t\t\t\t\t\t\t\t\t\t\t<\/span>\n\t\t\t\t<\/div>\n\t\t\t\t<div class='presentation-info-type'>\n\t\t\t\t\t    \n\t\t\t\t<\/div>\n\t\t\t<\/div>\n\t\t\t\t\t<\/div>\n    <\/div>\n<\/div>\t\t<\/div>\n    <\/div>\n                                                                                                            <\/div>\n                                                    <\/div>\n                                        \t\t\t<div class=\"abstract\">\n\t\t\t<div>Tradition meets Innovation: Building on the pioneering legacy of Otto Schott, SCHOTT has been shaping technological progress for more than 140 years through world-class materials expertise and innovation. From advanced diagnostic systems and high-performance fiber optical solutions to specialty floatglass produced in Jena, SCHOTT develops and manufactures technologies that enable breakthroughs in healthcare, life sciences, photonics, and industry worldwide.<\/div>\n\t\t<\/div>\n\t                <\/div>\n                        \n                        <\/div>\n                                                                                                \n\n\n    <div        class=\"fea-presentation-list-item presentation-item\"\n                    dynamic-filter-item\n                                                                        data-filter-main_topic_id=\"{{890}}\"\n                                                                        data-filter-date=\"{{2026-09-24}}\"\n                                                                        data-filter-stage_id=\"{{785}}\"\n                        >\n                                \t<div class=\"presentation-topic\" style=\"background-color:#0082a7;\">\n\t\t\t\t\t\t\t\t\t\t\tExhibitor Pitches: Materials, Coatings &amp; Cleanroom Technology\n\t\t\t\t<\/div>\n\t                <div class=\"presentation-headline\">\n                                                                        <div class=\"presentation-info\">\n                                                                    <div class=\"presentation-time\">\n                                            14:20&ndash;14:25 Uhr\n  | en-tech.talks - Halle 2                                     <\/div>\n                                                                                                    <div class=\"presentation-title\">\n                                                                                    <h3 class='topic'>\n                                                \t\t\t<img loading=\"lazy\" decoding=\"async\" loading=\"lazy\" width=\"18\" height=\"12\" src=\"\/wp-content\/plugins\/sitepress-multilingual-cms\/res\/flags\/de.png\">\n\t\t    Schwarz ohne Chrom(VI) \u2013 Chemisch Nickel f\u00fcr optische Anwendungen\n\n\n                                            <\/h3>\n                                            <span class='subtitle'>\n                                                    \n\n                                            <\/span>\n                                                                            <\/div>\n                                                            <\/div>\n                                                                            <div class=\"presentation-meta\">\n                                                                                                                                                <div class=\"presentation-partner\">\n                                            <img decoding=\"async\" src=\"https:\/\/portal.fleet-events.de\/de\/uploads?path=sessions\/7520.jpg\"\/>\n                                        <\/div>\n                                                                                                <\/div>\n                                                            <\/div>\n            \n                            <div class=\"presentation-content\n                             show-abstract                              has-image \"\n                >\n                                            <div class=\"speakers\">\n                                                                                                                                                                                    <div class=\"speaker\">\n                                                                                                                                                                                                                                                                                                                        \n                                                                                                                                                            \n                                                        <div class=\"speaker-image\">\n\t\t<div class=\"speaker-image-image\">\n\t\t\t<img\n\t\t\t\tloading='lazy' \n\t\t\t\tclass=''\n\t\t\t\tdata-modal-id=\"6a94e6f86cfab\" \n\t\t\t\t         show-modal-trigger=\"true\" \t\t\t\t     data-src=\"\/jena\/vortraege-buehnenprogramm-w3-fair-jena-2026-en-tech-talks\/jena-speaker-details\/3579\" \t\t\t\t  data-info-header=\".single-speaker-header\"  \t\t\t\t data-info-content=\".single-speaker-content\"  \t\t\t\tsrc=\"https:\/\/portal.fleet-events.de\/de\/speakerphoto?path=3579\/profile_xircus.jpg&amp;s=600&amp;v=1786546072\" \n\t\t\t\talt=\"Toni Munteanu\" \n\t\t\t\/>\n\t\t<\/div>\n                    <div class=\"speaker-image-credits\">\n                            <\/div>\n            <\/div>\n\n                                                                                                                                                    <div class=\"speaker-info\">\n                                                                    <h3 class=\"speaker-name\">Toni Munteanu\n                            <\/h3>                                <span class=\"speaker-company\">INNOVENT e.V. Technologieentwicklung<\/span>     \n\n                                                    <\/div>\n                                                                                            <\/div>\n                                                                                                                                                                                                    <div class=\"presentation-link\">\n                                                                                                                        \n    \n<a \n    href=\/290742026\/presentation\/7520 \n    class=\"btn\" \n    data-modal-id=\"6a94e6f86cfab\"\n    show-modal-trigger\n    data-info-root=\".fea-presentation-list-item\"\n    data-info-header=\".presentation-link .popup_headline\"\n    data-info-content=\".presentation-link .popup_body\"\n>\n    Mehr\n<\/a>\n\n    <div class=\"popup_content\">\n        <div class=\"popup_headline\"><\/div>\n\t\t<div class=\"popup_body\">\n\t\t\t\t\n\t\t\t\t\t\t\n\t\t\t\n<div class=\"single-presentation\">\n\t<div class=\"single-presentation-header\">\n            <\/div>\n     <div class='topic_category category_890' style=\"color: #0082a7;\">\n\t\t<span>Exhibitor Pitches: Materials, Coatings &amp; Cleanroom Technology<\/span>\n\t<\/div>\n\t<div class=\"single-presentation-content \n\t\t show-abstract \"\n\t>\n\t\t\t\t\t\t\t    <div class='speakers'>\n                                    <div class='speaker'>\n                        <div class=\"speaker-image\">\n\t\t<div class=\"speaker-image-image\">\n\t\t\t<img\n\t\t\t\tloading='lazy' \n\t\t\t\tclass=''\n\t\t\t\tdata-modal-id=\"\" \n\t\t\t\t\t\t\t\t\t\t\t\t\t\t\t\t\t\t\t\tsrc=\"https:\/\/portal.fleet-events.de\/de\/speakerphoto?path=3579\/profile_xircus.jpg&amp;s=600&amp;v=1786546072\" \n\t\t\t\talt=\"Toni Munteanu\" \n\t\t\t\/>\n\t\t<\/div>\n                    <div class=\"speaker-image-credits\">\n                            <\/div>\n            <\/div>\n\n                    <div class=\"speaker-info\">\n                                    <h3 class=\"speaker-name\">Toni Munteanu\n                            <\/h3>                                <span class=\"speaker-company\">INNOVENT e.V. Technologieentwicklung<\/span>     \n    \n                    <\/div>\n                <\/div>\n                                <\/div>\n\n\t\t\t\t<div class='presentation '>\n\t\t\t<div class='presentation-main'>\n\t\t\t\t<h3 class='topic'>Schwarz ohne Chrom(VI) \u2013 Chemisch Nickel f\u00fcr optische Anwendungen<\/h3>\n\t\t\t\t<div class='subtitle'><\/div>\n\t\t\t\t<div class='abstract'>Schwarze Oberfl\u00e4chen sind essenziell zur Streulichtunterdr\u00fcckung in optischen und laseroptischen Systemen. In einem von INNOVENT initiierten Projekt wurde ein Cr(VI)-freies Verfahren zur Herstellung hochabsorbierender schwarzer Chemisch-Nickel-Schichten entwickelt und hinsichtlich optischer, mechanischer und vakuumtechnischer Eigenschaften untersucht. Der Vortrag gibt einen kompakten Einblick in die entwickelte Technologie, ihre Leistungsf\u00e4higkeit und m\u00f6gliche Anwendungsfelder.<\/div>\n\t\t\t<\/div>\n\t\t\t<div class='presentation-info'>\n\t\t\t\t<div class='presentation-info-date-time-location'>\n\t\t\t\t\t<span class=\"presentation-date-time\">\n\t\t\t\t\t\t<span class='presentation-date'>Donnerstag, 24.September 2026,<\/span>\n\t\t\t\t\t\t<span class='presentation-time'>    14:20&ndash;14:25 Uhr\n, <\/span>\n\t\t\t\t\t<\/span>\n\t\t\t\t\t<span class='presentation-location'>\n\t\t\t\t\t\t\t\t\t\t\t\t\ten-tech.talks - Halle 2\n\t\t\t\t\t\t\t\t\t\t\t<\/span>\n\t\t\t\t<\/div>\n\t\t\t\t<div class='presentation-info-type'>\n\t\t\t\t\t    \n\t\t\t\t<\/div>\n\t\t\t<\/div>\n\t\t\t\t\t<\/div>\n    <\/div>\n<\/div>\t\t<\/div>\n    <\/div>\n                                                                                                            <\/div>\n                                                    <\/div>\n                                        \t\t\t<div class=\"abstract\">\n\t\t\t<div>Schwarze Oberfl\u00e4chen sind essenziell zur Streulichtunterdr\u00fcckung in optischen und laseroptischen Systemen. In einem von INNOVENT initiierten Projekt wurde ein Cr(VI)-freies Verfahren zur Herstellung hochabsorbierender schwarzer Chemisch-Nickel-Schichten entwickelt und hinsichtlich optischer, mechanischer und vakuumtechnischer Eigenschaften untersucht. Der Vortrag gibt einen kompakten Einblick in die entwickelte Technologie, ihre Leistungsf\u00e4higkeit und m\u00f6gliche Anwendungsfelder.<\/div>\n\t\t<\/div>\n\t                <\/div>\n                        \n                        <\/div>\n                                                                                                \n\n\n    <div        class=\"fea-presentation-list-item presentation-item\"\n                    dynamic-filter-item\n                                                                        data-filter-main_topic_id=\"{{890}}\"\n                                                                        data-filter-date=\"{{2026-09-24}}\"\n                                                                        data-filter-stage_id=\"{{785}}\"\n                        >\n                                \t<div class=\"presentation-topic\" style=\"background-color:#0082a7;\">\n\t\t\t\t\t\t\t\t\t\t\tExhibitor Pitches: Materials, Coatings &amp; Cleanroom Technology\n\t\t\t\t<\/div>\n\t                <div class=\"presentation-headline\">\n                                                                        <div class=\"presentation-info\">\n                                                                    <div class=\"presentation-time\">\n                                            14:25&ndash;14:30 Uhr\n  | en-tech.talks - Halle 2                                     <\/div>\n                                                                                                    <div class=\"presentation-title\">\n                                                                                    <h3 class='topic'>\n                                                \t\t\t<img loading=\"lazy\" decoding=\"async\" loading=\"lazy\" width=\"18\" height=\"12\" src=\"\/wp-content\/plugins\/sitepress-multilingual-cms\/res\/flags\/de.png\">\n\t\t    \n\n\n                                            <\/h3>\n                                            <span class='subtitle'>\n                                                    \n\n                                            <\/span>\n                                                                            <\/div>\n                                                            <\/div>\n                                                                            <div class=\"presentation-meta\">\n                                                                                                                                                <div class=\"presentation-partner\">\n                                            <img decoding=\"async\" src=\"https:\/\/portal.fleet-events.de\/de\/uploads?path=sessions\/7521.jpg\"\/>\n                                        <\/div>\n                                                                                                <\/div>\n                                                            <\/div>\n            \n                            <div class=\"presentation-content\n                                                         has-image \"\n                >\n                                            <div class=\"speakers\">\n                                                                                                                                                                                    <div class=\"speaker\">\n                                                                                                                                                                                                                                                                                                                        \n                                                                                                                                                            \n                                                        <div class=\"speaker-image\">\n\t\t<div class=\"speaker-image-image\">\n\t\t\t<img\n\t\t\t\tloading='lazy' \n\t\t\t\tclass=''\n\t\t\t\tdata-modal-id=\"6a94e6f86cfab\" \n\t\t\t\t         show-modal-trigger=\"true\" \t\t\t\t     data-src=\"\/jena\/vortraege-buehnenprogramm-w3-fair-jena-2026-en-tech-talks\/jena-speaker-details\/3586\" \t\t\t\t  data-info-header=\".single-speaker-header\"  \t\t\t\t data-info-content=\".single-speaker-content\"  \t\t\t\tsrc=\"https:\/\/portal.fleet-events.de\/de\/speakerphoto?path=3586\/profile_xircus.jpg&amp;s=600&amp;v=1786700981\" \n\t\t\t\talt=\"Wolfram Schmidt\" \n\t\t\t\/>\n\t\t<\/div>\n                    <div class=\"speaker-image-credits\">\n                            <\/div>\n            <\/div>\n\n                                                                                                                                                    <div class=\"speaker-info\">\n                                                                    <h3 class=\"speaker-name\">Wolfram Schmidt\n                            <\/h3>                <span class=\"speaker-jobtitle\">Spezialist f\u00fcr Kontaminationskontrolle CEE                <\/span>                <span class=\"speaker-company\">alsico Europe<\/span>     \n\n                                                    <\/div>\n                                                                                            <\/div>\n                                                                                                                                                                                                    <div class=\"presentation-link\">\n                                                                                                                                                <\/div>\n                                                    <\/div>\n                                        \t                <\/div>\n                        \n                        <\/div>\n                                                                                                \n\n\n    <div        class=\"fea-presentation-list-item presentation-item\"\n                    dynamic-filter-item\n                                                                        data-filter-main_topic_id=\"{{846}}\"\n                                                                        data-filter-date=\"{{2026-09-24}}\"\n                                                                        data-filter-stage_id=\"{{785}}\"\n                        >\n                                \t<div class=\"presentation-topic\" style=\"background-color:#08af96;\">\n\t\t\t\t\t\t\t\t\t\t\tSchl\u00fcsseltechnologien und Serienfertigung f\u00fcr die Raumfahrt by LRT Sachsen\/Th\u00fcringen e.V.\n\t\t\t\t<\/div>\n\t                <div class=\"presentation-headline\">\n                                                                        <div class=\"presentation-info\">\n                                                                    <div class=\"presentation-time\">\n                                            14:35&ndash;14:40 Uhr\n  | en-tech.talks - Halle 2                                     <\/div>\n                                                                                                    <div class=\"presentation-title\">\n                                                                                    <h3 class='topic'>\n                                                \t\t\t<img loading=\"lazy\" decoding=\"async\" loading=\"lazy\" width=\"18\" height=\"12\" src=\"\/wp-content\/plugins\/sitepress-multilingual-cms\/res\/flags\/de.png\">\n\t\t    Welcome and Introduction\n\n\n                                            <\/h3>\n                                            <span class='subtitle'>\n                                                    \n\n                                            <\/span>\n                                                                            <\/div>\n                                                            <\/div>\n                                                                            <div class=\"presentation-meta\">\n                                                                                                                                                <div class=\"presentation-partner\">\n                                            <img decoding=\"async\" src=\"https:\/\/portal.fleet-events.de\/de\/uploads?path=sessions\/7410.jpg\"\/>\n                                        <\/div>\n                                                                                                <\/div>\n                                                            <\/div>\n            \n                            <div class=\"presentation-content\n                             show-abstract                              has-image \"\n                >\n                                            <div class=\"speakers\">\n                                                                                                                                                                                    <div class=\"speaker\">\n                                                                                                                                                                                                                                                                                                                        \n                                                                                                                                                            \n                                                        <div class=\"speaker-image\">\n\t\t<div class=\"speaker-image-image\">\n\t\t\t<img\n\t\t\t\tloading='lazy' \n\t\t\t\tclass=''\n\t\t\t\tdata-modal-id=\"6a94e6f86cfab\" \n\t\t\t\t         show-modal-trigger=\"true\" \t\t\t\t     data-src=\"\/jena\/vortraege-buehnenprogramm-w3-fair-jena-2026-en-tech-talks\/jena-speaker-details\/3560\" \t\t\t\t  data-info-header=\".single-speaker-header\"  \t\t\t\t data-info-content=\".single-speaker-content\"  \t\t\t\tsrc=\"https:\/\/portal.fleet-events.de\/de\/speakerphoto?path=3560\/profile_xircus.jpg&amp;s=600&amp;v=1786699406\" \n\t\t\t\talt=\"Robert Hahn\" \n\t\t\t\/>\n\t\t<\/div>\n                    <div class=\"speaker-image-credits\">\n                            <\/div>\n            <\/div>\n\n                                                                                                                                                    <div class=\"speaker-info\">\n                                                                    <h3 class=\"speaker-name\">Robert Hahn\n                            <\/h3>                <span class=\"speaker-jobtitle\">Gesch\u00e4ftsf\u00fchrer                <\/span>                <span class=\"speaker-company\">miriquidi.space<\/span>     \n\n                                                    <\/div>\n                                                                                            <\/div>\n                                                                                                                                                                                                    <div class=\"presentation-link\">\n                                                                                                                        \n    \n<a \n    href=\/290742026\/presentation\/7410 \n    class=\"btn\" \n    data-modal-id=\"6a94e6f86cfab\"\n    show-modal-trigger\n    data-info-root=\".fea-presentation-list-item\"\n    data-info-header=\".presentation-link .popup_headline\"\n    data-info-content=\".presentation-link .popup_body\"\n>\n    Mehr\n<\/a>\n\n    <div class=\"popup_content\">\n        <div class=\"popup_headline\"><\/div>\n\t\t<div class=\"popup_body\">\n\t\t\t\t\n\t\t\t\t\t\t\n\t\t\t\n<div class=\"single-presentation\">\n\t<div class=\"single-presentation-header\">\n            <\/div>\n     <div class='topic_category category_846' style=\"color: #08af96;\">\n\t\t<span>Schl\u00fcsseltechnologien und Serienfertigung f\u00fcr die Raumfahrt by LRT Sachsen\/Th\u00fcringen e.V.<\/span>\n\t<\/div>\n\t<div class=\"single-presentation-content \n\t\t show-abstract \"\n\t>\n\t\t\t\t\t\t\t    <div class='speakers'>\n                                    <div class='speaker'>\n                        <div class=\"speaker-image\">\n\t\t<div class=\"speaker-image-image\">\n\t\t\t<img\n\t\t\t\tloading='lazy' \n\t\t\t\tclass=''\n\t\t\t\tdata-modal-id=\"\" \n\t\t\t\t\t\t\t\t\t\t\t\t\t\t\t\t\t\t\t\tsrc=\"https:\/\/portal.fleet-events.de\/de\/speakerphoto?path=3560\/profile_xircus.jpg&amp;s=600&amp;v=1786699406\" \n\t\t\t\talt=\"Robert Hahn\" \n\t\t\t\/>\n\t\t<\/div>\n                    <div class=\"speaker-image-credits\">\n                            <\/div>\n            <\/div>\n\n                    <div class=\"speaker-info\">\n                                    <h3 class=\"speaker-name\">Robert Hahn\n                            <\/h3>                <span class=\"speaker-jobtitle\">Gesch\u00e4ftsf\u00fchrer                <\/span>                <span class=\"speaker-company\">miriquidi.space<\/span>     \n    \n                    <\/div>\n                <\/div>\n                                <\/div>\n\n\t\t\t\t<div class='presentation '>\n\t\t\t<div class='presentation-main'>\n\t\t\t\t<h3 class='topic'>Welcome and Introduction<\/h3>\n\t\t\t\t<div class='subtitle'><\/div>\n\t\t\t\t<div class='abstract'>Vor 10 Jahren waren Raumfahrt- und Halbleitermarkt etwa gleich gro\u00df. Der Halbleitermarkt ist seither explodiert - die Raumfahrt steht heute vor genau diesem Sprung. Sie braucht dieselben Kompetenzen, die Sachsen und Th\u00fcringen schon f\u00fcr Halbleiter und Optik liefern: Pr\u00e4zision, Reinraumfertigung, Qualit\u00e4t in Serie. In dieser Session zeigen vier Unternehmen, wie sie diesen Zugang bereits gefunden haben - von Sensorik \u00fcber Pr\u00e4zisionsspiegel bis Mechatronik. Anschlie\u00dfend diskutieren sie im Panel, was den Einstieg in den Raumfahrtmarkt f\u00fcr den Mittelstand konkret bedeutet.<\/div>\n\t\t\t<\/div>\n\t\t\t<div class='presentation-info'>\n\t\t\t\t<div class='presentation-info-date-time-location'>\n\t\t\t\t\t<span class=\"presentation-date-time\">\n\t\t\t\t\t\t<span class='presentation-date'>Donnerstag, 24.September 2026,<\/span>\n\t\t\t\t\t\t<span class='presentation-time'>    14:35&ndash;14:40 Uhr\n, <\/span>\n\t\t\t\t\t<\/span>\n\t\t\t\t\t<span class='presentation-location'>\n\t\t\t\t\t\t\t\t\t\t\t\t\ten-tech.talks - Halle 2\n\t\t\t\t\t\t\t\t\t\t\t<\/span>\n\t\t\t\t<\/div>\n\t\t\t\t<div class='presentation-info-type'>\n\t\t\t\t\t    \n\t\t\t\t<\/div>\n\t\t\t<\/div>\n\t\t\t\t\t<\/div>\n    <\/div>\n<\/div>\t\t<\/div>\n    <\/div>\n                                                                                                            <\/div>\n                                                    <\/div>\n                                        \t\t\t<div class=\"abstract\">\n\t\t\t<div>Vor 10 Jahren waren Raumfahrt- und Halbleitermarkt etwa gleich gro\u00df. Der Halbleitermarkt ist seither explodiert - die Raumfahrt steht heute vor genau diesem Sprung. Sie braucht dieselben Kompetenzen, die Sachsen und Th\u00fcringen schon f\u00fcr Halbleiter und Optik liefern: Pr\u00e4zision, Reinraumfertigung, Qualit\u00e4t in Serie. In dieser Session zeigen vier Unternehmen, wie sie diesen Zugang bereits gefunden haben - von Sensorik \u00fcber Pr\u00e4zisionsspiegel bis Mechatronik. Anschlie\u00dfend diskutieren sie im Panel, was den Einstieg in den Raumfahrtmarkt f\u00fcr den Mittelstand konkret bedeutet.<\/div>\n\t\t<\/div>\n\t                <\/div>\n                        \n                        <\/div>\n                                                                                                \n\n\n    <div        class=\"fea-presentation-list-item presentation-item\"\n                    dynamic-filter-item\n                                                                        data-filter-main_topic_id=\"{{846}}\"\n                                                                        data-filter-date=\"{{2026-09-24}}\"\n                                                                        data-filter-stage_id=\"{{785}}\"\n                        >\n                                \t<div class=\"presentation-topic\" style=\"background-color:#08af96;\">\n\t\t\t\t\t\t\t\t\t\t\tSchl\u00fcsseltechnologien und Serienfertigung f\u00fcr die Raumfahrt by LRT Sachsen\/Th\u00fcringen e.V.\n\t\t\t\t<\/div>\n\t                <div class=\"presentation-headline\">\n                                                                        <div class=\"presentation-info\">\n                                                                    <div class=\"presentation-time\">\n                                            14:40&ndash;14:45 Uhr\n  | en-tech.talks - Halle 2                                     <\/div>\n                                                                                                    <div class=\"presentation-title\">\n                                                                                    <h3 class='topic'>\n                                                \t\t\t<img loading=\"lazy\" decoding=\"async\" loading=\"lazy\" width=\"18\" height=\"12\" src=\"\/wp-content\/plugins\/sitepress-multilingual-cms\/res\/flags\/de.png\">\n\t\t    Raumfahrt aus Th\u00fcringen: Mit Sensoren der Jena-Optronik auf dem Weg zum Mond, Mars und dar\u00fcber hinaus\n\n\n                                            <\/h3>\n                                            <span class='subtitle'>\n                                                    \n\n                                            <\/span>\n                                                                            <\/div>\n                                                            <\/div>\n                                                                            <div class=\"presentation-meta\">\n                                                                                                                                                <div class=\"presentation-partner\">\n                                            <img decoding=\"async\" src=\"https:\/\/portal.fleet-events.de\/de\/uploads?path=sessions\/7452.jpg\"\/>\n                                        <\/div>\n                                                                                                <\/div>\n                                                            <\/div>\n            \n                            <div class=\"presentation-content\n                                                         has-image \"\n                >\n                                            <div class=\"speakers\">\n                                                                                                                                                                                    <div class=\"speaker\">\n                                                                                                                                                                                                                                                                                                                        \n                                                                                                                                                            \n                                                        <div class=\"speaker-image\">\n\t\t<div class=\"speaker-image-image\">\n\t\t\t<img\n\t\t\t\tloading='lazy' \n\t\t\t\tclass=''\n\t\t\t\tdata-modal-id=\"6a94e6f86cfab\" \n\t\t\t\t         show-modal-trigger=\"true\" \t\t\t\t     data-src=\"\/jena\/vortraege-buehnenprogramm-w3-fair-jena-2026-en-tech-talks\/jena-speaker-details\/2959\" \t\t\t\t  data-info-header=\".single-speaker-header\"  \t\t\t\t data-info-content=\".single-speaker-content\"  \t\t\t\tsrc=\"https:\/\/portal.fleet-events.de\/de\/speakerphoto?path=2959\/profile_xircus.jpg&amp;s=600&amp;v=1753172191\" \n\t\t\t\talt=\"Reinhard Berger\" \n\t\t\t\/>\n\t\t<\/div>\n                    <div class=\"speaker-image-credits\">\n                            <\/div>\n            <\/div>\n\n                                                                                                                                                    <div class=\"speaker-info\">\n                                                                    <h3 class=\"speaker-name\">Dr.&nbsp;Reinhard Berger\n                            <\/h3>                <span class=\"speaker-jobtitle\">Leiter Programme und Projekte                <\/span>                <span class=\"speaker-company\">Jena-Optronik GmbH<\/span>     \n\n                                                    <\/div>\n                                                                                            <\/div>\n                                                                                                                                                                                                    <div class=\"presentation-link\">\n                                                                                                                                                <\/div>\n                                                    <\/div>\n                                        \t                <\/div>\n                        \n                        <\/div>\n                                                                                                \n\n\n    <div        class=\"fea-presentation-list-item presentation-item\"\n                    dynamic-filter-item\n                                                                        data-filter-main_topic_id=\"{{846}}\"\n                                                                        data-filter-date=\"{{2026-09-24}}\"\n                                                                        data-filter-stage_id=\"{{785}}\"\n                        >\n                                \t<div class=\"presentation-topic\" style=\"background-color:#08af96;\">\n\t\t\t\t\t\t\t\t\t\t\tSchl\u00fcsseltechnologien und Serienfertigung f\u00fcr die Raumfahrt by LRT Sachsen\/Th\u00fcringen e.V.\n\t\t\t\t<\/div>\n\t                <div class=\"presentation-headline\">\n                                                                        <div class=\"presentation-info\">\n                                                                    <div class=\"presentation-time\">\n                                            14:45&ndash;14:55 Uhr\n  | en-tech.talks - Halle 2                                     <\/div>\n                                                                                                    <div class=\"presentation-title\">\n                                                                                    <h3 class='topic'>\n                                                \t\t\t<img loading=\"lazy\" decoding=\"async\" loading=\"lazy\" width=\"18\" height=\"12\" src=\"\/wp-content\/plugins\/sitepress-multilingual-cms\/res\/flags\/en.png\">\n\t\t    How the booming New Space Industry is driving the need for lightweight Aluminium mirrors\n\n\n                                            <\/h3>\n                                            <span class='subtitle'>\n                                                    \n\n                                            <\/span>\n                                                                            <\/div>\n                                                            <\/div>\n                                                                            <div class=\"presentation-meta\">\n                                                                                                                                                <div class=\"presentation-partner\">\n                                            <img decoding=\"async\" src=\"https:\/\/portal.fleet-events.de\/de\/uploads?path=sessions\/7448.jpg\"\/>\n                                        <\/div>\n                                                                                                <\/div>\n                                                            <\/div>\n            \n                            <div class=\"presentation-content\n                                                         has-image \"\n                >\n                                            <div class=\"speakers\">\n                                                                                                                                                                                    <div class=\"speaker\">\n                                                                                                                                                                                                                                                                                                                        \n                                                                                                                                                            \n                                                        <div class=\"speaker-image\">\n\t\t<div class=\"speaker-image-image\">\n\t\t\t<img\n\t\t\t\tloading='lazy' \n\t\t\t\tclass=''\n\t\t\t\tdata-modal-id=\"6a94e6f86cfab\" \n\t\t\t\t         show-modal-trigger=\"true\" \t\t\t\t     data-src=\"\/jena\/vortraege-buehnenprogramm-w3-fair-jena-2026-en-tech-talks\/jena-speaker-details\/3531\" \t\t\t\t  data-info-header=\".single-speaker-header\"  \t\t\t\t data-info-content=\".single-speaker-content\"  \t\t\t\tsrc=\"https:\/\/portal.fleet-events.de\/de\/speakerphoto?path=3531\/profile_xircus.jpg&amp;s=600&amp;v=1786704309\" \n\t\t\t\talt=\"Clemens Dicke\" \n\t\t\t\/>\n\t\t<\/div>\n                    <div class=\"speaker-image-credits\">\n                            <\/div>\n            <\/div>\n\n                                                                                                                                                    <div class=\"speaker-info\">\n                                                                    <h3 class=\"speaker-name\">Clemens Dicke\n                            <\/h3>                <span class=\"speaker-jobtitle\">Head of Sales and Technology                <\/span>                <span class=\"speaker-company\">Edmund Optics son-x GmbH<\/span>     \n\n                                                    <\/div>\n                                                                                            <\/div>\n                                                                                                                                                                                                    <div class=\"presentation-link\">\n                                                                                                                                                <\/div>\n                                                    <\/div>\n                                        \t                <\/div>\n                        \n                        <\/div>\n                                                                                                \n\n\n    <div        class=\"fea-presentation-list-item presentation-item\"\n                    dynamic-filter-item\n                                                                        data-filter-main_topic_id=\"{{846}}\"\n                                                                        data-filter-date=\"{{2026-09-24}}\"\n                                                                        data-filter-stage_id=\"{{785}}\"\n                        >\n                                \t<div class=\"presentation-topic\" style=\"background-color:#08af96;\">\n\t\t\t\t\t\t\t\t\t\t\tSchl\u00fcsseltechnologien und Serienfertigung f\u00fcr die Raumfahrt by LRT Sachsen\/Th\u00fcringen e.V.\n\t\t\t\t<\/div>\n\t                <div class=\"presentation-headline\">\n                                                                        <div class=\"presentation-info\">\n                                                                    <div class=\"presentation-time\">\n                                            14:55&ndash;15:05 Uhr\n  | en-tech.talks - Halle 2                                     <\/div>\n                                                                                                    <div class=\"presentation-title\">\n                                                                                    <h3 class='topic'>\n                                                \t\t\t<img loading=\"lazy\" decoding=\"async\" loading=\"lazy\" width=\"18\" height=\"12\" src=\"\/wp-content\/plugins\/sitepress-multilingual-cms\/res\/flags\/de.png\">\n\t\t    angefragt\n\n\n                                            <\/h3>\n                                            <span class='subtitle'>\n                                                    \n\n                                            <\/span>\n                                                                            <\/div>\n                                                            <\/div>\n                                                                            <div class=\"presentation-meta\">\n                                                                                                                                                <div class=\"presentation-partner\">\n                                            <img decoding=\"async\" src=\"https:\/\/portal.fleet-events.de\/de\/uploads?path=sessions\/7453.jpg\"\/>\n                                        <\/div>\n                                                                                                <\/div>\n                                                            <\/div>\n            \n                            <div class=\"presentation-content\n                                                         has-image \"\n                >\n                                            <div class=\"speakers\">\n                                                                                                                                                                                    <div class=\"speaker\">\n                                                                                                                                                                                                                                                                                                                        \n                                                                                                                                                            \n                                                        <div class=\"speaker-image\">\n\t\t<div class=\"speaker-image-image\">\n\t\t\t<img\n\t\t\t\tloading='lazy' \n\t\t\t\tclass=''\n\t\t\t\tdata-modal-id=\"6a94e6f86cfab\" \n\t\t\t\t         show-modal-trigger=\"true\" \t\t\t\t     data-src=\"\/jena\/vortraege-buehnenprogramm-w3-fair-jena-2026-en-tech-talks\/jena-speaker-details\/3551\" \t\t\t\t  data-info-header=\".single-speaker-header\"  \t\t\t\t data-info-content=\".single-speaker-content\"  \t\t\t\tsrc=\"https:\/\/portal.fleet-events.de\/de\/speakerphoto?path=3551\/profile.jpg&amp;s=600&amp;v=1786699190\" \n\t\t\t\talt=\"Ingrid G\u00f6tz\" \n\t\t\t\/>\n\t\t<\/div>\n                    <div class=\"speaker-image-credits\">\n                            <\/div>\n            <\/div>\n\n                                                                                                                                                    <div class=\"speaker-info\">\n                                                                    <h3 class=\"speaker-name\">Ingrid G\u00f6tz\n                            <\/h3>                <span class=\"speaker-jobtitle\">Head of Sales                <\/span>                <span class=\"speaker-company\">AUMA Drives GmbH<\/span>     \n\n                                                    <\/div>\n                                                                                            <\/div>\n                                                                                                                                                                                                    <div class=\"presentation-link\">\n                                                                                                                                                <\/div>\n                                                    <\/div>\n                                        \t                <\/div>\n                        \n                        <\/div>\n                                                                                                \n\n\n    <div        class=\"fea-presentation-list-item presentation-item\"\n                    dynamic-filter-item\n                                                                        data-filter-main_topic_id=\"{{846}}\"\n                                                                        data-filter-date=\"{{2026-09-24}}\"\n                                                                        data-filter-stage_id=\"{{785}}\"\n                        >\n                                \t<div class=\"presentation-topic\" style=\"background-color:#08af96;\">\n\t\t\t\t\t\t\t\t\t\t\tSchl\u00fcsseltechnologien und Serienfertigung f\u00fcr die Raumfahrt by LRT Sachsen\/Th\u00fcringen e.V.\n\t\t\t\t<\/div>\n\t                <div class=\"presentation-headline\">\n                                                                        <div class=\"presentation-info\">\n                                                                    <div class=\"presentation-time\">\n                                            15:05&ndash;15:15 Uhr\n  | en-tech.talks - Halle 2                                     <\/div>\n                                                                                                    <div class=\"presentation-title\">\n                                                                                    <h3 class='topic'>\n                                                \t\t\t<img loading=\"lazy\" decoding=\"async\" loading=\"lazy\" width=\"18\" height=\"12\" src=\"\/wp-content\/plugins\/sitepress-multilingual-cms\/res\/flags\/de.png\">\n\t\t    Mechatronische Pr\u00e4zisionsbaugruppen f\u00fcr Aerospace von Steinmeyer Mechatronik\n\n\n                                            <\/h3>\n                                            <span class='subtitle'>\n                                                    \n\n                                            <\/span>\n                                                                            <\/div>\n                                                            <\/div>\n                                                                            <div class=\"presentation-meta\">\n                                                                                                                                                <div class=\"presentation-partner\">\n                                            <img decoding=\"async\" src=\"https:\/\/portal.fleet-events.de\/de\/uploads?path=sessions\/7454.jpg\"\/>\n                                        <\/div>\n                                                                                                <\/div>\n                                                            <\/div>\n            \n                            <div class=\"presentation-content\n                                                         has-image \"\n                >\n                                            <div class=\"speakers\">\n                                                                                                                                                                                    <div class=\"speaker\">\n                                                                                                                                                                                                                                                                                                                        \n                                                                                                                                                            \n                                                        <div class=\"speaker-image\">\n\t\t<div class=\"speaker-image-image\">\n\t\t\t<img\n\t\t\t\tloading='lazy' \n\t\t\t\tclass=''\n\t\t\t\tdata-modal-id=\"6a94e6f86cfab\" \n\t\t\t\t         show-modal-trigger=\"true\" \t\t\t\t     data-src=\"\/jena\/vortraege-buehnenprogramm-w3-fair-jena-2026-en-tech-talks\/jena-speaker-details\/3550\" \t\t\t\t  data-info-header=\".single-speaker-header\"  \t\t\t\t data-info-content=\".single-speaker-content\"  \t\t\t\tsrc=\"https:\/\/portal.fleet-events.de\/de\/speakerphoto?path=3550\/profile_xircus.jpg&amp;s=600&amp;v=1785504552\" \n\t\t\t\talt=\"Elger Matthes\" \n\t\t\t\/>\n\t\t<\/div>\n                    <div class=\"speaker-image-credits\">\n                            <\/div>\n            <\/div>\n\n                                                                                                                                                    <div class=\"speaker-info\">\n                                                                    <h3 class=\"speaker-name\">Elger Matthes\n                            <\/h3>                <span class=\"speaker-jobtitle\">Leiter Produktmanagement                <\/span>                <span class=\"speaker-company\">Steinmeyer Mechatronik GmbH<\/span>     \n\n                                                    <\/div>\n                                                                                            <\/div>\n                                                                                                                                                                                                    <div class=\"presentation-link\">\n                                                                                                                                                <\/div>\n                                                    <\/div>\n                                        \t                <\/div>\n                        \n                        <\/div>\n                                                                                                \n\n\n    <div        class=\"fea-presentation-list-item presentation-item\"\n                    dynamic-filter-item\n                                                                        data-filter-main_topic_id=\"{{846}}\"\n                                                                        data-filter-date=\"{{2026-09-24}}\"\n                                                                        data-filter-stage_id=\"{{785}}\"\n                        >\n                                \t<div class=\"presentation-topic\" style=\"background-color:#08af96;\">\n\t\t\t\t\t\t\t\t\t\t\tSchl\u00fcsseltechnologien und Serienfertigung f\u00fcr die Raumfahrt by LRT Sachsen\/Th\u00fcringen e.V.\n\t\t\t\t<\/div>\n\t                <div class=\"presentation-headline\">\n                                                                        <div class=\"presentation-info\">\n                                                                    <div class=\"presentation-time\">\n                                            15:15&ndash;15:45 Uhr\n  | en-tech.talks - Halle 2                                     <\/div>\n                                                                                                    <div class=\"presentation-title\">\n                                                                                    <h3 class='topic'>\n                                                \t\t\t<img loading=\"lazy\" decoding=\"async\" loading=\"lazy\" width=\"18\" height=\"12\" src=\"\/wp-content\/plugins\/sitepress-multilingual-cms\/res\/flags\/de.png\">\n\t\t    Ein Markt im Aufbruch: Schl\u00fcsseltechnologien f\u00fcr die Raumfahrt\n\n\n                                            <\/h3>\n                                            <span class='subtitle'>\n                                                    \n\n                                            <\/span>\n                                                                            <\/div>\n                                                            <\/div>\n                                                                            <div class=\"presentation-meta\">\n                                                                                                                                                <div class=\"presentation-partner\">\n                                            <img decoding=\"async\" src=\"https:\/\/portal.fleet-events.de\/de\/uploads?path=sessions\/7455.jpg\"\/>\n                                        <\/div>\n                                                                                                <\/div>\n                                                            <\/div>\n            \n                            <div class=\"presentation-content\n                                                         has-image \"\n                >\n                                            <div class=\"speakers\">\n                                                                                                                                                                                    <div class=\"speaker\">\n                                                                                                                                                                                                                                                                                                                        \n                                                                                                                                                            \n                                                        <div class=\"speaker-image\">\n\t\t<div class=\"speaker-image-image\">\n\t\t\t<img\n\t\t\t\tloading='lazy' \n\t\t\t\tclass=''\n\t\t\t\tdata-modal-id=\"6a94e6f86cfab\" \n\t\t\t\t         show-modal-trigger=\"true\" \t\t\t\t     data-src=\"\/jena\/vortraege-buehnenprogramm-w3-fair-jena-2026-en-tech-talks\/jena-speaker-details\/3560\" \t\t\t\t  data-info-header=\".single-speaker-header\"  \t\t\t\t data-info-content=\".single-speaker-content\"  \t\t\t\tsrc=\"https:\/\/portal.fleet-events.de\/de\/speakerphoto?path=3560\/profile_xircus.jpg&amp;s=600&amp;v=1786699406\" \n\t\t\t\talt=\"Robert Hahn\" \n\t\t\t\/>\n\t\t<\/div>\n                    <div class=\"speaker-image-credits\">\n                            <\/div>\n            <\/div>\n\n                                                                                                                                                    <div class=\"speaker-info\">\n                                                                    <h3 class=\"speaker-name\">Robert Hahn\n                            <\/h3>                <span class=\"speaker-jobtitle\">Gesch\u00e4ftsf\u00fchrer                <\/span>                <span class=\"speaker-company\">miriquidi.space<\/span>     \n\n                                                    <\/div>\n                                                                                            <\/div>\n                                                                                                                                                                <div class=\"speaker\">\n                                                                                                                                                                                                                                                                                                                        \n                                                                                                                                                            \n                                                        <div class=\"speaker-image\">\n\t\t<div class=\"speaker-image-image\">\n\t\t\t<img\n\t\t\t\tloading='lazy' \n\t\t\t\tclass=''\n\t\t\t\tdata-modal-id=\"6a94e6f86cfab\" \n\t\t\t\t         show-modal-trigger=\"true\" \t\t\t\t     data-src=\"\/jena\/vortraege-buehnenprogramm-w3-fair-jena-2026-en-tech-talks\/jena-speaker-details\/3551\" \t\t\t\t  data-info-header=\".single-speaker-header\"  \t\t\t\t data-info-content=\".single-speaker-content\"  \t\t\t\tsrc=\"https:\/\/portal.fleet-events.de\/de\/speakerphoto?path=3551\/profile.jpg&amp;s=600&amp;v=1786699190\" \n\t\t\t\talt=\"Ingrid G\u00f6tz\" \n\t\t\t\/>\n\t\t<\/div>\n                    <div class=\"speaker-image-credits\">\n                            <\/div>\n            <\/div>\n\n                                                                                                                                                    <div class=\"speaker-info\">\n                                                                    <h3 class=\"speaker-name\">Ingrid G\u00f6tz\n                            <\/h3>                <span class=\"speaker-jobtitle\">Head of Sales                <\/span>                <span class=\"speaker-company\">AUMA Drives GmbH<\/span>     \n\n                                                    <\/div>\n                                                                                            <\/div>\n                                                                                                                                                                <div class=\"speaker\">\n                                                                                                                                                                                                                                                                                                                        \n                                                                                                                                                            \n                                                        <div class=\"speaker-image\">\n\t\t<div class=\"speaker-image-image\">\n\t\t\t<img\n\t\t\t\tloading='lazy' \n\t\t\t\tclass=''\n\t\t\t\tdata-modal-id=\"6a94e6f86cfab\" \n\t\t\t\t         show-modal-trigger=\"true\" \t\t\t\t     data-src=\"\/jena\/vortraege-buehnenprogramm-w3-fair-jena-2026-en-tech-talks\/jena-speaker-details\/3531\" \t\t\t\t  data-info-header=\".single-speaker-header\"  \t\t\t\t data-info-content=\".single-speaker-content\"  \t\t\t\tsrc=\"https:\/\/portal.fleet-events.de\/de\/speakerphoto?path=3531\/profile_xircus.jpg&amp;s=600&amp;v=1786704309\" \n\t\t\t\talt=\"Clemens Dicke\" \n\t\t\t\/>\n\t\t<\/div>\n                    <div class=\"speaker-image-credits\">\n                            <\/div>\n            <\/div>\n\n                                                                                                                                                    <div class=\"speaker-info\">\n                                                                    <h3 class=\"speaker-name\">Clemens Dicke\n                            <\/h3>                <span class=\"speaker-jobtitle\">Head of Sales and Technology                <\/span>                <span class=\"speaker-company\">Edmund Optics son-x GmbH<\/span>     \n\n                                                    <\/div>\n                                                                                            <\/div>\n                                                                                                                                                                <div class=\"speaker\">\n                                                                                                                                                                                                                                                                                                                        \n                                                                                                                                                            \n                                                        <div class=\"speaker-image\">\n\t\t<div class=\"speaker-image-image\">\n\t\t\t<img\n\t\t\t\tloading='lazy' \n\t\t\t\tclass=''\n\t\t\t\tdata-modal-id=\"6a94e6f86cfab\" \n\t\t\t\t         show-modal-trigger=\"true\" \t\t\t\t     data-src=\"\/jena\/vortraege-buehnenprogramm-w3-fair-jena-2026-en-tech-talks\/jena-speaker-details\/3550\" \t\t\t\t  data-info-header=\".single-speaker-header\"  \t\t\t\t data-info-content=\".single-speaker-content\"  \t\t\t\tsrc=\"https:\/\/portal.fleet-events.de\/de\/speakerphoto?path=3550\/profile_xircus.jpg&amp;s=600&amp;v=1785504552\" \n\t\t\t\talt=\"Elger Matthes\" \n\t\t\t\/>\n\t\t<\/div>\n                    <div class=\"speaker-image-credits\">\n                            <\/div>\n            <\/div>\n\n                                                                                                                                                    <div class=\"speaker-info\">\n                                                                    <h3 class=\"speaker-name\">Elger Matthes\n                            <\/h3>                <span class=\"speaker-jobtitle\">Leiter Produktmanagement                <\/span>                <span class=\"speaker-company\">Steinmeyer Mechatronik GmbH<\/span>     \n\n                                                    <\/div>\n                                                                                            <\/div>\n                                                                                                                                                                <div class=\"speaker\">\n                                                                                                                                                                                                                                                                                                                        \n                                                                                                                                                            \n                                                        <div class=\"speaker-image\">\n\t\t<div class=\"speaker-image-image\">\n\t\t\t<img\n\t\t\t\tloading='lazy' \n\t\t\t\tclass=''\n\t\t\t\tdata-modal-id=\"6a94e6f86cfab\" \n\t\t\t\t         show-modal-trigger=\"true\" \t\t\t\t     data-src=\"\/jena\/vortraege-buehnenprogramm-w3-fair-jena-2026-en-tech-talks\/jena-speaker-details\/2745\" \t\t\t\t  data-info-header=\".single-speaker-header\"  \t\t\t\t data-info-content=\".single-speaker-content\"  \t\t\t\tsrc=\"https:\/\/portal.fleet-events.de\/de\/speakerphoto?path=2745\/profile_xircus.jpg&amp;s=600&amp;v=1784813134\" \n\t\t\t\talt=\"NN NN\" \n\t\t\t\/>\n\t\t<\/div>\n                    <div class=\"speaker-image-credits\">\n                            <\/div>\n            <\/div>\n\n                                                                                                                                                    <div class=\"speaker-info\">\n                                                                    <h3 class=\"speaker-name\">NN NN\n                            <\/h3>                                     \n\n                                                    <\/div>\n                                                                                            <\/div>\n                                                                                                                                                                                                    <div class=\"presentation-link\">\n                                                                                                                        \n    \n<a \n    href=\/290742026\/presentation\/7455 \n    class=\"btn\" \n    data-modal-id=\"6a94e6f86cfab\"\n    show-modal-trigger\n    data-info-root=\".fea-presentation-list-item\"\n    data-info-header=\".presentation-link .popup_headline\"\n    data-info-content=\".presentation-link .popup_body\"\n>\n    Mehr\n<\/a>\n\n    <div class=\"popup_content\">\n        <div class=\"popup_headline\"><\/div>\n\t\t<div class=\"popup_body\">\n\t\t\t\t\n\t\t\t\t\t\t\n\t\t\t\n<div class=\"single-presentation\">\n\t<div class=\"single-presentation-header\">\n            <\/div>\n     <div class='topic_category category_846' style=\"color: #08af96;\">\n\t\t<span>Schl\u00fcsseltechnologien und Serienfertigung f\u00fcr die Raumfahrt by LRT Sachsen\/Th\u00fcringen e.V.<\/span>\n\t<\/div>\n\t<div class=\"single-presentation-content \n\t\t\"\n\t>\n\t\t\t\t\t\t\t\t\t\t\t<div class='presentation wide'>\n\t\t\t<div class='presentation-main'>\n\t\t\t\t<h3 class='topic'>Ein Markt im Aufbruch: Schl\u00fcsseltechnologien f\u00fcr die Raumfahrt<\/h3>\n\t\t\t\t<div class='subtitle'><\/div>\n\t\t\t\t<div class='abstract'>Vor 10 Jahren waren Raumfahrt- und Halbleitermarkt etwa gleich gro\u00df. Der Halbleitermarkt ist seither explodiert - die Raumfahrt steht heute vor genau diesem Sprung. Sie braucht dieselben Kompetenzen, die Sachsen und Th\u00fcringen schon f\u00fcr Halbleiter und Optik liefern: Pr\u00e4zision, Reinraumfertigung, Qualit\u00e4t in Serie. In dieser Session zeigen vier Unternehmen, wie sie diesen Zugang bereits gefunden haben - von Sensorik \u00fcber Pr\u00e4zisionsspiegel bis Mechatronik. Anschlie\u00dfend diskutieren sie im Panel, was den Einstieg in den Raumfahrtmarkt f\u00fcr den Mittelstand konkret bedeutet.<\/div>\n\t\t\t<\/div>\n\t\t\t<div class='presentation-info'>\n\t\t\t\t<div class='presentation-info-date-time-location'>\n\t\t\t\t\t<span class=\"presentation-date-time\">\n\t\t\t\t\t\t<span class='presentation-date'>Donnerstag, 24.September 2026,<\/span>\n\t\t\t\t\t\t<span class='presentation-time'>    15:15&ndash;15:45 Uhr\n, <\/span>\n\t\t\t\t\t<\/span>\n\t\t\t\t\t<span class='presentation-location'>\n\t\t\t\t\t\t\t\t\t\t\t\t\ten-tech.talks - Halle 2\n\t\t\t\t\t\t\t\t\t\t\t<\/span>\n\t\t\t\t<\/div>\n\t\t\t\t<div class='presentation-info-type'>\n\t\t\t\t\t    \n\t\t\t\t<\/div>\n\t\t\t<\/div>\n\t\t\t\t\t\t\t    <div class='speakers'>\n                                    <div class='speaker'>\n                        <div class=\"speaker-image\">\n\t\t<div class=\"speaker-image-image\">\n\t\t\t<img\n\t\t\t\tloading='lazy' \n\t\t\t\tclass=''\n\t\t\t\tdata-modal-id=\"\" \n\t\t\t\t\t\t\t\t\t\t\t\t\t\t\t\t\t\t\t\tsrc=\"https:\/\/portal.fleet-events.de\/de\/speakerphoto?path=3560\/profile_xircus.jpg&amp;s=600&amp;v=1786699406\" \n\t\t\t\talt=\"Robert Hahn\" \n\t\t\t\/>\n\t\t<\/div>\n                    <div class=\"speaker-image-credits\">\n                            <\/div>\n            <\/div>\n\n                    <div class=\"speaker-info\">\n                                    <h3 class=\"speaker-name\">Robert Hahn\n                            <\/h3>                <span class=\"speaker-jobtitle\">Gesch\u00e4ftsf\u00fchrer                <\/span>                <span class=\"speaker-company\">miriquidi.space<\/span>     \n    \n                    <\/div>\n                <\/div>\n                            <div class='speaker'>\n                        <div class=\"speaker-image\">\n\t\t<div class=\"speaker-image-image\">\n\t\t\t<img\n\t\t\t\tloading='lazy' \n\t\t\t\tclass=''\n\t\t\t\tdata-modal-id=\"\" \n\t\t\t\t\t\t\t\t\t\t\t\t\t\t\t\t\t\t\t\tsrc=\"https:\/\/portal.fleet-events.de\/de\/speakerphoto?path=3551\/profile.jpg&amp;s=600&amp;v=1786699190\" \n\t\t\t\talt=\"Ingrid G\u00f6tz\" \n\t\t\t\/>\n\t\t<\/div>\n                    <div class=\"speaker-image-credits\">\n                            <\/div>\n            <\/div>\n\n                    <div class=\"speaker-info\">\n                                    <h3 class=\"speaker-name\">Ingrid G\u00f6tz\n                            <\/h3>                <span class=\"speaker-jobtitle\">Head of Sales                <\/span>                <span class=\"speaker-company\">AUMA Drives GmbH<\/span>     \n    \n                    <\/div>\n                <\/div>\n                            <div class='speaker'>\n                        <div class=\"speaker-image\">\n\t\t<div class=\"speaker-image-image\">\n\t\t\t<img\n\t\t\t\tloading='lazy' \n\t\t\t\tclass=''\n\t\t\t\tdata-modal-id=\"\" \n\t\t\t\t\t\t\t\t\t\t\t\t\t\t\t\t\t\t\t\tsrc=\"https:\/\/portal.fleet-events.de\/de\/speakerphoto?path=3531\/profile_xircus.jpg&amp;s=600&amp;v=1786704309\" \n\t\t\t\talt=\"Clemens Dicke\" \n\t\t\t\/>\n\t\t<\/div>\n                    <div class=\"speaker-image-credits\">\n                            <\/div>\n            <\/div>\n\n                    <div class=\"speaker-info\">\n                                    <h3 class=\"speaker-name\">Clemens Dicke\n                            <\/h3>                <span class=\"speaker-jobtitle\">Head of Sales and Technology                <\/span>                <span class=\"speaker-company\">Edmund Optics son-x GmbH<\/span>     \n    \n                    <\/div>\n                <\/div>\n                            <div class='speaker'>\n                        <div class=\"speaker-image\">\n\t\t<div class=\"speaker-image-image\">\n\t\t\t<img\n\t\t\t\tloading='lazy' \n\t\t\t\tclass=''\n\t\t\t\tdata-modal-id=\"\" \n\t\t\t\t\t\t\t\t\t\t\t\t\t\t\t\t\t\t\t\tsrc=\"https:\/\/portal.fleet-events.de\/de\/speakerphoto?path=3550\/profile_xircus.jpg&amp;s=600&amp;v=1785504552\" \n\t\t\t\talt=\"Elger Matthes\" \n\t\t\t\/>\n\t\t<\/div>\n                    <div class=\"speaker-image-credits\">\n                            <\/div>\n            <\/div>\n\n                    <div class=\"speaker-info\">\n                                    <h3 class=\"speaker-name\">Elger Matthes\n                            <\/h3>                <span class=\"speaker-jobtitle\">Leiter Produktmanagement                <\/span>                <span class=\"speaker-company\">Steinmeyer Mechatronik GmbH<\/span>     \n    \n                    <\/div>\n                <\/div>\n                            <div class='speaker'>\n                        <div class=\"speaker-image\">\n\t\t<div class=\"speaker-image-image\">\n\t\t\t<img\n\t\t\t\tloading='lazy' \n\t\t\t\tclass=''\n\t\t\t\tdata-modal-id=\"\" \n\t\t\t\t\t\t\t\t\t\t\t\t\t\t\t\t\t\t\t\tsrc=\"https:\/\/portal.fleet-events.de\/de\/speakerphoto?path=2745\/profile_xircus.jpg&amp;s=600&amp;v=1784813134\" \n\t\t\t\talt=\"NN NN\" \n\t\t\t\/>\n\t\t<\/div>\n                    <div class=\"speaker-image-credits\">\n                            <\/div>\n            <\/div>\n\n                    <div class=\"speaker-info\">\n                                    <h3 class=\"speaker-name\">NN NN\n                            <\/h3>                                     \n    \n                    <\/div>\n                <\/div>\n                                <\/div>\n\n\t\t\t\t\t<\/div>\n    <\/div>\n<\/div>\t\t<\/div>\n    <\/div>\n                                                                                                            <\/div>\n                                                    <\/div>\n                                        \t                <\/div>\n                        \n                        <\/div>\n                                                                                    <\/div>\n                                                                                                    <\/div>\n            <\/div>\n\t\t\t\t<\/div>\n\t\t\t\t<\/div>\n\t\t\t\t<\/div>\n\t\t\t\t<\/div>\n\t\t\t\t<\/div>\n\t\t\t\t\t\t<\/div>\n\t\t\t\t<\/div>\n\t\t\t\t\t<\/div>\n\t\t\t\t<\/div>\n\t\t<div class=\"elementor-element elementor-element-b8102a8 e-con-full e-ecs-flex e-flex e-con e-parent\" data-id=\"b8102a8\" data-element_type=\"container\" data-e-type=\"container\" data-settings=\"{&quot;ecs_container_type&quot;:&quot;flex&quot;}\">\n\t\t<div class=\"elementor-element elementor-element-a54c9ac e-con-full e-ecs-flex e-flex e-con e-child\" data-id=\"a54c9ac\" data-element_type=\"container\" data-e-type=\"container\" data-settings=\"{&quot;ecs_container_type&quot;:&quot;flex&quot;}\">\n\t\t\t\t<div class=\"elementor-element elementor-element-b50efd5 elementor-widget elementor-widget-template\" data-id=\"b50efd5\" data-element_type=\"widget\" data-e-type=\"widget\" data-widget_type=\"template.default\">\n\t\t\t\t<div class=\"elementor-widget-container\">\n\t\t\t\t\t\t\t<div class=\"elementor-template\">\n\t\t\t\t\t<div data-elementor-type=\"container\" data-elementor-id=\"50683\" class=\"elementor elementor-50683 elementor-50680 elementor-50680\" data-elementor-post-type=\"elementor_library\">\n\t\t\t\t<div class=\"elementor-element elementor-element-7e5355e e-con-full e-ecs-flex e-flex e-con e-parent\" data-id=\"7e5355e\" data-element_type=\"container\" data-e-type=\"container\" id=\"newsletter-banner-container\" data-settings=\"{&quot;background_background&quot;:&quot;classic&quot;,&quot;ecs_container_type&quot;:&quot;flex&quot;}\">\n\t\t\t\t<div class=\"elementor-element elementor-element-084746a elementor-widget elementor-widget-html\" data-id=\"084746a\" data-element_type=\"widget\" data-e-type=\"widget\" data-widget_type=\"html.default\">\n\t\t\t\t<div class=\"elementor-widget-container\">\n\t\t\t\t\t<!-- Begin Brevo Form --> <!-- START - We recommend to place the below code in head tag of your website html --> <style><\/style> <link rel=\"stylesheet\" href=\"https:\/\/sibforms.com\/forms\/end-form\/build\/sib-styles.css\"> <!-- END - We recommend to place the above code in head tag of your website html --><!-- START - We recommend to place the below code where you want the form in your website html --> <div class=\"sib-form\" style=\"text-align: center; background-color: transparent; \"> <div id=\"sib-form-container\" class=\"sib-form-container\"> <div id=\"error-message\" class=\"sib-form-message-panel\" style=\"font-size:16px; text-align:left; font-family:Helvetica, sans-serif; color:#661d1d; background-color:#ffeded; border-radius:3px; border-color:#ff4949;max-width:540px;\"> <div class=\"sib-form-message-panel__text sib-form-message-panel__text--center\"> <svg viewBox=\"0 0 512 512\" class=\"sib-icon sib-notification__icon\"> <path d=\"M256 40c118.621 0 216 96.075 216 216 0 119.291-96.61 216-216 216-119.244 0-216-96.562-216-216 0-119.203 96.602-216 216-216m0-32C119.043 8 8 119.083 8 256c0 136.997 111.043 248 248 248s248-111.003 248-248C504 119.083 392.957 8 256 8zm-11.49 120h22.979c6.823 0 12.274 5.682 11.99 12.5l-7 168c-.268 6.428-5.556 11.5-11.99 11.5h-8.979c-6.433 0-11.722-5.073-11.99-11.5l-7-168c-.283-6.818 5.167-12.5 11.99-12.5zM256 340c-15.464 0-28 12.536-28 28s12.536 28 28 28 28-12.536 28-28-12.536-28-28-28z\" \/> <\/svg> <span class=\"sib-form-message-panel__inner-text\"> Your registration could not be saved. Please try again. <\/span> <\/div> <\/div> <div><\/div> <div id=\"success-message\" class=\"sib-form-message-panel\" style=\"font-size:16px; text-align:left; font-family:Helvetica, sans-serif; color:#085229; background-color:#e7faf0; border-radius:3px; border-color:#13ce66;max-width:540px;\"> <div class=\"sib-form-message-panel__text sib-form-message-panel__text--center\"> <svg viewBox=\"0 0 512 512\" class=\"sib-icon sib-notification__icon\"> <path d=\"M256 8C119.033 8 8 119.033 8 256s111.033 248 248 248 248-111.033 248-248S392.967 8 256 8zm0 464c-118.664 0-216-96.055-216-216 0-118.663 96.055-216 216-216 118.664 0 216 96.055 216 216 0 118.663-96.055 216-216 216zm141.63-274.961L217.15 376.071c-4.705 4.667-12.303 4.637-16.97-.068l-85.878-86.572c-4.667-4.705-4.637-12.303.068-16.97l8.52-8.451c4.705-4.667 12.303-4.637 16.97.068l68.976 69.533 163.441-162.13c4.705-4.667 12.303-4.637 16.97.068l8.451 8.52c4.668 4.705 4.637 12.303-.068 16.97z\" \/> <\/svg> <span class=\"sib-form-message-panel__inner-text\"> The registration for the W3+ Fair Newsletter was successful. <\/span> <\/div> <\/div> <div><\/div> <div id=\"sib-container\" class=\"sib-container--large sib-container--vertical\" style=\"text-align:center; max-width:540px; border-radius:3px; border-width:0px; border-color:#C0CCD9; border-style:solid;background-color:transparent;direction:ltr\"> <form id=\"sib-form\" method=\"POST\" action=\"https:\/\/34eb344a.sibforms.com\/serve\/MUIFADrklMMmucwVvKg9c-Gf4xTei4b0cgTkcEgP9LB-3DPw6llDJ9HSgA4S44zvOJwZ3YHpGpanr4NnECLnucvgyePpLMon-3vHSzP0i8FOLheAwsFPy3mDiHGtELz8Dg3nSySfroqteJOOVGf_tB0H0IrB23qcMY9v6OCt2fRQQk2-YoLlhTlT7xRvvSCWXGmEexhmK5RhP3LH\" data-type=\"subscription\"> <div style=\"padding: 8px 0;\"> <div class=\"sib-form-block\" style=\"font-size:32px; text-align:left; font-weight:700; font-family:Helvetica, sans-serif; color:#f7f7f7; background-color:transparent; text-align:left\"> <p>Newsletter<\/p> <\/div> <\/div> <div style=\"padding: 8px 0;\"> <div class=\"sib-form-block\" style=\"font-size:16px; text-align:left; font-family:Helvetica, sans-serif; color:#ffffff; background-color:transparent; text-align:left\"> <div class=\"sib-text-form-block\"> <p>Subscribe to our W3+ Fair newsletter to stay up to date.<\/p> <\/div> <\/div> <\/div> <div style=\"padding: 8px 0;\"> <div class=\"sib-input sib-form-block\"> <div class=\"form__entry entry_block\"> <div class=\"form__label-row \"> <label class=\"entry__label\" style=\"font-weight: 700; text-align:left; font-size:16px; text-align:left; font-weight:700; font-family:Helvetica, sans-serif; color:#ffffff;\" for=\"VORNAME\" data-required=\"*\">First name<\/label> <div class=\"entry__field\"> <input class=\"input \" maxlength=\"200\" type=\"text\" id=\"VORNAME\" name=\"VORNAME\" autocomplete=\"off\" placeholder=\"First name\" data-required=\"true\" required \/> <\/div> <\/div> <label class=\"entry__error entry__error--primary\" style=\"font-size:16px; text-align:left; font-family:Helvetica, sans-serif; color:#661d1d; background-color:#ffeded; border-radius:3px; border-color:#ff4949;\"> <\/label> <\/div> <\/div> <\/div> <div style=\"padding: 8px 0;\"> <div class=\"sib-input sib-form-block\"> <div class=\"form__entry entry_block\"> <div class=\"form__label-row \"> <label class=\"entry__label\" style=\"font-weight: 700; text-align:left; font-size:16px; text-align:left; font-weight:700; font-family:Helvetica, sans-serif; color:#ffffff;\" for=\"NACHNAME\" data-required=\"*\">Last name<\/label> <div class=\"entry__field\"> <input class=\"input \" maxlength=\"200\" type=\"text\" id=\"NACHNAME\" name=\"NACHNAME\" autocomplete=\"off\" placeholder=\"Last name\" data-required=\"true\" required \/> <\/div> <\/div> <label class=\"entry__error entry__error--primary\" style=\"font-size:16px; text-align:left; font-family:Helvetica, sans-serif; color:#661d1d; background-color:#ffeded; border-radius:3px; border-color:#ff4949;\"> <\/label> <\/div> <\/div> <\/div> <div style=\"padding: 8px 0;\"> <div class=\"sib-input sib-form-block\"> <div class=\"form__entry entry_block\"> <div class=\"form__label-row \"> <label class=\"entry__label\" style=\"font-weight: 700; text-align:left; font-size:16px; text-align:left; font-weight:700; font-family:Helvetica, sans-serif; color:#ffffff;\" for=\"EMAIL\" data-required=\"*\">E-Mail<\/label> <div class=\"entry__field\"> <input class=\"input \" type=\"text\" id=\"EMAIL\" name=\"EMAIL\" autocomplete=\"off\" placeholder=\"EMAIL\" data-required=\"true\" required \/> <\/div> <\/div> <label class=\"entry__error entry__error--primary\" style=\"font-size:16px; text-align:left; font-family:Helvetica, sans-serif; color:#661d1d; background-color:#ffeded; border-radius:3px; border-color:#ff4949;\"> <\/label> <\/div> <\/div> <\/div> <div style=\"padding: 8px 0;\"> <div class=\"g-recaptcha-v3\" data-sitekey=\"6Ld06WsrAAAAAKnpSkAKnLlcmBrRyheiIFaW6kL4\" style=\"display: none\"><\/div> <\/div> <div style=\"padding: 8px 0;\"> <div class=\"sib-form-block\" style=\"font-size:12px; text-align:left; font-family:Helvetica, sans-serif; color:#ffffff; background-color:transparent; text-align:left\"> <div class=\"sib-text-form-block\"> <p>You can unsubscribe from the newsletter at any time using the unsubscribe link in our newsletter.<\/p> <\/div> <\/div> <\/div> <div style=\"padding: 8px 0;\"> <div class=\"sib-optin sib-form-block\" data-required=\"true\"> <div class=\"form__entry entry_mcq\"> <div class=\"form__label-row \"> <div class=\"entry__choice\" style=\"\"> <label> <input type=\"checkbox\" class=\"input_replaced\" value=\"1\" id=\"OPT_IN\" name=\"OPT_IN\" required \/> <span class=\"checkbox checkbox_tick_positive\" style=\"margin-left:\" ><\/span><span style=\"font-size:14px; text-align:left; font-family:Helvetica, sans-serif; color:#ffffff; background-color:transparent;\"><p>I would like to receive the W3+ Fair newsletter and accept the privacy policy.<\/p><span data-required=\"*\" style=\"display: inline;\" class=\"entry__label entry__label_optin\"><\/span><\/span> <\/label> <\/div> <\/div> <label class=\"entry__error entry__error--primary\" style=\"font-size:16px; text-align:left; font-family:Helvetica, sans-serif; color:#661d1d; background-color:#ffeded; border-radius:3px; border-color:#ff4949;\"> <\/label> <\/div> <\/div> <\/div> <div style=\"padding: 8px 0;\"> <div class=\"sib-form-block\" style=\"text-align: left\"> <button class=\"btn sib-form-block__button-with-loader\" form=\"sib-form\" type=\"submit\">REGISTER<\/button> <\/div> <\/div> <input type=\"text\" name=\"email_address_check\" value=\"\" class=\"input--hidden\"> <input type=\"hidden\" name=\"locale\" value=\"de\"> <\/form> <\/div> <\/div> <\/div> <!-- END - We recommend to place the above code where you want the form in your website html --><!-- START - We recommend to place the below code in footer or bottom of your website html --> <script> window.REQUIRED_CODE_ERROR_MESSAGE = 'Please select a country code.'; window.LOCALE = 'de'; window.EMAIL_INVALID_MESSAGE = window.SMS_INVALID_MESSAGE = \"The information you entered is not valid. Please check the field format and try again.\"; window.REQUIRED_ERROR_MESSAGE = \"This field must not be empty. \"; window.GENERIC_INVALID_MESSAGE = \"The information you entered is not valid. Please check the field format and try again.\"; window.translation = { common: { selectedList: '{quantity} Liste ausgew\u00e4hlt', selectedLists: '{quantity} Listen ausgew\u00e4hlt', selectedOption: '{quantity} ausgew\u00e4hlt', selectedOptions: '{quantity} ausgew\u00e4hlt', } }; var AUTOHIDE = Boolean(1); <\/script> <script defer src=\"https:\/\/sibforms.com\/forms\/end-form\/build\/main.js\"><\/script> <script src=\"https:\/\/www.google.com\/recaptcha\/api.js?render=6Ld06WsrAAAAAKnpSkAKnLlcmBrRyheiIFaW6kL4&hl=de\" async defer><\/script> <!-- END - We recommend to place the above code in footer or bottom of your website html --><!-- End Brevo Form -->\t\t\t\t<\/div>\n\t\t\t\t<\/div>\n\t\t\t\t<\/div>\n\t\t\t\t<\/div>\n\t\t\t\t<\/div>\n\t\t\t\t\t\t<\/div>\n\t\t\t\t<\/div>\n\t\t\t\t<\/div>\n\t\t\t\t<\/div>\n\t\t\t\t<\/div>\n\t\t","protected":false},"excerpt":{"rendered":"<p>Stage programme at the W3+ Fair in Jena 2026 Current Topics on the en-tech.stage The en-tech.talks are the official conference programme of W3+ Fair Jena 2026. On 23 and 24 September, experts from industry and research \u2013 including representatives from OptoNet, Fraunhofer IOF and EPIC \u2013 will present the latest developments in photonics, sensor technology, [&hellip;]<\/p>\n","protected":false},"author":20,"featured_media":0,"parent":28199,"menu_order":3,"comment_status":"closed","ping_status":"closed","template":"elementor_header_footer","meta":{"_acf_changed":false,"footnotes":""},"class_list":["post-29658","page","type-page","status-publish","hentry"],"acf":[],"_links":{"self":[{"href":"https:\/\/w3-fair.com\/en\/wp-json\/wp\/v2\/pages\/29658","targetHints":{"allow":["GET"]}}],"collection":[{"href":"https:\/\/w3-fair.com\/en\/wp-json\/wp\/v2\/pages"}],"about":[{"href":"https:\/\/w3-fair.com\/en\/wp-json\/wp\/v2\/types\/page"}],"author":[{"embeddable":true,"href":"https:\/\/w3-fair.com\/en\/wp-json\/wp\/v2\/users\/20"}],"replies":[{"embeddable":true,"href":"https:\/\/w3-fair.com\/en\/wp-json\/wp\/v2\/comments?post=29658"}],"version-history":[{"count":0,"href":"https:\/\/w3-fair.com\/en\/wp-json\/wp\/v2\/pages\/29658\/revisions"}],"up":[{"embeddable":true,"href":"https:\/\/w3-fair.com\/en\/wp-json\/wp\/v2\/pages\/28199"}],"wp:attachment":[{"href":"https:\/\/w3-fair.com\/en\/wp-json\/wp\/v2\/media?parent=29658"}],"curies":[{"name":"wp","href":"https:\/\/api.w.org\/{rel}","templated":true}]}}